
{"id":8376,"date":"2021-04-30T16:25:45","date_gmt":"2021-04-30T14:25:45","guid":{"rendered":"https:\/\/www.fjardhundraland.se\/?post_type=plats&#038;p=8376"},"modified":"2024-04-05T13:06:19","modified_gmt":"2024-04-05T11:06:19","slug":"audiogids-asarna-nara-himlen","status":"publish","type":"plats","link":"https:\/\/www.fjardhundraland.se\/nl\/plats\/ljudguide-asarna-nara-himlen\/","title":{"rendered":"Audiogids: De ezels bij de hemel"},"content":{"rendered":"<p><strong>Hier in Fj\u00e4rdhundraland is het niet heuvelachtig. Maar de heuvelruggen hebben zowel degenen onder ons geholpen die een uitzicht willen, als middeleeuwse reizigers die hulp nodig hadden om hun weg te vinden en droog te blijven. Luister naar het verhaal van de heuvelruggen, die door de ijstijd zijn ontstaan!<\/strong><\/p>\n\n\n\n<figure class=\"wp-block-audio aligncenter\"><audio controls src=\"https:\/\/www.fjardhundraland.se\/wp-content\/uploads\/2021\/04\/sv-asar-ny.mp3\"><\/audio><figcaption>Zweeds<\/figcaption><\/figure>\n\n\n\n<figure class=\"wp-block-audio\"><audio controls src=\"https:\/\/www.fjardhundraland.se\/wp-content\/uploads\/2021\/04\/eng-asar.mp3\"><\/audio><figcaption>Engels<\/figcaption><\/figure>\n\n\n\n<figure class=\"wp-block-audio\"><audio controls src=\"https:\/\/www.fjardhundraland.se\/wp-content\/uploads\/2021\/04\/ty-asar.mp3\"><\/audio><figcaption>Duitse taal<\/figcaption><\/figure>\n\n\n\n<hr class=\"wp-block-separator\"\/>\n\n\n\n<p><em>Het is het beste als je luistert in de app&nbsp;<\/em><a href=\"https:\/\/www.storyspot.io\/sv\/\" target=\"_blank\" rel=\"noopener\"><em>Storyspot<\/em><\/a><em>waar je audiogidsen en verhalen van veel verschillende plaatsen vindt!<\/em><\/p>\n\n\n\n<p>Productie: David Larsson, Priroda Media<br>Scenario: Ylva Fontell<br>Lezing in het Zweeds: \u00c5sa Lansfors Lindblom<br>Lezen in het Duits: Charlotte R\u00fcckl<br>Lezen in het Engels: Campbell Kelso<br><br>De productie is gerealiseerd met steun van Leader M\u00e4lardalen.<br><br><img decoding=\"async\" width=\"100\" height=\"100\" data-attachment-id=\"5259\" data-permalink=\"https:\/\/www.fjardhundraland.se\/nl\/cykla\/fjardhundralandsleden\/attachment\/leader\/\" data-orig-file=\"https:\/\/www.fjardhundraland.se\/wp-content\/uploads\/2018\/06\/leader.jpg\" data-orig-size=\"763,764\" data-comments-opened=\"0\" data-image-meta=\"{&quot;aperture&quot;:&quot;0&quot;,&quot;credit&quot;:&quot;&quot;,&quot;camera&quot;:&quot;&quot;,&quot;caption&quot;:&quot;&quot;,&quot;created_timestamp&quot;:&quot;0&quot;,&quot;copyright&quot;:&quot;&quot;,&quot;focal_length&quot;:&quot;0&quot;,&quot;iso&quot;:&quot;0&quot;,&quot;shutter_speed&quot;:&quot;0&quot;,&quot;title&quot;:&quot;&quot;,&quot;orientation&quot;:&quot;0&quot;}\" data-image-title=\"Leader\" data-image-description=\"\" data-image-caption=\"\" data-large-file=\"https:\/\/www.fjardhundraland.se\/wp-content\/uploads\/2018\/06\/leader.jpg\" scale=\"0\" class=\"wp-image-5259\" style=\"width: 100px;\" src=\"https:\/\/www.fjardhundraland.se\/wp-content\/uploads\/2018\/06\/leader.jpg\" alt=\"\" title=\"\">  <img decoding=\"async\" width=\"100\" height=\"97\" data-attachment-id=\"5380\" data-permalink=\"https:\/\/www.fjardhundraland.se\/nl\/mat\/2018\/smaker-pa-kvek\/attachment\/eu-flaggaeuropeiskajordbruksfondenfarg-2\/\" data-orig-file=\"https:\/\/www.fjardhundraland.se\/wp-content\/uploads\/2018\/08\/eu-flaggaeuropeiskajordbruksfondenfacc88rg.jpg\" data-orig-size=\"278,271\" data-comments-opened=\"0\" data-image-meta=\"{&quot;aperture&quot;:&quot;0&quot;,&quot;credit&quot;:&quot;&quot;,&quot;camera&quot;:&quot;&quot;,&quot;caption&quot;:&quot;&quot;,&quot;created_timestamp&quot;:&quot;0&quot;,&quot;copyright&quot;:&quot;&quot;,&quot;focal_length&quot;:&quot;0&quot;,&quot;iso&quot;:&quot;0&quot;,&quot;shutter_speed&quot;:&quot;0&quot;,&quot;title&quot;:&quot;&quot;,&quot;orientation&quot;:&quot;0&quot;}\" data-image-title=\"EU-flagga+Europeiska+jordbruksfonden+fa\u0308rg\" data-image-description=\"\" data-image-caption=\"\" data-large-file=\"https:\/\/www.fjardhundraland.se\/wp-content\/uploads\/2018\/08\/eu-flaggaeuropeiskajordbruksfondenfacc88rg.jpg\" scale=\"0\" class=\"wp-image-5380\" style=\"width: 100px;\" src=\"https:\/\/www.fjardhundraland.se\/wp-content\/uploads\/2018\/08\/eu-flaggaeuropeiskajordbruksfondenfacc88rg.jpg\" alt=\"\" title=\"\"><img decoding=\"async\" width=\"300\" height=\"90\" data-attachment-id=\"5257\" data-permalink=\"https:\/\/www.fjardhundraland.se\/nl\/cykla\/fjardhundralandsleden\/attachment\/logo-leader_malardalen\/\" data-orig-file=\"https:\/\/www.fjardhundraland.se\/wp-content\/uploads\/2018\/06\/logo-leader_malardalen.jpg\" data-orig-size=\"2330,696\" data-comments-opened=\"0\" data-image-meta=\"{&quot;aperture&quot;:&quot;0&quot;,&quot;credit&quot;:&quot;&quot;,&quot;camera&quot;:&quot;&quot;,&quot;caption&quot;:&quot;&quot;,&quot;created_timestamp&quot;:&quot;0&quot;,&quot;copyright&quot;:&quot;&quot;,&quot;focal_length&quot;:&quot;0&quot;,&quot;iso&quot;:&quot;0&quot;,&quot;shutter_speed&quot;:&quot;0&quot;,&quot;title&quot;:&quot;&quot;,&quot;orientation&quot;:&quot;0&quot;}\" data-image-title=\"Logo LEADER_MALARDALEN\" data-image-description=\"\" data-image-caption=\"\" data-large-file=\"https:\/\/www.fjardhundraland.se\/wp-content\/uploads\/2018\/06\/logo-leader_malardalen.jpg\" scale=\"0\" class=\"wp-image-5257\" style=\"width: 300px;\" src=\"https:\/\/www.fjardhundraland.se\/wp-content\/uploads\/2018\/06\/logo-leader_malardalen.jpg\" alt=\"\" title=\"\"><\/p>","protected":false},"excerpt":{"rendered":"<p>Hier in Fj\u00e4rdhundraland is het niet heuvelachtig. Maar de heuvelruggen hebben zowel degenen onder ons geholpen die een uitzicht willen, als middeleeuwse reizigers die hulp nodig hadden om hun weg te vinden en droog te blijven. Luister naar het verhaal van de heuvelruggen, die door de ijstijd zijn ontstaan!<\/p>","protected":false},"featured_media":8378,"parent":0,"template":"","platserna":[281,102,201,205],"platstagg":[283],"class_list":{"0":"post-8376","1":"plats","2":"type-plats","3":"status-publish","4":"has-post-thumbnail","6":"platserna-ljudguider","7":"platserna-fornlamningar","8":"platserna-historia","9":"platserna-natur","10":"platstagg-storyspot","11":"entry"},"acf":{"oppenverksamhet":false,"med_pa_kartan":false,"visa_pa_webbsidan":true,"beskrivande_underrubrik":"","kontaktperson":"","tel":"","tel_alt":"","e-post":"","adress":"","postnummer":"","webb":"","facebook":"","instagram":"","tripadvisor":"","wikipedia":"","koordinater":{"address":"TORSTUNA V\u00c5NSJ\u00d6 5, 749 72 Fj\u00e4rdhundra, Sverige","lat":59.74439781708962,"lng":17.088145572985823,"zoom":15,"place_id":"ChIJDb6kZVVPXkYRp5SL6wbnX5Q","street_number":5,"street_name":"TORSTUNA V\u00c5NSJ\u00d6","state":"Uppsala l\u00e4n","post_code":"749 72","country":"Sverige","country_short":"SE"},"googleplaceid":"","gps-fil":"","wc":false,"wifi":false,"medlem":false,"\u00f6ppettider":"","info":""},"visa":null,"geo_latitude":null,"geo_longitude":null,"jetpack-related-posts":[{"id":3699,"url":"https:\/\/www.fjardhundraland.se\/nl\/plats\/asasen\/","url_meta":{"origin":8376,"position":0},"title":"De Azen","author":"Ylva Fontell","date":"21 oktober 2016","format":false,"excerpt":"\u00c4s\u00e5sen is een vredige en rustige plek op ongeveer 40 meter boven het boerenland. Hier en daar zijn uitkijkpunten met weidse uitzichten over het landschap.","rel":"","context":"Soortgelijk bericht","block_context":{"text":"Soortgelijk bericht","link":""},"img":{"alt_text":"","src":"https:\/\/i0.wp.com\/www.fjardhundraland.se\/wp-content\/uploads\/2016\/10\/asasen.jpg?resize=350%2C200&ssl=1","width":350,"height":200,"srcset":"https:\/\/i0.wp.com\/www.fjardhundraland.se\/wp-content\/uploads\/2016\/10\/asasen.jpg?resize=350%2C200&ssl=1 1x, https:\/\/i0.wp.com\/www.fjardhundraland.se\/wp-content\/uploads\/2016\/10\/asasen.jpg?resize=525%2C300&ssl=1 1.5x, https:\/\/i0.wp.com\/www.fjardhundraland.se\/wp-content\/uploads\/2016\/10\/asasen.jpg?resize=700%2C400&ssl=1 2x, https:\/\/i0.wp.com\/www.fjardhundraland.se\/wp-content\/uploads\/2016\/10\/asasen.jpg?resize=1050%2C600&ssl=1 3x, https:\/\/i0.wp.com\/www.fjardhundraland.se\/wp-content\/uploads\/2016\/10\/asasen.jpg?resize=1400%2C800&ssl=1 4x"},"classes":[]},{"id":8373,"url":"https:\/\/www.fjardhundraland.se\/nl\/plats\/orsundaan-forntidens-motorvag\/","url_meta":{"origin":8376,"position":1},"title":"Audiogids: \u00d6rsunda\u00e5n - de oude snelweg","author":"Mats Thorburn","date":"30 april 2021","format":false,"excerpt":"De rivier de \u00d6rsunda is de slagader door Fj\u00e4rdhundraland. Sinds mensenheugenis worden hier goederen en mensen vervoerd. De rivier was niet de bescheiden waterloop die het nu is, maar een machtige rivier die Vikingschepen rechtstreeks naar zee kon voeren. In de Vikingtijd en de Middeleeuwen was Fj\u00e4rdhundraland een groot bevolkingscentrum, verzameld rond \u00d6rsunda\u00e5n en...","rel":"","context":"Soortgelijk bericht","block_context":{"text":"Soortgelijk bericht","link":""},"img":{"alt_text":"O\u0308rsundaa\u030an Danskebo","src":"https:\/\/i0.wp.com\/www.fjardhundraland.se\/wp-content\/uploads\/2021\/04\/orsundaan-danskebo.jpg?resize=350%2C200&ssl=1","width":350,"height":200,"srcset":"https:\/\/i0.wp.com\/www.fjardhundraland.se\/wp-content\/uploads\/2021\/04\/orsundaan-danskebo.jpg?resize=350%2C200&ssl=1 1x, https:\/\/i0.wp.com\/www.fjardhundraland.se\/wp-content\/uploads\/2021\/04\/orsundaan-danskebo.jpg?resize=525%2C300&ssl=1 1.5x, https:\/\/i0.wp.com\/www.fjardhundraland.se\/wp-content\/uploads\/2021\/04\/orsundaan-danskebo.jpg?resize=700%2C400&ssl=1 2x, https:\/\/i0.wp.com\/www.fjardhundraland.se\/wp-content\/uploads\/2021\/04\/orsundaan-danskebo.jpg?resize=1050%2C600&ssl=1 3x"},"classes":[]},{"id":4811,"url":"https:\/\/www.fjardhundraland.se\/nl\/plats\/svartbackens-tradgard\/","url_meta":{"origin":8376,"position":2},"title":"De tuin van Svartb\u00e4ck","author":"Ylva Fontell","date":"19 april 2020","format":false,"excerpt":"Kleinschalig tuincentrum waar groenten en snijbloemen worden gekweekt. Ook kwekerij met bijzondere bomen en struiken. Boerderijwinkel en vlooienmarkt met een tuinthema. Galerij.","rel":"","context":"Soortgelijk bericht","block_context":{"text":"Soortgelijk bericht","link":""},"img":{"alt_text":"","src":"https:\/\/i0.wp.com\/www.fjardhundraland.se\/wp-content\/uploads\/2017\/11\/svartbacken29.jpg?resize=350%2C200&ssl=1","width":350,"height":200,"srcset":"https:\/\/i0.wp.com\/www.fjardhundraland.se\/wp-content\/uploads\/2017\/11\/svartbacken29.jpg?resize=350%2C200&ssl=1 1x, https:\/\/i0.wp.com\/www.fjardhundraland.se\/wp-content\/uploads\/2017\/11\/svartbacken29.jpg?resize=525%2C300&ssl=1 1.5x, https:\/\/i0.wp.com\/www.fjardhundraland.se\/wp-content\/uploads\/2017\/11\/svartbacken29.jpg?resize=700%2C400&ssl=1 2x, https:\/\/i0.wp.com\/www.fjardhundraland.se\/wp-content\/uploads\/2017\/11\/svartbacken29.jpg?resize=1050%2C600&ssl=1 3x, https:\/\/i0.wp.com\/www.fjardhundraland.se\/wp-content\/uploads\/2017\/11\/svartbacken29.jpg?resize=1400%2C800&ssl=1 4x"},"classes":[]},{"id":12619,"url":"https:\/\/www.fjardhundraland.se\/nl\/plats\/hogbergs-buss-med-upplandsturen\/","url_meta":{"origin":8376,"position":3},"title":"H\u00f6gbergs Bus met Upplandsturen","author":"Ylva Fontell","date":"25 april 2023","format":false,"excerpt":"Upplandsturen helpt je bij het organiseren van je groepsreis naar Uppland.","rel":"","context":"Soortgelijk bericht","block_context":{"text":"Soortgelijk bericht","link":""},"img":{"alt_text":"","src":"https:\/\/i0.wp.com\/www.fjardhundraland.se\/wp-content\/uploads\/2023\/04\/dom-buss.jpg?resize=350%2C200&ssl=1","width":350,"height":200,"srcset":"https:\/\/i0.wp.com\/www.fjardhundraland.se\/wp-content\/uploads\/2023\/04\/dom-buss.jpg?resize=350%2C200&ssl=1 1x, https:\/\/i0.wp.com\/www.fjardhundraland.se\/wp-content\/uploads\/2023\/04\/dom-buss.jpg?resize=525%2C300&ssl=1 1.5x, https:\/\/i0.wp.com\/www.fjardhundraland.se\/wp-content\/uploads\/2023\/04\/dom-buss.jpg?resize=700%2C400&ssl=1 2x, https:\/\/i0.wp.com\/www.fjardhundraland.se\/wp-content\/uploads\/2023\/04\/dom-buss.jpg?resize=1050%2C600&ssl=1 3x, https:\/\/i0.wp.com\/www.fjardhundraland.se\/wp-content\/uploads\/2023\/04\/dom-buss.jpg?resize=1400%2C800&ssl=1 4x"},"classes":[]},{"id":14843,"url":"https:\/\/www.fjardhundraland.se\/nl\/plats\/orsundsbro-foretagarforening\/","url_meta":{"origin":8376,"position":4},"title":"\u00d6rsundsbro bedrijfsvereniging","author":"Ylva Fontell","date":"2 februari 2024","format":false,"excerpt":"Veel ondernemers in en rond \u00d6rsundsbro zijn lid van de Ondernemersvereniging \u00d6rsundsbro, die gezamenlijke activiteiten organiseert.","rel":"","context":"Soortgelijk bericht","block_context":{"text":"Soortgelijk bericht","link":""},"img":{"alt_text":"","src":"https:\/\/i0.wp.com\/www.fjardhundraland.se\/wp-content\/uploads\/2024\/02\/orsundsbroforetagarforening7.jpg?resize=350%2C200&ssl=1","width":350,"height":200,"srcset":"https:\/\/i0.wp.com\/www.fjardhundraland.se\/wp-content\/uploads\/2024\/02\/orsundsbroforetagarforening7.jpg?resize=350%2C200&ssl=1 1x, https:\/\/i0.wp.com\/www.fjardhundraland.se\/wp-content\/uploads\/2024\/02\/orsundsbroforetagarforening7.jpg?resize=525%2C300&ssl=1 1.5x, https:\/\/i0.wp.com\/www.fjardhundraland.se\/wp-content\/uploads\/2024\/02\/orsundsbroforetagarforening7.jpg?resize=700%2C400&ssl=1 2x, https:\/\/i0.wp.com\/www.fjardhundraland.se\/wp-content\/uploads\/2024\/02\/orsundsbroforetagarforening7.jpg?resize=1050%2C600&ssl=1 3x, https:\/\/i0.wp.com\/www.fjardhundraland.se\/wp-content\/uploads\/2024\/02\/orsundsbroforetagarforening7.jpg?resize=1400%2C800&ssl=1 4x"},"classes":[]},{"id":18389,"url":"https:\/\/www.fjardhundraland.se\/nl\/plats\/svinnegarns-kyrka\/","url_meta":{"origin":8376,"position":5},"title":"Svinnegarns kerk","author":"Ylva Fontell","date":"23 juni 2025","format":false,"excerpt":"De kerk van Svinnegarn ligt vlak naast weg 55. Lang geleden was het een bekend bedevaartsoord, zoals de grote kerk doet vermoeden. Runestenen binnen en buiten de kerk.","rel":"","context":"Soortgelijk bericht","block_context":{"text":"Soortgelijk bericht","link":""},"img":{"alt_text":"","src":"https:\/\/i0.wp.com\/www.fjardhundraland.se\/wp-content\/uploads\/2025\/06\/svinnegarns-kyrka-p1566293.jpg?resize=350%2C200&ssl=1","width":350,"height":200,"srcset":"https:\/\/i0.wp.com\/www.fjardhundraland.se\/wp-content\/uploads\/2025\/06\/svinnegarns-kyrka-p1566293.jpg?resize=350%2C200&ssl=1 1x, https:\/\/i0.wp.com\/www.fjardhundraland.se\/wp-content\/uploads\/2025\/06\/svinnegarns-kyrka-p1566293.jpg?resize=525%2C300&ssl=1 1.5x, https:\/\/i0.wp.com\/www.fjardhundraland.se\/wp-content\/uploads\/2025\/06\/svinnegarns-kyrka-p1566293.jpg?resize=700%2C400&ssl=1 2x, https:\/\/i0.wp.com\/www.fjardhundraland.se\/wp-content\/uploads\/2025\/06\/svinnegarns-kyrka-p1566293.jpg?resize=1050%2C600&ssl=1 3x, https:\/\/i0.wp.com\/www.fjardhundraland.se\/wp-content\/uploads\/2025\/06\/svinnegarns-kyrka-p1566293.jpg?resize=1400%2C800&ssl=1 4x"},"classes":[]}],"jetpack_sharing_enabled":true,"_links":{"self":[{"href":"https:\/\/www.fjardhundraland.se\/nl\/wp-json\/wp\/v2\/platser\/8376","targetHints":{"allow":["GET"]}}],"collection":[{"href":"https:\/\/www.fjardhundraland.se\/nl\/wp-json\/wp\/v2\/platser"}],"about":[{"href":"https:\/\/www.fjardhundraland.se\/nl\/wp-json\/wp\/v2\/types\/plats"}],"wp:featuredmedia":[{"embeddable":true,"href":"https:\/\/www.fjardhundraland.se\/nl\/wp-json\/wp\/v2\/media\/8378"}],"wp:attachment":[{"href":"https:\/\/www.fjardhundraland.se\/nl\/wp-json\/wp\/v2\/media?parent=8376"}],"wp:term":[{"taxonomy":"platserna","embeddable":true,"href":"https:\/\/www.fjardhundraland.se\/nl\/wp-json\/wp\/v2\/platserna?post=8376"},{"taxonomy":"platstagg","embeddable":true,"href":"https:\/\/www.fjardhundraland.se\/nl\/wp-json\/wp\/v2\/platstagg?post=8376"}],"curies":[{"name":"wp","href":"https:\/\/api.w.org\/{rel}","templated":true}]}}