
{"id":4951,"date":"2018-03-09T15:40:54","date_gmt":"2018-03-09T14:40:54","guid":{"rendered":"http:\/\/www.fjardhundraland.se\/?post_type=plats&#038;p=4951"},"modified":"2025-06-13T12:56:44","modified_gmt":"2025-06-13T10:56:44","slug":"pottenkerk","status":"publish","type":"plats","link":"https:\/\/www.fjardhundraland.se\/nl\/plats\/gryta-kyrka\/","title":{"rendered":"Kerk Gryta"},"content":{"rendered":"<p>De kerk van Gryta ligt aan het einde van een idyllisch kronkelend weggetje dat je eerst langs de statige Salnecke en <a href=\"https:\/\/www.fjardhundraland.se\/nl\/gerechten\/kasteel-cafe-salnecke\/\">Kasteelcaf\u00e9 Salnecke<\/a>. De kerk is een middeleeuws gebouw met een lichte trap en een leien dak. Als de kerk open is, kun je mooie fresco's bekijken in de geest van Albertus Picktor. Mis het ietwat ongewone altaarstuk uit de 18e eeuw en de mooie preekstoel niet.<\/p>\n<div class=\"tiled-gallery type-rectangular tiled-gallery-unresized\" data-original-width=\"500\" data-carousel-extra='{&quot;blog_id&quot;:1,&quot;permalink&quot;:&quot;https:\\\/\\\/www.fjardhundraland.se\\\/nl\\\/plats\\\/gryta-kyrka\\\/&quot;,&quot;likes_blog_id&quot;:66652000}' itemscope itemtype=\"http:\/\/schema.org\/ImageGallery\" > <div class=\"gallery-row\" style=\"width: 500px; height: 356px;\" data-original-width=\"500\" data-original-height=\"356\" > <div class=\"gallery-group images-1\" style=\"width: 232px; height: 356px;\" data-original-width=\"232\" data-original-height=\"356\" > <div class=\"tiled-gallery-item tiled-gallery-item-small\" itemprop=\"associatedMedia\" itemscope itemtype=\"http:\/\/schema.org\/ImageObject\"> <a href=\"https:\/\/www.fjardhundraland.se\/nl\/plats\/gryta-kyrka\/attachment\/gryta3\/\" border=\"0\" itemprop=\"url\"> <meta itemprop=\"width\" content=\"228\"> <meta itemprop=\"height\" content=\"352\"> <img decoding=\"async\" class=\"\" data-attachment-id=\"4963\" data-orig-file=\"https:\/\/www.fjardhundraland.se\/wp-content\/uploads\/2018\/03\/gryta3.jpg\" data-orig-size=\"1618,2500\" data-comments-opened=\"\" data-image-meta=\"{&quot;aperture&quot;:&quot;1.7&quot;,&quot;credit&quot;:&quot;&quot;,&quot;camera&quot;:&quot;ONEPLUS A5010&quot;,&quot;caption&quot;:&quot;&quot;,&quot;created_timestamp&quot;:&quot;1520614989&quot;,&quot;copyright&quot;:&quot;&quot;,&quot;focal_length&quot;:&quot;4.103&quot;,&quot;iso&quot;:&quot;400&quot;,&quot;shutter_speed&quot;:&quot;0.01&quot;,&quot;title&quot;:&quot;&quot;,&quot;orientation&quot;:&quot;1&quot;}\" data-image-title=\"Gryta3\" data-image-description=\"\" data-medium-file=\"https:\/\/www.fjardhundraland.se\/wp-content\/uploads\/2018\/03\/gryta3.jpg\" data-large-file=\"https:\/\/www.fjardhundraland.se\/wp-content\/uploads\/2018\/03\/gryta3.jpg\" src=\"https:\/\/i0.wp.com\/www.fjardhundraland.se\/wp-content\/uploads\/2018\/03\/gryta3.jpg?w=228&#038;h=352&#038;ssl=1\" width=\"228\" height=\"352\" loading=\"lazy\" data-original-width=\"228\" data-original-height=\"352\" itemprop=\"http:\/\/schema.org\/image\" title=\"Gryta3\" alt=\"Kerk Gryta\" style=\"width: 228px; height: 352px;\" \/> <\/a> <div class=\"tiled-gallery-caption\" itemprop=\"caption description\"> Kerk Gryta <\/div> <\/div> <\/div> <!-- close group --> <div class=\"gallery-group images-1\" style=\"width: 268px; height: 356px;\" data-original-width=\"268\" data-original-height=\"356\" > <div class=\"tiled-gallery-item tiled-gallery-item-large\" itemprop=\"associatedMedia\" itemscope itemtype=\"http:\/\/schema.org\/ImageObject\"> <a href=\"https:\/\/www.fjardhundraland.se\/nl\/plats\/gryta-kyrka\/attachment\/gryta2\/\" border=\"0\" itemprop=\"url\"> <meta itemprop=\"width\" content=\"264\"> <meta itemprop=\"height\" content=\"352\"> <img decoding=\"async\" class=\"\" data-attachment-id=\"4964\" data-orig-file=\"https:\/\/www.fjardhundraland.se\/wp-content\/uploads\/2018\/03\/gryta2.jpg\" data-orig-size=\"1875,2500\" data-comments-opened=\"\" data-image-meta=\"{&quot;aperture&quot;:&quot;1.7&quot;,&quot;credit&quot;:&quot;&quot;,&quot;camera&quot;:&quot;ONEPLUS A5010&quot;,&quot;caption&quot;:&quot;&quot;,&quot;created_timestamp&quot;:&quot;1520614798&quot;,&quot;copyright&quot;:&quot;&quot;,&quot;focal_length&quot;:&quot;4.103&quot;,&quot;iso&quot;:&quot;250&quot;,&quot;shutter_speed&quot;:&quot;0.02&quot;,&quot;title&quot;:&quot;&quot;,&quot;orientation&quot;:&quot;1&quot;}\" data-image-title=\"Gryta2\" data-image-description=\"\" data-medium-file=\"https:\/\/www.fjardhundraland.se\/wp-content\/uploads\/2018\/03\/gryta2.jpg\" data-large-file=\"https:\/\/www.fjardhundraland.se\/wp-content\/uploads\/2018\/03\/gryta2.jpg\" src=\"https:\/\/i0.wp.com\/www.fjardhundraland.se\/wp-content\/uploads\/2018\/03\/gryta2.jpg?w=264&#038;h=352&#038;ssl=1\" width=\"264\" height=\"352\" loading=\"lazy\" data-original-width=\"264\" data-original-height=\"352\" itemprop=\"http:\/\/schema.org\/image\" title=\"Gryta2\" alt=\"De klokkentoren van de kerk van Gryta\" style=\"width: 264px; height: 352px;\" \/> <\/a> <div class=\"tiled-gallery-caption\" itemprop=\"caption description\"> De klokkentoren van de kerk van Gryta <\/div> <\/div> <\/div> <!-- close group --> <\/div> <!-- close row --> <\/div>","protected":false},"excerpt":{"rendered":"<p>De kerk van Gryta ligt aan het einde van een idyllisch kronkelend weggetje dat je eerst langs het statige Salnecke en het kasteelcaf\u00e9 Salnecke voert.<\/p>","protected":false},"featured_media":4961,"parent":0,"template":"","platserna":[2,201],"platstagg":[],"class_list":{"0":"post-4951","1":"plats","2":"type-plats","3":"status-publish","4":"has-post-thumbnail","6":"platserna-kyrkor","7":"platserna-historia","8":"entry"},"acf":{"oppenverksamhet":false,"med_pa_kartan":false,"visa_pa_webbsidan":true,"beskrivande_underrubrik":"","kontaktperson":"Lagunda f\u00f6rsamling","tel":"0171-46 00 70","tel_alt":"","e-post":"lagunda.forsamling@svenskakyrkan.se","adress":"","postnummer":"749 63","webb":"https:\/\/www.svenskakyrkan.se\/lagunda","facebook":"","instagram":"","tripadvisor":"","wikipedia":"https:\/\/sv.wikipedia.org\/wiki\/Gryta_kyrka","koordinater":{"address":"589, 749 63 \u00d6rsundsbro, Sverige","lat":59.74095801985141,"lng":17.34766960144043},"googleplaceid":"ChIJ722wjA1LXkYRq6NAp1g93Os","gps-fil":"","wc":false,"wifi":false,"medlem":true,"\u00f6ppettider":"Ta kontakt med f\u00f6rsamlingsexpeditionen om du vill bes\u00f6ka kyrkan.\r\n\r\n&nbsp;","info":""},"visa":null,"geo_latitude":null,"geo_longitude":null,"jetpack-related-posts":[{"id":4405,"url":"https:\/\/www.fjardhundraland.se\/nl\/plats\/salnecke-slottscafe\/","url_meta":{"origin":4951,"position":0},"title":"Kasteelcaf\u00e9 en bistro Salnecke","author":"Ylva Fontell","date":"1 mei 2020","format":false,"excerpt":"In de oude schuur naast het kasteel van Salnecke kun je eten en koffie drinken. Banketzaal. Ambtenaar burgerlijk huwelijk.","rel":"","context":"Soortgelijk bericht","block_context":{"text":"Soortgelijk bericht","link":""},"img":{"alt_text":"","src":"https:\/\/i0.wp.com\/www.fjardhundraland.se\/wp-content\/uploads\/2020\/05\/salnecke34.jpeg?resize=350%2C200&ssl=1","width":350,"height":200,"srcset":"https:\/\/i0.wp.com\/www.fjardhundraland.se\/wp-content\/uploads\/2020\/05\/salnecke34.jpeg?resize=350%2C200&ssl=1 1x, https:\/\/i0.wp.com\/www.fjardhundraland.se\/wp-content\/uploads\/2020\/05\/salnecke34.jpeg?resize=525%2C300&ssl=1 1.5x, https:\/\/i0.wp.com\/www.fjardhundraland.se\/wp-content\/uploads\/2020\/05\/salnecke34.jpeg?resize=700%2C400&ssl=1 2x, https:\/\/i0.wp.com\/www.fjardhundraland.se\/wp-content\/uploads\/2020\/05\/salnecke34.jpeg?resize=1050%2C600&ssl=1 3x, https:\/\/i0.wp.com\/www.fjardhundraland.se\/wp-content\/uploads\/2020\/05\/salnecke34.jpeg?resize=1400%2C800&ssl=1 4x"},"classes":[]},{"id":9803,"url":"https:\/\/www.fjardhundraland.se\/nl\/plats\/salnecke-antik-kuriosa\/","url_meta":{"origin":4951,"position":1},"title":"Salnecke Antiek &amp; Curiosa","author":"Ylva Fontell","date":"25 februari 2022","format":false,"excerpt":"Meubels, lampen, textiel en nog veel meer.","rel":"","context":"Soortgelijk bericht","block_context":{"text":"Soortgelijk bericht","link":""},"img":{"alt_text":"","src":"https:\/\/i0.wp.com\/www.fjardhundraland.se\/wp-content\/uploads\/2022\/02\/salneckeantik2.jpg?resize=350%2C200&ssl=1","width":350,"height":200,"srcset":"https:\/\/i0.wp.com\/www.fjardhundraland.se\/wp-content\/uploads\/2022\/02\/salneckeantik2.jpg?resize=350%2C200&ssl=1 1x, https:\/\/i0.wp.com\/www.fjardhundraland.se\/wp-content\/uploads\/2022\/02\/salneckeantik2.jpg?resize=525%2C300&ssl=1 1.5x, https:\/\/i0.wp.com\/www.fjardhundraland.se\/wp-content\/uploads\/2022\/02\/salneckeantik2.jpg?resize=700%2C400&ssl=1 2x, https:\/\/i0.wp.com\/www.fjardhundraland.se\/wp-content\/uploads\/2022\/02\/salneckeantik2.jpg?resize=1050%2C600&ssl=1 3x, https:\/\/i0.wp.com\/www.fjardhundraland.se\/wp-content\/uploads\/2022\/02\/salneckeantik2.jpg?resize=1400%2C800&ssl=1 4x"},"classes":[]},{"id":16983,"url":"https:\/\/www.fjardhundraland.se\/nl\/plats\/gula-villan\/","url_meta":{"origin":4951,"position":2},"title":"Gele villa","author":"Ylva Fontell","date":"22 november 2024","format":false,"excerpt":"Veel ruimte met koffie in het midden.","rel":"","context":"Soortgelijk bericht","block_context":{"text":"Soortgelijk bericht","link":""},"img":{"alt_text":"","src":"https:\/\/i0.wp.com\/www.fjardhundraland.se\/wp-content\/uploads\/2024\/11\/gulavillan10.jpg?resize=350%2C200&ssl=1","width":350,"height":200,"srcset":"https:\/\/i0.wp.com\/www.fjardhundraland.se\/wp-content\/uploads\/2024\/11\/gulavillan10.jpg?resize=350%2C200&ssl=1 1x, https:\/\/i0.wp.com\/www.fjardhundraland.se\/wp-content\/uploads\/2024\/11\/gulavillan10.jpg?resize=525%2C300&ssl=1 1.5x, https:\/\/i0.wp.com\/www.fjardhundraland.se\/wp-content\/uploads\/2024\/11\/gulavillan10.jpg?resize=700%2C400&ssl=1 2x, https:\/\/i0.wp.com\/www.fjardhundraland.se\/wp-content\/uploads\/2024\/11\/gulavillan10.jpg?resize=1050%2C600&ssl=1 3x, https:\/\/i0.wp.com\/www.fjardhundraland.se\/wp-content\/uploads\/2024\/11\/gulavillan10.jpg?resize=1400%2C800&ssl=1 4x"},"classes":[]},{"id":1642,"url":"https:\/\/www.fjardhundraland.se\/nl\/plats\/harnevi-kyrka\/","url_meta":{"origin":4951,"position":3},"title":"H\u00e4rnevi kerk","author":"Ylva Fontell","date":"6 februari 2014","format":false,"excerpt":"De kerk van H\u00e4rnevi ligt in een idyllische dorpsomgeving met weelderige bomen en een geteerde klokkentoren. Zomercaf\u00e9.","rel":"","context":"Soortgelijk bericht","block_context":{"text":"Soortgelijk bericht","link":""},"img":{"alt_text":"H\u00e4rnevi kyrka med kyrkog\u00e5rden","src":"https:\/\/i0.wp.com\/www.fjardhundraland.se\/wp-content\/uploads\/2014\/02\/harnevi-kyrka-1.jpg?resize=350%2C200&ssl=1","width":350,"height":200,"srcset":"https:\/\/i0.wp.com\/www.fjardhundraland.se\/wp-content\/uploads\/2014\/02\/harnevi-kyrka-1.jpg?resize=350%2C200&ssl=1 1x, https:\/\/i0.wp.com\/www.fjardhundraland.se\/wp-content\/uploads\/2014\/02\/harnevi-kyrka-1.jpg?resize=525%2C300&ssl=1 1.5x, https:\/\/i0.wp.com\/www.fjardhundraland.se\/wp-content\/uploads\/2014\/02\/harnevi-kyrka-1.jpg?resize=700%2C400&ssl=1 2x, https:\/\/i0.wp.com\/www.fjardhundraland.se\/wp-content\/uploads\/2014\/02\/harnevi-kyrka-1.jpg?resize=1050%2C600&ssl=1 3x, https:\/\/i0.wp.com\/www.fjardhundraland.se\/wp-content\/uploads\/2014\/02\/harnevi-kyrka-1.jpg?resize=1400%2C800&ssl=1 4x"},"classes":[]},{"id":7315,"url":"https:\/\/www.fjardhundraland.se\/nl\/plats\/orsundsbro\/","url_meta":{"origin":4951,"position":4},"title":"\u00d6rsundsbro","author":"Ylva Fontell","date":"8 september 2020","format":false,"excerpt":"\u00d6rsundsbro is een gemeenschap die strategisch gelegen is tussen Enk\u00f6ping en Uppsala, bij weg 55 waar we vandaag de dag over reizen, en bij de rivier \u00d6rsunda\u00e5n, die de Vikingsnelweg was. \u00d6rsundsbro - een handelsplaats \u00d6rsundsbro is een handelsplaats met een zeer oude oorsprong. Het begon allemaal toen er zo'n achthonderd jaar geleden een brug werd gebouwd over de \u00d6rsunda rivier...","rel":"","context":"Soortgelijk bericht","block_context":{"text":"Soortgelijk bericht","link":""},"img":{"alt_text":"","src":"https:\/\/i0.wp.com\/www.fjardhundraland.se\/wp-content\/uploads\/2020\/01\/orsundsbrohamn.jpg?resize=350%2C200&ssl=1","width":350,"height":200,"srcset":"https:\/\/i0.wp.com\/www.fjardhundraland.se\/wp-content\/uploads\/2020\/01\/orsundsbrohamn.jpg?resize=350%2C200&ssl=1 1x, https:\/\/i0.wp.com\/www.fjardhundraland.se\/wp-content\/uploads\/2020\/01\/orsundsbrohamn.jpg?resize=525%2C300&ssl=1 1.5x, https:\/\/i0.wp.com\/www.fjardhundraland.se\/wp-content\/uploads\/2020\/01\/orsundsbrohamn.jpg?resize=700%2C400&ssl=1 2x, https:\/\/i0.wp.com\/www.fjardhundraland.se\/wp-content\/uploads\/2020\/01\/orsundsbrohamn.jpg?resize=1050%2C600&ssl=1 3x, https:\/\/i0.wp.com\/www.fjardhundraland.se\/wp-content\/uploads\/2020\/01\/orsundsbrohamn.jpg?resize=1400%2C800&ssl=1 4x"},"classes":[]},{"id":8440,"url":"https:\/\/www.fjardhundraland.se\/nl\/plats\/husby-sjutolfts-kyrka\/","url_meta":{"origin":4951,"position":5},"title":"Husby-Sjutolft kerk","author":"Ylva Fontell","date":"4 mei 2021","format":false,"excerpt":"Schilderijen van Albertus Pictor in goede staat.","rel":"","context":"Soortgelijk bericht","block_context":{"text":"Soortgelijk bericht","link":""},"img":{"alt_text":"","src":"https:\/\/i0.wp.com\/www.fjardhundraland.se\/wp-content\/uploads\/2021\/05\/img-3890.jpg?resize=350%2C200&ssl=1","width":350,"height":200,"srcset":"https:\/\/i0.wp.com\/www.fjardhundraland.se\/wp-content\/uploads\/2021\/05\/img-3890.jpg?resize=350%2C200&ssl=1 1x, https:\/\/i0.wp.com\/www.fjardhundraland.se\/wp-content\/uploads\/2021\/05\/img-3890.jpg?resize=525%2C300&ssl=1 1.5x, https:\/\/i0.wp.com\/www.fjardhundraland.se\/wp-content\/uploads\/2021\/05\/img-3890.jpg?resize=700%2C400&ssl=1 2x, https:\/\/i0.wp.com\/www.fjardhundraland.se\/wp-content\/uploads\/2021\/05\/img-3890.jpg?resize=1050%2C600&ssl=1 3x, https:\/\/i0.wp.com\/www.fjardhundraland.se\/wp-content\/uploads\/2021\/05\/img-3890.jpg?resize=1400%2C800&ssl=1 4x"},"classes":[]}],"jetpack_sharing_enabled":true,"_links":{"self":[{"href":"https:\/\/www.fjardhundraland.se\/nl\/wp-json\/wp\/v2\/platser\/4951","targetHints":{"allow":["GET"]}}],"collection":[{"href":"https:\/\/www.fjardhundraland.se\/nl\/wp-json\/wp\/v2\/platser"}],"about":[{"href":"https:\/\/www.fjardhundraland.se\/nl\/wp-json\/wp\/v2\/types\/plats"}],"wp:featuredmedia":[{"embeddable":true,"href":"https:\/\/www.fjardhundraland.se\/nl\/wp-json\/wp\/v2\/media\/4961"}],"wp:attachment":[{"href":"https:\/\/www.fjardhundraland.se\/nl\/wp-json\/wp\/v2\/media?parent=4951"}],"wp:term":[{"taxonomy":"platserna","embeddable":true,"href":"https:\/\/www.fjardhundraland.se\/nl\/wp-json\/wp\/v2\/platserna?post=4951"},{"taxonomy":"platstagg","embeddable":true,"href":"https:\/\/www.fjardhundraland.se\/nl\/wp-json\/wp\/v2\/platstagg?post=4951"}],"curies":[{"name":"wp","href":"https:\/\/api.w.org\/{rel}","templated":true}]}}