
{"id":4044,"date":"2020-04-10T09:54:40","date_gmt":"2020-04-10T07:54:40","guid":{"rendered":"http:\/\/www.fjardhundraland.se\/?post_type=plats&#038;p=4044"},"modified":"2024-11-22T20:43:26","modified_gmt":"2024-11-22T19:43:26","slug":"algenpark-gardsjo","status":"publish","type":"plats","link":"https:\/\/www.fjardhundraland.se\/nl\/plats\/gardsjo-algpark\/","title":{"rendered":"Elandenpark G\u00e5rdsj\u00f6"},"content":{"rendered":"<p>Ontmoet de koning van het bos van dichtbij! In G\u00e5rdsj\u00f6 \u00c4lgpark kun je heel dicht bij de elanden komen, zo dichtbij dat je ze kunt aanraken. Je kunt ook hun eigen elandman, Leffe, ontmoeten - een belevenis op zich.<\/p>\n\n\n\n<p>Elanden in hun natuurlijke omgeving zien is een unieke en krachtige ervaring. In de dichte naaldbossen van Uppland ligt G\u00e5rdsj\u00f6 \u00c4lgpark, waar de elanden vrij rondlopen in 25 hectare bos. Bezoekers rijden met Gr\u00e5lle-tractoren en speciaal gebouwde wagens het gebied in.<\/p>\n\n\n\n<p>Leffe neemt je mee op reis in zijn wereld en die van de eland. De rondleiding duurt ongeveer een uur en is een ervaring die je nooit zult vergeten! Je kunt Leffe en de eland ook volgen op <a href=\"https:\/\/www.youtube.com\/@algmannen\" target=\"_blank\" rel=\"noreferrer noopener\">Youtube<\/a>.<\/p>\n\n\n\n<p>In het caf\u00e9, dat een uur voor en een uur na de rondleiding geopend is, kun je een stevig broodje elandworst, wafels met jam en slagroom en nog veel meer lekkers krijgen. In de winkel is het thema natuurlijk eland! Alles van knuffels tot huishoudelijke artikelen en elandensnoepjes. Lokaal geproduceerde honing is ook een leuk souvenir uit het elandpark.<\/p>\n\n\n\n<div class=\"wp-block-jetpack-tiled-gallery aligncenter is-style-rectangular\"><div class=\"tiled-gallery__gallery\"><div class=\"tiled-gallery__row\"><div class=\"tiled-gallery__col\" style=\"flex-basis:70.06995%\"><figure class=\"tiled-gallery__item\"><img decoding=\"async\" data-attachment-id=\"4078\" data-permalink=\"https:\/\/www.fjardhundraland.se\/nl\/plats\/gardsjo-algpark\/attachment\/gardsjo1\/\" data-orig-file=\"https:\/\/www.fjardhundraland.se\/wp-content\/uploads\/2017\/04\/gardsjo1-scaled.jpg\" data-orig-size=\"2560,1920\" data-comments-opened=\"0\" data-image-meta=\"{&quot;aperture&quot;:&quot;3.2&quot;,&quot;credit&quot;:&quot;&quot;,&quot;camera&quot;:&quot;Canon DIGITAL IXUS 100 IS&quot;,&quot;caption&quot;:&quot;&quot;,&quot;created_timestamp&quot;:&quot;1281438330&quot;,&quot;copyright&quot;:&quot;&quot;,&quot;focal_length&quot;:&quot;5.9&quot;,&quot;iso&quot;:&quot;80&quot;,&quot;shutter_speed&quot;:&quot;0.005&quot;,&quot;title&quot;:&quot;&quot;,&quot;orientation&quot;:&quot;1&quot;}\" data-image-title=\"Leffe the Mooseman\" data-image-description=\"\" data-image-caption=\"\" data-large-file=\"https:\/\/www.fjardhundraland.se\/wp-content\/uploads\/2017\/04\/gardsjo1-scaled.jpg\" role=\"button\" tabindex=\"0\" aria-label=\"Afbeelding 1 of 6 op volledig scherm openen\" srcset=\"https:\/\/i1.wp.com\/www.fjardhundraland.se\/wp-content\/uploads\/2017\/04\/gardsjo1-1200x900.jpg?strip=info&#038;w=600&#038;ssl=1 600w,https:\/\/i1.wp.com\/www.fjardhundraland.se\/wp-content\/uploads\/2017\/04\/gardsjo1-1200x900.jpg?strip=info&#038;w=900&#038;ssl=1 900w,https:\/\/i1.wp.com\/www.fjardhundraland.se\/wp-content\/uploads\/2017\/04\/gardsjo1-1200x900.jpg?strip=info&#038;w=1200&#038;ssl=1 1200w,https:\/\/i1.wp.com\/www.fjardhundraland.se\/wp-content\/uploads\/2017\/04\/gardsjo1-1200x900.jpg?strip=info&#038;w=1500&#038;ssl=1 1500w,https:\/\/i1.wp.com\/www.fjardhundraland.se\/wp-content\/uploads\/2017\/04\/gardsjo1-1200x900.jpg?strip=info&#038;w=1800&#038;ssl=1 1800w,https:\/\/i1.wp.com\/www.fjardhundraland.se\/wp-content\/uploads\/2017\/04\/gardsjo1-1200x900.jpg?strip=info&#038;w=2000&#038;ssl=1 2000w\" alt=\"Leffe de Muizenman\" data-height=\"3000\" data-id=\"4078\" data-link=\"https:\/\/www.fjardhundraland.se\/plats\/gardsjo-algpark\/gardsjo1\/\" data-url=\"https:\/\/www.fjardhundraland.se\/wp-content\/uploads\/2017\/04\/gardsjo1-1200x900.jpg\" data-width=\"4000\" src=\"https:\/\/i1.wp.com\/www.fjardhundraland.se\/wp-content\/uploads\/2017\/04\/gardsjo1-1200x900.jpg?ssl=1\" data-amp-layout=\"responsive\" title=\"\"><\/figure><\/div><div class=\"tiled-gallery__col\" style=\"flex-basis:29.93005%\"><figure class=\"tiled-gallery__item\"><img decoding=\"async\" data-attachment-id=\"12081\" data-permalink=\"https:\/\/www.fjardhundraland.se\/nl\/plats\/gardsjo-algpark\/attachment\/gardsjo22\/\" data-orig-file=\"https:\/\/www.fjardhundraland.se\/wp-content\/uploads\/2020\/04\/gardsjo22.jpg\" data-orig-size=\"1440,1439\" data-comments-opened=\"0\" data-image-meta=\"{&quot;aperture&quot;:&quot;0&quot;,&quot;credit&quot;:&quot;&quot;,&quot;camera&quot;:&quot;&quot;,&quot;caption&quot;:&quot;&quot;,&quot;created_timestamp&quot;:&quot;0&quot;,&quot;copyright&quot;:&quot;&quot;,&quot;focal_length&quot;:&quot;0&quot;,&quot;iso&quot;:&quot;0&quot;,&quot;shutter_speed&quot;:&quot;0&quot;,&quot;title&quot;:&quot;&quot;,&quot;orientation&quot;:&quot;0&quot;}\" data-image-title=\"gardsjo22\" data-image-description=\"\" data-image-caption=\"\" data-large-file=\"https:\/\/www.fjardhundraland.se\/wp-content\/uploads\/2020\/04\/gardsjo22.jpg\" role=\"button\" tabindex=\"0\" aria-label=\"Afbeelding 2 of 6 op volledig scherm openen\" srcset=\"https:\/\/i1.wp.com\/www.fjardhundraland.se\/wp-content\/uploads\/2020\/04\/gardsjo22-1200x1200.jpg?strip=info&#038;w=600&#038;ssl=1 600w,https:\/\/i1.wp.com\/www.fjardhundraland.se\/wp-content\/uploads\/2020\/04\/gardsjo22-1200x1200.jpg?strip=info&#038;w=900&#038;ssl=1 900w,https:\/\/i1.wp.com\/www.fjardhundraland.se\/wp-content\/uploads\/2020\/04\/gardsjo22-1200x1200.jpg?strip=info&#038;w=1200&#038;ssl=1 1200w,https:\/\/i1.wp.com\/www.fjardhundraland.se\/wp-content\/uploads\/2020\/04\/gardsjo22-1200x1200.jpg?strip=info&#038;w=1440&#038;ssl=1 1440w\" alt=\"\" data-height=\"1439\" data-id=\"12081\" data-link=\"https:\/\/www.fjardhundraland.se\/plats\/gardsjo-algpark\/gardsjo22\/\" data-url=\"https:\/\/www.fjardhundraland.se\/wp-content\/uploads\/2020\/04\/gardsjo22-1200x1200.jpg\" data-width=\"1440\" src=\"https:\/\/i1.wp.com\/www.fjardhundraland.se\/wp-content\/uploads\/2020\/04\/gardsjo22-1200x1200.jpg?ssl=1\" data-amp-layout=\"responsive\" title=\"\"><\/figure><figure class=\"tiled-gallery__item\"><img decoding=\"async\" data-attachment-id=\"4079\" data-permalink=\"https:\/\/www.fjardhundraland.se\/nl\/plats\/gardsjo-algpark\/attachment\/gardsjo2\/\" data-orig-file=\"https:\/\/www.fjardhundraland.se\/wp-content\/uploads\/2017\/04\/gardsjo2-scaled.jpg\" data-orig-size=\"2560,1920\" data-comments-opened=\"0\" data-image-meta=\"{&quot;aperture&quot;:&quot;4&quot;,&quot;credit&quot;:&quot;&quot;,&quot;camera&quot;:&quot;Canon PowerShot S5 IS&quot;,&quot;caption&quot;:&quot;&quot;,&quot;created_timestamp&quot;:&quot;1275642081&quot;,&quot;copyright&quot;:&quot;&quot;,&quot;focal_length&quot;:&quot;25.2&quot;,&quot;iso&quot;:&quot;80&quot;,&quot;shutter_speed&quot;:&quot;0.002&quot;,&quot;title&quot;:&quot;&quot;,&quot;orientation&quot;:&quot;1&quot;}\" data-image-title=\"Visitorsget close with the moose\" data-image-description=\"\" data-image-caption=\"\" data-large-file=\"https:\/\/www.fjardhundraland.se\/wp-content\/uploads\/2017\/04\/gardsjo2-scaled.jpg\" role=\"button\" tabindex=\"0\" aria-label=\"Afbeelding 3 of 6 op volledig scherm openen\" srcset=\"https:\/\/i2.wp.com\/www.fjardhundraland.se\/wp-content\/uploads\/2017\/04\/gardsjo2-1200x900.jpg?strip=info&#038;w=600&#038;ssl=1 600w,https:\/\/i2.wp.com\/www.fjardhundraland.se\/wp-content\/uploads\/2017\/04\/gardsjo2-1200x900.jpg?strip=info&#038;w=900&#038;ssl=1 900w,https:\/\/i2.wp.com\/www.fjardhundraland.se\/wp-content\/uploads\/2017\/04\/gardsjo2-1200x900.jpg?strip=info&#038;w=1200&#038;ssl=1 1200w,https:\/\/i2.wp.com\/www.fjardhundraland.se\/wp-content\/uploads\/2017\/04\/gardsjo2-1200x900.jpg?strip=info&#038;w=1500&#038;ssl=1 1500w,https:\/\/i2.wp.com\/www.fjardhundraland.se\/wp-content\/uploads\/2017\/04\/gardsjo2-1200x900.jpg?strip=info&#038;w=1800&#038;ssl=1 1800w,https:\/\/i2.wp.com\/www.fjardhundraland.se\/wp-content\/uploads\/2017\/04\/gardsjo2-1200x900.jpg?strip=info&#038;w=2000&#038;ssl=1 2000w\" alt=\"\" data-height=\"2448\" data-id=\"4079\" data-link=\"https:\/\/www.fjardhundraland.se\/plats\/gardsjo-algpark\/gardsjo2\/\" data-url=\"https:\/\/www.fjardhundraland.se\/wp-content\/uploads\/2017\/04\/gardsjo2-1200x900.jpg\" data-width=\"3264\" src=\"https:\/\/i2.wp.com\/www.fjardhundraland.se\/wp-content\/uploads\/2017\/04\/gardsjo2-1200x900.jpg?ssl=1\" data-amp-layout=\"responsive\" title=\"\"><\/figure><\/div><\/div><div class=\"tiled-gallery__row\"><div class=\"tiled-gallery__col\" style=\"flex-basis:41.16405%\"><figure class=\"tiled-gallery__item\"><img decoding=\"async\" data-attachment-id=\"4080\" data-permalink=\"https:\/\/www.fjardhundraland.se\/nl\/plats\/gardsjo-algpark\/attachment\/gardsjo3\/\" data-orig-file=\"https:\/\/www.fjardhundraland.se\/wp-content\/uploads\/2017\/04\/gardsjo3-scaled.jpg\" data-orig-size=\"2560,1707\" data-comments-opened=\"0\" data-image-meta=\"{&quot;aperture&quot;:&quot;8&quot;,&quot;credit&quot;:&quot;Tobbe Lektell, www.lektell.se&quot;,&quot;camera&quot;:&quot;Canon EOS 5D Mark III&quot;,&quot;caption&quot;:&quot;&quot;,&quot;created_timestamp&quot;:&quot;1403953800&quot;,&quot;copyright&quot;:&quot;Tobbe Lektell, www.lektell.se&quot;,&quot;focal_length&quot;:&quot;123&quot;,&quot;iso&quot;:&quot;640&quot;,&quot;shutter_speed&quot;:&quot;0.002&quot;,&quot;title&quot;:&quot;&quot;,&quot;orientation&quot;:&quot;1&quot;}\" data-image-title=\"Close enough to touch the Moose\" data-image-description=\"\" data-image-caption=\"\" data-large-file=\"https:\/\/www.fjardhundraland.se\/wp-content\/uploads\/2017\/04\/gardsjo3-scaled.jpg\" role=\"button\" tabindex=\"0\" aria-label=\"Afbeelding 4 of 6 op volledig scherm openen\" srcset=\"https:\/\/i2.wp.com\/www.fjardhundraland.se\/wp-content\/uploads\/2017\/04\/gardsjo3-1200x800.jpg?strip=info&#038;w=600&#038;ssl=1 600w,https:\/\/i2.wp.com\/www.fjardhundraland.se\/wp-content\/uploads\/2017\/04\/gardsjo3-1200x800.jpg?strip=info&#038;w=900&#038;ssl=1 900w,https:\/\/i2.wp.com\/www.fjardhundraland.se\/wp-content\/uploads\/2017\/04\/gardsjo3-1200x800.jpg?strip=info&#038;w=1200&#038;ssl=1 1200w,https:\/\/i2.wp.com\/www.fjardhundraland.se\/wp-content\/uploads\/2017\/04\/gardsjo3-1200x800.jpg?strip=info&#038;w=1500&#038;ssl=1 1500w,https:\/\/i2.wp.com\/www.fjardhundraland.se\/wp-content\/uploads\/2017\/04\/gardsjo3-1200x800.jpg?strip=info&#038;w=1800&#038;ssl=1 1800w,https:\/\/i2.wp.com\/www.fjardhundraland.se\/wp-content\/uploads\/2017\/04\/gardsjo3-1200x800.jpg?strip=info&#038;w=2000&#038;ssl=1 2000w\" alt=\"\" data-height=\"3648\" data-id=\"4080\" data-link=\"https:\/\/www.fjardhundraland.se\/plats\/gardsjo-algpark\/gardsjo3\/\" data-url=\"https:\/\/www.fjardhundraland.se\/wp-content\/uploads\/2017\/04\/gardsjo3-1200x800.jpg\" data-width=\"5472\" src=\"https:\/\/i2.wp.com\/www.fjardhundraland.se\/wp-content\/uploads\/2017\/04\/gardsjo3-1200x800.jpg?ssl=1\" data-amp-layout=\"responsive\" title=\"\"><\/figure><figure class=\"tiled-gallery__item\"><img decoding=\"async\" data-attachment-id=\"4103\" data-permalink=\"https:\/\/www.fjardhundraland.se\/nl\/?attachment_id=4103\" data-orig-file=\"https:\/\/www.fjardhundraland.se\/wp-content\/uploads\/2017\/04\/gardsjo10-1.jpg\" data-orig-size=\"1757,1325\" data-comments-opened=\"0\" data-image-meta=\"{&quot;aperture&quot;:&quot;6.3&quot;,&quot;credit&quot;:&quot;&quot;,&quot;camera&quot;:&quot;Canon EOS 50D&quot;,&quot;caption&quot;:&quot;&quot;,&quot;created_timestamp&quot;:&quot;1383999138&quot;,&quot;copyright&quot;:&quot;&quot;,&quot;focal_length&quot;:&quot;41&quot;,&quot;iso&quot;:&quot;320&quot;,&quot;shutter_speed&quot;:&quot;0.02&quot;,&quot;title&quot;:&quot;&quot;,&quot;orientation&quot;:&quot;1&quot;}\" data-image-title=\"Majestic horns on a fantastic animal\" data-image-description=\"\" data-image-caption=\"\" data-large-file=\"https:\/\/www.fjardhundraland.se\/wp-content\/uploads\/2017\/04\/gardsjo10-1.jpg\" role=\"button\" tabindex=\"0\" aria-label=\"Afbeelding 5 of 6 op volledig scherm openen\" srcset=\"https:\/\/i2.wp.com\/www.fjardhundraland.se\/wp-content\/uploads\/2017\/04\/gardsjo10-1-1200x905.jpg?strip=info&#038;w=600&#038;ssl=1 600w,https:\/\/i2.wp.com\/www.fjardhundraland.se\/wp-content\/uploads\/2017\/04\/gardsjo10-1-1200x905.jpg?strip=info&#038;w=900&#038;ssl=1 900w,https:\/\/i2.wp.com\/www.fjardhundraland.se\/wp-content\/uploads\/2017\/04\/gardsjo10-1-1200x905.jpg?strip=info&#038;w=1200&#038;ssl=1 1200w,https:\/\/i2.wp.com\/www.fjardhundraland.se\/wp-content\/uploads\/2017\/04\/gardsjo10-1-1200x905.jpg?strip=info&#038;w=1500&#038;ssl=1 1500w,https:\/\/i2.wp.com\/www.fjardhundraland.se\/wp-content\/uploads\/2017\/04\/gardsjo10-1-1200x905.jpg?strip=info&#038;w=1757&#038;ssl=1 1757w\" alt=\"\" data-height=\"1325\" data-id=\"4103\" data-link=\"https:\/\/www.fjardhundraland.se\/?attachment_id=4103\" data-url=\"https:\/\/www.fjardhundraland.se\/wp-content\/uploads\/2017\/04\/gardsjo10-1-1200x905.jpg\" data-width=\"1757\" src=\"https:\/\/i2.wp.com\/www.fjardhundraland.se\/wp-content\/uploads\/2017\/04\/gardsjo10-1-1200x905.jpg?ssl=1\" data-amp-layout=\"responsive\" title=\"\"><\/figure><\/div><div class=\"tiled-gallery__col\" style=\"flex-basis:58.83595%\"><figure class=\"tiled-gallery__item\"><img decoding=\"async\" data-attachment-id=\"12082\" data-permalink=\"https:\/\/www.fjardhundraland.se\/nl\/plats\/gardsjo-algpark\/attachment\/gardsjo20\/\" data-orig-file=\"https:\/\/www.fjardhundraland.se\/wp-content\/uploads\/2020\/04\/gardsjo20.jpg\" data-orig-size=\"1440,1440\" data-comments-opened=\"0\" data-image-meta=\"{&quot;aperture&quot;:&quot;0&quot;,&quot;credit&quot;:&quot;&quot;,&quot;camera&quot;:&quot;&quot;,&quot;caption&quot;:&quot;&quot;,&quot;created_timestamp&quot;:&quot;0&quot;,&quot;copyright&quot;:&quot;&quot;,&quot;focal_length&quot;:&quot;0&quot;,&quot;iso&quot;:&quot;0&quot;,&quot;shutter_speed&quot;:&quot;0&quot;,&quot;title&quot;:&quot;&quot;,&quot;orientation&quot;:&quot;0&quot;}\" data-image-title=\"gardsjo20\" data-image-description=\"\" data-image-caption=\"\" data-large-file=\"https:\/\/www.fjardhundraland.se\/wp-content\/uploads\/2020\/04\/gardsjo20.jpg\" role=\"button\" tabindex=\"0\" aria-label=\"Afbeelding 6 of 6 op volledig scherm openen\" srcset=\"https:\/\/i2.wp.com\/www.fjardhundraland.se\/wp-content\/uploads\/2020\/04\/gardsjo20-1200x1200.jpg?strip=info&#038;w=600&#038;ssl=1 600w,https:\/\/i2.wp.com\/www.fjardhundraland.se\/wp-content\/uploads\/2020\/04\/gardsjo20-1200x1200.jpg?strip=info&#038;w=900&#038;ssl=1 900w,https:\/\/i2.wp.com\/www.fjardhundraland.se\/wp-content\/uploads\/2020\/04\/gardsjo20-1200x1200.jpg?strip=info&#038;w=1200&#038;ssl=1 1200w,https:\/\/i2.wp.com\/www.fjardhundraland.se\/wp-content\/uploads\/2020\/04\/gardsjo20-1200x1200.jpg?strip=info&#038;w=1440&#038;ssl=1 1440w\" alt=\"\" data-height=\"1440\" data-id=\"12082\" data-link=\"https:\/\/www.fjardhundraland.se\/plats\/gardsjo-algpark\/gardsjo20\/\" data-url=\"https:\/\/www.fjardhundraland.se\/wp-content\/uploads\/2020\/04\/gardsjo20-1200x1200.jpg\" data-width=\"1440\" src=\"https:\/\/i2.wp.com\/www.fjardhundraland.se\/wp-content\/uploads\/2020\/04\/gardsjo20-1200x1200.jpg?ssl=1\" data-amp-layout=\"responsive\" title=\"\"><\/figure><\/div><\/div><\/div><\/div>","protected":false},"excerpt":{"rendered":"<p>Ontmoet de koning van het bos van dichtbij! In G\u00e5rdsj\u00f6 Moose Park komen de elanden zo dichtbij dat je ze kunt aanraken. <\/p>","protected":false},"featured_media":6782,"parent":0,"template":"","platserna":[202,296,159,168,220,16,205],"platstagg":[336],"class_list":{"0":"post-4044","1":"plats","2":"type-plats","3":"status-publish","4":"has-post-thumbnail","6":"platserna-djur","7":"platserna-aktiviteter-i-fjardhundraland","8":"platserna-barnvanligt","9":"platserna-honung","10":"platserna-inredning","11":"platserna-kafeer","12":"platserna-natur","13":"platstagg-upplev-djur","14":"entry"},"acf":{"oppenverksamhet":false,"med_pa_kartan":true,"visa_pa_webbsidan":true,"beskrivande_underrubrik":"\u00c4lgpark med kaf\u00e9 och butik","kontaktperson":"Ilona Carleng\u00e5rd","tel":"070-3536060","tel_alt":"","e-post":"info@gardsjoalgpark.se","adress":"G\u00e5rdsj\u00f6 127","postnummer":"744 91","webb":"https:\/\/gardsjoalgpark.se\/","facebook":"gardsjoalgpark","instagram":"algmannen","tripadvisor":"https:\/\/www.tripadvisor.se\/Attraction_Review-g3861931-d3836677-Reviews-Gardsjo_Algpark-Heby_Uppsala_County.html","wikipedia":"","koordinater":{"address":"G\u00e5rdsj\u00f6 \u00c4lgpark AB, G\u00c5RDSJ\u00d6, Heby, Sverige","lat":59.9625935,"lng":16.9695698,"zoom":13,"place_id":"ChIJrxXAhdA9XkYR_MHWQVltKro","name":"G\u00e5rdsj\u00f6 \u00c4lgpark AB","street_number":127,"street_name":"G\u00c5RDSJ\u00d6","state":"Uppsala l\u00e4n","post_code":"744 91","country":"Sverige","country_short":"SE"},"googleplaceid":"ChIJrxXAhdA9XkYR_MHWQVltKro","gps-fil":"","wc":false,"wifi":false,"medlem":true,"\u00f6ppettider":"&nbsp;\r\n\r\n&nbsp;\r\n\r\n&nbsp;","info":""},"visa":null,"geo_latitude":null,"geo_longitude":null,"jetpack-related-posts":[{"id":13712,"url":"https:\/\/www.fjardhundraland.se\/nl\/plats\/kalmarnaslandet\/","url_meta":{"origin":4044,"position":0},"title":"Kalmarn\u00e4slandet","author":"Ylva Fontell","date":"8 december 2023","format":false,"excerpt":"Vattun\u00f6dsberget, met zijn zachte kliffen, bonsai-achtige knoestige dennenbomen en prachtig uitzicht op het M\u00e4larmeer, is een van de centra van het natuurreservaat Kalmarn\u00e4slandet.","rel":"","context":"Soortgelijk bericht","block_context":{"text":"Soortgelijk bericht","link":""},"img":{"alt_text":"","src":"https:\/\/i0.wp.com\/www.fjardhundraland.se\/wp-content\/uploads\/2023\/10\/kalmarnas-naturreservat-11.jpg?resize=350%2C200&ssl=1","width":350,"height":200,"srcset":"https:\/\/i0.wp.com\/www.fjardhundraland.se\/wp-content\/uploads\/2023\/10\/kalmarnas-naturreservat-11.jpg?resize=350%2C200&ssl=1 1x, https:\/\/i0.wp.com\/www.fjardhundraland.se\/wp-content\/uploads\/2023\/10\/kalmarnas-naturreservat-11.jpg?resize=525%2C300&ssl=1 1.5x, https:\/\/i0.wp.com\/www.fjardhundraland.se\/wp-content\/uploads\/2023\/10\/kalmarnas-naturreservat-11.jpg?resize=700%2C400&ssl=1 2x, https:\/\/i0.wp.com\/www.fjardhundraland.se\/wp-content\/uploads\/2023\/10\/kalmarnas-naturreservat-11.jpg?resize=1050%2C600&ssl=1 3x, https:\/\/i0.wp.com\/www.fjardhundraland.se\/wp-content\/uploads\/2023\/10\/kalmarnas-naturreservat-11.jpg?resize=1400%2C800&ssl=1 4x"},"classes":[]},{"id":1866,"url":"https:\/\/www.fjardhundraland.se\/nl\/plats\/refvelsta-fideikomiss\/","url_meta":{"origin":4044,"position":1},"title":"Landgoed Refvelsta","author":"Ylva Fontell","date":"1 maart 2014","format":false,"excerpt":"Refvelsta Estate verhuurt woningen en verkoopt wildvlees van eigen land.","rel":"","context":"Soortgelijk bericht","block_context":{"text":"Soortgelijk bericht","link":""},"img":{"alt_text":"","src":"https:\/\/i0.wp.com\/www.fjardhundraland.se\/wp-content\/uploads\/2014\/03\/refvelsta1.jpg?resize=350%2C200&ssl=1","width":350,"height":200,"srcset":"https:\/\/i0.wp.com\/www.fjardhundraland.se\/wp-content\/uploads\/2014\/03\/refvelsta1.jpg?resize=350%2C200&ssl=1 1x, https:\/\/i0.wp.com\/www.fjardhundraland.se\/wp-content\/uploads\/2014\/03\/refvelsta1.jpg?resize=525%2C300&ssl=1 1.5x, https:\/\/i0.wp.com\/www.fjardhundraland.se\/wp-content\/uploads\/2014\/03\/refvelsta1.jpg?resize=700%2C400&ssl=1 2x, https:\/\/i0.wp.com\/www.fjardhundraland.se\/wp-content\/uploads\/2014\/03\/refvelsta1.jpg?resize=1050%2C600&ssl=1 3x, https:\/\/i0.wp.com\/www.fjardhundraland.se\/wp-content\/uploads\/2014\/03\/refvelsta1.jpg?resize=1400%2C800&ssl=1 4x"},"classes":[]},{"id":13758,"url":"https:\/\/www.fjardhundraland.se\/nl\/plats\/brandskogsskeppet\/","url_meta":{"origin":4044,"position":2},"title":"Het brandhoutschip","author":"Ylva Fontell","date":"8 december 2023","format":false,"excerpt":"Een zeer groot rotssnijwerk in een prachtig boslandschap.","rel":"","context":"Soortgelijk bericht","block_context":{"text":"Soortgelijk bericht","link":""},"img":{"alt_text":"","src":"https:\/\/i0.wp.com\/www.fjardhundraland.se\/wp-content\/uploads\/2023\/12\/brandskog3.jpg?resize=350%2C200&ssl=1","width":350,"height":200,"srcset":"https:\/\/i0.wp.com\/www.fjardhundraland.se\/wp-content\/uploads\/2023\/12\/brandskog3.jpg?resize=350%2C200&ssl=1 1x, https:\/\/i0.wp.com\/www.fjardhundraland.se\/wp-content\/uploads\/2023\/12\/brandskog3.jpg?resize=525%2C300&ssl=1 1.5x, https:\/\/i0.wp.com\/www.fjardhundraland.se\/wp-content\/uploads\/2023\/12\/brandskog3.jpg?resize=700%2C400&ssl=1 2x, https:\/\/i0.wp.com\/www.fjardhundraland.se\/wp-content\/uploads\/2023\/12\/brandskog3.jpg?resize=1050%2C600&ssl=1 3x, https:\/\/i0.wp.com\/www.fjardhundraland.se\/wp-content\/uploads\/2023\/12\/brandskog3.jpg?resize=1400%2C800&ssl=1 4x"},"classes":[]},{"id":1493,"url":"https:\/\/www.fjardhundraland.se\/nl\/plats\/gyllene-brunnen-brollopslokal\/","url_meta":{"origin":4044,"position":3},"title":"Gyllene Brunnen trouwlocatie","author":"Ylva Fontell","date":"30 april 2022","format":false,"excerpt":"Bij Gyllene Brunnen kun je je bruiloftsfeest in een landelijke omgeving houden en helemaal naar eigen wens organiseren. De trouwlocatie, de oude hooizolder, biedt plaats aan maximaal 100 personen.","rel":"","context":"Soortgelijk bericht","block_context":{"text":"Soortgelijk bericht","link":""},"img":{"alt_text":"Br\u00f6llopslokal","src":"https:\/\/i0.wp.com\/www.fjardhundraland.se\/wp-content\/uploads\/2013\/12\/gyllenebrunnenhuvud.jpg?resize=350%2C200&ssl=1","width":350,"height":200,"srcset":"https:\/\/i0.wp.com\/www.fjardhundraland.se\/wp-content\/uploads\/2013\/12\/gyllenebrunnenhuvud.jpg?resize=350%2C200&ssl=1 1x, https:\/\/i0.wp.com\/www.fjardhundraland.se\/wp-content\/uploads\/2013\/12\/gyllenebrunnenhuvud.jpg?resize=525%2C300&ssl=1 1.5x, https:\/\/i0.wp.com\/www.fjardhundraland.se\/wp-content\/uploads\/2013\/12\/gyllenebrunnenhuvud.jpg?resize=700%2C400&ssl=1 2x, https:\/\/i0.wp.com\/www.fjardhundraland.se\/wp-content\/uploads\/2013\/12\/gyllenebrunnenhuvud.jpg?resize=1050%2C600&ssl=1 3x, https:\/\/i0.wp.com\/www.fjardhundraland.se\/wp-content\/uploads\/2013\/12\/gyllenebrunnenhuvud.jpg?resize=1400%2C800&ssl=1 4x"},"classes":[]},{"id":15011,"url":"https:\/\/www.fjardhundraland.se\/nl\/plats\/prastgardsflygeln\/","url_meta":{"origin":4044,"position":4},"title":"De pastorievleugel","author":"Marloes","date":"22 februari 2024","format":false,"excerpt":"Verblijf in een schilderachtige 18e-eeuwse cottage.","rel":"","context":"Soortgelijk bericht","block_context":{"text":"Soortgelijk bericht","link":""},"img":{"alt_text":"","src":"https:\/\/i0.wp.com\/www.fjardhundraland.se\/wp-content\/uploads\/2024\/02\/prastgardsflygeln5.jpg?resize=350%2C200&ssl=1","width":350,"height":200,"srcset":"https:\/\/i0.wp.com\/www.fjardhundraland.se\/wp-content\/uploads\/2024\/02\/prastgardsflygeln5.jpg?resize=350%2C200&ssl=1 1x, https:\/\/i0.wp.com\/www.fjardhundraland.se\/wp-content\/uploads\/2024\/02\/prastgardsflygeln5.jpg?resize=525%2C300&ssl=1 1.5x"},"classes":[]},{"id":12619,"url":"https:\/\/www.fjardhundraland.se\/nl\/plats\/hogbergs-buss-med-upplandsturen\/","url_meta":{"origin":4044,"position":5},"title":"H\u00f6gbergs Bus met Upplandsturen","author":"Ylva Fontell","date":"25 april 2023","format":false,"excerpt":"Upplandsturen helpt je bij het organiseren van je groepsreis naar Uppland.","rel":"","context":"Soortgelijk bericht","block_context":{"text":"Soortgelijk bericht","link":""},"img":{"alt_text":"","src":"https:\/\/i0.wp.com\/www.fjardhundraland.se\/wp-content\/uploads\/2023\/04\/dom-buss.jpg?resize=350%2C200&ssl=1","width":350,"height":200,"srcset":"https:\/\/i0.wp.com\/www.fjardhundraland.se\/wp-content\/uploads\/2023\/04\/dom-buss.jpg?resize=350%2C200&ssl=1 1x, https:\/\/i0.wp.com\/www.fjardhundraland.se\/wp-content\/uploads\/2023\/04\/dom-buss.jpg?resize=525%2C300&ssl=1 1.5x, https:\/\/i0.wp.com\/www.fjardhundraland.se\/wp-content\/uploads\/2023\/04\/dom-buss.jpg?resize=700%2C400&ssl=1 2x, https:\/\/i0.wp.com\/www.fjardhundraland.se\/wp-content\/uploads\/2023\/04\/dom-buss.jpg?resize=1050%2C600&ssl=1 3x, https:\/\/i0.wp.com\/www.fjardhundraland.se\/wp-content\/uploads\/2023\/04\/dom-buss.jpg?resize=1400%2C800&ssl=1 4x"},"classes":[]}],"jetpack_sharing_enabled":true,"_links":{"self":[{"href":"https:\/\/www.fjardhundraland.se\/nl\/wp-json\/wp\/v2\/platser\/4044","targetHints":{"allow":["GET"]}}],"collection":[{"href":"https:\/\/www.fjardhundraland.se\/nl\/wp-json\/wp\/v2\/platser"}],"about":[{"href":"https:\/\/www.fjardhundraland.se\/nl\/wp-json\/wp\/v2\/types\/plats"}],"wp:featuredmedia":[{"embeddable":true,"href":"https:\/\/www.fjardhundraland.se\/nl\/wp-json\/wp\/v2\/media\/6782"}],"wp:attachment":[{"href":"https:\/\/www.fjardhundraland.se\/nl\/wp-json\/wp\/v2\/media?parent=4044"}],"wp:term":[{"taxonomy":"platserna","embeddable":true,"href":"https:\/\/www.fjardhundraland.se\/nl\/wp-json\/wp\/v2\/platserna?post=4044"},{"taxonomy":"platstagg","embeddable":true,"href":"https:\/\/www.fjardhundraland.se\/nl\/wp-json\/wp\/v2\/platstagg?post=4044"}],"curies":[{"name":"wp","href":"https:\/\/api.w.org\/{rel}","templated":true}]}}