
{"id":19058,"date":"2025-10-28T14:30:45","date_gmt":"2025-10-28T13:30:45","guid":{"rendered":"https:\/\/www.fjardhundraland.se\/?post_type=plats&#038;p=19058"},"modified":"2026-02-26T19:41:29","modified_gmt":"2026-02-26T18:41:29","slug":"stockholm-lavendel","status":"publish","type":"plats","link":"https:\/\/www.fjardhundraland.se\/nl\/plats\/stockholm-lavendel\/","title":{"rendered":"Stockholm lavendel"},"content":{"rendered":"<p>In het hart van Upplands-Bro ontspruit iets heel bijzonders - een lavendelplantage met meer dan 3000 planten die niet alleen het landschap sieren met hun heerlijke geur en kleur, maar ook bijdragen aan een rijker ecosysteem. Lavendel is een bloem die geliefd is bij bijen en vlinders en zo een belangrijke rol speelt bij de bestuiving van fruitbomen en groenten. Het is een geschenk van de natuur aan zowel de tuin als de ziel.<\/p>\n\n\n\n<p>Achter de teelt staat Anne, die met zachte handen en een groot hart een plek heeft gecre\u00eberd waar schoonheid, duurzaamheid en creativiteit samenkomen. Voor haar is lavendel meer dan alleen een plant - het is een ervaring voor de ogen, de ziel en de reukzin.<\/p>\n\n\n\n<p>In een gerenoveerde carport biedt Anne nu unieke workshops aan waar bezoekers met hun handen kunnen cre\u00ebren: hun eigen lavendelkrans knopen, prachtige haver- en gerstkransen vormen of klaprozen maken van cr\u00eapepapier. Het is een plek waar vakmanschap en natuur elkaar ontmoeten, waar elke deelnemer de vreugde van creatie en rust kan voelen.<\/p>\n\n\n\n<p>Naast lavendel werkt Anne als werkbegeleider voor mensen met een handicap - een baan waar ze dol op is. \u201cMijn deelnemers, of liever gezegd mijn collega's, inspireren me elke dag. Samen cre\u00ebren is helend, versterkend en zinvol,\u201d zegt ze.<\/p>\n\n\n\n<p>Met haar kweek en workshops wil Anne iets unieks bieden in de regio Stockholm - een plek waar mensen elkaar kunnen ontmoeten, kunnen cre\u00ebren en de kracht van de natuur kunnen voelen. Het is een initiatief dat tot ver buiten de lavendelvelden bloeit.<br>De lavendel zal weer bloeien in juli-augustus 2026, wanneer het weer open zal zijn voor bezoekers om hun eigen lavendel te plukken en te picknicken tussen de bloeiende lavendel.<\/p>\n\n\n\n<figure class=\"wp-block-gallery has-nested-images columns-default is-cropped wp-block-gallery-1 is-layout-flex wp-block-gallery-is-layout-flex\">\n<figure class=\"wp-block-image size-large\"><img decoding=\"async\" width=\"1200\" height=\"900\" data-attachment-id=\"19065\" data-permalink=\"https:\/\/www.fjardhundraland.se\/nl\/plats\/stockholm-lavendel\/attachment\/35046e00-b773-4b1d-a47a-f63a0150f88f\/\" data-orig-file=\"https:\/\/www.fjardhundraland.se\/wp-content\/uploads\/2025\/10\/35046e00-b773-4b1d-a47a-f63a0150f88f.jpeg\" data-orig-size=\"1600,1200\" data-comments-opened=\"0\" data-image-meta=\"{&quot;aperture&quot;:&quot;0&quot;,&quot;credit&quot;:&quot;&quot;,&quot;camera&quot;:&quot;&quot;,&quot;caption&quot;:&quot;&quot;,&quot;created_timestamp&quot;:&quot;0&quot;,&quot;copyright&quot;:&quot;&quot;,&quot;focal_length&quot;:&quot;0&quot;,&quot;iso&quot;:&quot;0&quot;,&quot;shutter_speed&quot;:&quot;0&quot;,&quot;title&quot;:&quot;&quot;,&quot;orientation&quot;:&quot;1&quot;}\" data-image-title=\"35046e00-b773-4b1d-a47a-f63a0150f88f\" data-image-description=\"\" data-image-caption=\"\" data-large-file=\"https:\/\/www.fjardhundraland.se\/wp-content\/uploads\/2025\/10\/35046e00-b773-4b1d-a47a-f63a0150f88f-1200x900.jpeg\" data-id=\"19065\" src=\"https:\/\/www.fjardhundraland.se\/wp-content\/uploads\/2025\/10\/35046e00-b773-4b1d-a47a-f63a0150f88f-1200x900.jpeg\" alt=\"\" class=\"wp-image-19065\" title=\"\" srcset=\"https:\/\/www.fjardhundraland.se\/wp-content\/uploads\/2025\/10\/35046e00-b773-4b1d-a47a-f63a0150f88f-1200x900.jpeg 1200w, https:\/\/www.fjardhundraland.se\/wp-content\/uploads\/2025\/10\/35046e00-b773-4b1d-a47a-f63a0150f88f-300x225.jpeg 300w, https:\/\/www.fjardhundraland.se\/wp-content\/uploads\/2025\/10\/35046e00-b773-4b1d-a47a-f63a0150f88f-768x576.jpeg 768w, https:\/\/www.fjardhundraland.se\/wp-content\/uploads\/2025\/10\/35046e00-b773-4b1d-a47a-f63a0150f88f-1536x1152.jpeg 1536w, https:\/\/www.fjardhundraland.se\/wp-content\/uploads\/2025\/10\/35046e00-b773-4b1d-a47a-f63a0150f88f-16x12.jpeg 16w, https:\/\/www.fjardhundraland.se\/wp-content\/uploads\/2025\/10\/35046e00-b773-4b1d-a47a-f63a0150f88f-702x526.jpeg 702w, https:\/\/www.fjardhundraland.se\/wp-content\/uploads\/2025\/10\/35046e00-b773-4b1d-a47a-f63a0150f88f.jpeg 1600w\" sizes=\"(max-width: 1200px) 100vw, 1200px\" \/><\/figure>\n\n\n\n<figure class=\"wp-block-image size-large\"><img decoding=\"async\" width=\"1200\" height=\"900\" data-attachment-id=\"19064\" data-permalink=\"https:\/\/www.fjardhundraland.se\/nl\/plats\/stockholm-lavendel\/attachment\/25b7df20-bd66-4558-b8f7-6065bc1a9702\/\" data-orig-file=\"https:\/\/www.fjardhundraland.se\/wp-content\/uploads\/2025\/10\/25b7df20-bd66-4558-b8f7-6065bc1a9702.jpeg\" data-orig-size=\"1600,1200\" data-comments-opened=\"0\" data-image-meta=\"{&quot;aperture&quot;:&quot;0&quot;,&quot;credit&quot;:&quot;&quot;,&quot;camera&quot;:&quot;&quot;,&quot;caption&quot;:&quot;&quot;,&quot;created_timestamp&quot;:&quot;0&quot;,&quot;copyright&quot;:&quot;&quot;,&quot;focal_length&quot;:&quot;0&quot;,&quot;iso&quot;:&quot;0&quot;,&quot;shutter_speed&quot;:&quot;0&quot;,&quot;title&quot;:&quot;&quot;,&quot;orientation&quot;:&quot;1&quot;}\" data-image-title=\"25b7df20-bd66-4558-b8f7-6065bc1a9702\" data-image-description=\"\" data-image-caption=\"\" data-large-file=\"https:\/\/www.fjardhundraland.se\/wp-content\/uploads\/2025\/10\/25b7df20-bd66-4558-b8f7-6065bc1a9702-1200x900.jpeg\" data-id=\"19064\" src=\"https:\/\/www.fjardhundraland.se\/wp-content\/uploads\/2025\/10\/25b7df20-bd66-4558-b8f7-6065bc1a9702-1200x900.jpeg\" alt=\"\" class=\"wp-image-19064\" title=\"\" srcset=\"https:\/\/www.fjardhundraland.se\/wp-content\/uploads\/2025\/10\/25b7df20-bd66-4558-b8f7-6065bc1a9702-1200x900.jpeg 1200w, https:\/\/www.fjardhundraland.se\/wp-content\/uploads\/2025\/10\/25b7df20-bd66-4558-b8f7-6065bc1a9702-300x225.jpeg 300w, https:\/\/www.fjardhundraland.se\/wp-content\/uploads\/2025\/10\/25b7df20-bd66-4558-b8f7-6065bc1a9702-768x576.jpeg 768w, https:\/\/www.fjardhundraland.se\/wp-content\/uploads\/2025\/10\/25b7df20-bd66-4558-b8f7-6065bc1a9702-1536x1152.jpeg 1536w, https:\/\/www.fjardhundraland.se\/wp-content\/uploads\/2025\/10\/25b7df20-bd66-4558-b8f7-6065bc1a9702-16x12.jpeg 16w, https:\/\/www.fjardhundraland.se\/wp-content\/uploads\/2025\/10\/25b7df20-bd66-4558-b8f7-6065bc1a9702-702x526.jpeg 702w, https:\/\/www.fjardhundraland.se\/wp-content\/uploads\/2025\/10\/25b7df20-bd66-4558-b8f7-6065bc1a9702.jpeg 1600w\" sizes=\"(max-width: 1200px) 100vw, 1200px\" \/><\/figure>\n\n\n\n<figure class=\"wp-block-image size-large\"><img decoding=\"async\" width=\"1200\" height=\"752\" data-attachment-id=\"19063\" data-permalink=\"https:\/\/www.fjardhundraland.se\/nl\/plats\/stockholm-lavendel\/attachment\/img_6800\/\" data-orig-file=\"https:\/\/www.fjardhundraland.se\/wp-content\/uploads\/2025\/10\/img-6800.jpeg\" data-orig-size=\"2305,1444\" data-comments-opened=\"0\" data-image-meta=\"{&quot;aperture&quot;:&quot;0&quot;,&quot;credit&quot;:&quot;&quot;,&quot;camera&quot;:&quot;&quot;,&quot;caption&quot;:&quot;&quot;,&quot;created_timestamp&quot;:&quot;0&quot;,&quot;copyright&quot;:&quot;&quot;,&quot;focal_length&quot;:&quot;0&quot;,&quot;iso&quot;:&quot;0&quot;,&quot;shutter_speed&quot;:&quot;0&quot;,&quot;title&quot;:&quot;&quot;,&quot;orientation&quot;:&quot;1&quot;}\" data-image-title=\"IMG_6800\" data-image-description=\"\" data-image-caption=\"\" data-large-file=\"https:\/\/www.fjardhundraland.se\/wp-content\/uploads\/2025\/10\/img-6800-1200x752.jpeg\" data-id=\"19063\" src=\"https:\/\/www.fjardhundraland.se\/wp-content\/uploads\/2025\/10\/img-6800-1200x752.jpeg\" alt=\"\" class=\"wp-image-19063\" title=\"\" srcset=\"https:\/\/www.fjardhundraland.se\/wp-content\/uploads\/2025\/10\/img-6800-1200x752.jpeg 1200w, https:\/\/www.fjardhundraland.se\/wp-content\/uploads\/2025\/10\/img-6800-300x188.jpeg 300w, https:\/\/www.fjardhundraland.se\/wp-content\/uploads\/2025\/10\/img-6800-768x481.jpeg 768w, https:\/\/www.fjardhundraland.se\/wp-content\/uploads\/2025\/10\/img-6800-1536x962.jpeg 1536w, https:\/\/www.fjardhundraland.se\/wp-content\/uploads\/2025\/10\/img-6800-2048x1283.jpeg 2048w, https:\/\/www.fjardhundraland.se\/wp-content\/uploads\/2025\/10\/img-6800-18x12.jpeg 18w, https:\/\/www.fjardhundraland.se\/wp-content\/uploads\/2025\/10\/img-6800-2000x1253.jpeg 2000w\" sizes=\"(max-width: 1200px) 100vw, 1200px\" \/><\/figure>\n\n\n\n<figure class=\"wp-block-image size-large\"><img decoding=\"async\" width=\"900\" height=\"1200\" data-attachment-id=\"19060\" data-permalink=\"https:\/\/www.fjardhundraland.se\/nl\/plats\/stockholm-lavendel\/attachment\/7adc42de-0b60-40c7-9ae5-172f64bec208\/\" data-orig-file=\"https:\/\/www.fjardhundraland.se\/wp-content\/uploads\/2025\/10\/7adc42de-0b60-40c7-9ae5-172f64bec208.jpeg\" data-orig-size=\"1200,1600\" data-comments-opened=\"0\" data-image-meta=\"{&quot;aperture&quot;:&quot;0&quot;,&quot;credit&quot;:&quot;&quot;,&quot;camera&quot;:&quot;&quot;,&quot;caption&quot;:&quot;&quot;,&quot;created_timestamp&quot;:&quot;0&quot;,&quot;copyright&quot;:&quot;&quot;,&quot;focal_length&quot;:&quot;0&quot;,&quot;iso&quot;:&quot;0&quot;,&quot;shutter_speed&quot;:&quot;0&quot;,&quot;title&quot;:&quot;&quot;,&quot;orientation&quot;:&quot;1&quot;}\" data-image-title=\"7adc42de-0b60-40c7-9ae5-172f64bec208\" data-image-description=\"\" data-image-caption=\"\" data-large-file=\"https:\/\/www.fjardhundraland.se\/wp-content\/uploads\/2025\/10\/7adc42de-0b60-40c7-9ae5-172f64bec208-900x1200.jpeg\" data-id=\"19060\" src=\"https:\/\/www.fjardhundraland.se\/wp-content\/uploads\/2025\/10\/7adc42de-0b60-40c7-9ae5-172f64bec208-900x1200.jpeg\" alt=\"\" class=\"wp-image-19060\" title=\"\" srcset=\"https:\/\/www.fjardhundraland.se\/wp-content\/uploads\/2025\/10\/7adc42de-0b60-40c7-9ae5-172f64bec208-900x1200.jpeg 900w, https:\/\/www.fjardhundraland.se\/wp-content\/uploads\/2025\/10\/7adc42de-0b60-40c7-9ae5-172f64bec208-225x300.jpeg 225w, https:\/\/www.fjardhundraland.se\/wp-content\/uploads\/2025\/10\/7adc42de-0b60-40c7-9ae5-172f64bec208-768x1024.jpeg 768w, https:\/\/www.fjardhundraland.se\/wp-content\/uploads\/2025\/10\/7adc42de-0b60-40c7-9ae5-172f64bec208-1152x1536.jpeg 1152w, https:\/\/www.fjardhundraland.se\/wp-content\/uploads\/2025\/10\/7adc42de-0b60-40c7-9ae5-172f64bec208-9x12.jpeg 9w, https:\/\/www.fjardhundraland.se\/wp-content\/uploads\/2025\/10\/7adc42de-0b60-40c7-9ae5-172f64bec208.jpeg 1200w\" sizes=\"(max-width: 900px) 100vw, 900px\" \/><\/figure>\n\n\n\n<figure class=\"wp-block-image size-large\"><img decoding=\"async\" width=\"1200\" height=\"1200\" data-attachment-id=\"19062\" data-permalink=\"https:\/\/www.fjardhundraland.se\/nl\/plats\/stockholm-lavendel\/attachment\/photoroom_20251004_113204\/\" data-orig-file=\"https:\/\/www.fjardhundraland.se\/wp-content\/uploads\/2025\/10\/photoroom-20251004-113204.jpeg\" data-orig-size=\"2000,2000\" data-comments-opened=\"0\" data-image-meta=\"{&quot;aperture&quot;:&quot;0&quot;,&quot;credit&quot;:&quot;&quot;,&quot;camera&quot;:&quot;&quot;,&quot;caption&quot;:&quot;&quot;,&quot;created_timestamp&quot;:&quot;0&quot;,&quot;copyright&quot;:&quot;&quot;,&quot;focal_length&quot;:&quot;0&quot;,&quot;iso&quot;:&quot;0&quot;,&quot;shutter_speed&quot;:&quot;0&quot;,&quot;title&quot;:&quot;&quot;,&quot;orientation&quot;:&quot;1&quot;}\" data-image-title=\"Photoroom_20251004_113204\" data-image-description=\"\" data-image-caption=\"\" data-large-file=\"https:\/\/www.fjardhundraland.se\/wp-content\/uploads\/2025\/10\/photoroom-20251004-113204-1200x1200.jpeg\" data-id=\"19062\" src=\"https:\/\/www.fjardhundraland.se\/wp-content\/uploads\/2025\/10\/photoroom-20251004-113204-1200x1200.jpeg\" alt=\"\" class=\"wp-image-19062\" title=\"\" srcset=\"https:\/\/www.fjardhundraland.se\/wp-content\/uploads\/2025\/10\/photoroom-20251004-113204-1200x1200.jpeg 1200w, https:\/\/www.fjardhundraland.se\/wp-content\/uploads\/2025\/10\/photoroom-20251004-113204-300x300.jpeg 300w, https:\/\/www.fjardhundraland.se\/wp-content\/uploads\/2025\/10\/photoroom-20251004-113204-150x150.jpeg 150w, https:\/\/www.fjardhundraland.se\/wp-content\/uploads\/2025\/10\/photoroom-20251004-113204-768x768.jpeg 768w, https:\/\/www.fjardhundraland.se\/wp-content\/uploads\/2025\/10\/photoroom-20251004-113204-1536x1536.jpeg 1536w, https:\/\/www.fjardhundraland.se\/wp-content\/uploads\/2025\/10\/photoroom-20251004-113204-12x12.jpeg 12w, https:\/\/www.fjardhundraland.se\/wp-content\/uploads\/2025\/10\/photoroom-20251004-113204-800x800.jpeg 800w, https:\/\/www.fjardhundraland.se\/wp-content\/uploads\/2025\/10\/photoroom-20251004-113204-75x75.jpeg 75w, https:\/\/www.fjardhundraland.se\/wp-content\/uploads\/2025\/10\/photoroom-20251004-113204-600x600.jpeg 600w, https:\/\/www.fjardhundraland.se\/wp-content\/uploads\/2025\/10\/photoroom-20251004-113204.jpeg 2000w\" sizes=\"(max-width: 1200px) 100vw, 1200px\" \/><\/figure>\n\n\n\n<figure class=\"wp-block-image size-large\"><img decoding=\"async\" width=\"240\" height=\"240\" data-attachment-id=\"19059\" data-permalink=\"https:\/\/www.fjardhundraland.se\/nl\/plats\/stockholm-lavendel\/attachment\/image-240x240\/\" data-orig-file=\"https:\/\/www.fjardhundraland.se\/wp-content\/uploads\/2025\/10\/image-240x240-1.jpg\" data-orig-size=\"240,240\" data-comments-opened=\"0\" data-image-meta=\"{&quot;aperture&quot;:&quot;0&quot;,&quot;credit&quot;:&quot;&quot;,&quot;camera&quot;:&quot;&quot;,&quot;caption&quot;:&quot;&quot;,&quot;created_timestamp&quot;:&quot;0&quot;,&quot;copyright&quot;:&quot;&quot;,&quot;focal_length&quot;:&quot;0&quot;,&quot;iso&quot;:&quot;0&quot;,&quot;shutter_speed&quot;:&quot;0&quot;,&quot;title&quot;:&quot;&quot;,&quot;orientation&quot;:&quot;0&quot;}\" data-image-title=\"image-240&amp;#215;240\" data-image-description=\"\" data-image-caption=\"\" data-large-file=\"https:\/\/www.fjardhundraland.se\/wp-content\/uploads\/2025\/10\/image-240x240-1.jpg\" data-id=\"19059\" src=\"https:\/\/www.fjardhundraland.se\/wp-content\/uploads\/2025\/10\/image-240x240-1.jpg\" alt=\"\" class=\"wp-image-19059\" title=\"\" srcset=\"https:\/\/www.fjardhundraland.se\/wp-content\/uploads\/2025\/10\/image-240x240-1.jpg 240w, https:\/\/www.fjardhundraland.se\/wp-content\/uploads\/2025\/10\/image-240x240-1-150x150.jpg 150w, https:\/\/www.fjardhundraland.se\/wp-content\/uploads\/2025\/10\/image-240x240-1-12x12.jpg 12w, https:\/\/www.fjardhundraland.se\/wp-content\/uploads\/2025\/10\/image-240x240-1-75x75.jpg 75w\" sizes=\"(max-width: 240px) 100vw, 240px\" \/><\/figure>\n<\/figure>\n\n\n\n<p><\/p>","protected":false},"excerpt":{"rendered":"<p>I hj\u00e4rtat av Upplands-Bro spirar n\u00e5got alldeles s\u00e4rskilt \u2013 en&nbsp;lavendelodling med \u00f6ver 3000 plantor som inte bara f\u00f6rgyller landskapet med sin ljuvliga doft och f\u00e4rg, utan ocks\u00e5 bidrar till ett rikare ekosystem.&nbsp;Lavendel&nbsp;\u00e4r en blomma som \u00e4lskas av bin och fj\u00e4rilar, och d\u00e4rmed spelar en viktig roll f\u00f6r pollineringen av frukttr\u00e4d och gr\u00f6nsaker. Det \u00e4r naturens [&hellip;]<\/p>\n","protected":false},"featured_media":19065,"parent":0,"template":"","platserna":[199,218,139],"platstagg":[],"class_list":{"0":"post-19058","1":"plats","2":"type-plats","3":"status-publish","4":"has-post-thumbnail","6":"platserna-tradgard","7":"platserna-kurser","8":"platserna-vaxter","9":"entry"},"acf":{"oppenverksamhet":true,"med_pa_kartan":true,"visa_pa_webbsidan":true,"beskrivande_underrubrik":"Lavendelodling - sj\u00e4lvplock och workshops","kontaktperson":"Anne Moglia ","tel":"0720119143.","tel_alt":"","e-post":"anne@stockholmlavendel.se","adress":"Sollidsv\u00e4gen","postnummer":"19791 Bro","webb":"https:\/\/stockholmlavendel.se\/","facebook":"stockholm_lavendel","instagram":"@stockholm_lavendel","tripadvisor":"","wikipedia":"","koordinater":{"address":"Sollidsv\u00e4gen, 197 91 Bro, Sverige","lat":59.5020191,"lng":17.6696124,"zoom":10,"place_id":"EiFTb2xsaWRzdsOkZ2VuLCAxOTcgOTEgQnJvLCBTd2VkZW4iLiosChQKEglb2g8CSKRfRhF35Qr-O5rY8xIUChIJI9aGBBekX0YRgkiSGPP-ABM","name":"Sollidsv\u00e4gen","street_name":"Sollidsv\u00e4gen","city":"Bro","state":"Stockholms l\u00e4n","post_code":"197 91","country":"Sverige","country_short":"SE"},"googleplaceid":"","gps-fil":"","wc":false,"wifi":false,"medlem":true,"\u00f6ppettider":"L\u00f6rdag och s\u00f6ndag 12-17\r\nG\u00e5rdskiosken med sj\u00e4lvbetj\u00e4ning \u00e4r \u00f6ppet dygnet runt.","info":""},"visa":null,"geo_latitude":null,"geo_longitude":null,"jetpack-related-posts":[{"id":13546,"url":"https:\/\/www.fjardhundraland.se\/nl\/plats\/lilla-uton\/","url_meta":{"origin":19058,"position":0},"title":"Klein Ut\u00f6n","author":"Ylva Fontell","date":"15 september 2023","format":false,"excerpt":"Lilla Ut\u00f6n ligt midden in de natuur, waar je een huisje kunt huren of een conferentie kunt boeken. Verkoop van compostwormen. Schrijfcoaching en andere cursussen.","rel":"","context":"Soortgelijk bericht","block_context":{"text":"Soortgelijk bericht","link":""},"img":{"alt_text":"","src":"https:\/\/i0.wp.com\/www.fjardhundraland.se\/wp-content\/uploads\/2023\/09\/lillauton6.jpeg?resize=350%2C200&ssl=1","width":350,"height":200,"srcset":"https:\/\/i0.wp.com\/www.fjardhundraland.se\/wp-content\/uploads\/2023\/09\/lillauton6.jpeg?resize=350%2C200&ssl=1 1x, https:\/\/i0.wp.com\/www.fjardhundraland.se\/wp-content\/uploads\/2023\/09\/lillauton6.jpeg?resize=525%2C300&ssl=1 1.5x, https:\/\/i0.wp.com\/www.fjardhundraland.se\/wp-content\/uploads\/2023\/09\/lillauton6.jpeg?resize=700%2C400&ssl=1 2x, https:\/\/i0.wp.com\/www.fjardhundraland.se\/wp-content\/uploads\/2023\/09\/lillauton6.jpeg?resize=1050%2C600&ssl=1 3x"},"classes":[]},{"id":20592,"url":"https:\/\/www.fjardhundraland.se\/nl\/plats\/silver-with-soul-persbo-smedja\/","url_meta":{"origin":19058,"position":1},"title":"Zilver met ziel \/ Persbo smederij","author":"Marloes","date":"29 april 2026","format":false,"excerpt":"Hos Anika Bratl finns unika smycken som \u00e4r specialtillverkade i n\u00e4ra dialog med kunden. F\u00f6r det har varit Anikas stora dr\u00f6m, att f\u00e5 skapa smycken som lever, som visar sin sj\u00e4l. Nu har hon sin egen smedja d\u00e4r hon forts\u00e4tter traditionen att smida, s\u00e5som hennes farfar gjorde. Allt silverhantverk g\u00f6rs\u2026","rel":"","context":"Soortgelijk bericht","block_context":{"text":"Soortgelijk bericht","link":""},"img":{"alt_text":"","src":"https:\/\/i0.wp.com\/www.fjardhundraland.se\/wp-content\/uploads\/2026\/04\/544830102-18282896014287118-4780244509296285377-n.jpg?resize=350%2C200&ssl=1","width":350,"height":200,"srcset":"https:\/\/i0.wp.com\/www.fjardhundraland.se\/wp-content\/uploads\/2026\/04\/544830102-18282896014287118-4780244509296285377-n.jpg?resize=350%2C200&ssl=1 1x, https:\/\/i0.wp.com\/www.fjardhundraland.se\/wp-content\/uploads\/2026\/04\/544830102-18282896014287118-4780244509296285377-n.jpg?resize=525%2C300&ssl=1 1.5x, https:\/\/i0.wp.com\/www.fjardhundraland.se\/wp-content\/uploads\/2026\/04\/544830102-18282896014287118-4780244509296285377-n.jpg?resize=700%2C400&ssl=1 2x, https:\/\/i0.wp.com\/www.fjardhundraland.se\/wp-content\/uploads\/2026\/04\/544830102-18282896014287118-4780244509296285377-n.jpg?resize=1050%2C600&ssl=1 3x, https:\/\/i0.wp.com\/www.fjardhundraland.se\/wp-content\/uploads\/2026\/04\/544830102-18282896014287118-4780244509296285377-n.jpg?resize=1400%2C800&ssl=1 4x"},"classes":[]},{"id":19917,"url":"https:\/\/www.fjardhundraland.se\/nl\/plats\/nara-jorden\/","url_meta":{"origin":19058,"position":2},"title":"Dicht bij de aarde","author":"Ylva Fontell","date":"13 februari 2026","format":false,"excerpt":"Een klein potje boordevol vitaminen. Ancestral Organ Blend bevat de eigen multivitamine van de natuur in haar puurste vorm - lever, hart en nieren, gevriesdroogd van grasgevoerde koeien in Uppland.","rel":"","context":"Soortgelijk bericht","block_context":{"text":"Soortgelijk bericht","link":""},"img":{"alt_text":"","src":"https:\/\/i0.wp.com\/www.fjardhundraland.se\/wp-content\/uploads\/2026\/02\/bc421b-16e82cedf76f4a6dbb91f0695446db50mv2.jpg?resize=350%2C200&ssl=1","width":350,"height":200,"srcset":"https:\/\/i0.wp.com\/www.fjardhundraland.se\/wp-content\/uploads\/2026\/02\/bc421b-16e82cedf76f4a6dbb91f0695446db50mv2.jpg?resize=350%2C200&ssl=1 1x, https:\/\/i0.wp.com\/www.fjardhundraland.se\/wp-content\/uploads\/2026\/02\/bc421b-16e82cedf76f4a6dbb91f0695446db50mv2.jpg?resize=525%2C300&ssl=1 1.5x"},"classes":[]},{"id":16769,"url":"https:\/\/www.fjardhundraland.se\/nl\/plats\/alvins-lantliv\/","url_meta":{"origin":19058,"position":3},"title":"Alvin's plattelandsleven","author":"Ylva Fontell","date":"31 oktober 2024","format":false,"excerpt":"Accommodatie voor maximaal acht personen, met snelle Wi-Fi en een sauna.","rel":"","context":"Soortgelijk bericht","block_context":{"text":"Soortgelijk bericht","link":""},"img":{"alt_text":"","src":"https:\/\/i0.wp.com\/www.fjardhundraland.se\/wp-content\/uploads\/2024\/10\/alvins24.jpg?resize=350%2C200&ssl=1","width":350,"height":200,"srcset":"https:\/\/i0.wp.com\/www.fjardhundraland.se\/wp-content\/uploads\/2024\/10\/alvins24.jpg?resize=350%2C200&ssl=1 1x, https:\/\/i0.wp.com\/www.fjardhundraland.se\/wp-content\/uploads\/2024\/10\/alvins24.jpg?resize=525%2C300&ssl=1 1.5x, https:\/\/i0.wp.com\/www.fjardhundraland.se\/wp-content\/uploads\/2024\/10\/alvins24.jpg?resize=700%2C400&ssl=1 2x, https:\/\/i0.wp.com\/www.fjardhundraland.se\/wp-content\/uploads\/2024\/10\/alvins24.jpg?resize=1050%2C600&ssl=1 3x, https:\/\/i0.wp.com\/www.fjardhundraland.se\/wp-content\/uploads\/2024\/10\/alvins24.jpg?resize=1400%2C800&ssl=1 4x"},"classes":[]},{"id":12547,"url":"https:\/\/www.fjardhundraland.se\/nl\/plats\/fredrik-skolds-atelje\/","url_meta":{"origin":19058,"position":4},"title":"De studio van Fredrik Sk\u00f6ld","author":"Mats Thorburn","date":"21 april 2023","format":false,"excerpt":"Bezoek de kunstenaar Fredrik Sk\u00f6ld in zijn atelier.","rel":"","context":"Soortgelijk bericht","block_context":{"text":"Soortgelijk bericht","link":""},"img":{"alt_text":"","src":"https:\/\/i0.wp.com\/www.fjardhundraland.se\/wp-content\/uploads\/2023\/04\/kulspiralskog.jpeg?resize=350%2C200&ssl=1","width":350,"height":200,"srcset":"https:\/\/i0.wp.com\/www.fjardhundraland.se\/wp-content\/uploads\/2023\/04\/kulspiralskog.jpeg?resize=350%2C200&ssl=1 1x, https:\/\/i0.wp.com\/www.fjardhundraland.se\/wp-content\/uploads\/2023\/04\/kulspiralskog.jpeg?resize=525%2C300&ssl=1 1.5x, https:\/\/i0.wp.com\/www.fjardhundraland.se\/wp-content\/uploads\/2023\/04\/kulspiralskog.jpeg?resize=700%2C400&ssl=1 2x, https:\/\/i0.wp.com\/www.fjardhundraland.se\/wp-content\/uploads\/2023\/04\/kulspiralskog.jpeg?resize=1050%2C600&ssl=1 3x"},"classes":[]},{"id":5511,"url":"https:\/\/www.fjardhundraland.se\/nl\/plats\/karamik\/","url_meta":{"origin":19058,"position":5},"title":"Crematie","author":"Ylva Fontell","date":"29 januari 2019","format":false,"excerpt":"In de gezellige boerderijwinkel van pottenbakker Susanne Danielsson vind je steengoed voorwerpen en sculpturen.","rel":"","context":"Soortgelijk bericht","block_context":{"text":"Soortgelijk bericht","link":""},"img":{"alt_text":"","src":"https:\/\/i0.wp.com\/www.fjardhundraland.se\/wp-content\/uploads\/2019\/01\/karamik29.jpeg?resize=350%2C200&ssl=1","width":350,"height":200,"srcset":"https:\/\/i0.wp.com\/www.fjardhundraland.se\/wp-content\/uploads\/2019\/01\/karamik29.jpeg?resize=350%2C200&ssl=1 1x, https:\/\/i0.wp.com\/www.fjardhundraland.se\/wp-content\/uploads\/2019\/01\/karamik29.jpeg?resize=525%2C300&ssl=1 1.5x, https:\/\/i0.wp.com\/www.fjardhundraland.se\/wp-content\/uploads\/2019\/01\/karamik29.jpeg?resize=700%2C400&ssl=1 2x, https:\/\/i0.wp.com\/www.fjardhundraland.se\/wp-content\/uploads\/2019\/01\/karamik29.jpeg?resize=1050%2C600&ssl=1 3x, https:\/\/i0.wp.com\/www.fjardhundraland.se\/wp-content\/uploads\/2019\/01\/karamik29.jpeg?resize=1400%2C800&ssl=1 4x"},"classes":[]}],"jetpack_sharing_enabled":true,"_links":{"self":[{"href":"https:\/\/www.fjardhundraland.se\/nl\/wp-json\/wp\/v2\/platser\/19058","targetHints":{"allow":["GET"]}}],"collection":[{"href":"https:\/\/www.fjardhundraland.se\/nl\/wp-json\/wp\/v2\/platser"}],"about":[{"href":"https:\/\/www.fjardhundraland.se\/nl\/wp-json\/wp\/v2\/types\/plats"}],"wp:featuredmedia":[{"embeddable":true,"href":"https:\/\/www.fjardhundraland.se\/nl\/wp-json\/wp\/v2\/media\/19065"}],"wp:attachment":[{"href":"https:\/\/www.fjardhundraland.se\/nl\/wp-json\/wp\/v2\/media?parent=19058"}],"wp:term":[{"taxonomy":"platserna","embeddable":true,"href":"https:\/\/www.fjardhundraland.se\/nl\/wp-json\/wp\/v2\/platserna?post=19058"},{"taxonomy":"platstagg","embeddable":true,"href":"https:\/\/www.fjardhundraland.se\/nl\/wp-json\/wp\/v2\/platstagg?post=19058"}],"curies":[{"name":"wp","href":"https:\/\/api.w.org\/{rel}","templated":true}]}}