
{"id":1879,"date":"2014-03-01T21:32:01","date_gmt":"2014-03-01T20:32:01","guid":{"rendered":"http:\/\/www.fjardhundraland.se\/?post_type=plats&#038;p=1879"},"modified":"2026-03-04T16:41:30","modified_gmt":"2026-03-04T15:41:30","slug":"osterunda-tuin","status":"publish","type":"plats","link":"https:\/\/www.fjardhundraland.se\/nl\/plats\/osterundagarden\/","title":{"rendered":"Boerderij \u00d6sterunda"},"content":{"rendered":"<p>Je bent van harte welkom om het dorpshuis te huren voor zowel grote als kleine bijeenkomsten. De vergaderzalen zijn geschikt voor zowel feesten als bijeenkomsten - doopfeesten, bruiloften, familiebijeenkomsten, begrafeniskoffies en jubilea, maar ook verenigingsbijeenkomsten en LAN.<\/p>\n<ul>\n<li>Kleine zaal met een capaciteit voor 45 personen.<\/li>\n<li>Grote zaal met 100 zitplaatsen.<\/li>\n<li>Keuken met volledige uitrusting en servies.<\/li>\n<li>Geluidsinstallatie met mixer en zangmicrofoons, cd, cassette en aansluiting voor computer.<\/li>\n<li>Projector voor het aansluiten van een computer of DVD\/Bluray.<\/li>\n<li>100\/100 Mb breedband via glasvezel.<\/li>\n<li>Wi-Fi-netwerk.<\/li>\n<\/ul>\n<div class=\"tiled-gallery type-rectangular tiled-gallery-unresized\" data-original-width=\"500\" data-carousel-extra='{&quot;blog_id&quot;:1,&quot;permalink&quot;:&quot;https:\\\/\\\/www.fjardhundraland.se\\\/nl\\\/plats\\\/osterundagarden\\\/&quot;,&quot;likes_blog_id&quot;:66652000}' itemscope itemtype=\"http:\/\/schema.org\/ImageGallery\" > <div class=\"gallery-row\" style=\"width: 500px; height: 228px;\" data-original-width=\"500\" data-original-height=\"228\" > <div class=\"gallery-group images-1\" style=\"width: 340px; height: 228px;\" data-original-width=\"340\" data-original-height=\"228\" > <div class=\"tiled-gallery-item tiled-gallery-item-large\" itemprop=\"associatedMedia\" itemscope itemtype=\"http:\/\/schema.org\/ImageObject\"> <a href=\"https:\/\/www.fjardhundraland.se\/nl\/plats\/osterundagarden\/attachment\/osterundagarden-4\/\" border=\"0\" itemprop=\"url\"> <meta itemprop=\"width\" content=\"336\"> <meta itemprop=\"height\" content=\"224\"> <img decoding=\"async\" class=\"\" data-attachment-id=\"2021\" data-orig-file=\"https:\/\/www.fjardhundraland.se\/wp-content\/uploads\/2014\/03\/osterundagarden-4.jpg\" data-orig-size=\"2000,1333\" data-comments-opened=\"\" data-image-meta=\"{&quot;aperture&quot;:&quot;4.5&quot;,&quot;credit&quot;:&quot;&quot;,&quot;camera&quot;:&quot;Canon EOS 50D&quot;,&quot;caption&quot;:&quot;&quot;,&quot;created_timestamp&quot;:&quot;1378062493&quot;,&quot;copyright&quot;:&quot;&quot;,&quot;focal_length&quot;:&quot;26&quot;,&quot;iso&quot;:&quot;160&quot;,&quot;shutter_speed&quot;:&quot;0.025&quot;,&quot;title&quot;:&quot;&quot;,&quot;orientation&quot;:&quot;1&quot;}\" data-image-title=\"\u00d6sterundag\u00e5rden\" data-image-description=\"\" data-medium-file=\"https:\/\/www.fjardhundraland.se\/wp-content\/uploads\/2014\/03\/osterundagarden-4.jpg\" data-large-file=\"https:\/\/www.fjardhundraland.se\/wp-content\/uploads\/2014\/03\/osterundagarden-4.jpg\" src=\"https:\/\/i0.wp.com\/www.fjardhundraland.se\/wp-content\/uploads\/2014\/03\/osterundagarden-4.jpg?w=336&#038;h=224&#038;ssl=1\" width=\"336\" height=\"224\" loading=\"lazy\" data-original-width=\"336\" data-original-height=\"224\" itemprop=\"http:\/\/schema.org\/image\" title=\"Boerderij \u00d6sterunda\" alt=\"Boerderij \u00d6sterunda\" style=\"width: 336px; height: 224px;\" \/> <\/a> <\/div> <\/div> <!-- close group --> <div class=\"gallery-group images-2\" style=\"width: 160px; height: 228px;\" data-original-width=\"160\" data-original-height=\"228\" > <div class=\"tiled-gallery-item tiled-gallery-item-small\" itemprop=\"associatedMedia\" itemscope itemtype=\"http:\/\/schema.org\/ImageObject\"> <a href=\"https:\/\/www.fjardhundraland.se\/nl\/plats\/osterundagarden\/attachment\/img_9688\/\" border=\"0\" itemprop=\"url\"> <meta itemprop=\"width\" content=\"156\"> <meta itemprop=\"height\" content=\"104\"> <img decoding=\"async\" class=\"\" data-attachment-id=\"1884\" data-orig-file=\"https:\/\/www.fjardhundraland.se\/wp-content\/uploads\/2014\/03\/IMG_9688.jpg\" data-orig-size=\"2048,1365\" data-comments-opened=\"\" data-image-meta=\"{&quot;aperture&quot;:&quot;0&quot;,&quot;credit&quot;:&quot;&quot;,&quot;camera&quot;:&quot;&quot;,&quot;caption&quot;:&quot;&quot;,&quot;created_timestamp&quot;:&quot;0&quot;,&quot;copyright&quot;:&quot;&quot;,&quot;focal_length&quot;:&quot;0&quot;,&quot;iso&quot;:&quot;0&quot;,&quot;shutter_speed&quot;:&quot;0&quot;,&quot;title&quot;:&quot;&quot;,&quot;orientation&quot;:&quot;0&quot;}\" data-image-title=\"Osterundagarden2\" data-image-description=\"\" data-medium-file=\"https:\/\/www.fjardhundraland.se\/wp-content\/uploads\/2014\/03\/IMG_9688.jpg\" data-large-file=\"https:\/\/www.fjardhundraland.se\/wp-content\/uploads\/2014\/03\/IMG_9688.jpg\" src=\"https:\/\/i0.wp.com\/www.fjardhundraland.se\/wp-content\/uploads\/2014\/03\/IMG_9688.jpg?w=156&#038;h=104&#038;ssl=1\" width=\"156\" height=\"104\" loading=\"lazy\" data-original-width=\"156\" data-original-height=\"104\" itemprop=\"http:\/\/schema.org\/image\" title=\"Osterundagarden2\" alt=\"Osterundagarden2\" style=\"width: 156px; height: 104px;\" \/> <\/a> <\/div> <div class=\"tiled-gallery-item tiled-gallery-item-small\" itemprop=\"associatedMedia\" itemscope itemtype=\"http:\/\/schema.org\/ImageObject\"> <a href=\"https:\/\/www.fjardhundraland.se\/nl\/plats\/osterundagarden\/attachment\/osterundagarden-2\/\" border=\"0\" itemprop=\"url\"> <meta itemprop=\"width\" content=\"156\"> <meta itemprop=\"height\" content=\"116\"> <img decoding=\"async\" class=\"\" data-attachment-id=\"2019\" data-orig-file=\"https:\/\/www.fjardhundraland.se\/wp-content\/uploads\/2014\/03\/osterundagarden-2.jpg\" data-orig-size=\"2000,1500\" data-comments-opened=\"\" data-image-meta=\"{&quot;aperture&quot;:&quot;2.4&quot;,&quot;credit&quot;:&quot;&quot;,&quot;camera&quot;:&quot;iPhone 4S&quot;,&quot;caption&quot;:&quot;&quot;,&quot;created_timestamp&quot;:&quot;1371165105&quot;,&quot;copyright&quot;:&quot;&quot;,&quot;focal_length&quot;:&quot;4.28&quot;,&quot;iso&quot;:&quot;800&quot;,&quot;shutter_speed&quot;:&quot;0.066666666666667&quot;,&quot;title&quot;:&quot;&quot;,&quot;orientation&quot;:&quot;1&quot;}\" data-image-title=\"\u00d6sterundag\u00e5rden\" data-image-description=\"\" data-medium-file=\"https:\/\/www.fjardhundraland.se\/wp-content\/uploads\/2014\/03\/osterundagarden-2.jpg\" data-large-file=\"https:\/\/www.fjardhundraland.se\/wp-content\/uploads\/2014\/03\/osterundagarden-2.jpg\" src=\"https:\/\/i0.wp.com\/www.fjardhundraland.se\/wp-content\/uploads\/2014\/03\/osterundagarden-2.jpg?w=156&#038;h=116&#038;ssl=1\" width=\"156\" height=\"116\" loading=\"lazy\" data-original-width=\"156\" data-original-height=\"116\" itemprop=\"http:\/\/schema.org\/image\" title=\"Boerderij \u00d6sterunda\" alt=\"Boerderij \u00d6sterunda\" style=\"width: 156px; height: 116px;\" \/> <\/a> <\/div> <\/div> <!-- close group --> <\/div> <!-- close row --> <div class=\"gallery-row\" style=\"width: 500px; height: 376px;\" data-original-width=\"500\" data-original-height=\"376\" > <div class=\"gallery-group images-1\" style=\"width: 500px; height: 376px;\" data-original-width=\"500\" data-original-height=\"376\" > <div class=\"tiled-gallery-item tiled-gallery-item-large\" itemprop=\"associatedMedia\" itemscope itemtype=\"http:\/\/schema.org\/ImageObject\"> <a href=\"https:\/\/www.fjardhundraland.se\/nl\/plats\/osterundagarden\/attachment\/osterundagarden-1\/\" border=\"0\" itemprop=\"url\"> <meta itemprop=\"width\" content=\"496\"> <meta itemprop=\"height\" content=\"372\"> <img decoding=\"async\" class=\"\" data-attachment-id=\"2020\" data-orig-file=\"https:\/\/www.fjardhundraland.se\/wp-content\/uploads\/2014\/03\/osterundagarden-1.jpg\" data-orig-size=\"2000,1500\" data-comments-opened=\"\" data-image-meta=\"{&quot;aperture&quot;:&quot;2.4&quot;,&quot;credit&quot;:&quot;&quot;,&quot;camera&quot;:&quot;iPhone 4S&quot;,&quot;caption&quot;:&quot;&quot;,&quot;created_timestamp&quot;:&quot;1370106750&quot;,&quot;copyright&quot;:&quot;&quot;,&quot;focal_length&quot;:&quot;4.28&quot;,&quot;iso&quot;:&quot;50&quot;,&quot;shutter_speed&quot;:&quot;0.0068493150684932&quot;,&quot;title&quot;:&quot;&quot;,&quot;orientation&quot;:&quot;1&quot;}\" data-image-title=\"\u00d6sterundag\u00e5rden\" data-image-description=\"\" data-medium-file=\"https:\/\/www.fjardhundraland.se\/wp-content\/uploads\/2014\/03\/osterundagarden-1.jpg\" data-large-file=\"https:\/\/www.fjardhundraland.se\/wp-content\/uploads\/2014\/03\/osterundagarden-1.jpg\" src=\"https:\/\/i0.wp.com\/www.fjardhundraland.se\/wp-content\/uploads\/2014\/03\/osterundagarden-1.jpg?w=496&#038;h=372&#038;ssl=1\" width=\"496\" height=\"372\" loading=\"lazy\" data-original-width=\"496\" data-original-height=\"372\" itemprop=\"http:\/\/schema.org\/image\" title=\"Boerderij \u00d6sterunda\" alt=\"Boerderij \u00d6sterunda\" style=\"width: 496px; height: 372px;\" \/> <\/a> <\/div> <\/div> <!-- close group --> <\/div> <!-- close row --> <\/div>","protected":false},"excerpt":{"rendered":"<p>Je bent van harte welkom om het dorpshuis te huren voor zowel grote als kleine bijeenkomsten. De vergaderzalen zijn geschikt voor zowel feesten als bijeenkomsten - doopfeesten, bruiloften, familiebijeenkomsten, begrafeniskoffies en jubilea, maar ook verenigingsbijeenkomsten en LAN.<\/p>","protected":false},"featured_media":1884,"parent":0,"template":"","platserna":[94,298,93],"platstagg":[119],"class_list":{"0":"post-1879","1":"plats","2":"type-plats","3":"status-publish","4":"has-post-thumbnail","6":"platserna-festlokaler","7":"platserna-brollop-pa-landet","8":"platserna-konferenser","9":"platstagg-medlem-fjardhundraland","10":"entry"},"acf":{"oppenverksamhet":false,"med_pa_kartan":true,"visa_pa_webbsidan":true,"beskrivande_underrubrik":"","kontaktperson":"Madelene Eriksson","tel":"\u202d072-735 03 93\u202c","tel_alt":"","e-post":"","adress":"\u00d6sterunda Brunnsta 19","postnummer":"749 72","webb":"www.osterunda.se","facebook":"https:\/\/www.facebook.com\/osterundagarden?ref=hl","instagram":"","tripadvisor":"","wikipedia":"","koordinater":{"address":"\u00d6STERUNDA-BRUNNSTA 19, 749 72 Fj\u00e4rdhundra, Sverige","lat":59.81356732057409,"lng":17.103266716003418},"googleplaceid":"","gps-fil":"","wc":false,"wifi":false,"medlem":true,"\u00f6ppettider":"","info":""},"visa":null,"geo_latitude":null,"geo_longitude":null,"jetpack-related-posts":[{"id":10054,"url":"https:\/\/www.fjardhundraland.se\/nl\/plats\/frosthults-bygdegard\/","url_meta":{"origin":1879,"position":0},"title":"Fr\u00f6sthults dorpshuis","author":"Ylva Fontell","date":"18 maart 2022","format":false,"excerpt":"Dorpshuis dat je kunt huren voor een feest of vergadering","rel":"","context":"Soortgelijk bericht","block_context":{"text":"Soortgelijk bericht","link":""},"img":{"alt_text":"","src":"https:\/\/i0.wp.com\/www.fjardhundraland.se\/wp-content\/uploads\/2022\/03\/frosthultbygdegard12.jpg?resize=350%2C200&ssl=1","width":350,"height":200,"srcset":"https:\/\/i0.wp.com\/www.fjardhundraland.se\/wp-content\/uploads\/2022\/03\/frosthultbygdegard12.jpg?resize=350%2C200&ssl=1 1x, https:\/\/i0.wp.com\/www.fjardhundraland.se\/wp-content\/uploads\/2022\/03\/frosthultbygdegard12.jpg?resize=525%2C300&ssl=1 1.5x, https:\/\/i0.wp.com\/www.fjardhundraland.se\/wp-content\/uploads\/2022\/03\/frosthultbygdegard12.jpg?resize=700%2C400&ssl=1 2x, https:\/\/i0.wp.com\/www.fjardhundraland.se\/wp-content\/uploads\/2022\/03\/frosthultbygdegard12.jpg?resize=1050%2C600&ssl=1 3x, https:\/\/i0.wp.com\/www.fjardhundraland.se\/wp-content\/uploads\/2022\/03\/frosthultbygdegard12.jpg?resize=1400%2C800&ssl=1 4x"},"classes":[]},{"id":4320,"url":"https:\/\/www.fjardhundraland.se\/nl\/plats\/safsta-bygdegard\/","url_meta":{"origin":1879,"position":1},"title":"Dorpshuis S\u00e4fsta","author":"Ylva Fontell","date":"14 juni 2017","format":false,"excerpt":"Op de RV70 net ten noorden van Enk\u00f6ping vind je het prachtige dorpshuis van S\u00e4fsta. Het werd aan het eind van de 19e eeuw gebouwd als school, maar tegenwoordig kan het gehuurd worden voor feesten en bijeenkomsten. Een paar keer per jaar zijn er ook uitgebreide en drukbezochte rommelmarkten met voornamelijk kleding voor kinderen en volwassenen.","rel":"","context":"Soortgelijk bericht","block_context":{"text":"Soortgelijk bericht","link":""},"img":{"alt_text":"","src":"https:\/\/i0.wp.com\/www.fjardhundraland.se\/wp-content\/uploads\/2017\/06\/safsta4.jpg?resize=350%2C200&ssl=1","width":350,"height":200,"srcset":"https:\/\/i0.wp.com\/www.fjardhundraland.se\/wp-content\/uploads\/2017\/06\/safsta4.jpg?resize=350%2C200&ssl=1 1x, https:\/\/i0.wp.com\/www.fjardhundraland.se\/wp-content\/uploads\/2017\/06\/safsta4.jpg?resize=525%2C300&ssl=1 1.5x, https:\/\/i0.wp.com\/www.fjardhundraland.se\/wp-content\/uploads\/2017\/06\/safsta4.jpg?resize=700%2C400&ssl=1 2x"},"classes":[]},{"id":14723,"url":"https:\/\/www.fjardhundraland.se\/nl\/plats\/aspo-bygdegard\/","url_meta":{"origin":1879,"position":2},"title":"Dorpshuis Asp\u00f6","author":"Ylva Fontell","date":"22 januari 2024","format":false,"excerpt":"Gezellig dorpshuis dat je kunt huren voor feesten en bijeenkomsten.","rel":"","context":"Soortgelijk bericht","block_context":{"text":"Soortgelijk bericht","link":""},"img":{"alt_text":"","src":"https:\/\/i0.wp.com\/www.fjardhundraland.se\/wp-content\/uploads\/2024\/01\/aspo5a.jpeg?resize=350%2C200&ssl=1","width":350,"height":200,"srcset":"https:\/\/i0.wp.com\/www.fjardhundraland.se\/wp-content\/uploads\/2024\/01\/aspo5a.jpeg?resize=350%2C200&ssl=1 1x, https:\/\/i0.wp.com\/www.fjardhundraland.se\/wp-content\/uploads\/2024\/01\/aspo5a.jpeg?resize=525%2C300&ssl=1 1.5x, https:\/\/i0.wp.com\/www.fjardhundraland.se\/wp-content\/uploads\/2024\/01\/aspo5a.jpeg?resize=700%2C400&ssl=1 2x, https:\/\/i0.wp.com\/www.fjardhundraland.se\/wp-content\/uploads\/2024\/01\/aspo5a.jpeg?resize=1050%2C600&ssl=1 3x, https:\/\/i0.wp.com\/www.fjardhundraland.se\/wp-content\/uploads\/2024\/01\/aspo5a.jpeg?resize=1400%2C800&ssl=1 4x"},"classes":[]},{"id":10067,"url":"https:\/\/www.fjardhundraland.se\/nl\/plats\/jan-ersgarden-bb-och-stuguthyrning\/","url_meta":{"origin":1879,"position":3},"title":"Jan Ersg\u00e5rden B&amp;B en vakantiehuis huren","author":"Ylva Fontell","date":"22 maart 2022","format":false,"excerpt":"Heerlijke landelijke accommodatie in twee goed uitgeruste huizen. Ook een vergaderzaal voor zomerfeesten en vergaderingen.","rel":"","context":"Soortgelijk bericht","block_context":{"text":"Soortgelijk bericht","link":""},"img":{"alt_text":"","src":"https:\/\/i0.wp.com\/www.fjardhundraland.se\/wp-content\/uploads\/2022\/04\/janers2.jpeg?resize=350%2C200&ssl=1","width":350,"height":200,"srcset":"https:\/\/i0.wp.com\/www.fjardhundraland.se\/wp-content\/uploads\/2022\/04\/janers2.jpeg?resize=350%2C200&ssl=1 1x, https:\/\/i0.wp.com\/www.fjardhundraland.se\/wp-content\/uploads\/2022\/04\/janers2.jpeg?resize=525%2C300&ssl=1 1.5x, https:\/\/i0.wp.com\/www.fjardhundraland.se\/wp-content\/uploads\/2022\/04\/janers2.jpeg?resize=700%2C400&ssl=1 2x, https:\/\/i0.wp.com\/www.fjardhundraland.se\/wp-content\/uploads\/2022\/04\/janers2.jpeg?resize=1050%2C600&ssl=1 3x, https:\/\/i0.wp.com\/www.fjardhundraland.se\/wp-content\/uploads\/2022\/04\/janers2.jpeg?resize=1400%2C800&ssl=1 4x"},"classes":[]},{"id":3333,"url":"https:\/\/www.fjardhundraland.se\/nl\/plats\/altunagarden\/","url_meta":{"origin":1879,"position":4},"title":"Altuna boerderij","author":"Ylva Fontell","date":"14 juni 2016","format":false,"excerpt":"Dorpscentrum met evenementen zoals markten, kerstboom plukken en meer. Huur je in voor het feest!","rel":"","context":"Soortgelijk bericht","block_context":{"text":"Soortgelijk bericht","link":""},"img":{"alt_text":"Altunag\u00e5rden under Fj\u00e4rdhundralands kulturdag 2022, i sol p\u00e5 sommaren","src":"https:\/\/i0.wp.com\/www.fjardhundraland.se\/wp-content\/uploads\/2016\/06\/altunagarden.jpeg?resize=350%2C200&ssl=1","width":350,"height":200,"srcset":"https:\/\/i0.wp.com\/www.fjardhundraland.se\/wp-content\/uploads\/2016\/06\/altunagarden.jpeg?resize=350%2C200&ssl=1 1x, https:\/\/i0.wp.com\/www.fjardhundraland.se\/wp-content\/uploads\/2016\/06\/altunagarden.jpeg?resize=525%2C300&ssl=1 1.5x, https:\/\/i0.wp.com\/www.fjardhundraland.se\/wp-content\/uploads\/2016\/06\/altunagarden.jpeg?resize=700%2C400&ssl=1 2x, https:\/\/i0.wp.com\/www.fjardhundraland.se\/wp-content\/uploads\/2016\/06\/altunagarden.jpeg?resize=1050%2C600&ssl=1 3x, https:\/\/i0.wp.com\/www.fjardhundraland.se\/wp-content\/uploads\/2016\/06\/altunagarden.jpeg?resize=1400%2C800&ssl=1 4x"},"classes":[]},{"id":6332,"url":"https:\/\/www.fjardhundraland.se\/nl\/plats\/tarna-bygdegardsforening\/","url_meta":{"origin":1879,"position":5},"title":"Dorpshuis T\u00e4rna","author":"Ylva Fontell","date":"16 januari 2020","format":false,"excerpt":"Aan de rand van het kerkdorp T\u00e4rna staat het dorpshuis, dat vroeger de dorpsschool was. In de afgelopen jaren heeft het huis een uitgebreide, maar zorgvuldige renovatie ondergaan en het is nu een echt juweeltje!","rel":"","context":"Soortgelijk bericht","block_context":{"text":"Soortgelijk bericht","link":""},"img":{"alt_text":"","src":"https:\/\/i0.wp.com\/www.fjardhundraland.se\/wp-content\/uploads\/2020\/01\/tarnabygde10.jpg?resize=350%2C200&ssl=1","width":350,"height":200,"srcset":"https:\/\/i0.wp.com\/www.fjardhundraland.se\/wp-content\/uploads\/2020\/01\/tarnabygde10.jpg?resize=350%2C200&ssl=1 1x, https:\/\/i0.wp.com\/www.fjardhundraland.se\/wp-content\/uploads\/2020\/01\/tarnabygde10.jpg?resize=525%2C300&ssl=1 1.5x, https:\/\/i0.wp.com\/www.fjardhundraland.se\/wp-content\/uploads\/2020\/01\/tarnabygde10.jpg?resize=700%2C400&ssl=1 2x"},"classes":[]}],"jetpack_sharing_enabled":true,"_links":{"self":[{"href":"https:\/\/www.fjardhundraland.se\/nl\/wp-json\/wp\/v2\/platser\/1879","targetHints":{"allow":["GET"]}}],"collection":[{"href":"https:\/\/www.fjardhundraland.se\/nl\/wp-json\/wp\/v2\/platser"}],"about":[{"href":"https:\/\/www.fjardhundraland.se\/nl\/wp-json\/wp\/v2\/types\/plats"}],"wp:featuredmedia":[{"embeddable":true,"href":"https:\/\/www.fjardhundraland.se\/nl\/wp-json\/wp\/v2\/media\/1884"}],"wp:attachment":[{"href":"https:\/\/www.fjardhundraland.se\/nl\/wp-json\/wp\/v2\/media?parent=1879"}],"wp:term":[{"taxonomy":"platserna","embeddable":true,"href":"https:\/\/www.fjardhundraland.se\/nl\/wp-json\/wp\/v2\/platserna?post=1879"},{"taxonomy":"platstagg","embeddable":true,"href":"https:\/\/www.fjardhundraland.se\/nl\/wp-json\/wp\/v2\/platstagg?post=1879"}],"curies":[{"name":"wp","href":"https:\/\/api.w.org\/{rel}","templated":true}]}}