
{"id":1766,"date":"2014-02-26T20:17:53","date_gmt":"2014-02-26T19:17:53","guid":{"rendered":"http:\/\/www.fjardhundraland.se\/?post_type=plats&#038;p=1766"},"modified":"2023-05-10T17:45:47","modified_gmt":"2023-05-10T15:45:47","slug":"nysatra-kerk","status":"publish","type":"plats","link":"https:\/\/www.fjardhundraland.se\/nl\/plats\/nysatra-kyrka\/","title":{"rendered":"Nys\u00e4tra kerk"},"content":{"rendered":"<p>De kerk van Nys\u00e4tra dateert uit de 15e eeuw en is gebouwd van baksteen. De gevel heeft veel witte blindering - d.w.z. decoratieve velden. Binnen wordt de kerk gekenmerkt door 19e-eeuwse stijlidealen.<\/p>\n<p>De klokkentoren staat aan de andere kant van de weg en lijkt verwarrend veel op die in \u00d6sterunda - hier moet dezelfde 17e-eeuwse bouwer aan het werk zijn geweest!<\/p>\n<p>De kerk ligt op een schilderachtige locatie in de open vallei en naast de kerk is een schoolmuseum. Als je het wilt zien, moet je contact opnemen met Lagunda hembygdsf\u00f6rening.<\/p>","protected":false},"excerpt":{"rendered":"<p>De kerk van Nys\u00e4tra dateert uit de 15e eeuw en is gebouwd van baksteen. De gevel heeft veel witte blindering - d.w.z. decoratieve velden. Binnen wordt de kerk gekenmerkt door 19e-eeuwse stijlidealen.<\/p>","protected":false},"featured_media":2143,"parent":0,"template":"","platserna":[2,201],"platstagg":[],"class_list":{"0":"post-1766","1":"plats","2":"type-plats","3":"status-publish","4":"has-post-thumbnail","6":"platserna-kyrkor","7":"platserna-historia","8":"entry"},"acf":{"oppenverksamhet":false,"med_pa_kartan":false,"visa_pa_webbsidan":true,"beskrivande_underrubrik":"","kontaktperson":"","tel":"","tel_alt":"","e-post":"","adress":"","postnummer":"749 63","webb":"https:\/\/www.svenskakyrkan.se\/lagunda\/nysatra-kyrka","facebook":"","instagram":"","tripadvisor":"","wikipedia":"https:\/\/sv.wikipedia.org\/wiki\/Nys\u00e4tra_kyrka,_Uppland","koordinater":{"address":"NYS\u00c4TRA 5, 749 63 \u00d6rsundsbro, Sverige","lat":59.75142815982755,"lng":17.172811031341553},"googleplaceid":"","gps-fil":"","wc":false,"wifi":false,"medlem":true,"\u00f6ppettider":"","info":""},"visa":null,"geo_latitude":null,"geo_longitude":null,"jetpack-related-posts":[{"id":16848,"url":"https:\/\/www.fjardhundraland.se\/nl\/plats\/vallby-kyrka\/","url_meta":{"origin":1766,"position":0},"title":"Vallby kerk","author":"Ylva Fontell","date":"19 december 2024","format":false,"excerpt":"Bezoek de kerk van Vallby die elke dag open is.","rel":"","context":"Soortgelijk bericht","block_context":{"text":"Soortgelijk bericht","link":""},"img":{"alt_text":"","src":"https:\/\/i0.wp.com\/www.fjardhundraland.se\/wp-content\/uploads\/2024\/12\/vallby4.jpg?resize=350%2C200&ssl=1","width":350,"height":200,"srcset":"https:\/\/i0.wp.com\/www.fjardhundraland.se\/wp-content\/uploads\/2024\/12\/vallby4.jpg?resize=350%2C200&ssl=1 1x, https:\/\/i0.wp.com\/www.fjardhundraland.se\/wp-content\/uploads\/2024\/12\/vallby4.jpg?resize=525%2C300&ssl=1 1.5x, https:\/\/i0.wp.com\/www.fjardhundraland.se\/wp-content\/uploads\/2024\/12\/vallby4.jpg?resize=700%2C400&ssl=1 2x, https:\/\/i0.wp.com\/www.fjardhundraland.se\/wp-content\/uploads\/2024\/12\/vallby4.jpg?resize=1050%2C600&ssl=1 3x, https:\/\/i0.wp.com\/www.fjardhundraland.se\/wp-content\/uploads\/2024\/12\/vallby4.jpg?resize=1400%2C800&ssl=1 4x"},"classes":[]},{"id":16872,"url":"https:\/\/www.fjardhundraland.se\/nl\/plats\/sparrsatra-kyrka\/","url_meta":{"origin":1766,"position":1},"title":"Sparrs\u00e4tra kerk","author":"Ylva Fontell","date":"11 juni 2025","format":false,"excerpt":"Een charmant middeleeuws kerkje op de vlakte.","rel":"","context":"Soortgelijk bericht","block_context":{"text":"Soortgelijk bericht","link":""},"img":{"alt_text":"","src":"https:\/\/i0.wp.com\/www.fjardhundraland.se\/wp-content\/uploads\/2025\/06\/img-1258.jpeg?resize=350%2C200&ssl=1","width":350,"height":200,"srcset":"https:\/\/i0.wp.com\/www.fjardhundraland.se\/wp-content\/uploads\/2025\/06\/img-1258.jpeg?resize=350%2C200&ssl=1 1x, https:\/\/i0.wp.com\/www.fjardhundraland.se\/wp-content\/uploads\/2025\/06\/img-1258.jpeg?resize=525%2C300&ssl=1 1.5x, https:\/\/i0.wp.com\/www.fjardhundraland.se\/wp-content\/uploads\/2025\/06\/img-1258.jpeg?resize=700%2C400&ssl=1 2x, https:\/\/i0.wp.com\/www.fjardhundraland.se\/wp-content\/uploads\/2025\/06\/img-1258.jpeg?resize=1050%2C600&ssl=1 3x, https:\/\/i0.wp.com\/www.fjardhundraland.se\/wp-content\/uploads\/2025\/06\/img-1258.jpeg?resize=1400%2C800&ssl=1 4x"},"classes":[]},{"id":4955,"url":"https:\/\/www.fjardhundraland.se\/nl\/plats\/fittja-kyrka\/","url_meta":{"origin":1766,"position":2},"title":"Fittja kerk","author":"Ylva Fontell","date":"9 maart 2018","format":false,"excerpt":"Een mooie kleine middeleeuwse kerk met veel blindwerk op de gevel. Jaloezie\u00ebn zijn decoratieve patronen en uitsparingen in het muuroppervlak.","rel":"","context":"Soortgelijk bericht","block_context":{"text":"Soortgelijk bericht","link":""},"img":{"alt_text":"","src":"https:\/\/i0.wp.com\/www.fjardhundraland.se\/wp-content\/uploads\/2018\/03\/fittja_kyrka.jpg?resize=350%2C200&ssl=1","width":350,"height":200,"srcset":"https:\/\/i0.wp.com\/www.fjardhundraland.se\/wp-content\/uploads\/2018\/03\/fittja_kyrka.jpg?resize=350%2C200&ssl=1 1x, https:\/\/i0.wp.com\/www.fjardhundraland.se\/wp-content\/uploads\/2018\/03\/fittja_kyrka.jpg?resize=525%2C300&ssl=1 1.5x, https:\/\/i0.wp.com\/www.fjardhundraland.se\/wp-content\/uploads\/2018\/03\/fittja_kyrka.jpg?resize=700%2C400&ssl=1 2x, https:\/\/i0.wp.com\/www.fjardhundraland.se\/wp-content\/uploads\/2018\/03\/fittja_kyrka.jpg?resize=1050%2C600&ssl=1 3x, https:\/\/i0.wp.com\/www.fjardhundraland.se\/wp-content\/uploads\/2018\/03\/fittja_kyrka.jpg?resize=1400%2C800&ssl=1 4x"},"classes":[]},{"id":18495,"url":"https:\/\/www.fjardhundraland.se\/nl\/plats\/lots-kyrka\/","url_meta":{"origin":1766,"position":3},"title":"De kerk van L\u00f6ts","author":"Ylva Fontell","date":"27 juni 2025","format":false,"excerpt":"Een kerk uit de 13e eeuw waarvan de buitenkant wordt gekenmerkt door de vroeg 20e-eeuwse opvatting over hoe een middeleeuwse kerk eruit zou moeten zien. Twee runenstenen in het koor.","rel":"","context":"Soortgelijk bericht","block_context":{"text":"Soortgelijk bericht","link":""},"img":{"alt_text":"","src":"https:\/\/i0.wp.com\/www.fjardhundraland.se\/wp-content\/uploads\/2025\/06\/lotskyrkorum1901.jpg?resize=350%2C200&ssl=1","width":350,"height":200,"srcset":"https:\/\/i0.wp.com\/www.fjardhundraland.se\/wp-content\/uploads\/2025\/06\/lotskyrkorum1901.jpg?resize=350%2C200&ssl=1 1x, https:\/\/i0.wp.com\/www.fjardhundraland.se\/wp-content\/uploads\/2025\/06\/lotskyrkorum1901.jpg?resize=525%2C300&ssl=1 1.5x, https:\/\/i0.wp.com\/www.fjardhundraland.se\/wp-content\/uploads\/2025\/06\/lotskyrkorum1901.jpg?resize=700%2C400&ssl=1 2x, https:\/\/i0.wp.com\/www.fjardhundraland.se\/wp-content\/uploads\/2025\/06\/lotskyrkorum1901.jpg?resize=1050%2C600&ssl=1 3x, https:\/\/i0.wp.com\/www.fjardhundraland.se\/wp-content\/uploads\/2025\/06\/lotskyrkorum1901.jpg?resize=1400%2C800&ssl=1 4x"},"classes":[]},{"id":16854,"url":"https:\/\/www.fjardhundraland.se\/nl\/plats\/veckholms-kyrka\/","url_meta":{"origin":1766,"position":4},"title":"Kerk Veckholm","author":"Ylva Fontell","date":"12 juni 2025","format":false,"excerpt":"Een grote en statige kerk, gekenmerkt door de rijke familie de la Gardie.","rel":"","context":"Soortgelijk bericht","block_context":{"text":"Soortgelijk bericht","link":""},"img":{"alt_text":"","src":"https:\/\/i0.wp.com\/www.fjardhundraland.se\/wp-content\/uploads\/2025\/06\/veckholms-kyrka1.jpg?resize=350%2C200&ssl=1","width":350,"height":200,"srcset":"https:\/\/i0.wp.com\/www.fjardhundraland.se\/wp-content\/uploads\/2025\/06\/veckholms-kyrka1.jpg?resize=350%2C200&ssl=1 1x, https:\/\/i0.wp.com\/www.fjardhundraland.se\/wp-content\/uploads\/2025\/06\/veckholms-kyrka1.jpg?resize=525%2C300&ssl=1 1.5x, https:\/\/i0.wp.com\/www.fjardhundraland.se\/wp-content\/uploads\/2025\/06\/veckholms-kyrka1.jpg?resize=700%2C400&ssl=1 2x, https:\/\/i0.wp.com\/www.fjardhundraland.se\/wp-content\/uploads\/2025\/06\/veckholms-kyrka1.jpg?resize=1050%2C600&ssl=1 3x, https:\/\/i0.wp.com\/www.fjardhundraland.se\/wp-content\/uploads\/2025\/06\/veckholms-kyrka1.jpg?resize=1400%2C800&ssl=1 4x"},"classes":[]},{"id":18407,"url":"https:\/\/www.fjardhundraland.se\/nl\/plats\/enkopings-nas-kyrka\/","url_meta":{"origin":1766,"position":5},"title":"Enk\u00f6pings-N\u00e4s kerk","author":"Ylva Fontell","date":"24 juni 2025","format":false,"excerpt":"Middeleeuwse kerk met toren, met veel meubilair uit de periode van de Grote Macht, geschonken door de rijke families van de parochie. Runesteen buiten de kerk.","rel":"","context":"Soortgelijk bericht","block_context":{"text":"Soortgelijk bericht","link":""},"img":{"alt_text":"","src":"https:\/\/i0.wp.com\/www.fjardhundraland.se\/wp-content\/uploads\/2025\/06\/enkopings-nas-kyrka-dsc0630.jpg?resize=350%2C200&ssl=1","width":350,"height":200,"srcset":"https:\/\/i0.wp.com\/www.fjardhundraland.se\/wp-content\/uploads\/2025\/06\/enkopings-nas-kyrka-dsc0630.jpg?resize=350%2C200&ssl=1 1x, https:\/\/i0.wp.com\/www.fjardhundraland.se\/wp-content\/uploads\/2025\/06\/enkopings-nas-kyrka-dsc0630.jpg?resize=525%2C300&ssl=1 1.5x, https:\/\/i0.wp.com\/www.fjardhundraland.se\/wp-content\/uploads\/2025\/06\/enkopings-nas-kyrka-dsc0630.jpg?resize=700%2C400&ssl=1 2x, https:\/\/i0.wp.com\/www.fjardhundraland.se\/wp-content\/uploads\/2025\/06\/enkopings-nas-kyrka-dsc0630.jpg?resize=1050%2C600&ssl=1 3x, https:\/\/i0.wp.com\/www.fjardhundraland.se\/wp-content\/uploads\/2025\/06\/enkopings-nas-kyrka-dsc0630.jpg?resize=1400%2C800&ssl=1 4x"},"classes":[]}],"jetpack_sharing_enabled":true,"_links":{"self":[{"href":"https:\/\/www.fjardhundraland.se\/nl\/wp-json\/wp\/v2\/platser\/1766","targetHints":{"allow":["GET"]}}],"collection":[{"href":"https:\/\/www.fjardhundraland.se\/nl\/wp-json\/wp\/v2\/platser"}],"about":[{"href":"https:\/\/www.fjardhundraland.se\/nl\/wp-json\/wp\/v2\/types\/plats"}],"wp:featuredmedia":[{"embeddable":true,"href":"https:\/\/www.fjardhundraland.se\/nl\/wp-json\/wp\/v2\/media\/2143"}],"wp:attachment":[{"href":"https:\/\/www.fjardhundraland.se\/nl\/wp-json\/wp\/v2\/media?parent=1766"}],"wp:term":[{"taxonomy":"platserna","embeddable":true,"href":"https:\/\/www.fjardhundraland.se\/nl\/wp-json\/wp\/v2\/platserna?post=1766"},{"taxonomy":"platstagg","embeddable":true,"href":"https:\/\/www.fjardhundraland.se\/nl\/wp-json\/wp\/v2\/platstagg?post=1766"}],"curies":[{"name":"wp","href":"https:\/\/api.w.org\/{rel}","templated":true}]}}