
{"id":14256,"date":"2023-12-11T18:35:50","date_gmt":"2023-12-11T17:35:50","guid":{"rendered":"https:\/\/www.fjardhundraland.se\/?post_type=plats&#038;p=14256"},"modified":"2025-06-28T01:26:45","modified_gmt":"2025-06-27T23:26:45","slug":"kerk-vasteraker","status":"publish","type":"plats","link":"https:\/\/www.fjardhundraland.se\/nl\/plats\/vasterakers-kyrka\/","title":{"rendered":"Kerk van V\u00e4ster\u00e5ker"},"content":{"rendered":"<p>In de 14e eeuw behoorde mevrouw Ramborg bij Wik tot de elite van haar tijd. Ze beheerde het landgoed en vond ook dat ze haar eigen kerk nodig had, dus liet ze de kerk V\u00e4ster\u00e5ker bouwen, een paar kilometer van het landgoed.<\/p>\n\n\n\n<p>De meest bekwame ambachtslieden werden ingehuurd, de meest exclusieve materialen werden gebruikt en niets werd gespaard. Mevrouw Ramborg ligt in de kerk begraven onder een zeer exclusieve koperen plaat, die ze enkele jaren voor haar dood in Vlaanderen had besteld. Een kalkstenen plaquette boven het graf beschrijft het ontstaan van de kerk en alle donaties die mevrouw Ramborg ervoor heeft gedaan. Luister naar het verhaal van mevrouw Ramborg en de kerk in de StorySpot app.<\/p>\n\n\n\n<p>De kerkruimte zelf wordt gekenmerkt door de lichte en elegante bogen die lijken te zweven. In het schip zijn ze aan de bovenkant afgewerkt met prachtig gebeeldhouwde eikenhouten schalen. De kerk is ook gevuld met fresco's. Veel ervan is aan het eind van de 19e eeuw ruw gerestaureerd en beschilderd, maar op de koorboog is een grappige schildering te zien van Jezus' gelijkenis van de tien bruidsmeisjes. De vijf wijze meisjes houden hun olielampen stevig vast, terwijl de dwazen zowel de lampen als de kronen scheef houden.<\/p>\n\n\n\n<p>Als de kerk niet open is als je langskomt, kun je in ieder geval een kijkje nemen bij de twee runenstenen in de muur van het kerkhof.<\/p>\n\n\n\n<div class=\"wp-block-jetpack-tiled-gallery aligncenter is-style-rectangular\"><div class=\"\"><div class=\"tiled-gallery__gallery\"><div class=\"tiled-gallery__row\"><div class=\"tiled-gallery__col\" style=\"flex-basis:62.10448%\"><figure class=\"tiled-gallery__item\"><img decoding=\"async\" data-attachment-id=\"14495\" data-permalink=\"https:\/\/www.fjardhundraland.se\/nl\/plats\/vasterakers-kyrka\/attachment\/vasteraker3\/\" data-orig-file=\"https:\/\/www.fjardhundraland.se\/wp-content\/uploads\/2023\/11\/vasteraker3.jpeg\" data-orig-size=\"475,633\" data-comments-opened=\"0\" data-image-meta=\"{&quot;aperture&quot;:&quot;0&quot;,&quot;credit&quot;:&quot;&quot;,&quot;camera&quot;:&quot;&quot;,&quot;caption&quot;:&quot;&quot;,&quot;created_timestamp&quot;:&quot;0&quot;,&quot;copyright&quot;:&quot;&quot;,&quot;focal_length&quot;:&quot;0&quot;,&quot;iso&quot;:&quot;0&quot;,&quot;shutter_speed&quot;:&quot;0&quot;,&quot;title&quot;:&quot;&quot;,&quot;orientation&quot;:&quot;0&quot;}\" data-image-title=\"va\u0308stera\u030aker3\" data-image-description=\"\" data-image-caption=\"\" data-large-file=\"https:\/\/www.fjardhundraland.se\/wp-content\/uploads\/2023\/11\/vasteraker3.jpeg\" role=\"button\" tabindex=\"0\" aria-label=\"Afbeelding 1 van 4 op volledig scherm openen\" srcset=\"https:\/\/i0.wp.com\/www.fjardhundraland.se\/wp-content\/uploads\/2023\/11\/vasteraker3.jpeg?strip=info&#038;w=475&#038;ssl=1 475w\" alt=\"\" data-height=\"633\" data-id=\"14495\" data-link=\"https:\/\/www.fjardhundraland.se\/?attachment_id=14495\" data-url=\"https:\/\/www.fjardhundraland.se\/wp-content\/uploads\/2023\/11\/vasteraker3.jpeg\" data-width=\"475\" src=\"https:\/\/i0.wp.com\/www.fjardhundraland.se\/wp-content\/uploads\/2023\/11\/vasteraker3.jpeg?ssl=1\" data-amp-layout=\"responsive\" title=\"\"><\/figure><\/div><div class=\"tiled-gallery__col\" style=\"flex-basis:37.89552%\"><figure class=\"tiled-gallery__item\"><img decoding=\"async\" data-attachment-id=\"14498\" data-permalink=\"https:\/\/www.fjardhundraland.se\/nl\/plats\/vasterakers-kyrka\/attachment\/vasteraker4\/\" data-orig-file=\"https:\/\/www.fjardhundraland.se\/wp-content\/uploads\/2023\/12\/vasteraker4.jpg\" data-orig-size=\"1200,900\" data-comments-opened=\"0\" data-image-meta=\"{&quot;aperture&quot;:&quot;0&quot;,&quot;credit&quot;:&quot;&quot;,&quot;camera&quot;:&quot;&quot;,&quot;caption&quot;:&quot;&quot;,&quot;created_timestamp&quot;:&quot;0&quot;,&quot;copyright&quot;:&quot;&quot;,&quot;focal_length&quot;:&quot;0&quot;,&quot;iso&quot;:&quot;0&quot;,&quot;shutter_speed&quot;:&quot;0&quot;,&quot;title&quot;:&quot;&quot;,&quot;orientation&quot;:&quot;0&quot;}\" data-image-title=\"va\u0308stera\u030aker4\" data-image-description=\"\" data-image-caption=\"\" data-large-file=\"https:\/\/www.fjardhundraland.se\/wp-content\/uploads\/2023\/12\/vasteraker4.jpg\" role=\"button\" tabindex=\"0\" aria-label=\"Afbeelding 2 van 4 op volledig scherm openen\" srcset=\"https:\/\/i0.wp.com\/www.fjardhundraland.se\/wp-content\/uploads\/2023\/12\/vasteraker4.jpg?strip=info&#038;w=600&#038;ssl=1 600w,https:\/\/i0.wp.com\/www.fjardhundraland.se\/wp-content\/uploads\/2023\/12\/vasteraker4.jpg?strip=info&#038;w=900&#038;ssl=1 900w,https:\/\/i0.wp.com\/www.fjardhundraland.se\/wp-content\/uploads\/2023\/12\/vasteraker4.jpg?strip=info&#038;w=1200&#038;ssl=1 1200w\" alt=\"\" data-height=\"900\" data-id=\"14498\" data-link=\"https:\/\/www.fjardhundraland.se\/?attachment_id=14498\" data-url=\"https:\/\/www.fjardhundraland.se\/wp-content\/uploads\/2023\/12\/vasteraker4.jpg\" data-width=\"1200\" src=\"https:\/\/i0.wp.com\/www.fjardhundraland.se\/wp-content\/uploads\/2023\/12\/vasteraker4.jpg?ssl=1\" data-amp-layout=\"responsive\" title=\"\"><\/figure><figure class=\"tiled-gallery__item\"><img decoding=\"async\" data-attachment-id=\"14497\" data-permalink=\"https:\/\/www.fjardhundraland.se\/nl\/plats\/vasterakers-kyrka\/attachment\/vasteraker1\/\" data-orig-file=\"https:\/\/www.fjardhundraland.se\/wp-content\/uploads\/2023\/11\/vasteraker1.jpeg\" data-orig-size=\"475,356\" data-comments-opened=\"0\" data-image-meta=\"{&quot;aperture&quot;:&quot;0&quot;,&quot;credit&quot;:&quot;&quot;,&quot;camera&quot;:&quot;&quot;,&quot;caption&quot;:&quot;&quot;,&quot;created_timestamp&quot;:&quot;0&quot;,&quot;copyright&quot;:&quot;&quot;,&quot;focal_length&quot;:&quot;0&quot;,&quot;iso&quot;:&quot;0&quot;,&quot;shutter_speed&quot;:&quot;0&quot;,&quot;title&quot;:&quot;&quot;,&quot;orientation&quot;:&quot;0&quot;}\" data-image-title=\"va\u0308stera\u030aker1\" data-image-description=\"\" data-image-caption=\"\" data-large-file=\"https:\/\/www.fjardhundraland.se\/wp-content\/uploads\/2023\/11\/vasteraker1.jpeg\" role=\"button\" tabindex=\"0\" aria-label=\"Afbeelding 3 van 4 op volledig scherm openen\" srcset=\"https:\/\/i0.wp.com\/www.fjardhundraland.se\/wp-content\/uploads\/2023\/11\/vasteraker1.jpeg?strip=info&#038;w=475&#038;ssl=1 475w\" alt=\"\" data-height=\"356\" data-id=\"14497\" data-link=\"https:\/\/www.fjardhundraland.se\/?attachment_id=14497\" data-url=\"https:\/\/www.fjardhundraland.se\/wp-content\/uploads\/2023\/11\/vasteraker1.jpeg\" data-width=\"475\" src=\"https:\/\/i0.wp.com\/www.fjardhundraland.se\/wp-content\/uploads\/2023\/11\/vasteraker1.jpeg?ssl=1\" data-amp-layout=\"responsive\" title=\"\"><\/figure><figure class=\"tiled-gallery__item\"><img decoding=\"async\" data-attachment-id=\"14496\" data-permalink=\"https:\/\/www.fjardhundraland.se\/nl\/plats\/vasterakers-kyrka\/attachment\/vasteraker-2\/\" data-orig-file=\"https:\/\/www.fjardhundraland.se\/wp-content\/uploads\/2023\/11\/vasteraker-2.jpeg\" data-orig-size=\"475,315\" data-comments-opened=\"0\" data-image-meta=\"{&quot;aperture&quot;:&quot;0&quot;,&quot;credit&quot;:&quot;&quot;,&quot;camera&quot;:&quot;&quot;,&quot;caption&quot;:&quot;&quot;,&quot;created_timestamp&quot;:&quot;0&quot;,&quot;copyright&quot;:&quot;&quot;,&quot;focal_length&quot;:&quot;0&quot;,&quot;iso&quot;:&quot;0&quot;,&quot;shutter_speed&quot;:&quot;0&quot;,&quot;title&quot;:&quot;&quot;,&quot;orientation&quot;:&quot;0&quot;}\" data-image-title=\"va\u0308stera\u030aker 2\" data-image-description=\"\" data-image-caption=\"\" data-large-file=\"https:\/\/www.fjardhundraland.se\/wp-content\/uploads\/2023\/11\/vasteraker-2.jpeg\" role=\"button\" tabindex=\"0\" aria-label=\"Afbeelding 4 van 4 op volledig scherm openen\" srcset=\"https:\/\/i0.wp.com\/www.fjardhundraland.se\/wp-content\/uploads\/2023\/11\/vasteraker-2.jpeg?strip=info&#038;w=475&#038;ssl=1 475w\" alt=\"\" data-height=\"315\" data-id=\"14496\" data-link=\"https:\/\/www.fjardhundraland.se\/?attachment_id=14496\" data-url=\"https:\/\/www.fjardhundraland.se\/wp-content\/uploads\/2023\/11\/vasteraker-2.jpeg\" data-width=\"475\" src=\"https:\/\/i0.wp.com\/www.fjardhundraland.se\/wp-content\/uploads\/2023\/11\/vasteraker-2.jpeg?ssl=1\" data-amp-layout=\"responsive\" title=\"\"><\/figure><\/div><\/div><\/div><\/div><\/div>","protected":false},"excerpt":{"rendered":"<p>Kleine middeleeuwse kerk met sterke banden met het Wik landgoed. Twee runenstenen in de kerkhofmuur.<\/p>","protected":false},"featured_media":14498,"parent":0,"template":"","platserna":[2,102,201,110],"platstagg":[],"class_list":{"0":"post-14256","1":"plats","2":"type-plats","3":"status-publish","4":"has-post-thumbnail","6":"platserna-kyrkor","7":"platserna-fornlamningar","8":"platserna-historia","9":"platserna-runstenar","10":"entry"},"acf":{"oppenverksamhet":false,"med_pa_kartan":false,"visa_pa_webbsidan":true,"beskrivande_underrubrik":"","kontaktperson":"","tel":"","tel_alt":"","e-post":"","adress":"V\u00e4ster\u00e5ker 40","postnummer":"75591","webb":"https:\/\/www.svenskakyrkan.se\/balingsta\/vasterakers-kyrka","facebook":"","instagram":"","tripadvisor":"","wikipedia":"https:\/\/sv.wikipedia.org\/wiki\/V%C3%A4ster%C3%A5kers_kyrka","koordinater":{"address":"V\u00c4STER\u00c5KER 40, 755 91 Uppsala, Sverige","lat":59.752525651537425,"lng":17.510619163513184,"zoom":15,"place_id":"ChIJCyHXZKa1X0YR4utCh5LRkq8","street_number":40,"street_name":"V\u00c4STER\u00c5KER","city":"Uppsala","state":"Uppsala l\u00e4n","post_code":"755 91","country":"Sverige","country_short":"SE"},"googleplaceid":"","gps-fil":"","wc":false,"wifi":false,"medlem":false,"\u00f6ppettider":"","info":"Runsten U846 och U847."},"visa":null,"geo_latitude":null,"geo_longitude":null,"jetpack-related-posts":[{"id":18472,"url":"https:\/\/www.fjardhundraland.se\/nl\/plats\/teda-kyrka\/","url_meta":{"origin":14256,"position":0},"title":"Kerk van Teda","author":"Ylva Fontell","date":"27 juni 2025","format":false,"excerpt":"Middeleeuwse kerk met kunstuitingen uit vele periodes.","rel":"","context":"Soortgelijk bericht","block_context":{"text":"Soortgelijk bericht","link":""},"img":{"alt_text":"","src":"https:\/\/i0.wp.com\/www.fjardhundraland.se\/wp-content\/uploads\/2025\/06\/tedakyrka1.jpg?resize=350%2C200&ssl=1","width":350,"height":200,"srcset":"https:\/\/i0.wp.com\/www.fjardhundraland.se\/wp-content\/uploads\/2025\/06\/tedakyrka1.jpg?resize=350%2C200&ssl=1 1x, https:\/\/i0.wp.com\/www.fjardhundraland.se\/wp-content\/uploads\/2025\/06\/tedakyrka1.jpg?resize=525%2C300&ssl=1 1.5x, https:\/\/i0.wp.com\/www.fjardhundraland.se\/wp-content\/uploads\/2025\/06\/tedakyrka1.jpg?resize=700%2C400&ssl=1 2x, https:\/\/i0.wp.com\/www.fjardhundraland.se\/wp-content\/uploads\/2025\/06\/tedakyrka1.jpg?resize=1050%2C600&ssl=1 3x"},"classes":[]},{"id":18485,"url":"https:\/\/www.fjardhundraland.se\/nl\/plats\/hacksta-kyrka\/","url_meta":{"origin":14256,"position":1},"title":"Hacksta kerk","author":"Ylva Fontell","date":"27 juni 2025","format":false,"excerpt":"Kleine en ouderwetse kerk in het agrarische landschap.","rel":"","context":"Soortgelijk bericht","block_context":{"text":"Soortgelijk bericht","link":""},"img":{"alt_text":"","src":"https:\/\/i0.wp.com\/www.fjardhundraland.se\/wp-content\/uploads\/2025\/06\/hacksta2.jpg?resize=350%2C200&ssl=1","width":350,"height":200,"srcset":"https:\/\/i0.wp.com\/www.fjardhundraland.se\/wp-content\/uploads\/2025\/06\/hacksta2.jpg?resize=350%2C200&ssl=1 1x, https:\/\/i0.wp.com\/www.fjardhundraland.se\/wp-content\/uploads\/2025\/06\/hacksta2.jpg?resize=525%2C300&ssl=1 1.5x, https:\/\/i0.wp.com\/www.fjardhundraland.se\/wp-content\/uploads\/2025\/06\/hacksta2.jpg?resize=700%2C400&ssl=1 2x, https:\/\/i0.wp.com\/www.fjardhundraland.se\/wp-content\/uploads\/2025\/06\/hacksta2.jpg?resize=1050%2C600&ssl=1 3x"},"classes":[]},{"id":1769,"url":"https:\/\/www.fjardhundraland.se\/nl\/plats\/langtora-kyrka\/","url_meta":{"origin":14256,"position":2},"title":"L\u00e5ngtora kerk","author":"Mats Thorburn","date":"26 februari 2014","format":false,"excerpt":"Een typische Upplandse kerk uit de middeleeuwen. Bij de ingang staan twee runenstenen.","rel":"","context":"Soortgelijk bericht","block_context":{"text":"Soortgelijk bericht","link":""},"img":{"alt_text":"L\u00e5ngtora kyrka","src":"https:\/\/i0.wp.com\/www.fjardhundraland.se\/wp-content\/uploads\/2014\/02\/L%C3%A5ngtora-1.jpg?resize=350%2C200&ssl=1","width":350,"height":200,"srcset":"https:\/\/i0.wp.com\/www.fjardhundraland.se\/wp-content\/uploads\/2014\/02\/L%C3%A5ngtora-1.jpg?resize=350%2C200&ssl=1 1x, https:\/\/i0.wp.com\/www.fjardhundraland.se\/wp-content\/uploads\/2014\/02\/L%C3%A5ngtora-1.jpg?resize=525%2C300&ssl=1 1.5x, https:\/\/i0.wp.com\/www.fjardhundraland.se\/wp-content\/uploads\/2014\/02\/L%C3%A5ngtora-1.jpg?resize=700%2C400&ssl=1 2x, https:\/\/i0.wp.com\/www.fjardhundraland.se\/wp-content\/uploads\/2014\/02\/L%C3%A5ngtora-1.jpg?resize=1050%2C600&ssl=1 3x, https:\/\/i0.wp.com\/www.fjardhundraland.se\/wp-content\/uploads\/2014\/02\/L%C3%A5ngtora-1.jpg?resize=1400%2C800&ssl=1 4x"},"classes":[]},{"id":12637,"url":"https:\/\/www.fjardhundraland.se\/nl\/plats\/holms-kyrka\/","url_meta":{"origin":14256,"position":3},"title":"Kerk van Holm","author":"Ylva Fontell","date":"26 april 2023","format":false,"excerpt":"Kleine kerk gebouwd in de jaren 1670.","rel":"","context":"Soortgelijk bericht","block_context":{"text":"Soortgelijk bericht","link":""},"img":{"alt_text":"","src":"https:\/\/i0.wp.com\/www.fjardhundraland.se\/wp-content\/uploads\/2023\/04\/holms-kyrka.jpeg?resize=350%2C200&ssl=1","width":350,"height":200,"srcset":"https:\/\/i0.wp.com\/www.fjardhundraland.se\/wp-content\/uploads\/2023\/04\/holms-kyrka.jpeg?resize=350%2C200&ssl=1 1x, https:\/\/i0.wp.com\/www.fjardhundraland.se\/wp-content\/uploads\/2023\/04\/holms-kyrka.jpeg?resize=525%2C300&ssl=1 1.5x, https:\/\/i0.wp.com\/www.fjardhundraland.se\/wp-content\/uploads\/2023\/04\/holms-kyrka.jpeg?resize=700%2C400&ssl=1 2x, https:\/\/i0.wp.com\/www.fjardhundraland.se\/wp-content\/uploads\/2023\/04\/holms-kyrka.jpeg?resize=1050%2C600&ssl=1 3x, https:\/\/i0.wp.com\/www.fjardhundraland.se\/wp-content\/uploads\/2023\/04\/holms-kyrka.jpeg?resize=1400%2C800&ssl=1 4x"},"classes":[]},{"id":1673,"url":"https:\/\/www.fjardhundraland.se\/nl\/plats\/altuna-kyrka\/","url_meta":{"origin":14256,"position":4},"title":"Altuna kerk","author":"Ylva Fontell","date":"6 februari 2014","format":false,"excerpt":"De kerk van Altuna staat hoog op een heuvel en kijkt uit over de hele parochie. De kerk dateert uit het midden van de 19e eeuw.","rel":"","context":"Soortgelijk bericht","block_context":{"text":"Soortgelijk bericht","link":""},"img":{"alt_text":"","src":"https:\/\/i0.wp.com\/www.fjardhundraland.se\/wp-content\/uploads\/2014\/02\/altunakyrka2.jpg?resize=350%2C200&ssl=1","width":350,"height":200,"srcset":"https:\/\/i0.wp.com\/www.fjardhundraland.se\/wp-content\/uploads\/2014\/02\/altunakyrka2.jpg?resize=350%2C200&ssl=1 1x, https:\/\/i0.wp.com\/www.fjardhundraland.se\/wp-content\/uploads\/2014\/02\/altunakyrka2.jpg?resize=525%2C300&ssl=1 1.5x, https:\/\/i0.wp.com\/www.fjardhundraland.se\/wp-content\/uploads\/2014\/02\/altunakyrka2.jpg?resize=700%2C400&ssl=1 2x, https:\/\/i0.wp.com\/www.fjardhundraland.se\/wp-content\/uploads\/2014\/02\/altunakyrka2.jpg?resize=1050%2C600&ssl=1 3x, https:\/\/i0.wp.com\/www.fjardhundraland.se\/wp-content\/uploads\/2014\/02\/altunakyrka2.jpg?resize=1400%2C800&ssl=1 4x"},"classes":[]},{"id":1739,"url":"https:\/\/www.fjardhundraland.se\/nl\/plats\/simtuna-kyrka\/","url_meta":{"origin":14256,"position":5},"title":"De kerk van Simtuna","author":"Ylva Fontell","date":"21 februari 2014","format":false,"excerpt":"De kerk werd gebouwd in de 13e eeuw, maar veel latere periodes hebben hun sporen nagelaten. In de kerk zijn gewelfschilderingen uit de jaren 1460 te zien van de zogenaamde meester uit \u00c4rentuna.","rel":"","context":"Soortgelijk bericht","block_context":{"text":"Soortgelijk bericht","link":""},"img":{"alt_text":"Simtuna kyrka","src":"https:\/\/i0.wp.com\/www.fjardhundraland.se\/wp-content\/uploads\/2014\/02\/Simtuna-kyrka-1.jpg?resize=350%2C200&ssl=1","width":350,"height":200,"srcset":"https:\/\/i0.wp.com\/www.fjardhundraland.se\/wp-content\/uploads\/2014\/02\/Simtuna-kyrka-1.jpg?resize=350%2C200&ssl=1 1x, https:\/\/i0.wp.com\/www.fjardhundraland.se\/wp-content\/uploads\/2014\/02\/Simtuna-kyrka-1.jpg?resize=525%2C300&ssl=1 1.5x, https:\/\/i0.wp.com\/www.fjardhundraland.se\/wp-content\/uploads\/2014\/02\/Simtuna-kyrka-1.jpg?resize=700%2C400&ssl=1 2x, https:\/\/i0.wp.com\/www.fjardhundraland.se\/wp-content\/uploads\/2014\/02\/Simtuna-kyrka-1.jpg?resize=1050%2C600&ssl=1 3x, https:\/\/i0.wp.com\/www.fjardhundraland.se\/wp-content\/uploads\/2014\/02\/Simtuna-kyrka-1.jpg?resize=1400%2C800&ssl=1 4x"},"classes":[]}],"jetpack_sharing_enabled":true,"_links":{"self":[{"href":"https:\/\/www.fjardhundraland.se\/nl\/wp-json\/wp\/v2\/platser\/14256","targetHints":{"allow":["GET"]}}],"collection":[{"href":"https:\/\/www.fjardhundraland.se\/nl\/wp-json\/wp\/v2\/platser"}],"about":[{"href":"https:\/\/www.fjardhundraland.se\/nl\/wp-json\/wp\/v2\/types\/plats"}],"wp:featuredmedia":[{"embeddable":true,"href":"https:\/\/www.fjardhundraland.se\/nl\/wp-json\/wp\/v2\/media\/14498"}],"wp:attachment":[{"href":"https:\/\/www.fjardhundraland.se\/nl\/wp-json\/wp\/v2\/media?parent=14256"}],"wp:term":[{"taxonomy":"platserna","embeddable":true,"href":"https:\/\/www.fjardhundraland.se\/nl\/wp-json\/wp\/v2\/platserna?post=14256"},{"taxonomy":"platstagg","embeddable":true,"href":"https:\/\/www.fjardhundraland.se\/nl\/wp-json\/wp\/v2\/platstagg?post=14256"}],"curies":[{"name":"wp","href":"https:\/\/api.w.org\/{rel}","templated":true}]}}