
{"id":975,"date":"2012-05-26T15:54:09","date_gmt":"2012-05-26T13:54:09","guid":{"rendered":"http:\/\/www.fjardhundraland.se\/?post_type=plats&#038;p=975"},"modified":"2024-09-13T11:40:38","modified_gmt":"2024-09-13T09:40:38","slug":"la-piedra-runica-de-la-iglesia-de-osterunda","status":"publish","type":"plats","link":"https:\/\/www.fjardhundraland.se\/es\/plats\/runstenen-vid-osterunda-kyrka\/","title":{"rendered":"La piedra r\u00fanica de la iglesia de \u00d6sterunda"},"content":{"rendered":"<p>En el campanario de <a href=\"https:\/\/www.fjardhundraland.se\/es\/platos\/iglesia-de-osterunda\/\">Iglesia de \u00d6sterunda<\/a> se encuentra una de las muchas piedras r\u00fanicas de Uppland. Como tantas otras piedras r\u00fanicas, se reutiliz\u00f3 como piedra de umbral en la iglesia cuando se construy\u00f3 en la Edad Media. La piedra r\u00fanica se erigi\u00f3 en el campanario en 1931.<\/p>\n\n\n\n<p>La piedra result\u00f3 da\u00f1ada cuando se coloc\u00f3 en la puerta de la iglesia, por lo que el texto no est\u00e1 completo, pero se menciona a las personas Gisl\u00f6g y J\u00e4rund.<\/p>\n\n\n\n<p>U1168<\/p>\n\n\n\n<div class=\"wp-block-jetpack-tiled-gallery aligncenter is-style-rectangular\"><div class=\"\"><div class=\"tiled-gallery__gallery\"><div class=\"tiled-gallery__row\"><div class=\"tiled-gallery__col\" style=\"flex-basis:69.18099%\"><figure class=\"tiled-gallery__item\"><img decoding=\"async\" data-attachment-id=\"2987\" data-permalink=\"https:\/\/www.fjardhundraland.se\/es\/plats\/runstenen-vid-osterunda-kyrka\/attachment\/klockstapel-runsten-osterunda\/\" data-orig-file=\"https:\/\/www.fjardhundraland.se\/wp-content\/uploads\/2012\/05\/klockstapel-runsten-osterunda.jpg\" data-orig-size=\"2000,1333\" data-comments-opened=\"0\" data-image-meta=\"{&quot;aperture&quot;:&quot;0&quot;,&quot;credit&quot;:&quot;&quot;,&quot;camera&quot;:&quot;&quot;,&quot;caption&quot;:&quot;&quot;,&quot;created_timestamp&quot;:&quot;0&quot;,&quot;copyright&quot;:&quot;&quot;,&quot;focal_length&quot;:&quot;0&quot;,&quot;iso&quot;:&quot;0&quot;,&quot;shutter_speed&quot;:&quot;0&quot;,&quot;title&quot;:&quot;&quot;,&quot;orientation&quot;:&quot;0&quot;}\" data-image-title=\"\u00d6sterunda klockstapel med runstenen\" data-image-description=\"\" data-image-caption=\"\" data-large-file=\"https:\/\/www.fjardhundraland.se\/wp-content\/uploads\/2012\/05\/klockstapel-runsten-osterunda.jpg\" role=\"button\" tabindex=\"0\" aria-label=\"Abrir imagen 1 de 2 en pantalla completa\" srcset=\"https:\/\/i1.wp.com\/www.fjardhundraland.se\/wp-content\/uploads\/2012\/05\/klockstapel-runsten-osterunda.jpg?strip=info&#038;w=600&#038;ssl=1 600w,https:\/\/i1.wp.com\/www.fjardhundraland.se\/wp-content\/uploads\/2012\/05\/klockstapel-runsten-osterunda.jpg?strip=info&#038;w=900&#038;ssl=1 900w,https:\/\/i1.wp.com\/www.fjardhundraland.se\/wp-content\/uploads\/2012\/05\/klockstapel-runsten-osterunda.jpg?strip=info&#038;w=1200&#038;ssl=1 1200w,https:\/\/i1.wp.com\/www.fjardhundraland.se\/wp-content\/uploads\/2012\/05\/klockstapel-runsten-osterunda.jpg?strip=info&#038;w=1500&#038;ssl=1 1500w,https:\/\/i1.wp.com\/www.fjardhundraland.se\/wp-content\/uploads\/2012\/05\/klockstapel-runsten-osterunda.jpg?strip=info&#038;w=1800&#038;ssl=1 1800w,https:\/\/i1.wp.com\/www.fjardhundraland.se\/wp-content\/uploads\/2012\/05\/klockstapel-runsten-osterunda.jpg?strip=info&#038;w=2000&#038;ssl=1 2000w\" alt=\"Campanario de \u00d6sterunda con piedra r\u00fanica\" data-height=\"1333\" data-id=\"2987\" data-link=\"https:\/\/www.fjardhundraland.se\/plats\/runstenen-vid-osterunda-kyrka\/attachment\/klockstapel-runsten-osterunda\/\" data-url=\"https:\/\/www.fjardhundraland.se\/wp-content\/uploads\/2012\/05\/klockstapel-runsten-osterunda.jpg\" data-width=\"2000\" src=\"https:\/\/i1.wp.com\/www.fjardhundraland.se\/wp-content\/uploads\/2012\/05\/klockstapel-runsten-osterunda.jpg?ssl=1\" data-amp-layout=\"responsive\" title=\"\"><\/figure><\/div><div class=\"tiled-gallery__col\" style=\"flex-basis:30.81901%\"><figure class=\"tiled-gallery__item\"><img decoding=\"async\" data-attachment-id=\"2986\" data-permalink=\"https:\/\/www.fjardhundraland.se\/es\/plats\/runstenen-vid-osterunda-kyrka\/attachment\/runsten-osterunda\/\" data-orig-file=\"https:\/\/www.fjardhundraland.se\/wp-content\/uploads\/2012\/05\/runsten-osterunda.jpg\" data-orig-size=\"1333,2000\" data-comments-opened=\"0\" data-image-meta=\"{&quot;aperture&quot;:&quot;0&quot;,&quot;credit&quot;:&quot;&quot;,&quot;camera&quot;:&quot;&quot;,&quot;caption&quot;:&quot;&quot;,&quot;created_timestamp&quot;:&quot;0&quot;,&quot;copyright&quot;:&quot;&quot;,&quot;focal_length&quot;:&quot;0&quot;,&quot;iso&quot;:&quot;0&quot;,&quot;shutter_speed&quot;:&quot;0&quot;,&quot;title&quot;:&quot;&quot;,&quot;orientation&quot;:&quot;0&quot;}\" data-image-title=\"runsten-osterunda\" data-image-description=\"\" data-image-caption=\"\" data-large-file=\"https:\/\/www.fjardhundraland.se\/wp-content\/uploads\/2012\/05\/runsten-osterunda.jpg\" role=\"button\" tabindex=\"0\" aria-label=\"Abrir imagen 2 de 2 en pantalla completa\" srcset=\"https:\/\/i2.wp.com\/www.fjardhundraland.se\/wp-content\/uploads\/2012\/05\/runsten-osterunda.jpg?strip=info&#038;w=600&#038;ssl=1 600w,https:\/\/i2.wp.com\/www.fjardhundraland.se\/wp-content\/uploads\/2012\/05\/runsten-osterunda.jpg?strip=info&#038;w=900&#038;ssl=1 900w,https:\/\/i2.wp.com\/www.fjardhundraland.se\/wp-content\/uploads\/2012\/05\/runsten-osterunda.jpg?strip=info&#038;w=1200&#038;ssl=1 1200w,https:\/\/i2.wp.com\/www.fjardhundraland.se\/wp-content\/uploads\/2012\/05\/runsten-osterunda.jpg?strip=info&#038;w=1333&#038;ssl=1 1333w\" alt=\"\" data-height=\"2000\" data-id=\"2986\" data-link=\"https:\/\/www.fjardhundraland.se\/plats\/runstenen-vid-osterunda-kyrka\/attachment\/runsten-osterunda\/\" data-url=\"https:\/\/www.fjardhundraland.se\/wp-content\/uploads\/2012\/05\/runsten-osterunda.jpg\" data-width=\"1333\" src=\"https:\/\/i2.wp.com\/www.fjardhundraland.se\/wp-content\/uploads\/2012\/05\/runsten-osterunda.jpg?ssl=1\" data-amp-layout=\"responsive\" title=\"\"><\/figure><\/div><\/div><\/div><\/div><\/div>","protected":false},"excerpt":{"rendered":"<p>En el campanario de la iglesia de \u00d6sterunda se encuentra una de las muchas piedras r\u00fanicas de Uppland. Como tantas otras piedras r\u00fanicas, se reutiliz\u00f3 como piedra de umbral en la iglesia cuando se construy\u00f3 en la Edad Media. <\/p>","protected":false},"featured_media":2991,"parent":0,"template":"","platserna":[110,102,201],"platstagg":[],"class_list":{"0":"post-975","1":"plats","2":"type-plats","3":"status-publish","4":"has-post-thumbnail","6":"platserna-runstenar","7":"platserna-fornlamningar","8":"platserna-historia","9":"entry"},"acf":{"oppenverksamhet":false,"med_pa_kartan":false,"visa_pa_webbsidan":true,"beskrivande_underrubrik":"","kontaktperson":"","tel":"","tel_alt":"","e-post":"","adress":"","postnummer":"749 72","webb":"","facebook":"","instagram":"","tripadvisor":"","wikipedia":"","koordinater":{"address":"819, 749 72 Fj\u00e4rdhundra, Sverige","lat":59.81423169382605,"lng":17.109656250926264},"googleplaceid":"","gps-fil":"","wc":false,"wifi":false,"medlem":false,"\u00f6ppettider":"","info":"Fornl\u00e4mning nr\u00a0<a title=\"Forns\u00f6k\" href=\"https:\/\/www.fmis.raa.se\/cocoon\/fornsok\/search.html?description=runsten%20%C3%B6sterunda&amp;tab=3&amp;page=1&amp;objektid=10030300210001&amp;extent=618116.8767752516,6632537.688164648,618455.5432590382,6632684.531835353&amp;layers=Sverige;Fornl%C3%A4mningar%20geometrier;Fornl%C3%A4mningar%20symboler;Polygonlager%20f%C3%B6r%20utritning;Fornl%C3%A4mningar%20markering;&amp;overview=0\" target=\"_blank\" rel=\"noopener\">\u00d6sterunda 21:1<\/a>."},"visa":null,"geo_latitude":"59.8138885","geo_longitude":"17.1072750","jetpack-related-posts":[{"id":18495,"url":"https:\/\/www.fjardhundraland.se\/es\/plats\/lots-kyrka\/","url_meta":{"origin":975,"position":0},"title":"La iglesia de L\u00f6ts","author":"Ylva Fontell","date":"27 junio 2025","format":false,"excerpt":"Iglesia del siglo XIII cuyo exterior se caracteriza por la visi\u00f3n de principios del siglo XX del aspecto que debe tener una iglesia medieval. Dos piedras r\u00fanicas en el presbiterio.","rel":"","context":"Entrada similar","block_context":{"text":"Entrada similar","link":""},"img":{"alt_text":"","src":"https:\/\/i0.wp.com\/www.fjardhundraland.se\/wp-content\/uploads\/2025\/06\/lotskyrkorum1901.jpg?resize=350%2C200&ssl=1","width":350,"height":200,"srcset":"https:\/\/i0.wp.com\/www.fjardhundraland.se\/wp-content\/uploads\/2025\/06\/lotskyrkorum1901.jpg?resize=350%2C200&ssl=1 1x, https:\/\/i0.wp.com\/www.fjardhundraland.se\/wp-content\/uploads\/2025\/06\/lotskyrkorum1901.jpg?resize=525%2C300&ssl=1 1.5x, https:\/\/i0.wp.com\/www.fjardhundraland.se\/wp-content\/uploads\/2025\/06\/lotskyrkorum1901.jpg?resize=700%2C400&ssl=1 2x, https:\/\/i0.wp.com\/www.fjardhundraland.se\/wp-content\/uploads\/2025\/06\/lotskyrkorum1901.jpg?resize=1050%2C600&ssl=1 3x, https:\/\/i0.wp.com\/www.fjardhundraland.se\/wp-content\/uploads\/2025\/06\/lotskyrkorum1901.jpg?resize=1400%2C800&ssl=1 4x"},"classes":[]},{"id":938,"url":"https:\/\/www.fjardhundraland.se\/es\/plats\/osterunda-kyrka\/","url_meta":{"origin":975,"position":1},"title":"Iglesia de \u00d6sterunda","author":"Ylva Fontell","date":"18 mayo 2012","format":false,"excerpt":"Cuadros de Albertus Pictor, incluido el cuadro m\u00e1s antiguo de Suecia de un esquiador.","rel":"","context":"Entrada similar","block_context":{"text":"Entrada similar","link":""},"img":{"alt_text":"\u00d6sterunda kyrka","src":"https:\/\/i0.wp.com\/www.fjardhundraland.se\/wp-content\/uploads\/2012\/05\/occ88sterunda-kyrka.jpg?resize=350%2C200&ssl=1","width":350,"height":200,"srcset":"https:\/\/i0.wp.com\/www.fjardhundraland.se\/wp-content\/uploads\/2012\/05\/occ88sterunda-kyrka.jpg?resize=350%2C200&ssl=1 1x, https:\/\/i0.wp.com\/www.fjardhundraland.se\/wp-content\/uploads\/2012\/05\/occ88sterunda-kyrka.jpg?resize=525%2C300&ssl=1 1.5x, https:\/\/i0.wp.com\/www.fjardhundraland.se\/wp-content\/uploads\/2012\/05\/occ88sterunda-kyrka.jpg?resize=700%2C400&ssl=1 2x, https:\/\/i0.wp.com\/www.fjardhundraland.se\/wp-content\/uploads\/2012\/05\/occ88sterunda-kyrka.jpg?resize=1050%2C600&ssl=1 3x, https:\/\/i0.wp.com\/www.fjardhundraland.se\/wp-content\/uploads\/2012\/05\/occ88sterunda-kyrka.jpg?resize=1400%2C800&ssl=1 4x"},"classes":[]},{"id":5122,"url":"https:\/\/www.fjardhundraland.se\/es\/plats\/hjalsta-kyrka\/","url_meta":{"origin":975,"position":2},"title":"Iglesia de Hj\u00e4lsta","author":"Ylva Fontell","date":"10 mayo 2023","format":false,"excerpt":"La iglesia de Hj\u00e4lsta se construy\u00f3 a finales del siglo XV. Tiene arcos altos y majestuosos, pero carece por completo de pinturas medievales en la b\u00f3veda. No te pierdas las bellas piedras r\u00fanicas que se alzan junto al muro del cementerio, al oeste de la iglesia.","rel":"","context":"Entrada similar","block_context":{"text":"Entrada similar","link":""},"img":{"alt_text":"","src":"https:\/\/i0.wp.com\/www.fjardhundraland.se\/wp-content\/uploads\/2023\/04\/hjalsta-kyrka-fjardhundraland-300318-37.jpg?resize=350%2C200&ssl=1","width":350,"height":200,"srcset":"https:\/\/i0.wp.com\/www.fjardhundraland.se\/wp-content\/uploads\/2023\/04\/hjalsta-kyrka-fjardhundraland-300318-37.jpg?resize=350%2C200&ssl=1 1x, https:\/\/i0.wp.com\/www.fjardhundraland.se\/wp-content\/uploads\/2023\/04\/hjalsta-kyrka-fjardhundraland-300318-37.jpg?resize=525%2C300&ssl=1 1.5x, https:\/\/i0.wp.com\/www.fjardhundraland.se\/wp-content\/uploads\/2023\/04\/hjalsta-kyrka-fjardhundraland-300318-37.jpg?resize=700%2C400&ssl=1 2x, https:\/\/i0.wp.com\/www.fjardhundraland.se\/wp-content\/uploads\/2023\/04\/hjalsta-kyrka-fjardhundraland-300318-37.jpg?resize=1050%2C600&ssl=1 3x, https:\/\/i0.wp.com\/www.fjardhundraland.se\/wp-content\/uploads\/2023\/04\/hjalsta-kyrka-fjardhundraland-300318-37.jpg?resize=1400%2C800&ssl=1 4x"},"classes":[]},{"id":1769,"url":"https:\/\/www.fjardhundraland.se\/es\/plats\/langtora-kyrka\/","url_meta":{"origin":975,"position":3},"title":"Iglesia de L\u00e5ngtora","author":"Mats Thorburn","date":"26 febrero 2014","format":false,"excerpt":"Una t\u00edpica iglesia de Uppland de la Edad Media. En la entrada hay dos piedras r\u00fanicas.","rel":"","context":"Entrada similar","block_context":{"text":"Entrada similar","link":""},"img":{"alt_text":"L\u00e5ngtora kyrka","src":"https:\/\/i0.wp.com\/www.fjardhundraland.se\/wp-content\/uploads\/2014\/02\/L%C3%A5ngtora-1.jpg?resize=350%2C200&ssl=1","width":350,"height":200,"srcset":"https:\/\/i0.wp.com\/www.fjardhundraland.se\/wp-content\/uploads\/2014\/02\/L%C3%A5ngtora-1.jpg?resize=350%2C200&ssl=1 1x, https:\/\/i0.wp.com\/www.fjardhundraland.se\/wp-content\/uploads\/2014\/02\/L%C3%A5ngtora-1.jpg?resize=525%2C300&ssl=1 1.5x, https:\/\/i0.wp.com\/www.fjardhundraland.se\/wp-content\/uploads\/2014\/02\/L%C3%A5ngtora-1.jpg?resize=700%2C400&ssl=1 2x, https:\/\/i0.wp.com\/www.fjardhundraland.se\/wp-content\/uploads\/2014\/02\/L%C3%A5ngtora-1.jpg?resize=1050%2C600&ssl=1 3x, https:\/\/i0.wp.com\/www.fjardhundraland.se\/wp-content\/uploads\/2014\/02\/L%C3%A5ngtora-1.jpg?resize=1400%2C800&ssl=1 4x"},"classes":[]},{"id":18391,"url":"https:\/\/www.fjardhundraland.se\/es\/plats\/kungs-husby-kyrka\/","url_meta":{"origin":975,"position":4},"title":"Iglesia de Kungs-Husby","author":"Ylva Fontell","date":"24 junio 2025","format":false,"excerpt":"Iglesia medieval ricamente decorada con frescos. Piedras r\u00fanicas amuralladas en el muro de la iglesia.","rel":"","context":"Entrada similar","block_context":{"text":"Entrada similar","link":""},"img":{"alt_text":"","src":"https:\/\/i0.wp.com\/www.fjardhundraland.se\/wp-content\/uploads\/2025\/06\/kungs-husby1.jpg?resize=350%2C200&ssl=1","width":350,"height":200,"srcset":"https:\/\/i0.wp.com\/www.fjardhundraland.se\/wp-content\/uploads\/2025\/06\/kungs-husby1.jpg?resize=350%2C200&ssl=1 1x, https:\/\/i0.wp.com\/www.fjardhundraland.se\/wp-content\/uploads\/2025\/06\/kungs-husby1.jpg?resize=525%2C300&ssl=1 1.5x, https:\/\/i0.wp.com\/www.fjardhundraland.se\/wp-content\/uploads\/2025\/06\/kungs-husby1.jpg?resize=700%2C400&ssl=1 2x, https:\/\/i0.wp.com\/www.fjardhundraland.se\/wp-content\/uploads\/2025\/06\/kungs-husby1.jpg?resize=1050%2C600&ssl=1 3x"},"classes":[]},{"id":1766,"url":"https:\/\/www.fjardhundraland.se\/es\/plats\/nysatra-kyrka\/","url_meta":{"origin":975,"position":5},"title":"Iglesia de Nys\u00e4tra","author":"Ylva Fontell","date":"26 febrero 2014","format":false,"excerpt":"La iglesia de Nys\u00e4tra data del siglo XV y est\u00e1 construida en ladrillo. En la fachada abundan los cegados blancos, es decir, los campos decorativos. En el interior, la iglesia se caracteriza por los ideales de estilo del siglo XIX.","rel":"","context":"Entrada similar","block_context":{"text":"Entrada similar","link":""},"img":{"alt_text":"Nys\u00e4tra kyrka","src":"https:\/\/i0.wp.com\/www.fjardhundraland.se\/wp-content\/uploads\/2014\/02\/nysatra.jpg?resize=350%2C200&ssl=1","width":350,"height":200,"srcset":"https:\/\/i0.wp.com\/www.fjardhundraland.se\/wp-content\/uploads\/2014\/02\/nysatra.jpg?resize=350%2C200&ssl=1 1x, https:\/\/i0.wp.com\/www.fjardhundraland.se\/wp-content\/uploads\/2014\/02\/nysatra.jpg?resize=525%2C300&ssl=1 1.5x, https:\/\/i0.wp.com\/www.fjardhundraland.se\/wp-content\/uploads\/2014\/02\/nysatra.jpg?resize=700%2C400&ssl=1 2x, https:\/\/i0.wp.com\/www.fjardhundraland.se\/wp-content\/uploads\/2014\/02\/nysatra.jpg?resize=1050%2C600&ssl=1 3x, https:\/\/i0.wp.com\/www.fjardhundraland.se\/wp-content\/uploads\/2014\/02\/nysatra.jpg?resize=1400%2C800&ssl=1 4x"},"classes":[]}],"jetpack_sharing_enabled":true,"_links":{"self":[{"href":"https:\/\/www.fjardhundraland.se\/es\/wp-json\/wp\/v2\/platser\/975","targetHints":{"allow":["GET"]}}],"collection":[{"href":"https:\/\/www.fjardhundraland.se\/es\/wp-json\/wp\/v2\/platser"}],"about":[{"href":"https:\/\/www.fjardhundraland.se\/es\/wp-json\/wp\/v2\/types\/plats"}],"wp:featuredmedia":[{"embeddable":true,"href":"https:\/\/www.fjardhundraland.se\/es\/wp-json\/wp\/v2\/media\/2991"}],"wp:attachment":[{"href":"https:\/\/www.fjardhundraland.se\/es\/wp-json\/wp\/v2\/media?parent=975"}],"wp:term":[{"taxonomy":"platserna","embeddable":true,"href":"https:\/\/www.fjardhundraland.se\/es\/wp-json\/wp\/v2\/platserna?post=975"},{"taxonomy":"platstagg","embeddable":true,"href":"https:\/\/www.fjardhundraland.se\/es\/wp-json\/wp\/v2\/platstagg?post=975"}],"curies":[{"name":"wp","href":"https:\/\/api.w.org\/{rel}","templated":true}]}}