
{"id":958,"date":"2012-05-23T12:16:10","date_gmt":"2012-05-23T10:16:10","guid":{"rendered":"http:\/\/www.fjardhundraland.se\/?post_type=plats&#038;p=958"},"modified":"2026-03-13T11:38:28","modified_gmt":"2026-03-13T10:38:28","slug":"cuatrocientos","status":"publish","type":"plats","link":"https:\/\/www.fjardhundraland.se\/es\/plats\/fjardhundra\/","title":{"rendered":"Fj\u00e4rdhundra"},"content":{"rendered":"<p><strong>Fj\u00e4rdhundra se cre\u00f3 como comunidad de estaci\u00f3n por el ferrocarril entre Enk\u00f6ping y Heby\/Runh\u00e4llen. El ferrocarril hace tiempo que se cerr\u00f3, y hoy Fj\u00e4rdhundra es una comunidad en la carretera 70 entre Enk\u00f6ping y Sala.<\/strong><\/p>\n\n\n\n<p><strong>Fj\u00e4rdhundra<\/strong> visible desde lejos, gracias al silo que se eleva sobre la llanura <a class=\"rank-math-link\" href=\"https:\/\/www.fjardhundraland.se\/es\/platos\/establos\/\">Establos marcianos<\/a>. Aqu\u00ed es donde los agricultores locales manipulan y entregan el grano. M\u00e1s lugares que visitar cerca de Fj\u00e4rdhundra en <a href=\"https:\/\/www.fjardhundraland.se\/es\/\">fjardhundraland.se<\/a><\/p>\n\n\n\n<h2 class=\"wp-block-heading\">\u00a1Escucha la historia de Fj\u00e4rdhundra!<\/h2>\n\n\n\n<p>Aqu\u00ed tienes una audiogu\u00eda. Escuche la historia de c\u00f3mo naci\u00f3 Fj\u00e4rdhundraland.<\/p>\n\n\n\n<figure class=\"wp-block-audio\"><audio controls src=\"https:\/\/www.fjardhundraland.se\/wp-content\/uploads\/2021\/04\/fjardhundra.mp3\"><\/audio><\/figure>\n\n\n\n<hr class=\"wp-block-separator\"\/>\n\n\n\n<p><em>Es mejor cuando escuchas en la aplicaci\u00f3n&nbsp;<\/em><a href=\"https:\/\/www.storyspot.io\/sv\/\" target=\"_blank\" rel=\"noopener\"><em>Storyspot<\/em><\/a><em>donde encontrar\u00e1 audiogu\u00edas e historias de muchos lugares diferentes.<\/em><\/p>\n\n\n\n<p>Producci\u00f3n: David Larsson, Priroda Media<br>Gui\u00f3n: Ylva Fontell<br>Lectura en sueco: \u00c5sa Lansfors Lindblom<br>Lectura en alem\u00e1n: Charlotte R\u00fcckl<br>Lectura en ingl\u00e9s: Campbell Kelso<br><br>La producci\u00f3n se ha realizado con el apoyo de Leader M\u00e4lardalen.<br><br><img decoding=\"async\" width=\"100\" height=\"100\" data-attachment-id=\"5259\" data-permalink=\"https:\/\/www.fjardhundraland.se\/es\/cykla\/fjardhundralandsleden\/attachment\/leader\/\" data-orig-file=\"https:\/\/www.fjardhundraland.se\/wp-content\/uploads\/2018\/06\/leader.jpg\" data-orig-size=\"763,764\" data-comments-opened=\"0\" data-image-meta=\"{&quot;aperture&quot;:&quot;0&quot;,&quot;credit&quot;:&quot;&quot;,&quot;camera&quot;:&quot;&quot;,&quot;caption&quot;:&quot;&quot;,&quot;created_timestamp&quot;:&quot;0&quot;,&quot;copyright&quot;:&quot;&quot;,&quot;focal_length&quot;:&quot;0&quot;,&quot;iso&quot;:&quot;0&quot;,&quot;shutter_speed&quot;:&quot;0&quot;,&quot;title&quot;:&quot;&quot;,&quot;orientation&quot;:&quot;0&quot;}\" data-image-title=\"Leader\" data-image-description=\"\" data-image-caption=\"\" data-large-file=\"https:\/\/www.fjardhundraland.se\/wp-content\/uploads\/2018\/06\/leader.jpg\" scale=\"0\" class=\"wp-image-5259\" style=\"width: 100px;\" src=\"https:\/\/www.fjardhundraland.se\/wp-content\/uploads\/2018\/06\/leader.jpg\" alt=\"\" title=\"\">  <img decoding=\"async\" width=\"100\" height=\"97\" data-attachment-id=\"5380\" data-permalink=\"https:\/\/www.fjardhundraland.se\/es\/mat\/2018\/smaker-pa-kvek\/attachment\/eu-flaggaeuropeiskajordbruksfondenfarg-2\/\" data-orig-file=\"https:\/\/www.fjardhundraland.se\/wp-content\/uploads\/2018\/08\/eu-flaggaeuropeiskajordbruksfondenfacc88rg.jpg\" data-orig-size=\"278,271\" data-comments-opened=\"0\" data-image-meta=\"{&quot;aperture&quot;:&quot;0&quot;,&quot;credit&quot;:&quot;&quot;,&quot;camera&quot;:&quot;&quot;,&quot;caption&quot;:&quot;&quot;,&quot;created_timestamp&quot;:&quot;0&quot;,&quot;copyright&quot;:&quot;&quot;,&quot;focal_length&quot;:&quot;0&quot;,&quot;iso&quot;:&quot;0&quot;,&quot;shutter_speed&quot;:&quot;0&quot;,&quot;title&quot;:&quot;&quot;,&quot;orientation&quot;:&quot;0&quot;}\" data-image-title=\"EU-flagga+Europeiska+jordbruksfonden+fa\u0308rg\" data-image-description=\"\" data-image-caption=\"\" data-large-file=\"https:\/\/www.fjardhundraland.se\/wp-content\/uploads\/2018\/08\/eu-flaggaeuropeiskajordbruksfondenfacc88rg.jpg\" scale=\"0\" class=\"wp-image-5380\" style=\"width: 100px;\" src=\"https:\/\/www.fjardhundraland.se\/wp-content\/uploads\/2018\/08\/eu-flaggaeuropeiskajordbruksfondenfacc88rg.jpg\" alt=\"\" title=\"\"><img decoding=\"async\" width=\"300\" height=\"90\" data-attachment-id=\"5257\" data-permalink=\"https:\/\/www.fjardhundraland.se\/es\/cykla\/fjardhundralandsleden\/attachment\/logo-leader_malardalen\/\" data-orig-file=\"https:\/\/www.fjardhundraland.se\/wp-content\/uploads\/2018\/06\/logo-leader_malardalen.jpg\" data-orig-size=\"2330,696\" data-comments-opened=\"0\" data-image-meta=\"{&quot;aperture&quot;:&quot;0&quot;,&quot;credit&quot;:&quot;&quot;,&quot;camera&quot;:&quot;&quot;,&quot;caption&quot;:&quot;&quot;,&quot;created_timestamp&quot;:&quot;0&quot;,&quot;copyright&quot;:&quot;&quot;,&quot;focal_length&quot;:&quot;0&quot;,&quot;iso&quot;:&quot;0&quot;,&quot;shutter_speed&quot;:&quot;0&quot;,&quot;title&quot;:&quot;&quot;,&quot;orientation&quot;:&quot;0&quot;}\" data-image-title=\"Logo LEADER_MALARDALEN\" data-image-description=\"\" data-image-caption=\"\" data-large-file=\"https:\/\/www.fjardhundraland.se\/wp-content\/uploads\/2018\/06\/logo-leader_malardalen.jpg\" scale=\"0\" class=\"wp-image-5257\" style=\"width: 300px;\" src=\"https:\/\/www.fjardhundraland.se\/wp-content\/uploads\/2018\/06\/logo-leader_malardalen.jpg\" alt=\"\" title=\"\"><\/p>","protected":false},"excerpt":{"rendered":"<p>Fj\u00e4rdhundra skapades som ett stationssamh\u00e4lle vid j\u00e4rnv\u00e4gen mellan Enk\u00f6ping och Heby\/Runh\u00e4llen. J\u00e4rnv\u00e4gen \u00e4r sedan l\u00e4nge nedlagd, och idag \u00e4r Fj\u00e4rdhundra ett samh\u00e4lle vid v\u00e4g 70 mellan Enk\u00f6ping och Sala. Fj\u00e4rdhundra syns p\u00e5 l\u00e5ngt h\u00e5ll, tack vare silon reser sig \u00f6ver sl\u00e4tten Marstallen. D\u00e4r tas spannm\u00e5len om hand som levereras av traktens lantbrukare. Fler bes\u00f6ksm\u00e5l n\u00e4ra [&hellip;]<\/p>\n","protected":false},"featured_media":7317,"parent":0,"template":"","platserna":[201,281],"platstagg":[125,283],"class_list":{"0":"post-958","1":"plats","2":"type-plats","3":"status-publish","4":"has-post-thumbnail","6":"platserna-historia","7":"platserna-ljudguider","8":"platstagg-fjardhundra","9":"platstagg-storyspot","10":"entry"},"acf":{"oppenverksamhet":false,"med_pa_kartan":false,"visa_pa_webbsidan":true,"beskrivande_underrubrik":"","kontaktperson":"","tel":"","tel_alt":"","e-post":"","adress":"","postnummer":"749 70","webb":"","facebook":"","instagram":"","tripadvisor":"","wikipedia":"https:\/\/sv.wikipedia.org\/wiki\/Fj%C3%A4rdhundra","koordinater":{"address":"Custom Location: (59.77716433772405, 16.927680111145023)","lat":59.77716433772405,"lng":16.927680111145023,"zoom":17,"country":"","country_short":"","place_id":"","post_code":"","state":"","street_name":"","street_name_short":""},"googleplaceid":"","gps-fil":"","wc":false,"wifi":false,"medlem":false,"\u00f6ppettider":"","info":""},"visa":null,"geo_latitude":"59.7755775","geo_longitude":"16.9211063","jetpack-related-posts":[{"id":11561,"url":"https:\/\/www.fjardhundraland.se\/es\/plats\/fjardhundra-aktivitetscenter\/","url_meta":{"origin":958,"position":0},"title":"Fj\u00e4rdhundra Centro de Actividades","author":"Ylva Fontell","date":"21 octubre 2022","format":false,"excerpt":"Pista t\u00e9cnica para bicicletas de monta\u00f1a, pistas de petanca con est\u00e1ndar de competici\u00f3n y gran gimnasio al aire libre.","rel":"","context":"Entrada similar","block_context":{"text":"Entrada similar","link":""},"img":{"alt_text":"","src":"https:\/\/i0.wp.com\/www.fjardhundraland.se\/wp-content\/uploads\/2022\/10\/f100aktivitet13.jpeg?resize=350%2C200&ssl=1","width":350,"height":200,"srcset":"https:\/\/i0.wp.com\/www.fjardhundraland.se\/wp-content\/uploads\/2022\/10\/f100aktivitet13.jpeg?resize=350%2C200&ssl=1 1x, https:\/\/i0.wp.com\/www.fjardhundraland.se\/wp-content\/uploads\/2022\/10\/f100aktivitet13.jpeg?resize=525%2C300&ssl=1 1.5x, https:\/\/i0.wp.com\/www.fjardhundraland.se\/wp-content\/uploads\/2022\/10\/f100aktivitet13.jpeg?resize=700%2C400&ssl=1 2x, https:\/\/i0.wp.com\/www.fjardhundraland.se\/wp-content\/uploads\/2022\/10\/f100aktivitet13.jpeg?resize=1050%2C600&ssl=1 3x, https:\/\/i0.wp.com\/www.fjardhundraland.se\/wp-content\/uploads\/2022\/10\/f100aktivitet13.jpeg?resize=1400%2C800&ssl=1 4x"},"classes":[]},{"id":6108,"url":"https:\/\/www.fjardhundraland.se\/es\/plats\/ljudguide-jarnvagen-uppsala-enkoping\/","url_meta":{"origin":958,"position":1},"title":"Audiogu\u00eda: ferrocarril Uppsala-Enk\u00f6ping","author":"Mats Thorburn","date":"2 octubre 2019","format":false,"excerpt":"El carril bici recto que atraviesa el bosque es un antiguo terrapl\u00e9n de ferrocarril. El ferrocarril pasaba por aqu\u00ed entre Uppsala y Enk\u00f6ping. Escucha la historia aqu\u00ed En sueco En ingl\u00e9s Auf deutsch","rel":"","context":"Entrada similar","block_context":{"text":"Entrada similar","link":""},"img":{"alt_text":"","src":"https:\/\/i0.wp.com\/www.fjardhundraland.se\/wp-content\/uploads\/2019\/10\/occ88rsundsbro_railway_station_sweden_may_16_1937.jpg?resize=350%2C200&ssl=1","width":350,"height":200,"srcset":"https:\/\/i0.wp.com\/www.fjardhundraland.se\/wp-content\/uploads\/2019\/10\/occ88rsundsbro_railway_station_sweden_may_16_1937.jpg?resize=350%2C200&ssl=1 1x, https:\/\/i0.wp.com\/www.fjardhundraland.se\/wp-content\/uploads\/2019\/10\/occ88rsundsbro_railway_station_sweden_may_16_1937.jpg?resize=525%2C300&ssl=1 1.5x"},"classes":[]},{"id":8304,"url":"https:\/\/www.fjardhundraland.se\/es\/plats\/forsarnas-forsby\/","url_meta":{"origin":958,"position":2},"title":"Audiogu\u00eda: Forsarnas Forsby","author":"Ylva Fontell","date":"30 abril 2021","format":false,"excerpt":"Forsby es un pueblo construido sobre las caudalosas aguas del r\u00edo \u00d6rsunda. Aqu\u00ed, la fuerza del agua dio vida a molinos y serrer\u00edas antes de la llegada de la electricidad. Escucha la historia de los molinos, molineros y panaderos de la gran ciudad central de Forsby. Esc\u00fachala en la aplicaci\u00f3n Storyspot o aqu\u00ed. Texto: Ylva Fontell. Subt\u00edtulos: Gunnar Larsson. Lector: \u00c5sa Lansfors. M\u00fasica: ...","rel":"","context":"Entrada similar","block_context":{"text":"Entrada similar","link":""},"img":{"alt_text":"Forsby kvarn foto John Alinder Upplandsmuseet","src":"https:\/\/i0.wp.com\/www.fjardhundraland.se\/wp-content\/uploads\/2021\/04\/forsby-kvarn-foto-john-alinder-upplandsmuseet.jpg?resize=350%2C200&ssl=1","width":350,"height":200,"srcset":"https:\/\/i0.wp.com\/www.fjardhundraland.se\/wp-content\/uploads\/2021\/04\/forsby-kvarn-foto-john-alinder-upplandsmuseet.jpg?resize=350%2C200&ssl=1 1x, https:\/\/i0.wp.com\/www.fjardhundraland.se\/wp-content\/uploads\/2021\/04\/forsby-kvarn-foto-john-alinder-upplandsmuseet.jpg?resize=525%2C300&ssl=1 1.5x, https:\/\/i0.wp.com\/www.fjardhundraland.se\/wp-content\/uploads\/2021\/04\/forsby-kvarn-foto-john-alinder-upplandsmuseet.jpg?resize=700%2C400&ssl=1 2x, https:\/\/i0.wp.com\/www.fjardhundraland.se\/wp-content\/uploads\/2021\/04\/forsby-kvarn-foto-john-alinder-upplandsmuseet.jpg?resize=1050%2C600&ssl=1 3x"},"classes":[]},{"id":971,"url":"https:\/\/www.fjardhundraland.se\/es\/plats\/marstallen\/","url_meta":{"origin":958,"position":3},"title":"Establos marcianos","author":"Mats Thorburn","date":"24 mayo 2012","format":false,"excerpt":"Una llanura al sureste de la comunidad Fj\u00e4rdhundra. La llanura era una de las mayores zonas pantanosas de Uppland, que m\u00e1s tarde fue desecada y convertida en tierras de cultivo. Marstallen es un lugar de descanso popular para muchas aves, especialmente durante la migraci\u00f3n primaveral. Escuche la historia de Marstallen \u00a1Aqu\u00ed tiene una audiogu\u00eda!","rel":"","context":"Entrada similar","block_context":{"text":"Entrada similar","link":""},"img":{"alt_text":"","src":"https:\/\/i0.wp.com\/www.fjardhundraland.se\/wp-content\/uploads\/2012\/05\/marstallen_ny.jpg?resize=350%2C200&ssl=1","width":350,"height":200,"srcset":"https:\/\/i0.wp.com\/www.fjardhundraland.se\/wp-content\/uploads\/2012\/05\/marstallen_ny.jpg?resize=350%2C200&ssl=1 1x, https:\/\/i0.wp.com\/www.fjardhundraland.se\/wp-content\/uploads\/2012\/05\/marstallen_ny.jpg?resize=525%2C300&ssl=1 1.5x, https:\/\/i0.wp.com\/www.fjardhundraland.se\/wp-content\/uploads\/2012\/05\/marstallen_ny.jpg?resize=700%2C400&ssl=1 2x, https:\/\/i0.wp.com\/www.fjardhundraland.se\/wp-content\/uploads\/2012\/05\/marstallen_ny.jpg?resize=1050%2C600&ssl=1 3x, https:\/\/i0.wp.com\/www.fjardhundraland.se\/wp-content\/uploads\/2012\/05\/marstallen_ny.jpg?resize=1400%2C800&ssl=1 4x"},"classes":[]},{"id":6159,"url":"https:\/\/www.fjardhundraland.se\/es\/plats\/stinsens-bod\/","url_meta":{"origin":958,"position":4},"title":"Puesto Stinsens","author":"Mats Thorburn","date":"4 octubre 2019","format":false,"excerpt":"En la antigua estaci\u00f3n de \u00c5dalen, en Altuna, encontrar\u00e1s el puesto de Stinsens, lleno de regalos y baratijas. Recibir\u00e1s una c\u00e1lida bienvenida y una charla a cambio: se trata de un negocio regentado con gran entusiasmo y alegr\u00eda.","rel":"","context":"Entrada similar","block_context":{"text":"Entrada similar","link":""},"img":{"alt_text":"","src":"https:\/\/i0.wp.com\/www.fjardhundraland.se\/wp-content\/uploads\/2019\/10\/stinsen1.jpg?resize=350%2C200&ssl=1","width":350,"height":200,"srcset":"https:\/\/i0.wp.com\/www.fjardhundraland.se\/wp-content\/uploads\/2019\/10\/stinsen1.jpg?resize=350%2C200&ssl=1 1x, https:\/\/i0.wp.com\/www.fjardhundraland.se\/wp-content\/uploads\/2019\/10\/stinsen1.jpg?resize=525%2C300&ssl=1 1.5x, https:\/\/i0.wp.com\/www.fjardhundraland.se\/wp-content\/uploads\/2019\/10\/stinsen1.jpg?resize=700%2C400&ssl=1 2x"},"classes":[]},{"id":1015,"url":"https:\/\/www.fjardhundraland.se\/es\/plats\/forsby-kvarn-kafe\/","url_meta":{"origin":958,"position":5},"title":"Caf\u00e9 del molino de Forsby","author":"Ylva Fontell","date":"30 abril 2020","format":false,"excerpt":"Forsby Mill hornea pasteles y cocina con ambici\u00f3n. El bello entorno junto al caudaloso r\u00edo \u00d6rsunda, junto con todo lo bueno que hay para comer, proporcionan una buena experiencia garantizada.","rel":"","context":"Entrada similar","block_context":{"text":"Entrada similar","link":""},"img":{"alt_text":"","src":"https:\/\/i0.wp.com\/www.fjardhundraland.se\/wp-content\/uploads\/2020\/04\/forsby-kvarn-kafe-white-guide.jpg?resize=350%2C200&ssl=1","width":350,"height":200,"srcset":"https:\/\/i0.wp.com\/www.fjardhundraland.se\/wp-content\/uploads\/2020\/04\/forsby-kvarn-kafe-white-guide.jpg?resize=350%2C200&ssl=1 1x, https:\/\/i0.wp.com\/www.fjardhundraland.se\/wp-content\/uploads\/2020\/04\/forsby-kvarn-kafe-white-guide.jpg?resize=525%2C300&ssl=1 1.5x, https:\/\/i0.wp.com\/www.fjardhundraland.se\/wp-content\/uploads\/2020\/04\/forsby-kvarn-kafe-white-guide.jpg?resize=700%2C400&ssl=1 2x, https:\/\/i0.wp.com\/www.fjardhundraland.se\/wp-content\/uploads\/2020\/04\/forsby-kvarn-kafe-white-guide.jpg?resize=1050%2C600&ssl=1 3x, https:\/\/i0.wp.com\/www.fjardhundraland.se\/wp-content\/uploads\/2020\/04\/forsby-kvarn-kafe-white-guide.jpg?resize=1400%2C800&ssl=1 4x"},"classes":[]}],"jetpack_sharing_enabled":true,"_links":{"self":[{"href":"https:\/\/www.fjardhundraland.se\/es\/wp-json\/wp\/v2\/platser\/958","targetHints":{"allow":["GET"]}}],"collection":[{"href":"https:\/\/www.fjardhundraland.se\/es\/wp-json\/wp\/v2\/platser"}],"about":[{"href":"https:\/\/www.fjardhundraland.se\/es\/wp-json\/wp\/v2\/types\/plats"}],"wp:featuredmedia":[{"embeddable":true,"href":"https:\/\/www.fjardhundraland.se\/es\/wp-json\/wp\/v2\/media\/7317"}],"wp:attachment":[{"href":"https:\/\/www.fjardhundraland.se\/es\/wp-json\/wp\/v2\/media?parent=958"}],"wp:term":[{"taxonomy":"platserna","embeddable":true,"href":"https:\/\/www.fjardhundraland.se\/es\/wp-json\/wp\/v2\/platserna?post=958"},{"taxonomy":"platstagg","embeddable":true,"href":"https:\/\/www.fjardhundraland.se\/es\/wp-json\/wp\/v2\/platstagg?post=958"}],"curies":[{"name":"wp","href":"https:\/\/api.w.org\/{rel}","templated":true}]}}