
{"id":938,"date":"2012-05-18T22:42:22","date_gmt":"2012-05-18T20:42:22","guid":{"rendered":"http:\/\/www.fjardhundraland.se\/?post_type=plats&#038;p=938"},"modified":"2025-06-27T18:21:12","modified_gmt":"2025-06-27T16:21:12","slug":"iglesia-de-osterunda","status":"publish","type":"plats","link":"https:\/\/www.fjardhundraland.se\/es\/plats\/osterunda-kyrka\/","title":{"rendered":"Iglesia de \u00d6sterunda"},"content":{"rendered":"<p>La iglesia de \u00d6sterunda es una t\u00edpica iglesia medieval de Uppland revestida de blanco, con el campanario rojo en una colina cercana. La iglesia comenz\u00f3 a construirse a finales del siglo XIII y en la segunda mitad del siglo XV el interior se llen\u00f3 de pinturas de <a class=\"rank-math-link\" href=\"https:\/\/www.fjardhundraland.se\/es\/los-sitios\/gora\/albertus-pictor\/\">Albertus Pictor<\/a>. Aqu\u00ed puedes ver el cuadro pintado de un esquiador m\u00e1s antiguo de Suecia (en Balingsta, no lejos de aqu\u00ed, hay un esquiador tallado en una piedra r\u00fanica. El esqu\u00ed tiene una larga historia en Uppland).<\/p>\n\n\n\n<p>Las pinturas de \u00d6sterunda han sido encaladas y, por tanto, no est\u00e1n en tan buen estado como las de Albertus Pictor en <a href=\"https:\/\/www.fjardhundraland.se\/es\/platos\/iglesia-de-harnevi\/\">H\u00e4rnevi<\/a> o <a href=\"https:\/\/www.fjardhundraland.se\/es\/platos\/iglesia-de-harkeberga\/\">H\u00e4rkeberga<\/a>.<\/p>\n\n\n\n<p>La iglesia se encuentra en un lugar pintoresco y el c\u00e9sped de detr\u00e1s <a href=\"https:\/\/www.fjardhundraland.se\/es\/platos\/la-piedra-runica-de-la-iglesia-de-osterunda\/\">campanarios<\/a> es un bonito lugar de picnic.<\/p>\n\n\n\n<div class=\"wp-block-jetpack-tiled-gallery aligncenter is-style-rectangular\"><div class=\"\"><div class=\"tiled-gallery__gallery\"><div class=\"tiled-gallery__row\"><div class=\"tiled-gallery__col\" style=\"flex-basis:50.89562231382519%\"><figure class=\"tiled-gallery__item\"><img decoding=\"async\" data-attachment-id=\"2024\" data-permalink=\"https:\/\/www.fjardhundraland.se\/es\/plats\/osterunda-kyrka\/attachment\/regnbage-osterunda\/\" data-orig-file=\"https:\/\/www.fjardhundraland.se\/wp-content\/uploads\/2012\/05\/regnb\u00e5ge-\u00f6sterunda.jpg\" data-orig-size=\"1197,797\" data-comments-opened=\"0\" data-image-meta=\"{&quot;aperture&quot;:&quot;0&quot;,&quot;credit&quot;:&quot;&quot;,&quot;camera&quot;:&quot;&quot;,&quot;caption&quot;:&quot;&quot;,&quot;created_timestamp&quot;:&quot;0&quot;,&quot;copyright&quot;:&quot;&quot;,&quot;focal_length&quot;:&quot;0&quot;,&quot;iso&quot;:&quot;0&quot;,&quot;shutter_speed&quot;:&quot;0&quot;,&quot;title&quot;:&quot;&quot;,&quot;orientation&quot;:&quot;0&quot;}\" data-image-title=\"regnb\u00e5ge-\u00f6sterunda\" data-image-description=\"\" data-image-caption=\"\" data-large-file=\"https:\/\/www.fjardhundraland.se\/wp-content\/uploads\/2012\/05\/regnb\u00e5ge-\u00f6sterunda.jpg\" role=\"button\" tabindex=\"0\" aria-label=\"Abrir imagen 1 de 6 en pantalla completa\" srcset=\"https:\/\/i0.wp.com\/www.fjardhundraland.se\/wp-content\/uploads\/2012\/05\/regnb%C3%A5ge-%C3%B6sterunda.jpg?strip=info&#038;w=600&#038;ssl=1 600w,https:\/\/i0.wp.com\/www.fjardhundraland.se\/wp-content\/uploads\/2012\/05\/regnb%C3%A5ge-%C3%B6sterunda.jpg?strip=info&#038;w=900&#038;ssl=1 900w,https:\/\/i0.wp.com\/www.fjardhundraland.se\/wp-content\/uploads\/2012\/05\/regnb%C3%A5ge-%C3%B6sterunda.jpg?strip=info&#038;w=1197&#038;ssl=1 1197w\" alt=\"\" data-height=\"797\" data-id=\"2024\" data-link=\"https:\/\/www.fjardhundraland.se\/plats\/osterunda-kyrka\/regnbage-osterunda\/\" data-url=\"https:\/\/www.fjardhundraland.se\/wp-content\/uploads\/2012\/05\/regnb\u00e5ge-\u00f6sterunda.jpg\" data-width=\"1197\" src=\"https:\/\/i0.wp.com\/www.fjardhundraland.se\/wp-content\/uploads\/2012\/05\/regnb%C3%A5ge-%C3%B6sterunda.jpg?ssl=1\" data-amp-layout=\"responsive\" title=\"\"><\/figure><figure class=\"tiled-gallery__item\"><img decoding=\"async\" data-attachment-id=\"976\" data-permalink=\"https:\/\/www.fjardhundraland.se\/es\/plats\/osterunda-kyrka\/attachment\/osterunda_kyrka\/\" data-orig-file=\"https:\/\/www.fjardhundraland.se\/wp-content\/uploads\/2012\/05\/\u00d6sterunda_kyrka.jpg\" data-orig-size=\"2048,1365\" data-comments-opened=\"0\" data-image-meta=\"{&quot;aperture&quot;:&quot;0&quot;,&quot;credit&quot;:&quot;&quot;,&quot;camera&quot;:&quot;&quot;,&quot;caption&quot;:&quot;&quot;,&quot;created_timestamp&quot;:&quot;0&quot;,&quot;copyright&quot;:&quot;&quot;,&quot;focal_length&quot;:&quot;0&quot;,&quot;iso&quot;:&quot;0&quot;,&quot;shutter_speed&quot;:&quot;0&quot;,&quot;title&quot;:&quot;&quot;,&quot;orientation&quot;:&quot;0&quot;}\" data-image-title=\"\u00d6sterunda kyrka\" data-image-description=\"\" data-image-caption=\"\" data-large-file=\"https:\/\/www.fjardhundraland.se\/wp-content\/uploads\/2012\/05\/\u00d6sterunda_kyrka.jpg\" role=\"button\" tabindex=\"0\" aria-label=\"Abrir imagen 2 de 6 en pantalla completa\" srcset=\"https:\/\/i0.wp.com\/www.fjardhundraland.se\/wp-content\/uploads\/2012\/05\/%C3%96sterunda_kyrka.jpg?strip=info&#038;w=600&#038;ssl=1 600w,https:\/\/i0.wp.com\/www.fjardhundraland.se\/wp-content\/uploads\/2012\/05\/%C3%96sterunda_kyrka.jpg?strip=info&#038;w=900&#038;ssl=1 900w,https:\/\/i0.wp.com\/www.fjardhundraland.se\/wp-content\/uploads\/2012\/05\/%C3%96sterunda_kyrka.jpg?strip=info&#038;w=1200&#038;ssl=1 1200w,https:\/\/i0.wp.com\/www.fjardhundraland.se\/wp-content\/uploads\/2012\/05\/%C3%96sterunda_kyrka.jpg?strip=info&#038;w=1500&#038;ssl=1 1500w,https:\/\/i0.wp.com\/www.fjardhundraland.se\/wp-content\/uploads\/2012\/05\/%C3%96sterunda_kyrka.jpg?strip=info&#038;w=1800&#038;ssl=1 1800w,https:\/\/i0.wp.com\/www.fjardhundraland.se\/wp-content\/uploads\/2012\/05\/%C3%96sterunda_kyrka.jpg?strip=info&#038;w=2000&#038;ssl=1 2000w\" alt=\"Iglesia de \u00d6sterunda desde el cementerio\" data-height=\"1365\" data-id=\"976\" data-link=\"https:\/\/www.fjardhundraland.se\/plats\/osterunda-kyrka\/osterunda_kyrka\/\" data-url=\"https:\/\/www.fjardhundraland.se\/wp-content\/uploads\/2012\/05\/\u00d6sterunda_kyrka.jpg\" data-width=\"2048\" src=\"https:\/\/i0.wp.com\/www.fjardhundraland.se\/wp-content\/uploads\/2012\/05\/%C3%96sterunda_kyrka.jpg?ssl=1\" data-amp-layout=\"responsive\" title=\"\"><\/figure><\/div><div class=\"tiled-gallery__col\" style=\"flex-basis:49.1043776861748%\"><figure class=\"tiled-gallery__item\"><img decoding=\"async\" data-attachment-id=\"2026\" data-permalink=\"https:\/\/www.fjardhundraland.se\/es\/plats\/osterunda-kyrka\/attachment\/osterunda-kyrka-sidakare\/\" data-orig-file=\"https:\/\/www.fjardhundraland.se\/wp-content\/uploads\/2012\/05\/Osterunda-kyrka-sid\u00e5kare.jpg\" data-orig-size=\"533,744\" data-comments-opened=\"0\" data-image-meta=\"{&quot;aperture&quot;:&quot;0&quot;,&quot;credit&quot;:&quot;&quot;,&quot;camera&quot;:&quot;&quot;,&quot;caption&quot;:&quot;&quot;,&quot;created_timestamp&quot;:&quot;0&quot;,&quot;copyright&quot;:&quot;&quot;,&quot;focal_length&quot;:&quot;0&quot;,&quot;iso&quot;:&quot;0&quot;,&quot;shutter_speed&quot;:&quot;0&quot;,&quot;title&quot;:&quot;&quot;,&quot;orientation&quot;:&quot;0&quot;}\" data-image-title=\"\u00d6sterunda kyrka skid\u00e5kare\" data-image-description=\"\" data-image-caption=\"\" data-large-file=\"https:\/\/www.fjardhundraland.se\/wp-content\/uploads\/2012\/05\/Osterunda-kyrka-sid\u00e5kare.jpg\" role=\"button\" tabindex=\"0\" aria-label=\"Abrir imagen 3 de 6 en pantalla completa\" srcset=\"https:\/\/i0.wp.com\/www.fjardhundraland.se\/wp-content\/uploads\/2012\/05\/Osterunda-kyrka-sid%C3%A5kare.jpg?strip=info&#038;w=533&#038;ssl=1 533w\" alt=\"Esquiadores de la iglesia de \u00d6sterunda\" data-height=\"744\" data-id=\"2026\" data-link=\"https:\/\/www.fjardhundraland.se\/plats\/osterunda-kyrka\/osterunda-kyrka-sidakare\/\" data-url=\"https:\/\/www.fjardhundraland.se\/wp-content\/uploads\/2012\/05\/Osterunda-kyrka-sid\u00e5kare.jpg\" data-width=\"533\" src=\"https:\/\/i0.wp.com\/www.fjardhundraland.se\/wp-content\/uploads\/2012\/05\/Osterunda-kyrka-sid%C3%A5kare.jpg?ssl=1\" data-amp-layout=\"responsive\" title=\"\"><\/figure><\/div><\/div><div class=\"tiled-gallery__row\"><div class=\"tiled-gallery__col\" style=\"flex-basis:43.151902748581236%\"><figure class=\"tiled-gallery__item\"><img decoding=\"async\" data-attachment-id=\"6884\" data-permalink=\"https:\/\/www.fjardhundraland.se\/es\/plats\/osterunda-kyrka\/attachment\/occ88sterunda-kyrka-interiocc88r\/\" data-orig-file=\"https:\/\/www.fjardhundraland.se\/wp-content\/uploads\/2020\/05\/occ88sterunda-kyrka-interiocc88r.jpg\" data-orig-size=\"2500,1877\" data-comments-opened=\"0\" data-image-meta=\"{&quot;aperture&quot;:&quot;0&quot;,&quot;credit&quot;:&quot;&quot;,&quot;camera&quot;:&quot;&quot;,&quot;caption&quot;:&quot;&quot;,&quot;created_timestamp&quot;:&quot;0&quot;,&quot;copyright&quot;:&quot;&quot;,&quot;focal_length&quot;:&quot;0&quot;,&quot;iso&quot;:&quot;0&quot;,&quot;shutter_speed&quot;:&quot;0&quot;,&quot;title&quot;:&quot;&quot;,&quot;orientation&quot;:&quot;0&quot;}\" data-image-title=\"O\u0308sterunda kyrka interio\u0308r\" data-image-description=\"\" data-image-caption=\"\" data-large-file=\"https:\/\/www.fjardhundraland.se\/wp-content\/uploads\/2020\/05\/occ88sterunda-kyrka-interiocc88r.jpg\" role=\"button\" tabindex=\"0\" aria-label=\"Abrir imagen 4 de 6 en pantalla completa\" srcset=\"https:\/\/i0.wp.com\/www.fjardhundraland.se\/wp-content\/uploads\/2020\/05\/occ88sterunda-kyrka-interiocc88r.jpg?strip=info&#038;w=600&#038;ssl=1 600w,https:\/\/i0.wp.com\/www.fjardhundraland.se\/wp-content\/uploads\/2020\/05\/occ88sterunda-kyrka-interiocc88r.jpg?strip=info&#038;w=900&#038;ssl=1 900w,https:\/\/i0.wp.com\/www.fjardhundraland.se\/wp-content\/uploads\/2020\/05\/occ88sterunda-kyrka-interiocc88r.jpg?strip=info&#038;w=1200&#038;ssl=1 1200w,https:\/\/i0.wp.com\/www.fjardhundraland.se\/wp-content\/uploads\/2020\/05\/occ88sterunda-kyrka-interiocc88r.jpg?strip=info&#038;w=1500&#038;ssl=1 1500w,https:\/\/i0.wp.com\/www.fjardhundraland.se\/wp-content\/uploads\/2020\/05\/occ88sterunda-kyrka-interiocc88r.jpg?strip=info&#038;w=1800&#038;ssl=1 1800w,https:\/\/i0.wp.com\/www.fjardhundraland.se\/wp-content\/uploads\/2020\/05\/occ88sterunda-kyrka-interiocc88r.jpg?strip=info&#038;w=2000&#038;ssl=1 2000w\" alt=\"\" data-height=\"1877\" data-id=\"6884\" data-link=\"https:\/\/www.fjardhundraland.se\/plats\/osterunda-kyrka\/occ88sterunda-kyrka-interiocc88r\/\" data-url=\"https:\/\/www.fjardhundraland.se\/wp-content\/uploads\/2020\/05\/occ88sterunda-kyrka-interiocc88r.jpg\" data-width=\"2500\" src=\"https:\/\/i0.wp.com\/www.fjardhundraland.se\/wp-content\/uploads\/2020\/05\/occ88sterunda-kyrka-interiocc88r.jpg?ssl=1\" data-amp-layout=\"responsive\" title=\"\"><\/figure><\/div><div class=\"tiled-gallery__col\" style=\"flex-basis:32.44385118331161%\"><figure class=\"tiled-gallery__item\"><img decoding=\"async\" data-attachment-id=\"6886\" data-permalink=\"https:\/\/www.fjardhundraland.se\/es\/plats\/osterunda-kyrka\/attachment\/occ88sterunda-kyrka-st-henrik\/\" data-orig-file=\"https:\/\/www.fjardhundraland.se\/wp-content\/uploads\/2020\/05\/occ88sterunda-kyrka-st-henrik.jpg\" data-orig-size=\"2500,2500\" data-comments-opened=\"0\" data-image-meta=\"{&quot;aperture&quot;:&quot;0&quot;,&quot;credit&quot;:&quot;&quot;,&quot;camera&quot;:&quot;&quot;,&quot;caption&quot;:&quot;&quot;,&quot;created_timestamp&quot;:&quot;0&quot;,&quot;copyright&quot;:&quot;&quot;,&quot;focal_length&quot;:&quot;0&quot;,&quot;iso&quot;:&quot;0&quot;,&quot;shutter_speed&quot;:&quot;0&quot;,&quot;title&quot;:&quot;&quot;,&quot;orientation&quot;:&quot;0&quot;}\" data-image-title=\"O\u0308sterunda kyrka St Henrik\" data-image-description=\"\" data-image-caption=\"\" data-large-file=\"https:\/\/www.fjardhundraland.se\/wp-content\/uploads\/2020\/05\/occ88sterunda-kyrka-st-henrik.jpg\" role=\"button\" tabindex=\"0\" aria-label=\"Abrir imagen 5 de 6 en pantalla completa\" srcset=\"https:\/\/i0.wp.com\/www.fjardhundraland.se\/wp-content\/uploads\/2020\/05\/occ88sterunda-kyrka-st-henrik.jpg?strip=info&#038;w=600&#038;ssl=1 600w,https:\/\/i0.wp.com\/www.fjardhundraland.se\/wp-content\/uploads\/2020\/05\/occ88sterunda-kyrka-st-henrik.jpg?strip=info&#038;w=900&#038;ssl=1 900w,https:\/\/i0.wp.com\/www.fjardhundraland.se\/wp-content\/uploads\/2020\/05\/occ88sterunda-kyrka-st-henrik.jpg?strip=info&#038;w=1200&#038;ssl=1 1200w,https:\/\/i0.wp.com\/www.fjardhundraland.se\/wp-content\/uploads\/2020\/05\/occ88sterunda-kyrka-st-henrik.jpg?strip=info&#038;w=1500&#038;ssl=1 1500w,https:\/\/i0.wp.com\/www.fjardhundraland.se\/wp-content\/uploads\/2020\/05\/occ88sterunda-kyrka-st-henrik.jpg?strip=info&#038;w=1800&#038;ssl=1 1800w,https:\/\/i0.wp.com\/www.fjardhundraland.se\/wp-content\/uploads\/2020\/05\/occ88sterunda-kyrka-st-henrik.jpg?strip=info&#038;w=2000&#038;ssl=1 2000w\" alt=\"\" data-height=\"2500\" data-id=\"6886\" data-link=\"https:\/\/www.fjardhundraland.se\/plats\/osterunda-kyrka\/occ88sterunda-kyrka-st-henrik\/\" data-url=\"https:\/\/www.fjardhundraland.se\/wp-content\/uploads\/2020\/05\/occ88sterunda-kyrka-st-henrik.jpg\" data-width=\"2500\" src=\"https:\/\/i0.wp.com\/www.fjardhundraland.se\/wp-content\/uploads\/2020\/05\/occ88sterunda-kyrka-st-henrik.jpg?ssl=1\" data-amp-layout=\"responsive\" title=\"\"><\/figure><\/div><div class=\"tiled-gallery__col\" style=\"flex-basis:24.404246068107167%\"><figure class=\"tiled-gallery__item\"><img decoding=\"async\" data-attachment-id=\"6887\" data-permalink=\"https:\/\/www.fjardhundraland.se\/es\/plats\/osterunda-kyrka\/attachment\/runstensfragment-i-occ88sterunda-kyrka\/\" data-orig-file=\"https:\/\/www.fjardhundraland.se\/wp-content\/uploads\/2020\/05\/runstensfragment-i-occ88sterunda-kyrka.jpg\" data-orig-size=\"1877,2500\" data-comments-opened=\"0\" data-image-meta=\"{&quot;aperture&quot;:&quot;0&quot;,&quot;credit&quot;:&quot;&quot;,&quot;camera&quot;:&quot;&quot;,&quot;caption&quot;:&quot;&quot;,&quot;created_timestamp&quot;:&quot;0&quot;,&quot;copyright&quot;:&quot;&quot;,&quot;focal_length&quot;:&quot;0&quot;,&quot;iso&quot;:&quot;0&quot;,&quot;shutter_speed&quot;:&quot;0&quot;,&quot;title&quot;:&quot;&quot;,&quot;orientation&quot;:&quot;0&quot;}\" data-image-title=\"Runstensfragment i O\u0308sterunda kyrka\" data-image-description=\"\" data-image-caption=\"\" data-large-file=\"https:\/\/www.fjardhundraland.se\/wp-content\/uploads\/2020\/05\/runstensfragment-i-occ88sterunda-kyrka.jpg\" role=\"button\" tabindex=\"0\" aria-label=\"Abrir imagen 6 de 6 en pantalla completa\" srcset=\"https:\/\/i0.wp.com\/www.fjardhundraland.se\/wp-content\/uploads\/2020\/05\/runstensfragment-i-occ88sterunda-kyrka.jpg?strip=info&#038;w=600&#038;ssl=1 600w,https:\/\/i0.wp.com\/www.fjardhundraland.se\/wp-content\/uploads\/2020\/05\/runstensfragment-i-occ88sterunda-kyrka.jpg?strip=info&#038;w=900&#038;ssl=1 900w,https:\/\/i0.wp.com\/www.fjardhundraland.se\/wp-content\/uploads\/2020\/05\/runstensfragment-i-occ88sterunda-kyrka.jpg?strip=info&#038;w=1200&#038;ssl=1 1200w,https:\/\/i0.wp.com\/www.fjardhundraland.se\/wp-content\/uploads\/2020\/05\/runstensfragment-i-occ88sterunda-kyrka.jpg?strip=info&#038;w=1500&#038;ssl=1 1500w,https:\/\/i0.wp.com\/www.fjardhundraland.se\/wp-content\/uploads\/2020\/05\/runstensfragment-i-occ88sterunda-kyrka.jpg?strip=info&#038;w=1800&#038;ssl=1 1800w,https:\/\/i0.wp.com\/www.fjardhundraland.se\/wp-content\/uploads\/2020\/05\/runstensfragment-i-occ88sterunda-kyrka.jpg?strip=info&#038;w=1877&#038;ssl=1 1877w\" alt=\"\" data-height=\"2500\" data-id=\"6887\" data-link=\"https:\/\/www.fjardhundraland.se\/plats\/osterunda-kyrka\/runstensfragment-i-occ88sterunda-kyrka\/\" data-url=\"https:\/\/www.fjardhundraland.se\/wp-content\/uploads\/2020\/05\/runstensfragment-i-occ88sterunda-kyrka.jpg\" data-width=\"1877\" src=\"https:\/\/i0.wp.com\/www.fjardhundraland.se\/wp-content\/uploads\/2020\/05\/runstensfragment-i-occ88sterunda-kyrka.jpg?ssl=1\" data-amp-layout=\"responsive\" title=\"\"><\/figure><\/div><\/div><\/div><\/div><\/div>\n\n\n\n<p><\/p>","protected":false},"excerpt":{"rendered":"<p>Cuadros de Albertus Pictor, incluido el cuadro m\u00e1s antiguo de Suecia de un esquiador.<\/p>","protected":false},"featured_media":4385,"parent":0,"template":"","platserna":[245,201,2],"platstagg":[],"class_list":{"0":"post-938","1":"plats","2":"type-plats","3":"status-publish","4":"has-post-thumbnail","6":"platserna-albertus-pictor-bilder-kyrkor","7":"platserna-historia","8":"platserna-kyrkor","9":"entry"},"acf":{"oppenverksamhet":false,"med_pa_kartan":false,"visa_pa_webbsidan":true,"beskrivande_underrubrik":"","kontaktperson":"","tel":"0171-257 00","tel_alt":"","e-post":"enkoping.pastorat@svenskakyrkan.se","adress":"\u00d6sterunda \u00c5by 1","postnummer":"749 72","webb":"https:\/\/www.svenskakyrkan.se\/platser\/12892-enkopings-pastorat-osterunda-kyrka","facebook":"fjardhundraforsamling","instagram":"","tripadvisor":"","wikipedia":"https:\/\/sv.wikipedia.org\/wiki\/%C3%96sterunda_kyrka","koordinater":{"address":"\u00d6STERUNDA-\u00c5BY 1, 749 72 Fj\u00e4rdhundra, Sverige","lat":59.8139768020109,"lng":17.111667907687433},"googleplaceid":"","gps-fil":"","wc":false,"wifi":false,"medlem":true,"\u00f6ppettider":"Vill du komma in och titta i kyrkan, kontakta kyrkv\u00e4rd Yvonne Bergsten p\u00e5 tfn 070-582 82 14","info":""},"visa":"","geo_latitude":"59.8139572","geo_longitude":"17.1116772","jetpack-related-posts":[{"id":1642,"url":"https:\/\/www.fjardhundraland.se\/es\/plats\/harnevi-kyrka\/","url_meta":{"origin":938,"position":0},"title":"Iglesia de H\u00e4rnevi","author":"Ylva Fontell","date":"6 febrero 2014","format":false,"excerpt":"La iglesia de H\u00e4rnevi est\u00e1 situada en un id\u00edlico entorno de pueblo con frondosos \u00e1rboles y un campanario alquitranado. Caf\u00e9 de verano.","rel":"","context":"Entrada similar","block_context":{"text":"Entrada similar","link":""},"img":{"alt_text":"H\u00e4rnevi kyrka med kyrkog\u00e5rden","src":"https:\/\/i0.wp.com\/www.fjardhundraland.se\/wp-content\/uploads\/2014\/02\/harnevi-kyrka-1.jpg?resize=350%2C200&ssl=1","width":350,"height":200,"srcset":"https:\/\/i0.wp.com\/www.fjardhundraland.se\/wp-content\/uploads\/2014\/02\/harnevi-kyrka-1.jpg?resize=350%2C200&ssl=1 1x, https:\/\/i0.wp.com\/www.fjardhundraland.se\/wp-content\/uploads\/2014\/02\/harnevi-kyrka-1.jpg?resize=525%2C300&ssl=1 1.5x, https:\/\/i0.wp.com\/www.fjardhundraland.se\/wp-content\/uploads\/2014\/02\/harnevi-kyrka-1.jpg?resize=700%2C400&ssl=1 2x, https:\/\/i0.wp.com\/www.fjardhundraland.se\/wp-content\/uploads\/2014\/02\/harnevi-kyrka-1.jpg?resize=1050%2C600&ssl=1 3x, https:\/\/i0.wp.com\/www.fjardhundraland.se\/wp-content\/uploads\/2014\/02\/harnevi-kyrka-1.jpg?resize=1400%2C800&ssl=1 4x"},"classes":[]},{"id":8440,"url":"https:\/\/www.fjardhundraland.se\/es\/plats\/husby-sjutolfts-kyrka\/","url_meta":{"origin":938,"position":1},"title":"Iglesia de Husby-Sjutolft","author":"Ylva Fontell","date":"4 mayo 2021","format":false,"excerpt":"Pinturas de Albertus Pictor en buen estado.","rel":"","context":"Entrada similar","block_context":{"text":"Entrada similar","link":""},"img":{"alt_text":"","src":"https:\/\/i0.wp.com\/www.fjardhundraland.se\/wp-content\/uploads\/2021\/05\/img-3890.jpg?resize=350%2C200&ssl=1","width":350,"height":200,"srcset":"https:\/\/i0.wp.com\/www.fjardhundraland.se\/wp-content\/uploads\/2021\/05\/img-3890.jpg?resize=350%2C200&ssl=1 1x, https:\/\/i0.wp.com\/www.fjardhundraland.se\/wp-content\/uploads\/2021\/05\/img-3890.jpg?resize=525%2C300&ssl=1 1.5x, https:\/\/i0.wp.com\/www.fjardhundraland.se\/wp-content\/uploads\/2021\/05\/img-3890.jpg?resize=700%2C400&ssl=1 2x, https:\/\/i0.wp.com\/www.fjardhundraland.se\/wp-content\/uploads\/2021\/05\/img-3890.jpg?resize=1050%2C600&ssl=1 3x, https:\/\/i0.wp.com\/www.fjardhundraland.se\/wp-content\/uploads\/2021\/05\/img-3890.jpg?resize=1400%2C800&ssl=1 4x"},"classes":[]},{"id":8443,"url":"https:\/\/www.fjardhundraland.se\/es\/plats\/vittinge-kyrka\/","url_meta":{"origin":938,"position":2},"title":"Iglesia de Vittinge","author":"Mats Thorburn","date":"4 mayo 2021","format":false,"excerpt":"Pinturas de Albertus Pictor muy restauradas en un bello entorno eclesi\u00e1stico.","rel":"","context":"Entrada similar","block_context":{"text":"Entrada similar","link":""},"img":{"alt_text":"","src":"https:\/\/i0.wp.com\/www.fjardhundraland.se\/wp-content\/uploads\/2021\/05\/vittinge-kyrka-2020-08-11-16-51-38-1070724.jpg?resize=350%2C200&ssl=1","width":350,"height":200,"srcset":"https:\/\/i0.wp.com\/www.fjardhundraland.se\/wp-content\/uploads\/2021\/05\/vittinge-kyrka-2020-08-11-16-51-38-1070724.jpg?resize=350%2C200&ssl=1 1x, https:\/\/i0.wp.com\/www.fjardhundraland.se\/wp-content\/uploads\/2021\/05\/vittinge-kyrka-2020-08-11-16-51-38-1070724.jpg?resize=525%2C300&ssl=1 1.5x, https:\/\/i0.wp.com\/www.fjardhundraland.se\/wp-content\/uploads\/2021\/05\/vittinge-kyrka-2020-08-11-16-51-38-1070724.jpg?resize=700%2C400&ssl=1 2x, https:\/\/i0.wp.com\/www.fjardhundraland.se\/wp-content\/uploads\/2021\/05\/vittinge-kyrka-2020-08-11-16-51-38-1070724.jpg?resize=1050%2C600&ssl=1 3x, https:\/\/i0.wp.com\/www.fjardhundraland.se\/wp-content\/uploads\/2021\/05\/vittinge-kyrka-2020-08-11-16-51-38-1070724.jpg?resize=1400%2C800&ssl=1 4x"},"classes":[]},{"id":8442,"url":"https:\/\/www.fjardhundraland.se\/es\/plats\/yttergrans-kyrka\/","url_meta":{"origin":938,"position":3},"title":"Iglesia de Yttergran","author":"Mats Thorburn","date":"4 mayo 2021","format":false,"excerpt":"Peque\u00f1a iglesia medieval con bellas pinturas de Albertus Pictor.","rel":"","context":"Entrada similar","block_context":{"text":"Entrada similar","link":""},"img":{"alt_text":"","src":"https:\/\/i0.wp.com\/www.fjardhundraland.se\/wp-content\/uploads\/2021\/05\/yttergran.jpeg?resize=350%2C200&ssl=1","width":350,"height":200,"srcset":"https:\/\/i0.wp.com\/www.fjardhundraland.se\/wp-content\/uploads\/2021\/05\/yttergran.jpeg?resize=350%2C200&ssl=1 1x, https:\/\/i0.wp.com\/www.fjardhundraland.se\/wp-content\/uploads\/2021\/05\/yttergran.jpeg?resize=525%2C300&ssl=1 1.5x, https:\/\/i0.wp.com\/www.fjardhundraland.se\/wp-content\/uploads\/2021\/05\/yttergran.jpeg?resize=700%2C400&ssl=1 2x, https:\/\/i0.wp.com\/www.fjardhundraland.se\/wp-content\/uploads\/2021\/05\/yttergran.jpeg?resize=1050%2C600&ssl=1 3x, https:\/\/i0.wp.com\/www.fjardhundraland.se\/wp-content\/uploads\/2021\/05\/yttergran.jpeg?resize=1400%2C800&ssl=1 4x"},"classes":[]},{"id":18341,"url":"https:\/\/www.fjardhundraland.se\/es\/plats\/villberga-kyrka\/","url_meta":{"origin":938,"position":4},"title":"Iglesia de Villberga","author":"Ylva Fontell","date":"13 junio 2025","format":false,"excerpt":"Iglesia medieval con un hermoso retablo de 1510.","rel":"","context":"Entrada similar","block_context":{"text":"Entrada similar","link":""},"img":{"alt_text":"","src":"https:\/\/i0.wp.com\/www.fjardhundraland.se\/wp-content\/uploads\/2025\/06\/villberga5.jpeg?resize=350%2C200&ssl=1","width":350,"height":200,"srcset":"https:\/\/i0.wp.com\/www.fjardhundraland.se\/wp-content\/uploads\/2025\/06\/villberga5.jpeg?resize=350%2C200&ssl=1 1x, https:\/\/i0.wp.com\/www.fjardhundraland.se\/wp-content\/uploads\/2025\/06\/villberga5.jpeg?resize=525%2C300&ssl=1 1.5x, https:\/\/i0.wp.com\/www.fjardhundraland.se\/wp-content\/uploads\/2025\/06\/villberga5.jpeg?resize=700%2C400&ssl=1 2x, https:\/\/i0.wp.com\/www.fjardhundraland.se\/wp-content\/uploads\/2025\/06\/villberga5.jpeg?resize=1050%2C600&ssl=1 3x, https:\/\/i0.wp.com\/www.fjardhundraland.se\/wp-content\/uploads\/2025\/06\/villberga5.jpeg?resize=1400%2C800&ssl=1 4x"},"classes":[]},{"id":7268,"url":"https:\/\/www.fjardhundraland.se\/es\/plats\/kumla-kyrka\/","url_meta":{"origin":938,"position":5},"title":"Iglesia de Kumla","author":"Ylva Fontell","date":"24 agosto 2020","format":false,"excerpt":"La iglesia de Kumla es m\u00e1s conocida por sus vibrantes y bien conservadas pinturas de Albertus Pictor.","rel":"","context":"Entrada similar","block_context":{"text":"Entrada similar","link":""},"img":{"alt_text":"","src":"https:\/\/i0.wp.com\/www.fjardhundraland.se\/wp-content\/uploads\/2020\/08\/kumla-kyrka-albertus-pictor-img_9988.jpeg?resize=350%2C200&ssl=1","width":350,"height":200,"srcset":"https:\/\/i0.wp.com\/www.fjardhundraland.se\/wp-content\/uploads\/2020\/08\/kumla-kyrka-albertus-pictor-img_9988.jpeg?resize=350%2C200&ssl=1 1x, https:\/\/i0.wp.com\/www.fjardhundraland.se\/wp-content\/uploads\/2020\/08\/kumla-kyrka-albertus-pictor-img_9988.jpeg?resize=525%2C300&ssl=1 1.5x, https:\/\/i0.wp.com\/www.fjardhundraland.se\/wp-content\/uploads\/2020\/08\/kumla-kyrka-albertus-pictor-img_9988.jpeg?resize=700%2C400&ssl=1 2x, https:\/\/i0.wp.com\/www.fjardhundraland.se\/wp-content\/uploads\/2020\/08\/kumla-kyrka-albertus-pictor-img_9988.jpeg?resize=1050%2C600&ssl=1 3x, https:\/\/i0.wp.com\/www.fjardhundraland.se\/wp-content\/uploads\/2020\/08\/kumla-kyrka-albertus-pictor-img_9988.jpeg?resize=1400%2C800&ssl=1 4x"},"classes":[]}],"jetpack_sharing_enabled":true,"_links":{"self":[{"href":"https:\/\/www.fjardhundraland.se\/es\/wp-json\/wp\/v2\/platser\/938","targetHints":{"allow":["GET"]}}],"collection":[{"href":"https:\/\/www.fjardhundraland.se\/es\/wp-json\/wp\/v2\/platser"}],"about":[{"href":"https:\/\/www.fjardhundraland.se\/es\/wp-json\/wp\/v2\/types\/plats"}],"wp:featuredmedia":[{"embeddable":true,"href":"https:\/\/www.fjardhundraland.se\/es\/wp-json\/wp\/v2\/media\/4385"}],"wp:attachment":[{"href":"https:\/\/www.fjardhundraland.se\/es\/wp-json\/wp\/v2\/media?parent=938"}],"wp:term":[{"taxonomy":"platserna","embeddable":true,"href":"https:\/\/www.fjardhundraland.se\/es\/wp-json\/wp\/v2\/platserna?post=938"},{"taxonomy":"platstagg","embeddable":true,"href":"https:\/\/www.fjardhundraland.se\/es\/wp-json\/wp\/v2\/platstagg?post=938"}],"curies":[{"name":"wp","href":"https:\/\/api.w.org\/{rel}","templated":true}]}}