
{"id":4951,"date":"2018-03-09T15:40:54","date_gmt":"2018-03-09T14:40:54","guid":{"rendered":"http:\/\/www.fjardhundraland.se\/?post_type=plats&#038;p=4951"},"modified":"2025-06-13T12:56:44","modified_gmt":"2025-06-13T10:56:44","slug":"iglesia-de-la-olla","status":"publish","type":"plats","link":"https:\/\/www.fjardhundraland.se\/es\/plats\/gryta-kyrka\/","title":{"rendered":"Iglesia de Gryta"},"content":{"rendered":"<p>La iglesia de Gryta se encuentra al final de una id\u00edlica y sinuosa carretera que pasa por los majestuosos Salnecke y <a href=\"https:\/\/www.fjardhundraland.se\/es\/platos\/cafe-del-castillo-de-salnecke\/\">Caf\u00e9 del castillo de Salnecke<\/a>. La iglesia es un edificio medieval con una ligera escalinata y tejado de tejas. Si la iglesia est\u00e1 abierta, podr\u00e1 contemplar bonitos frescos en el esp\u00edritu de Albertus Picktor. No se pierda el retablo del siglo XVIII, un tanto inusual, ni el bonito p\u00falpito.<\/p>\n<div class=\"tiled-gallery type-rectangular tiled-gallery-unresized\" data-original-width=\"500\" data-carousel-extra='{&quot;blog_id&quot;:1,&quot;permalink&quot;:&quot;https:\\\/\\\/www.fjardhundraland.se\\\/es\\\/plats\\\/gryta-kyrka\\\/&quot;,&quot;likes_blog_id&quot;:66652000}' itemscope itemtype=\"http:\/\/schema.org\/ImageGallery\" > <div class=\"gallery-row\" style=\"width: 500px; height: 356px;\" data-original-width=\"500\" data-original-height=\"356\" > <div class=\"gallery-group images-1\" style=\"width: 232px; height: 356px;\" data-original-width=\"232\" data-original-height=\"356\" > <div class=\"tiled-gallery-item tiled-gallery-item-small\" itemprop=\"associatedMedia\" itemscope itemtype=\"http:\/\/schema.org\/ImageObject\"> <a href=\"https:\/\/www.fjardhundraland.se\/es\/plats\/gryta-kyrka\/attachment\/gryta3\/\" border=\"0\" itemprop=\"url\"> <meta itemprop=\"width\" content=\"228\"> <meta itemprop=\"height\" content=\"352\"> <img decoding=\"async\" class=\"\" data-attachment-id=\"4963\" data-orig-file=\"https:\/\/www.fjardhundraland.se\/wp-content\/uploads\/2018\/03\/gryta3.jpg\" data-orig-size=\"1618,2500\" data-comments-opened=\"\" data-image-meta=\"{&quot;aperture&quot;:&quot;1.7&quot;,&quot;credit&quot;:&quot;&quot;,&quot;camera&quot;:&quot;ONEPLUS A5010&quot;,&quot;caption&quot;:&quot;&quot;,&quot;created_timestamp&quot;:&quot;1520614989&quot;,&quot;copyright&quot;:&quot;&quot;,&quot;focal_length&quot;:&quot;4.103&quot;,&quot;iso&quot;:&quot;400&quot;,&quot;shutter_speed&quot;:&quot;0.01&quot;,&quot;title&quot;:&quot;&quot;,&quot;orientation&quot;:&quot;1&quot;}\" data-image-title=\"Gryta3\" data-image-description=\"\" data-medium-file=\"https:\/\/www.fjardhundraland.se\/wp-content\/uploads\/2018\/03\/gryta3.jpg\" data-large-file=\"https:\/\/www.fjardhundraland.se\/wp-content\/uploads\/2018\/03\/gryta3.jpg\" src=\"https:\/\/i0.wp.com\/www.fjardhundraland.se\/wp-content\/uploads\/2018\/03\/gryta3.jpg?w=228&#038;h=352&#038;ssl=1\" width=\"228\" height=\"352\" loading=\"lazy\" data-original-width=\"228\" data-original-height=\"352\" itemprop=\"http:\/\/schema.org\/image\" title=\"Gryta3\" alt=\"Iglesia de Gryta\" style=\"width: 228px; height: 352px;\" \/> <\/a> <div class=\"tiled-gallery-caption\" itemprop=\"caption description\"> Iglesia de Gryta <\/div> <\/div> <\/div> <!-- close group --> <div class=\"gallery-group images-1\" style=\"width: 268px; height: 356px;\" data-original-width=\"268\" data-original-height=\"356\" > <div class=\"tiled-gallery-item tiled-gallery-item-large\" itemprop=\"associatedMedia\" itemscope itemtype=\"http:\/\/schema.org\/ImageObject\"> <a href=\"https:\/\/www.fjardhundraland.se\/es\/plats\/gryta-kyrka\/attachment\/gryta2\/\" border=\"0\" itemprop=\"url\"> <meta itemprop=\"width\" content=\"264\"> <meta itemprop=\"height\" content=\"352\"> <img decoding=\"async\" class=\"\" data-attachment-id=\"4964\" data-orig-file=\"https:\/\/www.fjardhundraland.se\/wp-content\/uploads\/2018\/03\/gryta2.jpg\" data-orig-size=\"1875,2500\" data-comments-opened=\"\" data-image-meta=\"{&quot;aperture&quot;:&quot;1.7&quot;,&quot;credit&quot;:&quot;&quot;,&quot;camera&quot;:&quot;ONEPLUS A5010&quot;,&quot;caption&quot;:&quot;&quot;,&quot;created_timestamp&quot;:&quot;1520614798&quot;,&quot;copyright&quot;:&quot;&quot;,&quot;focal_length&quot;:&quot;4.103&quot;,&quot;iso&quot;:&quot;250&quot;,&quot;shutter_speed&quot;:&quot;0.02&quot;,&quot;title&quot;:&quot;&quot;,&quot;orientation&quot;:&quot;1&quot;}\" data-image-title=\"Gryta2\" data-image-description=\"\" data-medium-file=\"https:\/\/www.fjardhundraland.se\/wp-content\/uploads\/2018\/03\/gryta2.jpg\" data-large-file=\"https:\/\/www.fjardhundraland.se\/wp-content\/uploads\/2018\/03\/gryta2.jpg\" src=\"https:\/\/i0.wp.com\/www.fjardhundraland.se\/wp-content\/uploads\/2018\/03\/gryta2.jpg?w=264&#038;h=352&#038;ssl=1\" width=\"264\" height=\"352\" loading=\"lazy\" data-original-width=\"264\" data-original-height=\"352\" itemprop=\"http:\/\/schema.org\/image\" title=\"Gryta2\" alt=\"El campanario de la iglesia de Gryta\" style=\"width: 264px; height: 352px;\" \/> <\/a> <div class=\"tiled-gallery-caption\" itemprop=\"caption description\"> El campanario de la iglesia de Gryta <\/div> <\/div> <\/div> <!-- close group --> <\/div> <!-- close row --> <\/div>","protected":false},"excerpt":{"rendered":"<p>La iglesia de Gryta se encuentra al final de una id\u00edlica y sinuosa carreterita que te lleva primero por el majestuoso Salnecke y el caf\u00e9 del castillo de Salnecke.<\/p>","protected":false},"featured_media":4961,"parent":0,"template":"","platserna":[2,201],"platstagg":[],"class_list":{"0":"post-4951","1":"plats","2":"type-plats","3":"status-publish","4":"has-post-thumbnail","6":"platserna-kyrkor","7":"platserna-historia","8":"entry"},"acf":{"oppenverksamhet":false,"med_pa_kartan":false,"visa_pa_webbsidan":true,"beskrivande_underrubrik":"","kontaktperson":"Lagunda f\u00f6rsamling","tel":"0171-46 00 70","tel_alt":"","e-post":"lagunda.forsamling@svenskakyrkan.se","adress":"","postnummer":"749 63","webb":"https:\/\/www.svenskakyrkan.se\/lagunda","facebook":"","instagram":"","tripadvisor":"","wikipedia":"https:\/\/sv.wikipedia.org\/wiki\/Gryta_kyrka","koordinater":{"address":"589, 749 63 \u00d6rsundsbro, Sverige","lat":59.74095801985141,"lng":17.34766960144043},"googleplaceid":"ChIJ722wjA1LXkYRq6NAp1g93Os","gps-fil":"","wc":false,"wifi":false,"medlem":true,"\u00f6ppettider":"Ta kontakt med f\u00f6rsamlingsexpeditionen om du vill bes\u00f6ka kyrkan.\r\n\r\n&nbsp;","info":""},"visa":null,"geo_latitude":null,"geo_longitude":null,"jetpack-related-posts":[{"id":4405,"url":"https:\/\/www.fjardhundraland.se\/es\/plats\/salnecke-slottscafe\/","url_meta":{"origin":4951,"position":0},"title":"Caf\u00e9 y Bistro del Castillo de Salnecke","author":"Ylva Fontell","date":"1 mayo 2020","format":false,"excerpt":"En el antiguo granero junto al castillo de Salnecke se puede comer y tomar caf\u00e9. Sal\u00f3n de banquetes. Oficiante de matrimonios civiles.","rel":"","context":"Entrada similar","block_context":{"text":"Entrada similar","link":""},"img":{"alt_text":"","src":"https:\/\/i0.wp.com\/www.fjardhundraland.se\/wp-content\/uploads\/2020\/05\/salnecke34.jpeg?resize=350%2C200&ssl=1","width":350,"height":200,"srcset":"https:\/\/i0.wp.com\/www.fjardhundraland.se\/wp-content\/uploads\/2020\/05\/salnecke34.jpeg?resize=350%2C200&ssl=1 1x, https:\/\/i0.wp.com\/www.fjardhundraland.se\/wp-content\/uploads\/2020\/05\/salnecke34.jpeg?resize=525%2C300&ssl=1 1.5x, https:\/\/i0.wp.com\/www.fjardhundraland.se\/wp-content\/uploads\/2020\/05\/salnecke34.jpeg?resize=700%2C400&ssl=1 2x, https:\/\/i0.wp.com\/www.fjardhundraland.se\/wp-content\/uploads\/2020\/05\/salnecke34.jpeg?resize=1050%2C600&ssl=1 3x, https:\/\/i0.wp.com\/www.fjardhundraland.se\/wp-content\/uploads\/2020\/05\/salnecke34.jpeg?resize=1400%2C800&ssl=1 4x"},"classes":[]},{"id":9803,"url":"https:\/\/www.fjardhundraland.se\/es\/plats\/salnecke-antik-kuriosa\/","url_meta":{"origin":4951,"position":1},"title":"Salnecke Antig\u00fcedades y Curiosidades","author":"Ylva Fontell","date":"25 febrero 2022","format":false,"excerpt":"Muebles, l\u00e1mparas, textiles y mucho m\u00e1s.","rel":"","context":"Entrada similar","block_context":{"text":"Entrada similar","link":""},"img":{"alt_text":"","src":"https:\/\/i0.wp.com\/www.fjardhundraland.se\/wp-content\/uploads\/2022\/02\/salneckeantik2.jpg?resize=350%2C200&ssl=1","width":350,"height":200,"srcset":"https:\/\/i0.wp.com\/www.fjardhundraland.se\/wp-content\/uploads\/2022\/02\/salneckeantik2.jpg?resize=350%2C200&ssl=1 1x, https:\/\/i0.wp.com\/www.fjardhundraland.se\/wp-content\/uploads\/2022\/02\/salneckeantik2.jpg?resize=525%2C300&ssl=1 1.5x, https:\/\/i0.wp.com\/www.fjardhundraland.se\/wp-content\/uploads\/2022\/02\/salneckeantik2.jpg?resize=700%2C400&ssl=1 2x, https:\/\/i0.wp.com\/www.fjardhundraland.se\/wp-content\/uploads\/2022\/02\/salneckeantik2.jpg?resize=1050%2C600&ssl=1 3x, https:\/\/i0.wp.com\/www.fjardhundraland.se\/wp-content\/uploads\/2022\/02\/salneckeantik2.jpg?resize=1400%2C800&ssl=1 4x"},"classes":[]},{"id":16983,"url":"https:\/\/www.fjardhundraland.se\/es\/plats\/gula-villan\/","url_meta":{"origin":4951,"position":2},"title":"Villa amarilla","author":"Ylva Fontell","date":"22 noviembre 2024","format":false,"excerpt":"Mucho espacio con caf\u00e9 en el centro.","rel":"","context":"Entrada similar","block_context":{"text":"Entrada similar","link":""},"img":{"alt_text":"","src":"https:\/\/i0.wp.com\/www.fjardhundraland.se\/wp-content\/uploads\/2024\/11\/gulavillan10.jpg?resize=350%2C200&ssl=1","width":350,"height":200,"srcset":"https:\/\/i0.wp.com\/www.fjardhundraland.se\/wp-content\/uploads\/2024\/11\/gulavillan10.jpg?resize=350%2C200&ssl=1 1x, https:\/\/i0.wp.com\/www.fjardhundraland.se\/wp-content\/uploads\/2024\/11\/gulavillan10.jpg?resize=525%2C300&ssl=1 1.5x, https:\/\/i0.wp.com\/www.fjardhundraland.se\/wp-content\/uploads\/2024\/11\/gulavillan10.jpg?resize=700%2C400&ssl=1 2x, https:\/\/i0.wp.com\/www.fjardhundraland.se\/wp-content\/uploads\/2024\/11\/gulavillan10.jpg?resize=1050%2C600&ssl=1 3x, https:\/\/i0.wp.com\/www.fjardhundraland.se\/wp-content\/uploads\/2024\/11\/gulavillan10.jpg?resize=1400%2C800&ssl=1 4x"},"classes":[]},{"id":1642,"url":"https:\/\/www.fjardhundraland.se\/es\/plats\/harnevi-kyrka\/","url_meta":{"origin":4951,"position":3},"title":"Iglesia de H\u00e4rnevi","author":"Ylva Fontell","date":"6 febrero 2014","format":false,"excerpt":"La iglesia de H\u00e4rnevi est\u00e1 situada en un id\u00edlico entorno de pueblo con frondosos \u00e1rboles y un campanario alquitranado. Caf\u00e9 de verano.","rel":"","context":"Entrada similar","block_context":{"text":"Entrada similar","link":""},"img":{"alt_text":"H\u00e4rnevi kyrka med kyrkog\u00e5rden","src":"https:\/\/i0.wp.com\/www.fjardhundraland.se\/wp-content\/uploads\/2014\/02\/harnevi-kyrka-1.jpg?resize=350%2C200&ssl=1","width":350,"height":200,"srcset":"https:\/\/i0.wp.com\/www.fjardhundraland.se\/wp-content\/uploads\/2014\/02\/harnevi-kyrka-1.jpg?resize=350%2C200&ssl=1 1x, https:\/\/i0.wp.com\/www.fjardhundraland.se\/wp-content\/uploads\/2014\/02\/harnevi-kyrka-1.jpg?resize=525%2C300&ssl=1 1.5x, https:\/\/i0.wp.com\/www.fjardhundraland.se\/wp-content\/uploads\/2014\/02\/harnevi-kyrka-1.jpg?resize=700%2C400&ssl=1 2x, https:\/\/i0.wp.com\/www.fjardhundraland.se\/wp-content\/uploads\/2014\/02\/harnevi-kyrka-1.jpg?resize=1050%2C600&ssl=1 3x, https:\/\/i0.wp.com\/www.fjardhundraland.se\/wp-content\/uploads\/2014\/02\/harnevi-kyrka-1.jpg?resize=1400%2C800&ssl=1 4x"},"classes":[]},{"id":7315,"url":"https:\/\/www.fjardhundraland.se\/es\/plats\/orsundsbro\/","url_meta":{"origin":4951,"position":4},"title":"\u00d6rsundsbro","author":"Ylva Fontell","date":"8 septiembre 2020","format":false,"excerpt":"\u00d6rsundsbro es una comunidad situada estrat\u00e9gicamente entre Enk\u00f6ping y Uppsala, junto a la carretera 55 por la que viajamos hoy, y junto al r\u00edo \u00d6rsunda\u00e5n, que fue la autopista vikinga. \u00d6rsundsbro - un lugar de comercio \u00d6rsundsbro es un lugar de comercio con or\u00edgenes muy antiguos. Todo empez\u00f3 cuando se construy\u00f3 un puente sobre el r\u00edo \u00d6rsunda hace unos ochocientos a\u00f1os...","rel":"","context":"Entrada similar","block_context":{"text":"Entrada similar","link":""},"img":{"alt_text":"","src":"https:\/\/i0.wp.com\/www.fjardhundraland.se\/wp-content\/uploads\/2020\/01\/orsundsbrohamn.jpg?resize=350%2C200&ssl=1","width":350,"height":200,"srcset":"https:\/\/i0.wp.com\/www.fjardhundraland.se\/wp-content\/uploads\/2020\/01\/orsundsbrohamn.jpg?resize=350%2C200&ssl=1 1x, https:\/\/i0.wp.com\/www.fjardhundraland.se\/wp-content\/uploads\/2020\/01\/orsundsbrohamn.jpg?resize=525%2C300&ssl=1 1.5x, https:\/\/i0.wp.com\/www.fjardhundraland.se\/wp-content\/uploads\/2020\/01\/orsundsbrohamn.jpg?resize=700%2C400&ssl=1 2x, https:\/\/i0.wp.com\/www.fjardhundraland.se\/wp-content\/uploads\/2020\/01\/orsundsbrohamn.jpg?resize=1050%2C600&ssl=1 3x, https:\/\/i0.wp.com\/www.fjardhundraland.se\/wp-content\/uploads\/2020\/01\/orsundsbrohamn.jpg?resize=1400%2C800&ssl=1 4x"},"classes":[]},{"id":8440,"url":"https:\/\/www.fjardhundraland.se\/es\/plats\/husby-sjutolfts-kyrka\/","url_meta":{"origin":4951,"position":5},"title":"Iglesia de Husby-Sjutolft","author":"Ylva Fontell","date":"4 mayo 2021","format":false,"excerpt":"Pinturas de Albertus Pictor en buen estado.","rel":"","context":"Entrada similar","block_context":{"text":"Entrada similar","link":""},"img":{"alt_text":"","src":"https:\/\/i0.wp.com\/www.fjardhundraland.se\/wp-content\/uploads\/2021\/05\/img-3890.jpg?resize=350%2C200&ssl=1","width":350,"height":200,"srcset":"https:\/\/i0.wp.com\/www.fjardhundraland.se\/wp-content\/uploads\/2021\/05\/img-3890.jpg?resize=350%2C200&ssl=1 1x, https:\/\/i0.wp.com\/www.fjardhundraland.se\/wp-content\/uploads\/2021\/05\/img-3890.jpg?resize=525%2C300&ssl=1 1.5x, https:\/\/i0.wp.com\/www.fjardhundraland.se\/wp-content\/uploads\/2021\/05\/img-3890.jpg?resize=700%2C400&ssl=1 2x, https:\/\/i0.wp.com\/www.fjardhundraland.se\/wp-content\/uploads\/2021\/05\/img-3890.jpg?resize=1050%2C600&ssl=1 3x, https:\/\/i0.wp.com\/www.fjardhundraland.se\/wp-content\/uploads\/2021\/05\/img-3890.jpg?resize=1400%2C800&ssl=1 4x"},"classes":[]}],"jetpack_sharing_enabled":true,"_links":{"self":[{"href":"https:\/\/www.fjardhundraland.se\/es\/wp-json\/wp\/v2\/platser\/4951","targetHints":{"allow":["GET"]}}],"collection":[{"href":"https:\/\/www.fjardhundraland.se\/es\/wp-json\/wp\/v2\/platser"}],"about":[{"href":"https:\/\/www.fjardhundraland.se\/es\/wp-json\/wp\/v2\/types\/plats"}],"wp:featuredmedia":[{"embeddable":true,"href":"https:\/\/www.fjardhundraland.se\/es\/wp-json\/wp\/v2\/media\/4961"}],"wp:attachment":[{"href":"https:\/\/www.fjardhundraland.se\/es\/wp-json\/wp\/v2\/media?parent=4951"}],"wp:term":[{"taxonomy":"platserna","embeddable":true,"href":"https:\/\/www.fjardhundraland.se\/es\/wp-json\/wp\/v2\/platserna?post=4951"},{"taxonomy":"platstagg","embeddable":true,"href":"https:\/\/www.fjardhundraland.se\/es\/wp-json\/wp\/v2\/platstagg?post=4951"}],"curies":[{"name":"wp","href":"https:\/\/api.w.org\/{rel}","templated":true}]}}