
{"id":4900,"date":"2018-03-03T23:10:32","date_gmt":"2018-03-03T22:10:32","guid":{"rendered":"http:\/\/www.fjardhundraland.se\/?post_type=plats&#038;p=4900"},"modified":"2025-06-05T11:27:40","modified_gmt":"2025-06-05T09:27:40","slug":"tienda-de-millnibble-y-muster","status":"publish","type":"plats","link":"https:\/\/www.fjardhundraland.se\/es\/plats\/kvarnnibble-butik-och-musteri\/","title":{"rendered":"Tienda y sala de exposiciones Kvarnnibble"},"content":{"rendered":"<p>Una visita a Kvarnnibble es una experiencia divertida para toda la familia. En la tienda se pueden comprar productos propios de la granja y de producci\u00f3n local, como zumo de manzana, cordero, ternera, cerdo y pollo, huevos, queso, miel, mermeladas de pan, trampas para cordero y mucho m\u00e1s. Las ovejas pastan en el prado contiguo a la tienda.<\/p>\n\n\n\n<p>En oto\u00f1o, la f\u00e1brica de mostaza de manzana est\u00e1 en pleno apogeo. Puedes traer las manzanas de tu huerto y llevarte a casa un delicioso mosto.<\/p>\n\n\n\n<p>En Fikamojjen se puede comprar pan de caf\u00e9 casero y varios men\u00fas de salchichas. \u00a1Las salchichas proceden de nuestra propia granja y el pur\u00e9 de patatas es siempre casero!<\/p>\n\n\n\n<p>Tambi\u00e9n hay tres parcelas para caravanas en la granja <a href=\"https:\/\/campio.no\/sv\/campsite\/kvarnnibble-butik-and-musteri\" target=\"_blank\" rel=\"noreferrer noopener\">para reservar.<\/a><\/p>\n\n\n\n<div class=\"wp-block-jetpack-tiled-gallery aligncenter is-style-rectangular\"><div class=\"\"><div class=\"tiled-gallery__gallery\"><div class=\"tiled-gallery__row\"><div class=\"tiled-gallery__col\" style=\"flex-basis:43.89233%\"><figure class=\"tiled-gallery__item\"><img decoding=\"async\" data-attachment-id=\"4934\" data-permalink=\"https:\/\/www.fjardhundraland.se\/es\/plats\/kvarnnibble-butik-och-musteri\/attachment\/kvarnnibble4\/\" data-orig-file=\"https:\/\/www.fjardhundraland.se\/wp-content\/uploads\/2018\/03\/kvarnnibble4.jpg\" data-orig-size=\"2500,1875\" data-comments-opened=\"0\" data-image-meta=\"{&quot;aperture&quot;:&quot;2.4&quot;,&quot;credit&quot;:&quot;&quot;,&quot;camera&quot;:&quot;iPhone 5&quot;,&quot;caption&quot;:&quot;&quot;,&quot;created_timestamp&quot;:&quot;1506016135&quot;,&quot;copyright&quot;:&quot;&quot;,&quot;focal_length&quot;:&quot;4.12&quot;,&quot;iso&quot;:&quot;50&quot;,&quot;shutter_speed&quot;:&quot;0.033333333333333&quot;,&quot;title&quot;:&quot;&quot;,&quot;orientation&quot;:&quot;1&quot;}\" data-image-title=\"Kvarnnibble4\" data-image-description=\"&lt;p&gt;en kyldisk fylld med k\u00f6tt&lt;\/p&gt;\" data-image-caption=\"&lt;p&gt;V\u00e4lfylld k\u00f6ttdisk i Kvarnnible Butik och Musteri&lt;\/p&gt;\" data-large-file=\"https:\/\/www.fjardhundraland.se\/wp-content\/uploads\/2018\/03\/kvarnnibble4.jpg\" role=\"button\" tabindex=\"0\" aria-label=\"Abrir imagen 1 de 7 en pantalla completa\" srcset=\"https:\/\/i0.wp.com\/www.fjardhundraland.se\/wp-content\/uploads\/2018\/03\/kvarnnibble4.jpg?strip=info&#038;w=600&#038;ssl=1 600w,https:\/\/i0.wp.com\/www.fjardhundraland.se\/wp-content\/uploads\/2018\/03\/kvarnnibble4.jpg?strip=info&#038;w=900&#038;ssl=1 900w,https:\/\/i0.wp.com\/www.fjardhundraland.se\/wp-content\/uploads\/2018\/03\/kvarnnibble4.jpg?strip=info&#038;w=1200&#038;ssl=1 1200w,https:\/\/i0.wp.com\/www.fjardhundraland.se\/wp-content\/uploads\/2018\/03\/kvarnnibble4.jpg?strip=info&#038;w=1500&#038;ssl=1 1500w,https:\/\/i0.wp.com\/www.fjardhundraland.se\/wp-content\/uploads\/2018\/03\/kvarnnibble4.jpg?strip=info&#038;w=1800&#038;ssl=1 1800w,https:\/\/i0.wp.com\/www.fjardhundraland.se\/wp-content\/uploads\/2018\/03\/kvarnnibble4.jpg?strip=info&#038;w=2000&#038;ssl=1 2000w\" alt=\"Carne de producci\u00f3n local\" data-height=\"1875\" data-id=\"4934\" data-link=\"https:\/\/www.fjardhundraland.se\/plats\/kvarnnibble-butik-och-musteri\/kvarnnibble4\/\" data-url=\"https:\/\/www.fjardhundraland.se\/wp-content\/uploads\/2018\/03\/kvarnnibble4.jpg\" data-width=\"2500\" src=\"https:\/\/i0.wp.com\/www.fjardhundraland.se\/wp-content\/uploads\/2018\/03\/kvarnnibble4.jpg?ssl=1\" data-amp-layout=\"responsive\" title=\"\"><\/figure><figure class=\"tiled-gallery__item\"><img decoding=\"async\" data-attachment-id=\"4935\" data-permalink=\"https:\/\/www.fjardhundraland.se\/es\/plats\/kvarnnibble-butik-och-musteri\/attachment\/kvarnnibble5\/\" data-orig-file=\"https:\/\/www.fjardhundraland.se\/wp-content\/uploads\/2018\/03\/kvarnnibble5.jpg\" data-orig-size=\"800,755\" data-comments-opened=\"0\" data-image-meta=\"{&quot;aperture&quot;:&quot;0&quot;,&quot;credit&quot;:&quot;&quot;,&quot;camera&quot;:&quot;&quot;,&quot;caption&quot;:&quot;&quot;,&quot;created_timestamp&quot;:&quot;0&quot;,&quot;copyright&quot;:&quot;&quot;,&quot;focal_length&quot;:&quot;0&quot;,&quot;iso&quot;:&quot;0&quot;,&quot;shutter_speed&quot;:&quot;0&quot;,&quot;title&quot;:&quot;&quot;,&quot;orientation&quot;:&quot;0&quot;}\" data-image-title=\"Kvarnnibble5\" data-image-description=\"&lt;p&gt;ett f\u00e5r i en hage med maskrosor&lt;\/p&gt;\" data-image-caption=\"&lt;p&gt;F\u00e5r finns det gott om p\u00e5 Kvarnnibble g\u00e5rd&lt;\/p&gt;\" data-large-file=\"https:\/\/www.fjardhundraland.se\/wp-content\/uploads\/2018\/03\/kvarnnibble5.jpg\" role=\"button\" tabindex=\"0\" aria-label=\"Abrir imagen 2 de 7 en pantalla completa\" srcset=\"https:\/\/i0.wp.com\/www.fjardhundraland.se\/wp-content\/uploads\/2018\/03\/kvarnnibble5.jpg?strip=info&#038;w=600&#038;ssl=1 600w,https:\/\/i0.wp.com\/www.fjardhundraland.se\/wp-content\/uploads\/2018\/03\/kvarnnibble5.jpg?strip=info&#038;w=800&#038;ssl=1 800w\" alt=\"Ovejas en un prado\" data-height=\"755\" data-id=\"4935\" data-link=\"https:\/\/www.fjardhundraland.se\/plats\/kvarnnibble-butik-och-musteri\/kvarnnibble5\/\" data-url=\"https:\/\/www.fjardhundraland.se\/wp-content\/uploads\/2018\/03\/kvarnnibble5.jpg\" data-width=\"800\" src=\"https:\/\/i0.wp.com\/www.fjardhundraland.se\/wp-content\/uploads\/2018\/03\/kvarnnibble5.jpg?ssl=1\" data-amp-layout=\"responsive\" title=\"\"><\/figure><\/div><div class=\"tiled-gallery__col\" style=\"flex-basis:56.10767%\"><figure class=\"tiled-gallery__item\"><img decoding=\"async\" data-attachment-id=\"4936\" data-permalink=\"https:\/\/www.fjardhundraland.se\/es\/plats\/kvarnnibble-butik-och-musteri\/attachment\/kvarnnibble6\/\" data-orig-file=\"https:\/\/www.fjardhundraland.se\/wp-content\/uploads\/2018\/03\/kvarnnibble6.jpg\" data-orig-size=\"720,960\" data-comments-opened=\"0\" data-image-meta=\"{&quot;aperture&quot;:&quot;0&quot;,&quot;credit&quot;:&quot;&quot;,&quot;camera&quot;:&quot;&quot;,&quot;caption&quot;:&quot;&quot;,&quot;created_timestamp&quot;:&quot;0&quot;,&quot;copyright&quot;:&quot;&quot;,&quot;focal_length&quot;:&quot;0&quot;,&quot;iso&quot;:&quot;0&quot;,&quot;shutter_speed&quot;:&quot;0&quot;,&quot;title&quot;:&quot;&quot;,&quot;orientation&quot;:&quot;0&quot;}\" data-image-title=\"Kvarnnibble6\" data-image-description=\"&lt;p&gt;En kvinna me df\u00f6rkl\u00e4de st\u00e5r framf\u00f6r en kyldisk&lt;\/p&gt;\" data-image-caption=\"&lt;p&gt;Anna h\u00e4lsar v\u00e4lkommen till g\u00e5rdsbutiken&lt;\/p&gt;\" data-large-file=\"https:\/\/www.fjardhundraland.se\/wp-content\/uploads\/2018\/03\/kvarnnibble6.jpg\" role=\"button\" tabindex=\"0\" aria-label=\"Abrir imagen 3 de 7 en pantalla completa\" srcset=\"https:\/\/i0.wp.com\/www.fjardhundraland.se\/wp-content\/uploads\/2018\/03\/kvarnnibble6.jpg?strip=info&#038;w=600&#038;ssl=1 600w,https:\/\/i0.wp.com\/www.fjardhundraland.se\/wp-content\/uploads\/2018\/03\/kvarnnibble6.jpg?strip=info&#038;w=720&#038;ssl=1 720w\" alt=\"Tienda y centro de degustaci\u00f3n Kvarnnibble\" data-height=\"960\" data-id=\"4936\" data-link=\"https:\/\/www.fjardhundraland.se\/plats\/kvarnnibble-butik-och-musteri\/kvarnnibble6\/\" data-url=\"https:\/\/www.fjardhundraland.se\/wp-content\/uploads\/2018\/03\/kvarnnibble6.jpg\" data-width=\"720\" src=\"https:\/\/i0.wp.com\/www.fjardhundraland.se\/wp-content\/uploads\/2018\/03\/kvarnnibble6.jpg?ssl=1\" data-amp-layout=\"responsive\" title=\"\"><\/figure><\/div><\/div><div class=\"tiled-gallery__row\"><div class=\"tiled-gallery__col\" style=\"flex-basis:34.73967%\"><figure class=\"tiled-gallery__item\"><img decoding=\"async\" data-attachment-id=\"4937\" data-permalink=\"https:\/\/www.fjardhundraland.se\/es\/plats\/kvarnnibble-butik-och-musteri\/attachment\/kvarnnibble7\/\" data-orig-file=\"https:\/\/www.fjardhundraland.se\/wp-content\/uploads\/2018\/03\/kvarnnibble7.jpg\" data-orig-size=\"720,960\" data-comments-opened=\"0\" data-image-meta=\"{&quot;aperture&quot;:&quot;0&quot;,&quot;credit&quot;:&quot;&quot;,&quot;camera&quot;:&quot;&quot;,&quot;caption&quot;:&quot;&quot;,&quot;created_timestamp&quot;:&quot;0&quot;,&quot;copyright&quot;:&quot;&quot;,&quot;focal_length&quot;:&quot;0&quot;,&quot;iso&quot;:&quot;0&quot;,&quot;shutter_speed&quot;:&quot;0&quot;,&quot;title&quot;:&quot;&quot;,&quot;orientation&quot;:&quot;0&quot;}\" data-image-title=\"Kvarnnibble7\" data-image-description=\"&lt;p&gt;n\u00e4rbild p\u00e5 et \u00e4pple. R\u00f6tt hus i bakgrunden&lt;\/p&gt;\" data-image-caption=\"&lt;p&gt;\u00c4pplet i centrum p\u00e5 Kvarnnibble&lt;\/p&gt;\" data-large-file=\"https:\/\/www.fjardhundraland.se\/wp-content\/uploads\/2018\/03\/kvarnnibble7.jpg\" role=\"button\" tabindex=\"0\" aria-label=\"Abrir imagen 4 de 7 en pantalla completa\" srcset=\"https:\/\/i0.wp.com\/www.fjardhundraland.se\/wp-content\/uploads\/2018\/03\/kvarnnibble7.jpg?strip=info&#038;w=600&#038;ssl=1 600w,https:\/\/i0.wp.com\/www.fjardhundraland.se\/wp-content\/uploads\/2018\/03\/kvarnnibble7.jpg?strip=info&#038;w=720&#038;ssl=1 720w\" alt=\"Manzana de Kvarnnibble\" data-height=\"960\" data-id=\"4937\" data-link=\"https:\/\/www.fjardhundraland.se\/plats\/kvarnnibble-butik-och-musteri\/kvarnnibble7\/\" data-url=\"https:\/\/www.fjardhundraland.se\/wp-content\/uploads\/2018\/03\/kvarnnibble7.jpg\" data-width=\"720\" src=\"https:\/\/i0.wp.com\/www.fjardhundraland.se\/wp-content\/uploads\/2018\/03\/kvarnnibble7.jpg?ssl=1\" data-amp-layout=\"responsive\" title=\"\"><\/figure><\/div><div class=\"tiled-gallery__col\" style=\"flex-basis:30.52067%\"><figure class=\"tiled-gallery__item\"><img decoding=\"async\" data-attachment-id=\"4933\" data-permalink=\"https:\/\/www.fjardhundraland.se\/es\/plats\/kvarnnibble-butik-och-musteri\/attachment\/kvarnnibble3\/\" data-orig-file=\"https:\/\/www.fjardhundraland.se\/wp-content\/uploads\/2018\/03\/kvarnnibble3.jpg\" data-orig-size=\"2500,1875\" data-comments-opened=\"0\" data-image-meta=\"{&quot;aperture&quot;:&quot;2.4&quot;,&quot;credit&quot;:&quot;&quot;,&quot;camera&quot;:&quot;iPhone 5&quot;,&quot;caption&quot;:&quot;&quot;,&quot;created_timestamp&quot;:&quot;1506600337&quot;,&quot;copyright&quot;:&quot;&quot;,&quot;focal_length&quot;:&quot;4.12&quot;,&quot;iso&quot;:&quot;50&quot;,&quot;shutter_speed&quot;:&quot;0.05&quot;,&quot;title&quot;:&quot;&quot;,&quot;orientation&quot;:&quot;1&quot;}\" data-image-title=\"Kvarnnibble3\" data-image-description=\"&lt;p&gt;en korg med \u00e4pplen och en bag-in-box med \u00e4ppelmust&lt;\/p&gt;\" data-image-caption=\"&lt;p&gt;\u00c4pplen blir till \u00e4ppelmust&lt;\/p&gt;\" data-large-file=\"https:\/\/www.fjardhundraland.se\/wp-content\/uploads\/2018\/03\/kvarnnibble3.jpg\" role=\"button\" tabindex=\"0\" aria-label=\"Abrir imagen 5 de 7 en pantalla completa\" srcset=\"https:\/\/i0.wp.com\/www.fjardhundraland.se\/wp-content\/uploads\/2018\/03\/kvarnnibble3.jpg?strip=info&#038;w=600&#038;ssl=1 600w,https:\/\/i0.wp.com\/www.fjardhundraland.se\/wp-content\/uploads\/2018\/03\/kvarnnibble3.jpg?strip=info&#038;w=900&#038;ssl=1 900w,https:\/\/i0.wp.com\/www.fjardhundraland.se\/wp-content\/uploads\/2018\/03\/kvarnnibble3.jpg?strip=info&#038;w=1200&#038;ssl=1 1200w,https:\/\/i0.wp.com\/www.fjardhundraland.se\/wp-content\/uploads\/2018\/03\/kvarnnibble3.jpg?strip=info&#038;w=1500&#038;ssl=1 1500w,https:\/\/i0.wp.com\/www.fjardhundraland.se\/wp-content\/uploads\/2018\/03\/kvarnnibble3.jpg?strip=info&#038;w=1800&#038;ssl=1 1800w,https:\/\/i0.wp.com\/www.fjardhundraland.se\/wp-content\/uploads\/2018\/03\/kvarnnibble3.jpg?strip=info&#038;w=2000&#038;ssl=1 2000w\" alt=\"Apple debe\" data-height=\"1875\" data-id=\"4933\" data-link=\"https:\/\/www.fjardhundraland.se\/plats\/kvarnnibble-butik-och-musteri\/kvarnnibble3\/\" data-url=\"https:\/\/www.fjardhundraland.se\/wp-content\/uploads\/2018\/03\/kvarnnibble3.jpg\" data-width=\"2500\" src=\"https:\/\/i0.wp.com\/www.fjardhundraland.se\/wp-content\/uploads\/2018\/03\/kvarnnibble3.jpg?ssl=1\" data-amp-layout=\"responsive\" title=\"\"><\/figure><figure class=\"tiled-gallery__item\"><img decoding=\"async\" data-attachment-id=\"4938\" data-permalink=\"https:\/\/www.fjardhundraland.se\/es\/plats\/kvarnnibble-butik-och-musteri\/attachment\/kvarnnibble8\/\" data-orig-file=\"https:\/\/www.fjardhundraland.se\/wp-content\/uploads\/2018\/03\/kvarnnibble8.jpg\" data-orig-size=\"960,720\" data-comments-opened=\"0\" data-image-meta=\"{&quot;aperture&quot;:&quot;0&quot;,&quot;credit&quot;:&quot;&quot;,&quot;camera&quot;:&quot;&quot;,&quot;caption&quot;:&quot;&quot;,&quot;created_timestamp&quot;:&quot;0&quot;,&quot;copyright&quot;:&quot;&quot;,&quot;focal_length&quot;:&quot;0&quot;,&quot;iso&quot;:&quot;0&quot;,&quot;shutter_speed&quot;:&quot;0&quot;,&quot;title&quot;:&quot;&quot;,&quot;orientation&quot;:&quot;0&quot;}\" data-image-title=\"Kvarnnibble8\" data-image-description=\"&lt;p&gt;en korg med svart trumpetsvamp. Tomater och gurka&lt;\/p&gt;\" data-image-caption=\"&lt;p&gt;Varor efter s\u00e4song i Kvarnnibble Butik&lt;\/p&gt;\" data-large-file=\"https:\/\/www.fjardhundraland.se\/wp-content\/uploads\/2018\/03\/kvarnnibble8.jpg\" role=\"button\" tabindex=\"0\" aria-label=\"Abrir imagen 6 de 7 en pantalla completa\" srcset=\"https:\/\/i0.wp.com\/www.fjardhundraland.se\/wp-content\/uploads\/2018\/03\/kvarnnibble8.jpg?strip=info&#038;w=600&#038;ssl=1 600w,https:\/\/i0.wp.com\/www.fjardhundraland.se\/wp-content\/uploads\/2018\/03\/kvarnnibble8.jpg?strip=info&#038;w=900&#038;ssl=1 900w,https:\/\/i0.wp.com\/www.fjardhundraland.se\/wp-content\/uploads\/2018\/03\/kvarnnibble8.jpg?strip=info&#038;w=960&#038;ssl=1 960w\" alt=\"productos locales en la tienda de Kvarnnibble\" data-height=\"720\" data-id=\"4938\" data-link=\"https:\/\/www.fjardhundraland.se\/plats\/kvarnnibble-butik-och-musteri\/kvarnnibble8\/\" data-url=\"https:\/\/www.fjardhundraland.se\/wp-content\/uploads\/2018\/03\/kvarnnibble8.jpg\" data-width=\"960\" src=\"https:\/\/i0.wp.com\/www.fjardhundraland.se\/wp-content\/uploads\/2018\/03\/kvarnnibble8.jpg?ssl=1\" data-amp-layout=\"responsive\" title=\"\"><\/figure><\/div><div class=\"tiled-gallery__col\" style=\"flex-basis:34.73967%\"><figure class=\"tiled-gallery__item\"><img decoding=\"async\" data-attachment-id=\"4939\" data-permalink=\"https:\/\/www.fjardhundraland.se\/es\/plats\/kvarnnibble-butik-och-musteri\/attachment\/kvarnnibble9\/\" data-orig-file=\"https:\/\/www.fjardhundraland.se\/wp-content\/uploads\/2018\/03\/kvarnnibble9.jpg\" data-orig-size=\"720,960\" data-comments-opened=\"0\" data-image-meta=\"{&quot;aperture&quot;:&quot;0&quot;,&quot;credit&quot;:&quot;&quot;,&quot;camera&quot;:&quot;&quot;,&quot;caption&quot;:&quot;&quot;,&quot;created_timestamp&quot;:&quot;0&quot;,&quot;copyright&quot;:&quot;&quot;,&quot;focal_length&quot;:&quot;0&quot;,&quot;iso&quot;:&quot;0&quot;,&quot;shutter_speed&quot;:&quot;0&quot;,&quot;title&quot;:&quot;&quot;,&quot;orientation&quot;:&quot;0&quot;}\" data-image-title=\"Kvarnnibble9\" data-image-description=\"\" data-image-caption=\"&lt;p&gt;\u00c4ppelmust fr\u00e5n Kvarnnibble g\u00e5rd&lt;\/p&gt;\" data-large-file=\"https:\/\/www.fjardhundraland.se\/wp-content\/uploads\/2018\/03\/kvarnnibble9.jpg\" role=\"button\" tabindex=\"0\" aria-label=\"Abrir imagen 7 de 7 en pantalla completa\" srcset=\"https:\/\/i0.wp.com\/www.fjardhundraland.se\/wp-content\/uploads\/2018\/03\/kvarnnibble9.jpg?strip=info&#038;w=600&#038;ssl=1 600w,https:\/\/i0.wp.com\/www.fjardhundraland.se\/wp-content\/uploads\/2018\/03\/kvarnnibble9.jpg?strip=info&#038;w=720&#038;ssl=1 720w\" alt=\"\" data-height=\"960\" data-id=\"4939\" data-link=\"https:\/\/www.fjardhundraland.se\/plats\/kvarnnibble-butik-och-musteri\/kvarnnibble9\/\" data-url=\"https:\/\/www.fjardhundraland.se\/wp-content\/uploads\/2018\/03\/kvarnnibble9.jpg\" data-width=\"720\" src=\"https:\/\/i0.wp.com\/www.fjardhundraland.se\/wp-content\/uploads\/2018\/03\/kvarnnibble9.jpg?ssl=1\" data-amp-layout=\"responsive\" title=\"\"><\/figure><\/div><\/div><\/div><\/div><\/div>","protected":false},"excerpt":{"rendered":"<p>En la tienda se pueden comprar productos propios de la granja y de producci\u00f3n local. En oto\u00f1o, puede llevar sus manzanas al manzanar. Parcelas para autocaravanas.<\/p>","protected":false},"featured_media":4931,"parent":0,"template":"","platserna":[177,133,306,168,16,104,289,105,11,277,130,319],"platstagg":[332,134,128,295,336],"class_list":{"0":"post-4900","1":"plats","2":"type-plats","3":"status-publish","4":"has-post-thumbnail","6":"platserna-gardsbutiker","7":"platserna-agg","8":"platserna-frukt-och-bar","9":"platserna-honung","10":"platserna-kafeer","11":"platserna-lokalproducerat-kott","12":"platserna-lammskinn","13":"platserna-lokalodlat","14":"platserna-mathantverk","15":"platserna-musterier","16":"platserna-ost","17":"platserna-stallplatser","18":"platstagg-applen","19":"platstagg-glass","20":"platstagg-lammkott","21":"platstagg-sverigemagasinet","22":"platstagg-upplev-djur","23":"entry"},"acf":{"oppenverksamhet":true,"med_pa_kartan":true,"visa_pa_webbsidan":true,"beskrivande_underrubrik":"G\u00e5rdsbutik med Fikamojj","kontaktperson":"Anna Lauritsen Tesch","tel":"0733-21 08 15","tel_alt":"","e-post":"anna@kvarnnibble.se","adress":"Karltomtav\u00e4gen 2","postnummer":"197 93","webb":"https:\/\/www.kvarnnibble.se\/","facebook":"kvarnnibblebutikochmusteri","instagram":"kvarnnibble_gard","tripadvisor":"","wikipedia":"","koordinater":{"address":"Karltomtav\u00e4gen 3, 197 93 Bro, Sverige","lat":59.599206509689104,"lng":17.624544221951293,"zoom":19,"place_id":"ChIJT7hHTgywX0YRX9V8sLOAvi4","street_number":3,"street_name":"Karltomtav\u00e4gen","city":"Bro","state":"Stockholms l\u00e4n","post_code":"197 93","country":"Sverige","country_short":"SE"},"googleplaceid":"ChIJIb1CQgywX0YRRpyOc1JyIsc","gps-fil":"","wc":false,"wifi":false,"medlem":true,"\u00f6ppettider":"Fredag kl 11\u201318 och l\u00f6rdag kl 11\u201316.\r\n<p class=\"font_2 wixui-rich-text__text\"><\/p>","info":""},"visa":null,"geo_latitude":null,"geo_longitude":null,"jetpack-related-posts":[{"id":12749,"url":"https:\/\/www.fjardhundraland.se\/es\/plats\/kallinge-gard-2-2-2-2\/","url_meta":{"origin":4900,"position":0},"title":"Granja K\u00e4llinge","author":"Ylva Fontell","date":"9 mayo 2023","format":false,"excerpt":"Alojamiento con encanto en Dr\u00e4ngstugan. Alquiler de vajilla, decoraci\u00f3n y mobiliario para bodas y fiestas. Aparcamiento para autocaravanas.","rel":"","context":"Entrada similar","block_context":{"text":"Entrada similar","link":""},"img":{"alt_text":"","src":"https:\/\/i0.wp.com\/www.fjardhundraland.se\/wp-content\/uploads\/2023\/06\/kallinge4.jpeg?resize=350%2C200&ssl=1","width":350,"height":200,"srcset":"https:\/\/i0.wp.com\/www.fjardhundraland.se\/wp-content\/uploads\/2023\/06\/kallinge4.jpeg?resize=350%2C200&ssl=1 1x, https:\/\/i0.wp.com\/www.fjardhundraland.se\/wp-content\/uploads\/2023\/06\/kallinge4.jpeg?resize=525%2C300&ssl=1 1.5x, https:\/\/i0.wp.com\/www.fjardhundraland.se\/wp-content\/uploads\/2023\/06\/kallinge4.jpeg?resize=700%2C400&ssl=1 2x, https:\/\/i0.wp.com\/www.fjardhundraland.se\/wp-content\/uploads\/2023\/06\/kallinge4.jpeg?resize=1050%2C600&ssl=1 3x"},"classes":[]},{"id":13211,"url":"https:\/\/www.fjardhundraland.se\/es\/plats\/blasippsbackens-mathantverk\/","url_meta":{"origin":4900,"position":1},"title":"Base matem\u00e1tica de Bl\u00e5sippsbackens","author":"Ylva Fontell","date":"4 julio 2023","format":false,"excerpt":"Helados artesanos hechos a mano.","rel":"","context":"Entrada similar","block_context":{"text":"Entrada similar","link":""},"img":{"alt_text":"","src":"https:\/\/i0.wp.com\/www.fjardhundraland.se\/wp-content\/uploads\/2023\/07\/blasippsbackenimg-2778.jpg?resize=350%2C200&ssl=1","width":350,"height":200,"srcset":"https:\/\/i0.wp.com\/www.fjardhundraland.se\/wp-content\/uploads\/2023\/07\/blasippsbackenimg-2778.jpg?resize=350%2C200&ssl=1 1x, https:\/\/i0.wp.com\/www.fjardhundraland.se\/wp-content\/uploads\/2023\/07\/blasippsbackenimg-2778.jpg?resize=525%2C300&ssl=1 1.5x, https:\/\/i0.wp.com\/www.fjardhundraland.se\/wp-content\/uploads\/2023\/07\/blasippsbackenimg-2778.jpg?resize=700%2C400&ssl=1 2x, https:\/\/i0.wp.com\/www.fjardhundraland.se\/wp-content\/uploads\/2023\/07\/blasippsbackenimg-2778.jpg?resize=1050%2C600&ssl=1 3x, https:\/\/i0.wp.com\/www.fjardhundraland.se\/wp-content\/uploads\/2023\/07\/blasippsbackenimg-2778.jpg?resize=1400%2C800&ssl=1 4x"},"classes":[]},{"id":12352,"url":"https:\/\/www.fjardhundraland.se\/es\/plats\/jadra-prastgard-2\/","url_meta":{"origin":4900,"position":2},"title":"Vicar\u00eda de J\u00e4dra","author":"Ylva Fontell","date":"6 abril 2023","format":false,"excerpt":"Linda y Torbj\u00f6rn dirigen una explotaci\u00f3n a peque\u00f1a escala cuyo centro son la biodiversidad y los beneficios para el clima. Los productos se venden con el nombre de J\u00e4dra Bra Mat y tienen certificaci\u00f3n ecol\u00f3gica seg\u00fan KRAV y la UE.","rel":"","context":"Entrada similar","block_context":{"text":"Entrada similar","link":""},"img":{"alt_text":"","src":"https:\/\/i0.wp.com\/www.fjardhundraland.se\/wp-content\/uploads\/2023\/04\/jadraprast22.jpg?resize=350%2C200&ssl=1","width":350,"height":200,"srcset":"https:\/\/i0.wp.com\/www.fjardhundraland.se\/wp-content\/uploads\/2023\/04\/jadraprast22.jpg?resize=350%2C200&ssl=1 1x, https:\/\/i0.wp.com\/www.fjardhundraland.se\/wp-content\/uploads\/2023\/04\/jadraprast22.jpg?resize=525%2C300&ssl=1 1.5x, https:\/\/i0.wp.com\/www.fjardhundraland.se\/wp-content\/uploads\/2023\/04\/jadraprast22.jpg?resize=700%2C400&ssl=1 2x, https:\/\/i0.wp.com\/www.fjardhundraland.se\/wp-content\/uploads\/2023\/04\/jadraprast22.jpg?resize=1050%2C600&ssl=1 3x, https:\/\/i0.wp.com\/www.fjardhundraland.se\/wp-content\/uploads\/2023\/04\/jadraprast22.jpg?resize=1400%2C800&ssl=1 4x"},"classes":[]},{"id":19896,"url":"https:\/\/www.fjardhundraland.se\/es\/plats\/angso-fisk\/","url_meta":{"origin":4900,"position":3},"title":"Pescado \u00c4ngs\u00f6","author":"Ylva Fontell","date":"12 febrero 2026","format":false,"excerpt":"Pescader\u00eda con pescado fresco y ahumado. Cafeter\u00eda de verano con comida y caf\u00e9. Plazas de aparcamiento.","rel":"","context":"Entrada similar","block_context":{"text":"Entrada similar","link":""},"img":{"alt_text":"","src":"https:\/\/i0.wp.com\/www.fjardhundraland.se\/wp-content\/uploads\/2026\/02\/angso-fisk-bat-pa-malaren.jpg?resize=350%2C200&ssl=1","width":350,"height":200,"srcset":"https:\/\/i0.wp.com\/www.fjardhundraland.se\/wp-content\/uploads\/2026\/02\/angso-fisk-bat-pa-malaren.jpg?resize=350%2C200&ssl=1 1x, https:\/\/i0.wp.com\/www.fjardhundraland.se\/wp-content\/uploads\/2026\/02\/angso-fisk-bat-pa-malaren.jpg?resize=525%2C300&ssl=1 1.5x, https:\/\/i0.wp.com\/www.fjardhundraland.se\/wp-content\/uploads\/2026\/02\/angso-fisk-bat-pa-malaren.jpg?resize=700%2C400&ssl=1 2x, https:\/\/i0.wp.com\/www.fjardhundraland.se\/wp-content\/uploads\/2026\/02\/angso-fisk-bat-pa-malaren.jpg?resize=1050%2C600&ssl=1 3x, https:\/\/i0.wp.com\/www.fjardhundraland.se\/wp-content\/uploads\/2026\/02\/angso-fisk-bat-pa-malaren.jpg?resize=1400%2C800&ssl=1 4x"},"classes":[]},{"id":20602,"url":"https:\/\/www.fjardhundraland.se\/es\/plats\/borup-gard\/","url_meta":{"origin":4900,"position":4},"title":"Granja Borup","author":"Marloes","date":"29 abril 2026","format":false,"excerpt":"P\u00e5 g\u00e5rden finns f\u00e5r, spannm\u00e5lsodling, k\u00f6rslor och skogsbruk. Bina p\u00e5 g\u00e5rden producerar ljuvlig honung och varje h\u00f6st kan g\u00e5rdens egen \u00e4ppelmust k\u00f6pas, som pressas och past\u00f6riseras i ett n\u00e4rliggande musteri. G\u00e5rdens specialitet \u00e4r lamml\u00e5dor av h\u00f6g kvalitet, som kan best\u00e4llas p\u00e5 Borup g\u00e5rds hemsida. G\u00e5rdens f\u00e5r \u00e4r naturbetesdjur och v\u00e4ljer\u2026","rel":"","context":"Entrada similar","block_context":{"text":"Entrada similar","link":""},"img":{"alt_text":"","src":"https:\/\/i0.wp.com\/www.fjardhundraland.se\/wp-content\/uploads\/2026\/04\/54ee16607003656300d5a6802491140b.jpg?resize=350%2C200&ssl=1","width":350,"height":200,"srcset":"https:\/\/i0.wp.com\/www.fjardhundraland.se\/wp-content\/uploads\/2026\/04\/54ee16607003656300d5a6802491140b.jpg?resize=350%2C200&ssl=1 1x, https:\/\/i0.wp.com\/www.fjardhundraland.se\/wp-content\/uploads\/2026\/04\/54ee16607003656300d5a6802491140b.jpg?resize=525%2C300&ssl=1 1.5x, https:\/\/i0.wp.com\/www.fjardhundraland.se\/wp-content\/uploads\/2026\/04\/54ee16607003656300d5a6802491140b.jpg?resize=700%2C400&ssl=1 2x"},"classes":[]},{"id":14748,"url":"https:\/\/www.fjardhundraland.se\/es\/plats\/tullens-gronska\/","url_meta":{"origin":4900,"position":5},"title":"El verdor de las costumbres","author":"Ylva Fontell","date":"24 enero 2024","format":false,"excerpt":"Cultivo de hortalizas a peque\u00f1a escala con venta en la tienda de la granja y en los anillos REKO. Suscripci\u00f3n a cajas de verduras.","rel":"","context":"Entrada similar","block_context":{"text":"Entrada similar","link":""},"img":{"alt_text":"","src":"https:\/\/i0.wp.com\/www.fjardhundraland.se\/wp-content\/uploads\/2024\/01\/tullen12.jpg?resize=350%2C200&ssl=1","width":350,"height":200,"srcset":"https:\/\/i0.wp.com\/www.fjardhundraland.se\/wp-content\/uploads\/2024\/01\/tullen12.jpg?resize=350%2C200&ssl=1 1x, https:\/\/i0.wp.com\/www.fjardhundraland.se\/wp-content\/uploads\/2024\/01\/tullen12.jpg?resize=525%2C300&ssl=1 1.5x, https:\/\/i0.wp.com\/www.fjardhundraland.se\/wp-content\/uploads\/2024\/01\/tullen12.jpg?resize=700%2C400&ssl=1 2x, https:\/\/i0.wp.com\/www.fjardhundraland.se\/wp-content\/uploads\/2024\/01\/tullen12.jpg?resize=1050%2C600&ssl=1 3x"},"classes":[]}],"jetpack_sharing_enabled":true,"_links":{"self":[{"href":"https:\/\/www.fjardhundraland.se\/es\/wp-json\/wp\/v2\/platser\/4900","targetHints":{"allow":["GET"]}}],"collection":[{"href":"https:\/\/www.fjardhundraland.se\/es\/wp-json\/wp\/v2\/platser"}],"about":[{"href":"https:\/\/www.fjardhundraland.se\/es\/wp-json\/wp\/v2\/types\/plats"}],"wp:featuredmedia":[{"embeddable":true,"href":"https:\/\/www.fjardhundraland.se\/es\/wp-json\/wp\/v2\/media\/4931"}],"wp:attachment":[{"href":"https:\/\/www.fjardhundraland.se\/es\/wp-json\/wp\/v2\/media?parent=4900"}],"wp:term":[{"taxonomy":"platserna","embeddable":true,"href":"https:\/\/www.fjardhundraland.se\/es\/wp-json\/wp\/v2\/platserna?post=4900"},{"taxonomy":"platstagg","embeddable":true,"href":"https:\/\/www.fjardhundraland.se\/es\/wp-json\/wp\/v2\/platstagg?post=4900"}],"curies":[{"name":"wp","href":"https:\/\/api.w.org\/{rel}","templated":true}]}}