
{"id":3687,"date":"2016-10-21T15:51:58","date_gmt":"2016-10-21T13:51:58","guid":{"rendered":"http:\/\/www.fjardhundraland.se\/?post_type=plats&#038;p=3687"},"modified":"2025-03-10T20:56:32","modified_gmt":"2025-03-10T19:56:32","slug":"como-puss","status":"publish","type":"plats","link":"https:\/\/www.fjardhundraland.se\/es\/plats\/as-puss\/","title":{"rendered":"Come beso"},"content":{"rendered":"<p>A los pies de \u00c4s\u00e5sen se encuentra el peque\u00f1o lago \u00c4s puss. T\u00f3mate un descanso en la bonita zona de picnic y contempla las aguas abiertas y la avifauna. La sociedad de historia local de H\u00e4rnevi ha hecho un buen trabajo restaurando el lago, que estaba a punto de quedar cubierto de maleza.<\/p>\n\n\n\n<p>El lago es casi completamente redondo y un recuerdo tangible de la Edad de Hielo. \u00c4s\u00e5sen es una cresta de guijarros formada por los r\u00edos de deshielo de la capa de hielo. Un iceberg qued\u00f3 incrustado entre los dep\u00f3sitos de la cresta, y cuando el hielo se derriti\u00f3 a finales del verano, se form\u00f3 un gran cr\u00e1ter lleno de agua, es decir, \u00c4s puss.<\/p>\n\n\n\n<p>En <a href=\"https:\/\/www.fjardhundraland.se\/es\/platos\/ascetas\/\">Los ases<\/a> hay grandes oportunidades para practicar senderismo. A poca distancia se encuentra <a href=\"https:\/\/www.fjardhundraland.se\/es\/platos\/vivero-harnevi\/\">Guarder\u00eda H\u00e4rnevi<\/a>donde los amantes del caf\u00e9 encontrar\u00e1n tanto helados como caf\u00e9.<\/p>\n\n\n\n<div class=\"wp-block-jetpack-tiled-gallery aligncenter is-style-rectangular\"><div class=\"\"><div class=\"tiled-gallery__gallery\"><div class=\"tiled-gallery__row\"><div class=\"tiled-gallery__col\" style=\"flex-basis:53.89600%\"><figure class=\"tiled-gallery__item\"><img decoding=\"async\" data-attachment-id=\"3697\" data-permalink=\"https:\/\/www.fjardhundraland.se\/es\/plats\/as-puss\/attachment\/majbrasaas\/\" data-orig-file=\"https:\/\/www.fjardhundraland.se\/wp-content\/uploads\/2016\/10\/majbrasaas.jpg\" data-orig-size=\"260,389\" data-comments-opened=\"0\" data-image-meta=\"{&quot;aperture&quot;:&quot;0&quot;,&quot;credit&quot;:&quot;&quot;,&quot;camera&quot;:&quot;&quot;,&quot;caption&quot;:&quot;&quot;,&quot;created_timestamp&quot;:&quot;0&quot;,&quot;copyright&quot;:&quot;&quot;,&quot;focal_length&quot;:&quot;0&quot;,&quot;iso&quot;:&quot;0&quot;,&quot;shutter_speed&quot;:&quot;0&quot;,&quot;title&quot;:&quot;&quot;,&quot;orientation&quot;:&quot;0&quot;}\" data-image-title=\"majbrasaas\" data-image-description=\"\" data-image-caption=\"\" data-large-file=\"https:\/\/www.fjardhundraland.se\/wp-content\/uploads\/2016\/10\/majbrasaas.jpg\" role=\"button\" tabindex=\"0\" aria-label=\"Abrir imagen 1 de 4 en pantalla completa\" srcset=\"https:\/\/i0.wp.com\/www.fjardhundraland.se\/wp-content\/uploads\/2016\/10\/majbrasaas.jpg?strip=info&#038;w=260&#038;ssl=1 260w\" alt=\"\" data-height=\"389\" data-id=\"3697\" data-link=\"https:\/\/www.fjardhundraland.se\/plats\/as-puss\/majbrasaas\/\" data-url=\"https:\/\/www.fjardhundraland.se\/wp-content\/uploads\/2016\/10\/majbrasaas.jpg\" data-width=\"260\" src=\"https:\/\/i0.wp.com\/www.fjardhundraland.se\/wp-content\/uploads\/2016\/10\/majbrasaas.jpg?ssl=1\" data-amp-layout=\"responsive\" title=\"\"><\/figure><\/div><div class=\"tiled-gallery__col\" style=\"flex-basis:46.10400%\"><figure class=\"tiled-gallery__item\"><img decoding=\"async\" data-attachment-id=\"3692\" data-permalink=\"https:\/\/www.fjardhundraland.se\/es\/plats\/as-puss\/attachment\/aspuss4\/\" data-orig-file=\"https:\/\/www.fjardhundraland.se\/wp-content\/uploads\/2016\/10\/aspuss4.jpg\" data-orig-size=\"2048,1283\" data-comments-opened=\"0\" data-image-meta=\"{&quot;aperture&quot;:&quot;0&quot;,&quot;credit&quot;:&quot;&quot;,&quot;camera&quot;:&quot;&quot;,&quot;caption&quot;:&quot;&quot;,&quot;created_timestamp&quot;:&quot;0&quot;,&quot;copyright&quot;:&quot;&quot;,&quot;focal_length&quot;:&quot;0&quot;,&quot;iso&quot;:&quot;0&quot;,&quot;shutter_speed&quot;:&quot;0&quot;,&quot;title&quot;:&quot;&quot;,&quot;orientation&quot;:&quot;0&quot;}\" data-image-title=\"aspuss4\" data-image-description=\"\" data-image-caption=\"\" data-large-file=\"https:\/\/www.fjardhundraland.se\/wp-content\/uploads\/2016\/10\/aspuss4.jpg\" role=\"button\" tabindex=\"0\" aria-label=\"Abrir imagen 2 de 4 en pantalla completa\" srcset=\"https:\/\/i0.wp.com\/www.fjardhundraland.se\/wp-content\/uploads\/2016\/10\/aspuss4.jpg?strip=info&#038;w=600&#038;ssl=1 600w,https:\/\/i0.wp.com\/www.fjardhundraland.se\/wp-content\/uploads\/2016\/10\/aspuss4.jpg?strip=info&#038;w=900&#038;ssl=1 900w,https:\/\/i0.wp.com\/www.fjardhundraland.se\/wp-content\/uploads\/2016\/10\/aspuss4.jpg?strip=info&#038;w=1200&#038;ssl=1 1200w,https:\/\/i0.wp.com\/www.fjardhundraland.se\/wp-content\/uploads\/2016\/10\/aspuss4.jpg?strip=info&#038;w=1500&#038;ssl=1 1500w,https:\/\/i0.wp.com\/www.fjardhundraland.se\/wp-content\/uploads\/2016\/10\/aspuss4.jpg?strip=info&#038;w=1800&#038;ssl=1 1800w,https:\/\/i0.wp.com\/www.fjardhundraland.se\/wp-content\/uploads\/2016\/10\/aspuss4.jpg?strip=info&#038;w=2000&#038;ssl=1 2000w\" alt=\"\" data-height=\"1283\" data-id=\"3692\" data-link=\"https:\/\/www.fjardhundraland.se\/plats\/as-puss\/aspuss4\/\" data-url=\"https:\/\/www.fjardhundraland.se\/wp-content\/uploads\/2016\/10\/aspuss4.jpg\" data-width=\"2048\" src=\"https:\/\/i0.wp.com\/www.fjardhundraland.se\/wp-content\/uploads\/2016\/10\/aspuss4.jpg?ssl=1\" data-amp-layout=\"responsive\" title=\"\"><\/figure><figure class=\"tiled-gallery__item\"><img decoding=\"async\" data-attachment-id=\"3698\" data-permalink=\"https:\/\/www.fjardhundraland.se\/es\/plats\/as-puss\/attachment\/regnbageas\/\" data-orig-file=\"https:\/\/www.fjardhundraland.se\/wp-content\/uploads\/2016\/10\/regnbageas.jpg\" data-orig-size=\"800,435\" data-comments-opened=\"0\" data-image-meta=\"{&quot;aperture&quot;:&quot;0&quot;,&quot;credit&quot;:&quot;&quot;,&quot;camera&quot;:&quot;&quot;,&quot;caption&quot;:&quot;&quot;,&quot;created_timestamp&quot;:&quot;0&quot;,&quot;copyright&quot;:&quot;&quot;,&quot;focal_length&quot;:&quot;0&quot;,&quot;iso&quot;:&quot;0&quot;,&quot;shutter_speed&quot;:&quot;0&quot;,&quot;title&quot;:&quot;&quot;,&quot;orientation&quot;:&quot;0&quot;}\" data-image-title=\"regnbageas\" data-image-description=\"\" data-image-caption=\"\" data-large-file=\"https:\/\/www.fjardhundraland.se\/wp-content\/uploads\/2016\/10\/regnbageas.jpg\" role=\"button\" tabindex=\"0\" aria-label=\"Abrir imagen 3 de 4 en pantalla completa\" srcset=\"https:\/\/i0.wp.com\/www.fjardhundraland.se\/wp-content\/uploads\/2016\/10\/regnbageas.jpg?strip=info&#038;w=600&#038;ssl=1 600w,https:\/\/i0.wp.com\/www.fjardhundraland.se\/wp-content\/uploads\/2016\/10\/regnbageas.jpg?strip=info&#038;w=800&#038;ssl=1 800w\" alt=\"\" data-height=\"435\" data-id=\"3698\" data-link=\"https:\/\/www.fjardhundraland.se\/plats\/as-puss\/regnbageas\/\" data-url=\"https:\/\/www.fjardhundraland.se\/wp-content\/uploads\/2016\/10\/regnbageas.jpg\" data-width=\"800\" src=\"https:\/\/i0.wp.com\/www.fjardhundraland.se\/wp-content\/uploads\/2016\/10\/regnbageas.jpg?ssl=1\" data-amp-layout=\"responsive\" title=\"\"><\/figure><figure class=\"tiled-gallery__item\"><img decoding=\"async\" data-attachment-id=\"3696\" data-permalink=\"https:\/\/www.fjardhundraland.se\/es\/plats\/as-puss\/attachment\/isas\/\" data-orig-file=\"https:\/\/www.fjardhundraland.se\/wp-content\/uploads\/2016\/10\/isas.jpg\" data-orig-size=\"300,168\" data-comments-opened=\"0\" data-image-meta=\"{&quot;aperture&quot;:&quot;0&quot;,&quot;credit&quot;:&quot;&quot;,&quot;camera&quot;:&quot;&quot;,&quot;caption&quot;:&quot;&quot;,&quot;created_timestamp&quot;:&quot;0&quot;,&quot;copyright&quot;:&quot;&quot;,&quot;focal_length&quot;:&quot;0&quot;,&quot;iso&quot;:&quot;0&quot;,&quot;shutter_speed&quot;:&quot;0&quot;,&quot;title&quot;:&quot;&quot;,&quot;orientation&quot;:&quot;0&quot;}\" data-image-title=\"isas\" data-image-description=\"\" data-image-caption=\"\" data-large-file=\"https:\/\/www.fjardhundraland.se\/wp-content\/uploads\/2016\/10\/isas.jpg\" role=\"button\" tabindex=\"0\" aria-label=\"Abrir imagen 4 de 4 en pantalla completa\" srcset=\"https:\/\/i0.wp.com\/www.fjardhundraland.se\/wp-content\/uploads\/2016\/10\/isas.jpg?strip=info&#038;w=300&#038;ssl=1 300w\" alt=\"\" data-height=\"168\" data-id=\"3696\" data-link=\"https:\/\/www.fjardhundraland.se\/plats\/as-puss\/isas\/\" data-url=\"https:\/\/www.fjardhundraland.se\/wp-content\/uploads\/2016\/10\/isas.jpg\" data-width=\"300\" src=\"https:\/\/i0.wp.com\/www.fjardhundraland.se\/wp-content\/uploads\/2016\/10\/isas.jpg?ssl=1\" data-amp-layout=\"responsive\" title=\"\"><\/figure><\/div><\/div><\/div><\/div><\/div>\n\n\n\n<h2 class=\"wp-block-heading\">\u00a1Escucha la historia de \u00c4s puss!<\/h2>\n\n\n\n<p>Aqu\u00ed encontrar\u00e1 una audiogu\u00eda.<\/p>\n\n\n\n<figure class=\"wp-block-audio\"><audio controls src=\"https:\/\/www.fjardhundraland.se\/wp-content\/uploads\/2021\/04\/as-puss.mp3\"><\/audio><\/figure>\n\n\n\n<p><em>Es mejor cuando escuchas en la aplicaci\u00f3n&nbsp;<\/em><a href=\"https:\/\/www.storyspot.io\/sv\/\" target=\"_blank\" rel=\"noopener\"><em>Storyspot<\/em><\/a><em>donde encontrar\u00e1 audiogu\u00edas e historias de muchos lugares diferentes.<\/em><\/p>\n\n\n\n<p>Producci\u00f3n: Storyspot<br>Gui\u00f3n: Ylva Fontell<br>Documentaci\u00f3n: Gunnar Larsson e Ir\u00e9ne Flygare<br>Lectura: \u00c5sa Lansfors Lindblom<br>M\u00fasica: Stefan L\u00f6fgren<br><br>La producci\u00f3n se ha realizado con el apoyo de Leader M\u00e4lardalen.<br><br><img decoding=\"async\" width=\"100\" height=\"100\" data-attachment-id=\"5259\" data-permalink=\"https:\/\/www.fjardhundraland.se\/es\/cykla\/fjardhundralandsleden\/attachment\/leader\/\" data-orig-file=\"https:\/\/www.fjardhundraland.se\/wp-content\/uploads\/2018\/06\/leader.jpg\" data-orig-size=\"763,764\" data-comments-opened=\"0\" data-image-meta=\"{&quot;aperture&quot;:&quot;0&quot;,&quot;credit&quot;:&quot;&quot;,&quot;camera&quot;:&quot;&quot;,&quot;caption&quot;:&quot;&quot;,&quot;created_timestamp&quot;:&quot;0&quot;,&quot;copyright&quot;:&quot;&quot;,&quot;focal_length&quot;:&quot;0&quot;,&quot;iso&quot;:&quot;0&quot;,&quot;shutter_speed&quot;:&quot;0&quot;,&quot;title&quot;:&quot;&quot;,&quot;orientation&quot;:&quot;0&quot;}\" data-image-title=\"Leader\" data-image-description=\"\" data-image-caption=\"\" data-large-file=\"https:\/\/www.fjardhundraland.se\/wp-content\/uploads\/2018\/06\/leader.jpg\" scale=\"0\" class=\"wp-image-5259\" style=\"width: 100px;\" src=\"https:\/\/www.fjardhundraland.se\/wp-content\/uploads\/2018\/06\/leader.jpg\" alt=\"\" title=\"\">  <img decoding=\"async\" width=\"100\" height=\"97\" data-attachment-id=\"5380\" data-permalink=\"https:\/\/www.fjardhundraland.se\/es\/mat\/2018\/smaker-pa-kvek\/attachment\/eu-flaggaeuropeiskajordbruksfondenfarg-2\/\" data-orig-file=\"https:\/\/www.fjardhundraland.se\/wp-content\/uploads\/2018\/08\/eu-flaggaeuropeiskajordbruksfondenfacc88rg.jpg\" data-orig-size=\"278,271\" data-comments-opened=\"0\" data-image-meta=\"{&quot;aperture&quot;:&quot;0&quot;,&quot;credit&quot;:&quot;&quot;,&quot;camera&quot;:&quot;&quot;,&quot;caption&quot;:&quot;&quot;,&quot;created_timestamp&quot;:&quot;0&quot;,&quot;copyright&quot;:&quot;&quot;,&quot;focal_length&quot;:&quot;0&quot;,&quot;iso&quot;:&quot;0&quot;,&quot;shutter_speed&quot;:&quot;0&quot;,&quot;title&quot;:&quot;&quot;,&quot;orientation&quot;:&quot;0&quot;}\" data-image-title=\"EU-flagga+Europeiska+jordbruksfonden+fa\u0308rg\" data-image-description=\"\" data-image-caption=\"\" data-large-file=\"https:\/\/www.fjardhundraland.se\/wp-content\/uploads\/2018\/08\/eu-flaggaeuropeiskajordbruksfondenfacc88rg.jpg\" scale=\"0\" class=\"wp-image-5380\" style=\"width: 100px;\" src=\"https:\/\/www.fjardhundraland.se\/wp-content\/uploads\/2018\/08\/eu-flaggaeuropeiskajordbruksfondenfacc88rg.jpg\" alt=\"\" title=\"\"><img decoding=\"async\" width=\"300\" height=\"90\" data-attachment-id=\"5257\" data-permalink=\"https:\/\/www.fjardhundraland.se\/es\/cykla\/fjardhundralandsleden\/attachment\/logo-leader_malardalen\/\" data-orig-file=\"https:\/\/www.fjardhundraland.se\/wp-content\/uploads\/2018\/06\/logo-leader_malardalen.jpg\" data-orig-size=\"2330,696\" data-comments-opened=\"0\" data-image-meta=\"{&quot;aperture&quot;:&quot;0&quot;,&quot;credit&quot;:&quot;&quot;,&quot;camera&quot;:&quot;&quot;,&quot;caption&quot;:&quot;&quot;,&quot;created_timestamp&quot;:&quot;0&quot;,&quot;copyright&quot;:&quot;&quot;,&quot;focal_length&quot;:&quot;0&quot;,&quot;iso&quot;:&quot;0&quot;,&quot;shutter_speed&quot;:&quot;0&quot;,&quot;title&quot;:&quot;&quot;,&quot;orientation&quot;:&quot;0&quot;}\" data-image-title=\"Logo LEADER_MALARDALEN\" data-image-description=\"\" data-image-caption=\"\" data-large-file=\"https:\/\/www.fjardhundraland.se\/wp-content\/uploads\/2018\/06\/logo-leader_malardalen.jpg\" scale=\"0\" class=\"wp-image-5257\" style=\"width: 300px;\" src=\"https:\/\/www.fjardhundraland.se\/wp-content\/uploads\/2018\/06\/logo-leader_malardalen.jpg\" alt=\"\" title=\"\"><\/p>","protected":false},"excerpt":{"rendered":"<p>A los pies de \u00c4s\u00e5sen se encuentra el peque\u00f1o lago \u00c4s puss. T\u00f3mate un descanso en la encantadora zona de picnic y contempla las aguas abiertas y la avifauna. <\/p>","protected":false},"featured_media":3698,"parent":0,"template":"","platserna":[205,281,6],"platstagg":[283],"class_list":{"0":"post-3687","1":"plats","2":"type-plats","3":"status-publish","4":"has-post-thumbnail","6":"platserna-natur","7":"platserna-ljudguider","8":"platserna-vintersport","9":"platstagg-storyspot","10":"entry"},"acf":{"oppenverksamhet":false,"med_pa_kartan":false,"visa_pa_webbsidan":true,"beskrivande_underrubrik":"","kontaktperson":"","tel":"","tel_alt":"","e-post":"","adress":"","postnummer":"745 96","webb":"https:\/\/www.upplandsstiftelsen.se\/visa-alla-omraden\/as-puss__5071","facebook":"https:\/\/www.facebook.com\/%C3%84spussen-1514035502153586\/","instagram":"","tripadvisor":"","wikipedia":"","koordinater":{"address":"561, 745 96 Enk\u00f6ping, Sverige","lat":59.715090425871665,"lng":17.096614837646484},"googleplaceid":"","gps-fil":"","wc":false,"wifi":false,"medlem":false,"\u00f6ppettider":"","info":""},"visa":null,"geo_latitude":null,"geo_longitude":null,"jetpack-related-posts":[{"id":3699,"url":"https:\/\/www.fjardhundraland.se\/es\/plats\/asasen\/","url_meta":{"origin":3687,"position":0},"title":"Los ases","author":"Ylva Fontell","date":"21 octubre 2016","format":false,"excerpt":"\u00c4s\u00e5sen es un lugar tranquilo y apacible a unos 40 metros por encima de las tierras de cultivo. Aqu\u00ed y all\u00e1 hay miradores con amplias vistas del paisaje.","rel":"","context":"Entrada similar","block_context":{"text":"Entrada similar","link":""},"img":{"alt_text":"","src":"https:\/\/i0.wp.com\/www.fjardhundraland.se\/wp-content\/uploads\/2016\/10\/asasen.jpg?resize=350%2C200&ssl=1","width":350,"height":200,"srcset":"https:\/\/i0.wp.com\/www.fjardhundraland.se\/wp-content\/uploads\/2016\/10\/asasen.jpg?resize=350%2C200&ssl=1 1x, https:\/\/i0.wp.com\/www.fjardhundraland.se\/wp-content\/uploads\/2016\/10\/asasen.jpg?resize=525%2C300&ssl=1 1.5x, https:\/\/i0.wp.com\/www.fjardhundraland.se\/wp-content\/uploads\/2016\/10\/asasen.jpg?resize=700%2C400&ssl=1 2x, https:\/\/i0.wp.com\/www.fjardhundraland.se\/wp-content\/uploads\/2016\/10\/asasen.jpg?resize=1050%2C600&ssl=1 3x, https:\/\/i0.wp.com\/www.fjardhundraland.se\/wp-content\/uploads\/2016\/10\/asasen.jpg?resize=1400%2C800&ssl=1 4x"},"classes":[]},{"id":14264,"url":"https:\/\/www.fjardhundraland.se\/es\/plats\/dragmansbosjon\/","url_meta":{"origin":3687,"position":1},"title":"Lago Dragmansbos","author":"Ylva Fontell","date":"8 diciembre 2023","format":false,"excerpt":"El lago se est\u00e1 restaurando gradualmente desde un estado casi completamente cubierto de maleza. Aqu\u00ed se puede patinar a campo traviesa y observar aves.","rel":"","context":"Entrada similar","block_context":{"text":"Entrada similar","link":""},"img":{"alt_text":"","src":"https:\/\/i0.wp.com\/www.fjardhundraland.se\/wp-content\/uploads\/2023\/12\/dragmansbo7.jpeg?resize=350%2C200&ssl=1","width":350,"height":200,"srcset":"https:\/\/i0.wp.com\/www.fjardhundraland.se\/wp-content\/uploads\/2023\/12\/dragmansbo7.jpeg?resize=350%2C200&ssl=1 1x, https:\/\/i0.wp.com\/www.fjardhundraland.se\/wp-content\/uploads\/2023\/12\/dragmansbo7.jpeg?resize=525%2C300&ssl=1 1.5x, https:\/\/i0.wp.com\/www.fjardhundraland.se\/wp-content\/uploads\/2023\/12\/dragmansbo7.jpeg?resize=700%2C400&ssl=1 2x, https:\/\/i0.wp.com\/www.fjardhundraland.se\/wp-content\/uploads\/2023\/12\/dragmansbo7.jpeg?resize=1050%2C600&ssl=1 3x, https:\/\/i0.wp.com\/www.fjardhundraland.se\/wp-content\/uploads\/2023\/12\/dragmansbo7.jpeg?resize=1400%2C800&ssl=1 4x"},"classes":[]},{"id":14530,"url":"https:\/\/www.fjardhundraland.se\/es\/plats\/angso-naturreservat\/","url_meta":{"origin":3687,"position":2},"title":"Reserva natural de \u00c4ngs\u00f6","author":"Ylva Fontell","date":"12 diciembre 2023","format":false,"excerpt":"Haga una excursi\u00f3n de un d\u00eda a la hermosa \u00c4ngs\u00f6.","rel":"","context":"Entrada similar","block_context":{"text":"Entrada similar","link":""},"img":{"alt_text":"","src":"https:\/\/i0.wp.com\/www.fjardhundraland.se\/wp-content\/uploads\/2023\/12\/angso-vandring-mostphotos-002-1536x1024-1.jpeg?resize=350%2C200&ssl=1","width":350,"height":200,"srcset":"https:\/\/i0.wp.com\/www.fjardhundraland.se\/wp-content\/uploads\/2023\/12\/angso-vandring-mostphotos-002-1536x1024-1.jpeg?resize=350%2C200&ssl=1 1x, https:\/\/i0.wp.com\/www.fjardhundraland.se\/wp-content\/uploads\/2023\/12\/angso-vandring-mostphotos-002-1536x1024-1.jpeg?resize=525%2C300&ssl=1 1.5x, https:\/\/i0.wp.com\/www.fjardhundraland.se\/wp-content\/uploads\/2023\/12\/angso-vandring-mostphotos-002-1536x1024-1.jpeg?resize=700%2C400&ssl=1 2x, https:\/\/i0.wp.com\/www.fjardhundraland.se\/wp-content\/uploads\/2023\/12\/angso-vandring-mostphotos-002-1536x1024-1.jpeg?resize=1050%2C600&ssl=1 3x, https:\/\/i0.wp.com\/www.fjardhundraland.se\/wp-content\/uploads\/2023\/12\/angso-vandring-mostphotos-002-1536x1024-1.jpeg?resize=1400%2C800&ssl=1 4x"},"classes":[]},{"id":3686,"url":"https:\/\/www.fjardhundraland.se\/es\/plats\/uvberget\/","url_meta":{"origin":3687,"position":3},"title":"Uvberget","author":"Mats Thorburn","date":"21 octubre 2016","format":false,"excerpt":"Uvberget es una peque\u00f1a reserva natural junto al lago Alsta. Desde la cima de la monta\u00f1a hay una amplia vista de la campi\u00f1a circundante y del lago.","rel":"","context":"Entrada similar","block_context":{"text":"Entrada similar","link":""},"img":{"alt_text":"","src":"https:\/\/i0.wp.com\/www.fjardhundraland.se\/wp-content\/uploads\/2016\/10\/utsiktuvberget.jpg?resize=350%2C200&ssl=1","width":350,"height":200,"srcset":"https:\/\/i0.wp.com\/www.fjardhundraland.se\/wp-content\/uploads\/2016\/10\/utsiktuvberget.jpg?resize=350%2C200&ssl=1 1x, https:\/\/i0.wp.com\/www.fjardhundraland.se\/wp-content\/uploads\/2016\/10\/utsiktuvberget.jpg?resize=525%2C300&ssl=1 1.5x, https:\/\/i0.wp.com\/www.fjardhundraland.se\/wp-content\/uploads\/2016\/10\/utsiktuvberget.jpg?resize=700%2C400&ssl=1 2x, https:\/\/i0.wp.com\/www.fjardhundraland.se\/wp-content\/uploads\/2016\/10\/utsiktuvberget.jpg?resize=1050%2C600&ssl=1 3x, https:\/\/i0.wp.com\/www.fjardhundraland.se\/wp-content\/uploads\/2016\/10\/utsiktuvberget.jpg?resize=1400%2C800&ssl=1 4x"},"classes":[]},{"id":12519,"url":"https:\/\/www.fjardhundraland.se\/es\/plats\/lilla-hotellet-ekolsund\/","url_meta":{"origin":3687,"position":4},"title":"Peque\u00f1o Hotel Ekolsund","author":"Marloes","date":"19 abril 2023","format":false,"excerpt":"Con maravillosas vistas al lago y acceso directo al agua, tiene garantizados unos d\u00edas maravillosamente relajados cuando se aloje en Lilla Hotellet Ekolsund. Puede elegir entre varios paquetes diferentes, desde un nivel b\u00e1sico hasta el paquete Todo Incluido.","rel":"","context":"Entrada similar","block_context":{"text":"Entrada similar","link":""},"img":{"alt_text":"","src":"https:\/\/i0.wp.com\/www.fjardhundraland.se\/wp-content\/uploads\/2023\/04\/lilla-hotellet-ekolsund-altan-03.jpg?resize=350%2C200&ssl=1","width":350,"height":200,"srcset":"https:\/\/i0.wp.com\/www.fjardhundraland.se\/wp-content\/uploads\/2023\/04\/lilla-hotellet-ekolsund-altan-03.jpg?resize=350%2C200&ssl=1 1x, https:\/\/i0.wp.com\/www.fjardhundraland.se\/wp-content\/uploads\/2023\/04\/lilla-hotellet-ekolsund-altan-03.jpg?resize=525%2C300&ssl=1 1.5x, https:\/\/i0.wp.com\/www.fjardhundraland.se\/wp-content\/uploads\/2023\/04\/lilla-hotellet-ekolsund-altan-03.jpg?resize=700%2C400&ssl=1 2x, https:\/\/i0.wp.com\/www.fjardhundraland.se\/wp-content\/uploads\/2023\/04\/lilla-hotellet-ekolsund-altan-03.jpg?resize=1050%2C600&ssl=1 3x, https:\/\/i0.wp.com\/www.fjardhundraland.se\/wp-content\/uploads\/2023\/04\/lilla-hotellet-ekolsund-altan-03.jpg?resize=1400%2C800&ssl=1 4x"},"classes":[]},{"id":5072,"url":"https:\/\/www.fjardhundraland.se\/es\/plats\/hjalstaviken\/","url_meta":{"origin":3687,"position":5},"title":"Hj\u00e4lstaviken","author":"Mats Thorburn","date":"12 abril 2020","format":false,"excerpt":"La Reserva Natural de Hj\u00e4lstaviken es uno de los mejores lagos para aves de Suecia. En este lago poco profundo y rico en juncos se pueden observar aves durante todo el a\u00f1o, con picos en los periodos de migraci\u00f3n durante la primavera y el oto\u00f1o. Hj\u00e4lstaviken ofrece experiencias de naturaleza de muchos tipos. Desde la alta monta\u00f1a de Kvarnberget, en el lado oriental, se disfruta de una amplia vista. Cipreses en flor de todo tipo...","rel":"","context":"Entrada similar","block_context":{"text":"Entrada similar","link":""},"img":{"alt_text":"","src":"https:\/\/i0.wp.com\/www.fjardhundraland.se\/wp-content\/uploads\/2018\/04\/hjalstaviken6.jpg?resize=350%2C200&ssl=1","width":350,"height":200,"srcset":"https:\/\/i0.wp.com\/www.fjardhundraland.se\/wp-content\/uploads\/2018\/04\/hjalstaviken6.jpg?resize=350%2C200&ssl=1 1x, https:\/\/i0.wp.com\/www.fjardhundraland.se\/wp-content\/uploads\/2018\/04\/hjalstaviken6.jpg?resize=525%2C300&ssl=1 1.5x, https:\/\/i0.wp.com\/www.fjardhundraland.se\/wp-content\/uploads\/2018\/04\/hjalstaviken6.jpg?resize=700%2C400&ssl=1 2x, https:\/\/i0.wp.com\/www.fjardhundraland.se\/wp-content\/uploads\/2018\/04\/hjalstaviken6.jpg?resize=1050%2C600&ssl=1 3x, https:\/\/i0.wp.com\/www.fjardhundraland.se\/wp-content\/uploads\/2018\/04\/hjalstaviken6.jpg?resize=1400%2C800&ssl=1 4x"},"classes":[]}],"jetpack_sharing_enabled":true,"_links":{"self":[{"href":"https:\/\/www.fjardhundraland.se\/es\/wp-json\/wp\/v2\/platser\/3687","targetHints":{"allow":["GET"]}}],"collection":[{"href":"https:\/\/www.fjardhundraland.se\/es\/wp-json\/wp\/v2\/platser"}],"about":[{"href":"https:\/\/www.fjardhundraland.se\/es\/wp-json\/wp\/v2\/types\/plats"}],"wp:featuredmedia":[{"embeddable":true,"href":"https:\/\/www.fjardhundraland.se\/es\/wp-json\/wp\/v2\/media\/3698"}],"wp:attachment":[{"href":"https:\/\/www.fjardhundraland.se\/es\/wp-json\/wp\/v2\/media?parent=3687"}],"wp:term":[{"taxonomy":"platserna","embeddable":true,"href":"https:\/\/www.fjardhundraland.se\/es\/wp-json\/wp\/v2\/platserna?post=3687"},{"taxonomy":"platstagg","embeddable":true,"href":"https:\/\/www.fjardhundraland.se\/es\/wp-json\/wp\/v2\/platstagg?post=3687"}],"curies":[{"name":"wp","href":"https:\/\/api.w.org\/{rel}","templated":true}]}}