
{"id":1879,"date":"2014-03-01T21:32:01","date_gmt":"2014-03-01T20:32:01","guid":{"rendered":"http:\/\/www.fjardhundraland.se\/?post_type=plats&#038;p=1879"},"modified":"2026-03-04T16:41:30","modified_gmt":"2026-03-04T15:41:30","slug":"jardin-de-osterunda","status":"publish","type":"plats","link":"https:\/\/www.fjardhundraland.se\/es\/plats\/osterundagarden\/","title":{"rendered":"Granja \u00d6sterunda"},"content":{"rendered":"<p>Le invitamos a alquilar la sala del pueblo para reuniones grandes y peque\u00f1as. Las salas de reuniones son adecuadas tanto para fiestas como para reuniones: bautizos, bodas, reuniones familiares, caf\u00e9s funerarios y aniversarios, pero tambi\u00e9n reuniones de asociaciones y LAN.<\/p>\n<ul>\n<li>Sala peque\u00f1a con capacidad para 45 personas.<\/li>\n<li>Amplia sala con capacidad para 100 personas.<\/li>\n<li>Cocina con equipamiento completo y vajilla.<\/li>\n<li>Equipo de sonido con mezclador y micr\u00f3fonos vocales, CD, casete y conexi\u00f3n para ordenador.<\/li>\n<li>Proyector para conectar un ordenador o un DVD\/Bluray.<\/li>\n<li>Banda ancha de 100\/100 Mb por fibra.<\/li>\n<li>Red Wi-Fi.<\/li>\n<\/ul>\n<div class=\"tiled-gallery type-rectangular tiled-gallery-unresized\" data-original-width=\"500\" data-carousel-extra='{&quot;blog_id&quot;:1,&quot;permalink&quot;:&quot;https:\\\/\\\/www.fjardhundraland.se\\\/es\\\/plats\\\/osterundagarden\\\/&quot;,&quot;likes_blog_id&quot;:66652000}' itemscope itemtype=\"http:\/\/schema.org\/ImageGallery\" > <div class=\"gallery-row\" style=\"width: 500px; height: 228px;\" data-original-width=\"500\" data-original-height=\"228\" > <div class=\"gallery-group images-1\" style=\"width: 340px; height: 228px;\" data-original-width=\"340\" data-original-height=\"228\" > <div class=\"tiled-gallery-item tiled-gallery-item-large\" itemprop=\"associatedMedia\" itemscope itemtype=\"http:\/\/schema.org\/ImageObject\"> <a href=\"https:\/\/www.fjardhundraland.se\/es\/plats\/osterundagarden\/attachment\/osterundagarden-4\/\" border=\"0\" itemprop=\"url\"> <meta itemprop=\"width\" content=\"336\"> <meta itemprop=\"height\" content=\"224\"> <img decoding=\"async\" class=\"\" data-attachment-id=\"2021\" data-orig-file=\"https:\/\/www.fjardhundraland.se\/wp-content\/uploads\/2014\/03\/osterundagarden-4.jpg\" data-orig-size=\"2000,1333\" data-comments-opened=\"\" data-image-meta=\"{&quot;aperture&quot;:&quot;4.5&quot;,&quot;credit&quot;:&quot;&quot;,&quot;camera&quot;:&quot;Canon EOS 50D&quot;,&quot;caption&quot;:&quot;&quot;,&quot;created_timestamp&quot;:&quot;1378062493&quot;,&quot;copyright&quot;:&quot;&quot;,&quot;focal_length&quot;:&quot;26&quot;,&quot;iso&quot;:&quot;160&quot;,&quot;shutter_speed&quot;:&quot;0.025&quot;,&quot;title&quot;:&quot;&quot;,&quot;orientation&quot;:&quot;1&quot;}\" data-image-title=\"\u00d6sterundag\u00e5rden\" data-image-description=\"\" data-medium-file=\"https:\/\/www.fjardhundraland.se\/wp-content\/uploads\/2014\/03\/osterundagarden-4.jpg\" data-large-file=\"https:\/\/www.fjardhundraland.se\/wp-content\/uploads\/2014\/03\/osterundagarden-4.jpg\" src=\"https:\/\/i0.wp.com\/www.fjardhundraland.se\/wp-content\/uploads\/2014\/03\/osterundagarden-4.jpg?w=336&#038;h=224&#038;ssl=1\" width=\"336\" height=\"224\" loading=\"lazy\" data-original-width=\"336\" data-original-height=\"224\" itemprop=\"http:\/\/schema.org\/image\" title=\"Granja \u00d6sterunda\" alt=\"Granja \u00d6sterunda\" style=\"width: 336px; height: 224px;\" \/> <\/a> <\/div> <\/div> <!-- close group --> <div class=\"gallery-group images-2\" style=\"width: 160px; height: 228px;\" data-original-width=\"160\" data-original-height=\"228\" > <div class=\"tiled-gallery-item tiled-gallery-item-small\" itemprop=\"associatedMedia\" itemscope itemtype=\"http:\/\/schema.org\/ImageObject\"> <a href=\"https:\/\/www.fjardhundraland.se\/es\/plats\/osterundagarden\/attachment\/img_9688\/\" border=\"0\" itemprop=\"url\"> <meta itemprop=\"width\" content=\"156\"> <meta itemprop=\"height\" content=\"104\"> <img decoding=\"async\" class=\"\" data-attachment-id=\"1884\" data-orig-file=\"https:\/\/www.fjardhundraland.se\/wp-content\/uploads\/2014\/03\/IMG_9688.jpg\" data-orig-size=\"2048,1365\" data-comments-opened=\"\" data-image-meta=\"{&quot;aperture&quot;:&quot;0&quot;,&quot;credit&quot;:&quot;&quot;,&quot;camera&quot;:&quot;&quot;,&quot;caption&quot;:&quot;&quot;,&quot;created_timestamp&quot;:&quot;0&quot;,&quot;copyright&quot;:&quot;&quot;,&quot;focal_length&quot;:&quot;0&quot;,&quot;iso&quot;:&quot;0&quot;,&quot;shutter_speed&quot;:&quot;0&quot;,&quot;title&quot;:&quot;&quot;,&quot;orientation&quot;:&quot;0&quot;}\" data-image-title=\"Osterundagarden2\" data-image-description=\"\" data-medium-file=\"https:\/\/www.fjardhundraland.se\/wp-content\/uploads\/2014\/03\/IMG_9688.jpg\" data-large-file=\"https:\/\/www.fjardhundraland.se\/wp-content\/uploads\/2014\/03\/IMG_9688.jpg\" src=\"https:\/\/i0.wp.com\/www.fjardhundraland.se\/wp-content\/uploads\/2014\/03\/IMG_9688.jpg?w=156&#038;h=104&#038;ssl=1\" width=\"156\" height=\"104\" loading=\"lazy\" data-original-width=\"156\" data-original-height=\"104\" itemprop=\"http:\/\/schema.org\/image\" title=\"Osterundagarden2\" alt=\"Osterundagarden2\" style=\"width: 156px; height: 104px;\" \/> <\/a> <\/div> <div class=\"tiled-gallery-item tiled-gallery-item-small\" itemprop=\"associatedMedia\" itemscope itemtype=\"http:\/\/schema.org\/ImageObject\"> <a href=\"https:\/\/www.fjardhundraland.se\/es\/plats\/osterundagarden\/attachment\/osterundagarden-2\/\" border=\"0\" itemprop=\"url\"> <meta itemprop=\"width\" content=\"156\"> <meta itemprop=\"height\" content=\"116\"> <img decoding=\"async\" class=\"\" data-attachment-id=\"2019\" data-orig-file=\"https:\/\/www.fjardhundraland.se\/wp-content\/uploads\/2014\/03\/osterundagarden-2.jpg\" data-orig-size=\"2000,1500\" data-comments-opened=\"\" data-image-meta=\"{&quot;aperture&quot;:&quot;2.4&quot;,&quot;credit&quot;:&quot;&quot;,&quot;camera&quot;:&quot;iPhone 4S&quot;,&quot;caption&quot;:&quot;&quot;,&quot;created_timestamp&quot;:&quot;1371165105&quot;,&quot;copyright&quot;:&quot;&quot;,&quot;focal_length&quot;:&quot;4.28&quot;,&quot;iso&quot;:&quot;800&quot;,&quot;shutter_speed&quot;:&quot;0.066666666666667&quot;,&quot;title&quot;:&quot;&quot;,&quot;orientation&quot;:&quot;1&quot;}\" data-image-title=\"\u00d6sterundag\u00e5rden\" data-image-description=\"\" data-medium-file=\"https:\/\/www.fjardhundraland.se\/wp-content\/uploads\/2014\/03\/osterundagarden-2.jpg\" data-large-file=\"https:\/\/www.fjardhundraland.se\/wp-content\/uploads\/2014\/03\/osterundagarden-2.jpg\" src=\"https:\/\/i0.wp.com\/www.fjardhundraland.se\/wp-content\/uploads\/2014\/03\/osterundagarden-2.jpg?w=156&#038;h=116&#038;ssl=1\" width=\"156\" height=\"116\" loading=\"lazy\" data-original-width=\"156\" data-original-height=\"116\" itemprop=\"http:\/\/schema.org\/image\" title=\"Granja \u00d6sterunda\" alt=\"Granja \u00d6sterunda\" style=\"width: 156px; height: 116px;\" \/> <\/a> <\/div> <\/div> <!-- close group --> <\/div> <!-- close row --> <div class=\"gallery-row\" style=\"width: 500px; height: 376px;\" data-original-width=\"500\" data-original-height=\"376\" > <div class=\"gallery-group images-1\" style=\"width: 500px; height: 376px;\" data-original-width=\"500\" data-original-height=\"376\" > <div class=\"tiled-gallery-item tiled-gallery-item-large\" itemprop=\"associatedMedia\" itemscope itemtype=\"http:\/\/schema.org\/ImageObject\"> <a href=\"https:\/\/www.fjardhundraland.se\/es\/plats\/osterundagarden\/attachment\/osterundagarden-1\/\" border=\"0\" itemprop=\"url\"> <meta itemprop=\"width\" content=\"496\"> <meta itemprop=\"height\" content=\"372\"> <img decoding=\"async\" class=\"\" data-attachment-id=\"2020\" data-orig-file=\"https:\/\/www.fjardhundraland.se\/wp-content\/uploads\/2014\/03\/osterundagarden-1.jpg\" data-orig-size=\"2000,1500\" data-comments-opened=\"\" data-image-meta=\"{&quot;aperture&quot;:&quot;2.4&quot;,&quot;credit&quot;:&quot;&quot;,&quot;camera&quot;:&quot;iPhone 4S&quot;,&quot;caption&quot;:&quot;&quot;,&quot;created_timestamp&quot;:&quot;1370106750&quot;,&quot;copyright&quot;:&quot;&quot;,&quot;focal_length&quot;:&quot;4.28&quot;,&quot;iso&quot;:&quot;50&quot;,&quot;shutter_speed&quot;:&quot;0.0068493150684932&quot;,&quot;title&quot;:&quot;&quot;,&quot;orientation&quot;:&quot;1&quot;}\" data-image-title=\"\u00d6sterundag\u00e5rden\" data-image-description=\"\" data-medium-file=\"https:\/\/www.fjardhundraland.se\/wp-content\/uploads\/2014\/03\/osterundagarden-1.jpg\" data-large-file=\"https:\/\/www.fjardhundraland.se\/wp-content\/uploads\/2014\/03\/osterundagarden-1.jpg\" src=\"https:\/\/i0.wp.com\/www.fjardhundraland.se\/wp-content\/uploads\/2014\/03\/osterundagarden-1.jpg?w=496&#038;h=372&#038;ssl=1\" width=\"496\" height=\"372\" loading=\"lazy\" data-original-width=\"496\" data-original-height=\"372\" itemprop=\"http:\/\/schema.org\/image\" title=\"Granja \u00d6sterunda\" alt=\"Granja \u00d6sterunda\" style=\"width: 496px; height: 372px;\" \/> <\/a> <\/div> <\/div> <!-- close group --> <\/div> <!-- close row --> <\/div>","protected":false},"excerpt":{"rendered":"<p>Le invitamos a alquilar la sala del pueblo para reuniones grandes y peque\u00f1as. Las salas de reuniones son adecuadas tanto para fiestas como para reuniones: bautizos, bodas, reuniones familiares, caf\u00e9s funerarios y aniversarios, pero tambi\u00e9n reuniones de asociaciones y LAN.<\/p>","protected":false},"featured_media":1884,"parent":0,"template":"","platserna":[94,298,93],"platstagg":[119],"class_list":{"0":"post-1879","1":"plats","2":"type-plats","3":"status-publish","4":"has-post-thumbnail","6":"platserna-festlokaler","7":"platserna-brollop-pa-landet","8":"platserna-konferenser","9":"platstagg-medlem-fjardhundraland","10":"entry"},"acf":{"oppenverksamhet":false,"med_pa_kartan":true,"visa_pa_webbsidan":true,"beskrivande_underrubrik":"","kontaktperson":"Madelene Eriksson","tel":"\u202d072-735 03 93\u202c","tel_alt":"","e-post":"","adress":"\u00d6sterunda Brunnsta 19","postnummer":"749 72","webb":"www.osterunda.se","facebook":"https:\/\/www.facebook.com\/osterundagarden?ref=hl","instagram":"","tripadvisor":"","wikipedia":"","koordinater":{"address":"\u00d6STERUNDA-BRUNNSTA 19, 749 72 Fj\u00e4rdhundra, Sverige","lat":59.81356732057409,"lng":17.103266716003418},"googleplaceid":"","gps-fil":"","wc":false,"wifi":false,"medlem":true,"\u00f6ppettider":"","info":""},"visa":null,"geo_latitude":null,"geo_longitude":null,"jetpack-related-posts":[{"id":10054,"url":"https:\/\/www.fjardhundraland.se\/es\/plats\/frosthults-bygdegard\/","url_meta":{"origin":1879,"position":0},"title":"Ayuntamiento de Fr\u00f6sthults","author":"Ylva Fontell","date":"18 marzo 2022","format":false,"excerpt":"Sala de fiestas que puede alquilar para una fiesta o reuni\u00f3n","rel":"","context":"Entrada similar","block_context":{"text":"Entrada similar","link":""},"img":{"alt_text":"","src":"https:\/\/i0.wp.com\/www.fjardhundraland.se\/wp-content\/uploads\/2022\/03\/frosthultbygdegard12.jpg?resize=350%2C200&ssl=1","width":350,"height":200,"srcset":"https:\/\/i0.wp.com\/www.fjardhundraland.se\/wp-content\/uploads\/2022\/03\/frosthultbygdegard12.jpg?resize=350%2C200&ssl=1 1x, https:\/\/i0.wp.com\/www.fjardhundraland.se\/wp-content\/uploads\/2022\/03\/frosthultbygdegard12.jpg?resize=525%2C300&ssl=1 1.5x, https:\/\/i0.wp.com\/www.fjardhundraland.se\/wp-content\/uploads\/2022\/03\/frosthultbygdegard12.jpg?resize=700%2C400&ssl=1 2x, https:\/\/i0.wp.com\/www.fjardhundraland.se\/wp-content\/uploads\/2022\/03\/frosthultbygdegard12.jpg?resize=1050%2C600&ssl=1 3x, https:\/\/i0.wp.com\/www.fjardhundraland.se\/wp-content\/uploads\/2022\/03\/frosthultbygdegard12.jpg?resize=1400%2C800&ssl=1 4x"},"classes":[]},{"id":4320,"url":"https:\/\/www.fjardhundraland.se\/es\/plats\/safsta-bygdegard\/","url_meta":{"origin":1879,"position":1},"title":"Ayuntamiento de S\u00e4fsta","author":"Ylva Fontell","date":"14 junio 2017","format":false,"excerpt":"En la carretera RV70, justo al norte de Enk\u00f6ping, se encuentra el magn\u00edfico ayuntamiento de S\u00e4fsta. Se construy\u00f3 como escuela a finales del siglo XIX, pero hoy en d\u00eda se pueden alquilar las instalaciones para fiestas y reuniones. Varias veces al a\u00f1o tambi\u00e9n se celebran amplios y concurridos mercadillos, principalmente de ropa para ni\u00f1os y adultos.","rel":"","context":"Entrada similar","block_context":{"text":"Entrada similar","link":""},"img":{"alt_text":"","src":"https:\/\/i0.wp.com\/www.fjardhundraland.se\/wp-content\/uploads\/2017\/06\/safsta4.jpg?resize=350%2C200&ssl=1","width":350,"height":200,"srcset":"https:\/\/i0.wp.com\/www.fjardhundraland.se\/wp-content\/uploads\/2017\/06\/safsta4.jpg?resize=350%2C200&ssl=1 1x, https:\/\/i0.wp.com\/www.fjardhundraland.se\/wp-content\/uploads\/2017\/06\/safsta4.jpg?resize=525%2C300&ssl=1 1.5x, https:\/\/i0.wp.com\/www.fjardhundraland.se\/wp-content\/uploads\/2017\/06\/safsta4.jpg?resize=700%2C400&ssl=1 2x"},"classes":[]},{"id":14723,"url":"https:\/\/www.fjardhundraland.se\/es\/plats\/aspo-bygdegard\/","url_meta":{"origin":1879,"position":2},"title":"Ayuntamiento de Asp\u00f6","author":"Ylva Fontell","date":"22 enero 2024","format":false,"excerpt":"Acogedora sala de fiestas que se puede alquilar para fiestas y reuniones.","rel":"","context":"Entrada similar","block_context":{"text":"Entrada similar","link":""},"img":{"alt_text":"","src":"https:\/\/i0.wp.com\/www.fjardhundraland.se\/wp-content\/uploads\/2024\/01\/aspo5a.jpeg?resize=350%2C200&ssl=1","width":350,"height":200,"srcset":"https:\/\/i0.wp.com\/www.fjardhundraland.se\/wp-content\/uploads\/2024\/01\/aspo5a.jpeg?resize=350%2C200&ssl=1 1x, https:\/\/i0.wp.com\/www.fjardhundraland.se\/wp-content\/uploads\/2024\/01\/aspo5a.jpeg?resize=525%2C300&ssl=1 1.5x, https:\/\/i0.wp.com\/www.fjardhundraland.se\/wp-content\/uploads\/2024\/01\/aspo5a.jpeg?resize=700%2C400&ssl=1 2x, https:\/\/i0.wp.com\/www.fjardhundraland.se\/wp-content\/uploads\/2024\/01\/aspo5a.jpeg?resize=1050%2C600&ssl=1 3x, https:\/\/i0.wp.com\/www.fjardhundraland.se\/wp-content\/uploads\/2024\/01\/aspo5a.jpeg?resize=1400%2C800&ssl=1 4x"},"classes":[]},{"id":10067,"url":"https:\/\/www.fjardhundraland.se\/es\/plats\/jan-ersgarden-bb-och-stuguthyrning\/","url_meta":{"origin":1879,"position":3},"title":"Jan Ersg\u00e5rden B&amp;B y alquiler de casa rural de vacaciones","author":"Ylva Fontell","date":"22 marzo 2022","format":false,"excerpt":"Encantador alojamiento rural en dos casas bien equipadas. Tambi\u00e9n una sala de reuniones para fiestas de verano y reuniones.","rel":"","context":"Entrada similar","block_context":{"text":"Entrada similar","link":""},"img":{"alt_text":"","src":"https:\/\/i0.wp.com\/www.fjardhundraland.se\/wp-content\/uploads\/2022\/04\/janers2.jpeg?resize=350%2C200&ssl=1","width":350,"height":200,"srcset":"https:\/\/i0.wp.com\/www.fjardhundraland.se\/wp-content\/uploads\/2022\/04\/janers2.jpeg?resize=350%2C200&ssl=1 1x, https:\/\/i0.wp.com\/www.fjardhundraland.se\/wp-content\/uploads\/2022\/04\/janers2.jpeg?resize=525%2C300&ssl=1 1.5x, https:\/\/i0.wp.com\/www.fjardhundraland.se\/wp-content\/uploads\/2022\/04\/janers2.jpeg?resize=700%2C400&ssl=1 2x, https:\/\/i0.wp.com\/www.fjardhundraland.se\/wp-content\/uploads\/2022\/04\/janers2.jpeg?resize=1050%2C600&ssl=1 3x, https:\/\/i0.wp.com\/www.fjardhundraland.se\/wp-content\/uploads\/2022\/04\/janers2.jpeg?resize=1400%2C800&ssl=1 4x"},"classes":[]},{"id":3333,"url":"https:\/\/www.fjardhundraland.se\/es\/plats\/altunagarden\/","url_meta":{"origin":1879,"position":4},"title":"Granja Altuna","author":"Ylva Fontell","date":"14 junio 2016","format":false,"excerpt":"Centro del pueblo con eventos como mercados, recogida de \u00e1rboles de Navidad y mucho m\u00e1s. \u00a1Contr\u00e1telo para la fiesta!","rel":"","context":"Entrada similar","block_context":{"text":"Entrada similar","link":""},"img":{"alt_text":"Altunag\u00e5rden under Fj\u00e4rdhundralands kulturdag 2022, i sol p\u00e5 sommaren","src":"https:\/\/i0.wp.com\/www.fjardhundraland.se\/wp-content\/uploads\/2016\/06\/altunagarden.jpeg?resize=350%2C200&ssl=1","width":350,"height":200,"srcset":"https:\/\/i0.wp.com\/www.fjardhundraland.se\/wp-content\/uploads\/2016\/06\/altunagarden.jpeg?resize=350%2C200&ssl=1 1x, https:\/\/i0.wp.com\/www.fjardhundraland.se\/wp-content\/uploads\/2016\/06\/altunagarden.jpeg?resize=525%2C300&ssl=1 1.5x, https:\/\/i0.wp.com\/www.fjardhundraland.se\/wp-content\/uploads\/2016\/06\/altunagarden.jpeg?resize=700%2C400&ssl=1 2x, https:\/\/i0.wp.com\/www.fjardhundraland.se\/wp-content\/uploads\/2016\/06\/altunagarden.jpeg?resize=1050%2C600&ssl=1 3x, https:\/\/i0.wp.com\/www.fjardhundraland.se\/wp-content\/uploads\/2016\/06\/altunagarden.jpeg?resize=1400%2C800&ssl=1 4x"},"classes":[]},{"id":6332,"url":"https:\/\/www.fjardhundraland.se\/es\/plats\/tarna-bygdegardsforening\/","url_meta":{"origin":1879,"position":5},"title":"Ayuntamiento de T\u00e4rna","author":"Ylva Fontell","date":"16 enero 2020","format":false,"excerpt":"En las afueras del pueblo de la iglesia de T\u00e4rna se encuentra la casa del pueblo, que sol\u00eda ser la escuela del pueblo. En los \u00faltimos a\u00f1os, la casa ha sido objeto de una amplia pero cuidadosa renovaci\u00f3n y ahora es una verdadera joya.","rel":"","context":"Entrada similar","block_context":{"text":"Entrada similar","link":""},"img":{"alt_text":"","src":"https:\/\/i0.wp.com\/www.fjardhundraland.se\/wp-content\/uploads\/2020\/01\/tarnabygde10.jpg?resize=350%2C200&ssl=1","width":350,"height":200,"srcset":"https:\/\/i0.wp.com\/www.fjardhundraland.se\/wp-content\/uploads\/2020\/01\/tarnabygde10.jpg?resize=350%2C200&ssl=1 1x, https:\/\/i0.wp.com\/www.fjardhundraland.se\/wp-content\/uploads\/2020\/01\/tarnabygde10.jpg?resize=525%2C300&ssl=1 1.5x, https:\/\/i0.wp.com\/www.fjardhundraland.se\/wp-content\/uploads\/2020\/01\/tarnabygde10.jpg?resize=700%2C400&ssl=1 2x"},"classes":[]}],"jetpack_sharing_enabled":true,"_links":{"self":[{"href":"https:\/\/www.fjardhundraland.se\/es\/wp-json\/wp\/v2\/platser\/1879","targetHints":{"allow":["GET"]}}],"collection":[{"href":"https:\/\/www.fjardhundraland.se\/es\/wp-json\/wp\/v2\/platser"}],"about":[{"href":"https:\/\/www.fjardhundraland.se\/es\/wp-json\/wp\/v2\/types\/plats"}],"wp:featuredmedia":[{"embeddable":true,"href":"https:\/\/www.fjardhundraland.se\/es\/wp-json\/wp\/v2\/media\/1884"}],"wp:attachment":[{"href":"https:\/\/www.fjardhundraland.se\/es\/wp-json\/wp\/v2\/media?parent=1879"}],"wp:term":[{"taxonomy":"platserna","embeddable":true,"href":"https:\/\/www.fjardhundraland.se\/es\/wp-json\/wp\/v2\/platserna?post=1879"},{"taxonomy":"platstagg","embeddable":true,"href":"https:\/\/www.fjardhundraland.se\/es\/wp-json\/wp\/v2\/platstagg?post=1879"}],"curies":[{"name":"wp","href":"https:\/\/api.w.org\/{rel}","templated":true}]}}