
{"id":1642,"date":"2014-02-06T21:35:02","date_gmt":"2014-02-06T20:35:02","guid":{"rendered":"http:\/\/www.fjardhundraland.se\/?post_type=plats&#038;p=1642"},"modified":"2026-03-24T17:12:04","modified_gmt":"2026-03-24T16:12:04","slug":"iglesia-de-harnevi","status":"publish","type":"plats","link":"https:\/\/www.fjardhundraland.se\/es\/plats\/harnevi-kyrka\/","title":{"rendered":"Iglesia de H\u00e4rnevi"},"content":{"rendered":"<p><strong>Iglesia de H\u00e4rnevi<\/strong> se encuentra en un id\u00edlico entorno de pueblo con frondosos \u00e1rboles y un campanario alquitranado. Incluso se conservan los antiguos establos de la iglesia a lo largo de la calle del pueblo.<\/p>\n\n\n\n<p>La iglesia est\u00e1 llena de cuadros del suelo al techo. El artista medieval m\u00e1s importante de Suecia, <em><a class=\"rank-math-link\" href=\"https:\/\/www.fjardhundraland.se\/es\/los-sitios\/gora\/albertus-pictors-kyrkor\/\">Albertus Pictor<\/a><\/em>Un verano de la d\u00e9cada de 1480, el pintor de la iglesia pint\u00f3 las paredes y el techo de la peque\u00f1a iglesia con im\u00e1genes b\u00edblicas, cuentos morales y misteriosos animales y criaturas. Puedes pasarte un buen rato mirando, hay muchos detalles interesantes que descubrir; por ejemplo, no te pierdas al pobre santo Erasmo con los intestinos enrollados en una manivela mientras lo hierven en aceite. Lo encontrar\u00e1s en la pared frontal derecha, mientras que en el techo podr\u00e1s ver un bonito cuadro de Sans\u00f3n y el le\u00f3n.<\/p>\n\n\n\n<p>Tambi\u00e9n es famoso el cerdo que toca el \u00f3rgano. Albertus Pictor no s\u00f3lo era un artista excepcional, sino tambi\u00e9n un h\u00e1bil m\u00fasico, tal vez el cerdo tocando el \u00f3rgano era un comentario sobre c\u00f3mo pensaba que tocaba el cantor en H\u00e4rnevi....<\/p>\n\n\n\n<p>Durante el verano, la iglesia abre varios d\u00edas a la semana y se puede tomar un buen caf\u00e9 en el peque\u00f1o sal\u00f3n parroquial pintado de rojo. Los escolares hornean y regentan la cafeter\u00eda.<\/p>\n\n\n\n<p>Desde septiembre de 2021, la iglesia ha sido reabierta tras una extensa restauraci\u00f3n, que incluy\u00f3 la limpieza y conservaci\u00f3n de las pinturas de Albertus Picktor, para que sean m\u00e1s claras y n\u00edtidas tras siglos de suciedad cuidadosamente eliminada.<\/p>\n\n\n\n<h3 class=\"wp-block-heading\">Escuche la historia de la iglesia de H\u00e4rnevi y Albertus Pictor<\/h3>\n\n\n\n<p>Hay un <a class=\"rank-math-link\" href=\"https:\/\/www.fjardhundraland.se\/es\/platos\/audioguia-de-la-iglesia-albertus-pictor-harnevi\/\">audiogu\u00eda sobre Albertus Pictor y sus pinturas en la iglesia de H\u00e4rnevi<\/a>.<\/p>\n\n\n\n<hr class=\"wp-block-separator has-css-opacity\"\/>\n\n\n\n<p>M\u00e1s cuadros de <a class=\"rank-math-link\" href=\"https:\/\/www.fjardhundraland.se\/es\/los-sitios\/gora\/albertus-pictors-kyrkor\/\">Albertus Pictor<\/a> encontrar\u00e1, entre otros, en <a class=\"rank-math-link\" href=\"https:\/\/www.fjardhundraland.se\/es\/platos\/iglesia-de-harkeberga\/\">Iglesia de H\u00e4rkeberga<\/a>.<\/p>\n\n\n\n<div class=\"wp-block-jetpack-tiled-gallery aligncenter is-style-rectangular\"><div class=\"\"><div class=\"tiled-gallery__gallery\"><div class=\"tiled-gallery__row\"><div class=\"tiled-gallery__col\" style=\"flex-basis:32.12446%\"><figure class=\"tiled-gallery__item\"><img decoding=\"async\" data-attachment-id=\"1707\" data-permalink=\"https:\/\/www.fjardhundraland.se\/es\/plats\/harnevi-kyrka\/attachment\/img_3465\/\" data-orig-file=\"https:\/\/www.fjardhundraland.se\/wp-content\/uploads\/2014\/02\/H\u00e4rnevi-kyrka-1.jpg\" data-orig-size=\"1333,2000\" data-comments-opened=\"0\" data-image-meta=\"{&quot;aperture&quot;:&quot;9&quot;,&quot;credit&quot;:&quot;&quot;,&quot;camera&quot;:&quot;Canon EOS 50D&quot;,&quot;caption&quot;:&quot;&quot;,&quot;created_timestamp&quot;:&quot;1373893688&quot;,&quot;copyright&quot;:&quot;&quot;,&quot;focal_length&quot;:&quot;30&quot;,&quot;iso&quot;:&quot;100&quot;,&quot;shutter_speed&quot;:&quot;0.00625&quot;,&quot;title&quot;:&quot;IMG_3465&quot;,&quot;orientation&quot;:&quot;1&quot;}\" data-image-title=\"H\u00e4rnevi kyrka\" data-image-description=\"\" data-image-caption=\"\" data-large-file=\"https:\/\/www.fjardhundraland.se\/wp-content\/uploads\/2014\/02\/H\u00e4rnevi-kyrka-1.jpg\" role=\"button\" tabindex=\"0\" aria-label=\"Abrir imagen 1 de 6 en pantalla completa\" srcset=\"https:\/\/i0.wp.com\/www.fjardhundraland.se\/wp-content\/uploads\/2014\/02\/H%C3%A4rnevi-kyrka-1.jpg?strip=info&#038;w=600&#038;ssl=1 600w,https:\/\/i0.wp.com\/www.fjardhundraland.se\/wp-content\/uploads\/2014\/02\/H%C3%A4rnevi-kyrka-1.jpg?strip=info&#038;w=900&#038;ssl=1 900w,https:\/\/i0.wp.com\/www.fjardhundraland.se\/wp-content\/uploads\/2014\/02\/H%C3%A4rnevi-kyrka-1.jpg?strip=info&#038;w=1200&#038;ssl=1 1200w,https:\/\/i0.wp.com\/www.fjardhundraland.se\/wp-content\/uploads\/2014\/02\/H%C3%A4rnevi-kyrka-1.jpg?strip=info&#038;w=1333&#038;ssl=1 1333w\" alt=\"\" data-height=\"2000\" data-id=\"1707\" data-link=\"https:\/\/www.fjardhundraland.se\/plats\/harnevi-kyrka\/img_3465\/\" data-url=\"https:\/\/www.fjardhundraland.se\/wp-content\/uploads\/2014\/02\/H\u00e4rnevi-kyrka-1.jpg\" data-width=\"1333\" src=\"https:\/\/i0.wp.com\/www.fjardhundraland.se\/wp-content\/uploads\/2014\/02\/H%C3%A4rnevi-kyrka-1.jpg?ssl=1\" data-amp-layout=\"responsive\" title=\"\"><\/figure><\/div><div class=\"tiled-gallery__col\" style=\"flex-basis:35.75108%\"><figure class=\"tiled-gallery__item\"><img decoding=\"async\" data-attachment-id=\"1682\" data-permalink=\"https:\/\/www.fjardhundraland.se\/es\/harnevi-kyrka1\/\" data-orig-file=\"https:\/\/www.fjardhundraland.se\/wp-content\/uploads\/2014\/02\/H\u00e4rnevi-Kyrka1.jpg\" data-orig-size=\"2048,1365\" data-comments-opened=\"0\" data-image-meta=\"{&quot;aperture&quot;:&quot;0&quot;,&quot;credit&quot;:&quot;&quot;,&quot;camera&quot;:&quot;&quot;,&quot;caption&quot;:&quot;&quot;,&quot;created_timestamp&quot;:&quot;0&quot;,&quot;copyright&quot;:&quot;&quot;,&quot;focal_length&quot;:&quot;0&quot;,&quot;iso&quot;:&quot;0&quot;,&quot;shutter_speed&quot;:&quot;0&quot;,&quot;title&quot;:&quot;&quot;,&quot;orientation&quot;:&quot;0&quot;}\" data-image-title=\"H\u00e4rnevi Kyrka\" data-image-description=\"\" data-image-caption=\"\" data-large-file=\"https:\/\/www.fjardhundraland.se\/wp-content\/uploads\/2014\/02\/H\u00e4rnevi-Kyrka1.jpg\" role=\"button\" tabindex=\"0\" aria-label=\"Abrir imagen 2 de 6 en pantalla completa\" srcset=\"https:\/\/i0.wp.com\/www.fjardhundraland.se\/wp-content\/uploads\/2014\/02\/H%C3%A4rnevi-Kyrka1.jpg?strip=info&#038;w=600&#038;ssl=1 600w,https:\/\/i0.wp.com\/www.fjardhundraland.se\/wp-content\/uploads\/2014\/02\/H%C3%A4rnevi-Kyrka1.jpg?strip=info&#038;w=900&#038;ssl=1 900w,https:\/\/i0.wp.com\/www.fjardhundraland.se\/wp-content\/uploads\/2014\/02\/H%C3%A4rnevi-Kyrka1.jpg?strip=info&#038;w=1200&#038;ssl=1 1200w,https:\/\/i0.wp.com\/www.fjardhundraland.se\/wp-content\/uploads\/2014\/02\/H%C3%A4rnevi-Kyrka1.jpg?strip=info&#038;w=1500&#038;ssl=1 1500w,https:\/\/i0.wp.com\/www.fjardhundraland.se\/wp-content\/uploads\/2014\/02\/H%C3%A4rnevi-Kyrka1.jpg?strip=info&#038;w=1800&#038;ssl=1 1800w,https:\/\/i0.wp.com\/www.fjardhundraland.se\/wp-content\/uploads\/2014\/02\/H%C3%A4rnevi-Kyrka1.jpg?strip=info&#038;w=2000&#038;ssl=1 2000w\" alt=\"\" data-height=\"1365\" data-id=\"1682\" data-link=\"https:\/\/www.fjardhundraland.se\/harnevi-kyrka1\/\" data-url=\"https:\/\/www.fjardhundraland.se\/wp-content\/uploads\/2014\/02\/H\u00e4rnevi-Kyrka1.jpg\" data-width=\"2048\" src=\"https:\/\/i0.wp.com\/www.fjardhundraland.se\/wp-content\/uploads\/2014\/02\/H%C3%A4rnevi-Kyrka1.jpg?ssl=1\" data-amp-layout=\"responsive\" title=\"\"><\/figure><figure class=\"tiled-gallery__item\"><img decoding=\"async\" data-attachment-id=\"1683\" data-permalink=\"https:\/\/www.fjardhundraland.se\/es\/harnevi-kyrka2\/\" data-orig-file=\"https:\/\/www.fjardhundraland.se\/wp-content\/uploads\/2014\/02\/H\u00e4rnevi-Kyrka2.jpg\" data-orig-size=\"2048,1366\" data-comments-opened=\"0\" data-image-meta=\"{&quot;aperture&quot;:&quot;0&quot;,&quot;credit&quot;:&quot;&quot;,&quot;camera&quot;:&quot;&quot;,&quot;caption&quot;:&quot;&quot;,&quot;created_timestamp&quot;:&quot;0&quot;,&quot;copyright&quot;:&quot;&quot;,&quot;focal_length&quot;:&quot;0&quot;,&quot;iso&quot;:&quot;0&quot;,&quot;shutter_speed&quot;:&quot;0&quot;,&quot;title&quot;:&quot;&quot;,&quot;orientation&quot;:&quot;0&quot;}\" data-image-title=\"H\u00e4rnevi Kyrka\" data-image-description=\"\" data-image-caption=\"\" data-large-file=\"https:\/\/www.fjardhundraland.se\/wp-content\/uploads\/2014\/02\/H\u00e4rnevi-Kyrka2.jpg\" role=\"button\" tabindex=\"0\" aria-label=\"Abrir imagen 3 de 6 en pantalla completa\" srcset=\"https:\/\/i0.wp.com\/www.fjardhundraland.se\/wp-content\/uploads\/2014\/02\/H%C3%A4rnevi-Kyrka2.jpg?strip=info&#038;w=600&#038;ssl=1 600w,https:\/\/i0.wp.com\/www.fjardhundraland.se\/wp-content\/uploads\/2014\/02\/H%C3%A4rnevi-Kyrka2.jpg?strip=info&#038;w=900&#038;ssl=1 900w,https:\/\/i0.wp.com\/www.fjardhundraland.se\/wp-content\/uploads\/2014\/02\/H%C3%A4rnevi-Kyrka2.jpg?strip=info&#038;w=1200&#038;ssl=1 1200w,https:\/\/i0.wp.com\/www.fjardhundraland.se\/wp-content\/uploads\/2014\/02\/H%C3%A4rnevi-Kyrka2.jpg?strip=info&#038;w=1500&#038;ssl=1 1500w,https:\/\/i0.wp.com\/www.fjardhundraland.se\/wp-content\/uploads\/2014\/02\/H%C3%A4rnevi-Kyrka2.jpg?strip=info&#038;w=1800&#038;ssl=1 1800w,https:\/\/i0.wp.com\/www.fjardhundraland.se\/wp-content\/uploads\/2014\/02\/H%C3%A4rnevi-Kyrka2.jpg?strip=info&#038;w=2000&#038;ssl=1 2000w\" alt=\"\" data-height=\"1366\" data-id=\"1683\" data-link=\"https:\/\/www.fjardhundraland.se\/harnevi-kyrka2\/\" data-url=\"https:\/\/www.fjardhundraland.se\/wp-content\/uploads\/2014\/02\/H\u00e4rnevi-Kyrka2.jpg\" data-width=\"2048\" src=\"https:\/\/i0.wp.com\/www.fjardhundraland.se\/wp-content\/uploads\/2014\/02\/H%C3%A4rnevi-Kyrka2.jpg?ssl=1\" data-amp-layout=\"responsive\" title=\"\"><\/figure><\/div><div class=\"tiled-gallery__col\" style=\"flex-basis:32.12446%\"><figure class=\"tiled-gallery__item\"><img decoding=\"async\" data-attachment-id=\"1705\" data-permalink=\"https:\/\/www.fjardhundraland.se\/es\/plats\/harnevi-kyrka\/attachment\/img_3469\/\" data-orig-file=\"https:\/\/www.fjardhundraland.se\/wp-content\/uploads\/2014\/02\/H\u00e4rnevi-kyrka1.jpg\" data-orig-size=\"1333,2000\" data-comments-opened=\"0\" data-image-meta=\"{&quot;aperture&quot;:&quot;8&quot;,&quot;credit&quot;:&quot;&quot;,&quot;camera&quot;:&quot;Canon EOS 50D&quot;,&quot;caption&quot;:&quot;&quot;,&quot;created_timestamp&quot;:&quot;1373895176&quot;,&quot;copyright&quot;:&quot;&quot;,&quot;focal_length&quot;:&quot;24&quot;,&quot;iso&quot;:&quot;100&quot;,&quot;shutter_speed&quot;:&quot;0.008&quot;,&quot;title&quot;:&quot;IMG_3469&quot;,&quot;orientation&quot;:&quot;1&quot;}\" data-image-title=\"H\u00e4rnevi kyrka\" data-image-description=\"\" data-image-caption=\"\" data-large-file=\"https:\/\/www.fjardhundraland.se\/wp-content\/uploads\/2014\/02\/H\u00e4rnevi-kyrka1.jpg\" role=\"button\" tabindex=\"0\" aria-label=\"Abrir imagen 4 de 6 en pantalla completa\" srcset=\"https:\/\/i0.wp.com\/www.fjardhundraland.se\/wp-content\/uploads\/2014\/02\/H%C3%A4rnevi-kyrka1.jpg?strip=info&#038;w=600&#038;ssl=1 600w,https:\/\/i0.wp.com\/www.fjardhundraland.se\/wp-content\/uploads\/2014\/02\/H%C3%A4rnevi-kyrka1.jpg?strip=info&#038;w=900&#038;ssl=1 900w,https:\/\/i0.wp.com\/www.fjardhundraland.se\/wp-content\/uploads\/2014\/02\/H%C3%A4rnevi-kyrka1.jpg?strip=info&#038;w=1200&#038;ssl=1 1200w,https:\/\/i0.wp.com\/www.fjardhundraland.se\/wp-content\/uploads\/2014\/02\/H%C3%A4rnevi-kyrka1.jpg?strip=info&#038;w=1333&#038;ssl=1 1333w\" alt=\"\" data-height=\"2000\" data-id=\"1705\" data-link=\"https:\/\/www.fjardhundraland.se\/plats\/harnevi-kyrka\/img_3469\/\" data-url=\"https:\/\/www.fjardhundraland.se\/wp-content\/uploads\/2014\/02\/H\u00e4rnevi-kyrka1.jpg\" data-width=\"1333\" src=\"https:\/\/i0.wp.com\/www.fjardhundraland.se\/wp-content\/uploads\/2014\/02\/H%C3%A4rnevi-kyrka1.jpg?ssl=1\" data-amp-layout=\"responsive\" title=\"\"><\/figure><\/div><\/div><div class=\"tiled-gallery__row\"><div class=\"tiled-gallery__col\" style=\"flex-basis:50.00000%\"><figure class=\"tiled-gallery__item\"><img decoding=\"async\" data-attachment-id=\"1704\" data-permalink=\"https:\/\/www.fjardhundraland.se\/es\/plats\/harnevi-kyrka\/attachment\/img_3467\/\" data-orig-file=\"https:\/\/www.fjardhundraland.se\/wp-content\/uploads\/2014\/02\/H\u00e4rnevi-kyrka2.jpg\" data-orig-size=\"2000,1333\" data-comments-opened=\"0\" data-image-meta=\"{&quot;aperture&quot;:&quot;8&quot;,&quot;credit&quot;:&quot;&quot;,&quot;camera&quot;:&quot;Canon EOS 50D&quot;,&quot;caption&quot;:&quot;&quot;,&quot;created_timestamp&quot;:&quot;1373895113&quot;,&quot;copyright&quot;:&quot;&quot;,&quot;focal_length&quot;:&quot;20&quot;,&quot;iso&quot;:&quot;100&quot;,&quot;shutter_speed&quot;:&quot;0.008&quot;,&quot;title&quot;:&quot;IMG_3467&quot;,&quot;orientation&quot;:&quot;1&quot;}\" data-image-title=\"H\u00e4rnevi kyrka\" data-image-description=\"\" data-image-caption=\"\" data-large-file=\"https:\/\/www.fjardhundraland.se\/wp-content\/uploads\/2014\/02\/H\u00e4rnevi-kyrka2.jpg\" role=\"button\" tabindex=\"0\" aria-label=\"Abrir imagen 5 de 6 en pantalla completa\" srcset=\"https:\/\/i0.wp.com\/www.fjardhundraland.se\/wp-content\/uploads\/2014\/02\/H%C3%A4rnevi-kyrka2.jpg?strip=info&#038;w=600&#038;ssl=1 600w,https:\/\/i0.wp.com\/www.fjardhundraland.se\/wp-content\/uploads\/2014\/02\/H%C3%A4rnevi-kyrka2.jpg?strip=info&#038;w=900&#038;ssl=1 900w,https:\/\/i0.wp.com\/www.fjardhundraland.se\/wp-content\/uploads\/2014\/02\/H%C3%A4rnevi-kyrka2.jpg?strip=info&#038;w=1200&#038;ssl=1 1200w,https:\/\/i0.wp.com\/www.fjardhundraland.se\/wp-content\/uploads\/2014\/02\/H%C3%A4rnevi-kyrka2.jpg?strip=info&#038;w=1500&#038;ssl=1 1500w,https:\/\/i0.wp.com\/www.fjardhundraland.se\/wp-content\/uploads\/2014\/02\/H%C3%A4rnevi-kyrka2.jpg?strip=info&#038;w=1800&#038;ssl=1 1800w,https:\/\/i0.wp.com\/www.fjardhundraland.se\/wp-content\/uploads\/2014\/02\/H%C3%A4rnevi-kyrka2.jpg?strip=info&#038;w=2000&#038;ssl=1 2000w\" alt=\"\" data-height=\"1333\" data-id=\"1704\" data-link=\"https:\/\/www.fjardhundraland.se\/plats\/harnevi-kyrka\/img_3467\/\" data-url=\"https:\/\/www.fjardhundraland.se\/wp-content\/uploads\/2014\/02\/H\u00e4rnevi-kyrka2.jpg\" data-width=\"2000\" src=\"https:\/\/i0.wp.com\/www.fjardhundraland.se\/wp-content\/uploads\/2014\/02\/H%C3%A4rnevi-kyrka2.jpg?ssl=1\" data-amp-layout=\"responsive\" title=\"\"><\/figure><\/div><div class=\"tiled-gallery__col\" style=\"flex-basis:50.00000%\"><figure class=\"tiled-gallery__item\"><img decoding=\"async\" data-attachment-id=\"1703\" data-permalink=\"https:\/\/www.fjardhundraland.se\/es\/plats\/harnevi-kyrka\/attachment\/img_3472\/\" data-orig-file=\"https:\/\/www.fjardhundraland.se\/wp-content\/uploads\/2014\/02\/H\u00e4rnevi-kyrka.jpg\" data-orig-size=\"2000,1333\" data-comments-opened=\"0\" data-image-meta=\"{&quot;aperture&quot;:&quot;5&quot;,&quot;credit&quot;:&quot;&quot;,&quot;camera&quot;:&quot;Canon EOS 50D&quot;,&quot;caption&quot;:&quot;&quot;,&quot;created_timestamp&quot;:&quot;1373895222&quot;,&quot;copyright&quot;:&quot;&quot;,&quot;focal_length&quot;:&quot;22&quot;,&quot;iso&quot;:&quot;125&quot;,&quot;shutter_speed&quot;:&quot;0.033333333333333&quot;,&quot;title&quot;:&quot;IMG_3472&quot;,&quot;orientation&quot;:&quot;1&quot;}\" data-image-title=\"H\u00e4rnevi kyrka, Albertus Pictor\" data-image-description=\"\" data-image-caption=\"\" data-large-file=\"https:\/\/www.fjardhundraland.se\/wp-content\/uploads\/2014\/02\/H\u00e4rnevi-kyrka.jpg\" role=\"button\" tabindex=\"0\" aria-label=\"Abrir imagen 6 de 6 en pantalla completa\" srcset=\"https:\/\/i0.wp.com\/www.fjardhundraland.se\/wp-content\/uploads\/2014\/02\/H%C3%A4rnevi-kyrka.jpg?strip=info&#038;w=600&#038;ssl=1 600w,https:\/\/i0.wp.com\/www.fjardhundraland.se\/wp-content\/uploads\/2014\/02\/H%C3%A4rnevi-kyrka.jpg?strip=info&#038;w=900&#038;ssl=1 900w,https:\/\/i0.wp.com\/www.fjardhundraland.se\/wp-content\/uploads\/2014\/02\/H%C3%A4rnevi-kyrka.jpg?strip=info&#038;w=1200&#038;ssl=1 1200w,https:\/\/i0.wp.com\/www.fjardhundraland.se\/wp-content\/uploads\/2014\/02\/H%C3%A4rnevi-kyrka.jpg?strip=info&#038;w=1500&#038;ssl=1 1500w,https:\/\/i0.wp.com\/www.fjardhundraland.se\/wp-content\/uploads\/2014\/02\/H%C3%A4rnevi-kyrka.jpg?strip=info&#038;w=1800&#038;ssl=1 1800w,https:\/\/i0.wp.com\/www.fjardhundraland.se\/wp-content\/uploads\/2014\/02\/H%C3%A4rnevi-kyrka.jpg?strip=info&#038;w=2000&#038;ssl=1 2000w\" alt=\"Iglesia de H\u00e4rnevi, Albertus Pictor\" data-height=\"1333\" data-id=\"1703\" data-link=\"https:\/\/www.fjardhundraland.se\/plats\/harnevi-kyrka\/img_3472\/\" data-url=\"https:\/\/www.fjardhundraland.se\/wp-content\/uploads\/2014\/02\/H\u00e4rnevi-kyrka.jpg\" data-width=\"2000\" src=\"https:\/\/i0.wp.com\/www.fjardhundraland.se\/wp-content\/uploads\/2014\/02\/H%C3%A4rnevi-kyrka.jpg?ssl=1\" data-amp-layout=\"responsive\" title=\"\"><\/figure><\/div><\/div><\/div><\/div><\/div>\n\n\n\n<p><\/p>","protected":false},"excerpt":{"rendered":"<p>La iglesia de H\u00e4rnevi est\u00e1 situada en un id\u00edlico entorno de pueblo con frondosos \u00e1rboles y un campanario alquitranado. Caf\u00e9 de verano.<\/p>","protected":false},"featured_media":9273,"parent":0,"template":"","platserna":[245,201,16,2],"platstagg":[334],"class_list":{"0":"post-1642","1":"plats","2":"type-plats","3":"status-publish","4":"has-post-thumbnail","6":"platserna-albertus-pictor-bilder-kyrkor","7":"platserna-historia","8":"platserna-kafeer","9":"platserna-kyrkor","10":"platstagg-slottkyrkor","11":"entry"},"acf":{"oppenverksamhet":true,"med_pa_kartan":true,"visa_pa_webbsidan":true,"beskrivande_underrubrik":"","kontaktperson":"","tel":"","tel_alt":"","e-post":"enkoping.pastorat@svenskakyrkan.se","adress":"H\u00e4rnevi kyrka","postnummer":"74596","webb":"https:\/\/www.svenskakyrkan.se\/platser\/12892-enkopings-pastorat-harnevi-kyrka","facebook":"fjardhundraforsamling","instagram":"svkyfjardhundra","tripadvisor":"","wikipedia":"https:\/\/sv.wikipedia.org\/wiki\/H%C3%A4rnevi_kyrka","koordinater":{"address":"H\u00e4rnevi kyrka, H\u00e4rnevi kyrka, Enk\u00f6ping, Sverige","lat":59.7269454,"lng":17.0753835,"zoom":18,"place_id":"ChIJz8gKy19PXkYRksN9TpZIYwM","name":"Iglesia de H\u00e4rnevi","street_name":"H\u00e4rnevi kyrka","state":"Uppsala l\u00e4n","post_code":"745 96","country":"Sverige","country_short":"SE"},"googleplaceid":"","gps-fil":"","wc":true,"wifi":false,"medlem":true,"\u00f6ppettider":"julii: onsdag\u2013s\u00f6ndag kl 11\u201317","info":""},"visa":null,"geo_latitude":null,"geo_longitude":null,"jetpack-related-posts":[{"id":938,"url":"https:\/\/www.fjardhundraland.se\/es\/plats\/osterunda-kyrka\/","url_meta":{"origin":1642,"position":0},"title":"Iglesia de \u00d6sterunda","author":"Ylva Fontell","date":"18 mayo 2012","format":false,"excerpt":"Cuadros de Albertus Pictor, incluido el cuadro m\u00e1s antiguo de Suecia de un esquiador.","rel":"","context":"Entrada similar","block_context":{"text":"Entrada similar","link":""},"img":{"alt_text":"\u00d6sterunda kyrka","src":"https:\/\/i0.wp.com\/www.fjardhundraland.se\/wp-content\/uploads\/2012\/05\/occ88sterunda-kyrka.jpg?resize=350%2C200&ssl=1","width":350,"height":200,"srcset":"https:\/\/i0.wp.com\/www.fjardhundraland.se\/wp-content\/uploads\/2012\/05\/occ88sterunda-kyrka.jpg?resize=350%2C200&ssl=1 1x, https:\/\/i0.wp.com\/www.fjardhundraland.se\/wp-content\/uploads\/2012\/05\/occ88sterunda-kyrka.jpg?resize=525%2C300&ssl=1 1.5x, https:\/\/i0.wp.com\/www.fjardhundraland.se\/wp-content\/uploads\/2012\/05\/occ88sterunda-kyrka.jpg?resize=700%2C400&ssl=1 2x, https:\/\/i0.wp.com\/www.fjardhundraland.se\/wp-content\/uploads\/2012\/05\/occ88sterunda-kyrka.jpg?resize=1050%2C600&ssl=1 3x, https:\/\/i0.wp.com\/www.fjardhundraland.se\/wp-content\/uploads\/2012\/05\/occ88sterunda-kyrka.jpg?resize=1400%2C800&ssl=1 4x"},"classes":[]},{"id":8651,"url":"https:\/\/www.fjardhundraland.se\/es\/plats\/ljudguide-albertus-pictor-harnevi-kyrka\/","url_meta":{"origin":1642,"position":1},"title":"Audiogu\u00eda: Albertus Pictor e Iglesia de H\u00e4rnevi","author":"Mats Thorburn","date":"26 mayo 2021","format":false,"excerpt":"Escucha la historia de la iglesia de H\u00e4rnevi y Albertus Pictor Esta es una iglesia como ninguna otra. Aqu\u00ed conocer\u00e1s a gente de la Edad Media. Escucha la historia de Albertus y la iglesia de H\u00e4rnevi.","rel":"","context":"Entrada similar","block_context":{"text":"Entrada similar","link":""},"img":{"alt_text":"Ha\u0308rnevi kyrka, m\u00e5lningar av Albertus Pictor","src":"https:\/\/i0.wp.com\/www.fjardhundraland.se\/wp-content\/uploads\/2021\/05\/harnevi-kyrka-albertus-pictor.jpg?resize=350%2C200&ssl=1","width":350,"height":200,"srcset":"https:\/\/i0.wp.com\/www.fjardhundraland.se\/wp-content\/uploads\/2021\/05\/harnevi-kyrka-albertus-pictor.jpg?resize=350%2C200&ssl=1 1x, https:\/\/i0.wp.com\/www.fjardhundraland.se\/wp-content\/uploads\/2021\/05\/harnevi-kyrka-albertus-pictor.jpg?resize=525%2C300&ssl=1 1.5x, https:\/\/i0.wp.com\/www.fjardhundraland.se\/wp-content\/uploads\/2021\/05\/harnevi-kyrka-albertus-pictor.jpg?resize=700%2C400&ssl=1 2x, https:\/\/i0.wp.com\/www.fjardhundraland.se\/wp-content\/uploads\/2021\/05\/harnevi-kyrka-albertus-pictor.jpg?resize=1050%2C600&ssl=1 3x, https:\/\/i0.wp.com\/www.fjardhundraland.se\/wp-content\/uploads\/2021\/05\/harnevi-kyrka-albertus-pictor.jpg?resize=1400%2C800&ssl=1 4x"},"classes":[]},{"id":1745,"url":"https:\/\/www.fjardhundraland.se\/es\/plats\/harkeberga-kyrka\/","url_meta":{"origin":1642,"position":2},"title":"Iglesia de H\u00e4rkeberga","author":"Ylva Fontell","date":"21 febrero 2020","format":false,"excerpt":"La iglesia de H\u00e4rkeberga est\u00e1 repleta de pinturas de Albertus Pictor. No queda ni un cent\u00edmetro vac\u00edo, y por todas partes hay im\u00e1genes de figuras b\u00edblicas, criaturas del folclore, animales ex\u00f3ticos y muchas otras cositas.","rel":"","context":"Entrada similar","block_context":{"text":"Entrada similar","link":""},"img":{"alt_text":"H\u00e4rkeberga kyrka","src":"https:\/\/i0.wp.com\/www.fjardhundraland.se\/wp-content\/uploads\/2020\/02\/kyrka-harkeberga-20200923-1080538.jpg?resize=350%2C200&ssl=1","width":350,"height":200,"srcset":"https:\/\/i0.wp.com\/www.fjardhundraland.se\/wp-content\/uploads\/2020\/02\/kyrka-harkeberga-20200923-1080538.jpg?resize=350%2C200&ssl=1 1x, https:\/\/i0.wp.com\/www.fjardhundraland.se\/wp-content\/uploads\/2020\/02\/kyrka-harkeberga-20200923-1080538.jpg?resize=525%2C300&ssl=1 1.5x, https:\/\/i0.wp.com\/www.fjardhundraland.se\/wp-content\/uploads\/2020\/02\/kyrka-harkeberga-20200923-1080538.jpg?resize=700%2C400&ssl=1 2x, https:\/\/i0.wp.com\/www.fjardhundraland.se\/wp-content\/uploads\/2020\/02\/kyrka-harkeberga-20200923-1080538.jpg?resize=1050%2C600&ssl=1 3x, https:\/\/i0.wp.com\/www.fjardhundraland.se\/wp-content\/uploads\/2020\/02\/kyrka-harkeberga-20200923-1080538.jpg?resize=1400%2C800&ssl=1 4x"},"classes":[]},{"id":8440,"url":"https:\/\/www.fjardhundraland.se\/es\/plats\/husby-sjutolfts-kyrka\/","url_meta":{"origin":1642,"position":3},"title":"Iglesia de Husby-Sjutolft","author":"Ylva Fontell","date":"4 mayo 2021","format":false,"excerpt":"Pinturas de Albertus Pictor en buen estado.","rel":"","context":"Entrada similar","block_context":{"text":"Entrada similar","link":""},"img":{"alt_text":"","src":"https:\/\/i0.wp.com\/www.fjardhundraland.se\/wp-content\/uploads\/2021\/05\/img-3890.jpg?resize=350%2C200&ssl=1","width":350,"height":200,"srcset":"https:\/\/i0.wp.com\/www.fjardhundraland.se\/wp-content\/uploads\/2021\/05\/img-3890.jpg?resize=350%2C200&ssl=1 1x, https:\/\/i0.wp.com\/www.fjardhundraland.se\/wp-content\/uploads\/2021\/05\/img-3890.jpg?resize=525%2C300&ssl=1 1.5x, https:\/\/i0.wp.com\/www.fjardhundraland.se\/wp-content\/uploads\/2021\/05\/img-3890.jpg?resize=700%2C400&ssl=1 2x, https:\/\/i0.wp.com\/www.fjardhundraland.se\/wp-content\/uploads\/2021\/05\/img-3890.jpg?resize=1050%2C600&ssl=1 3x, https:\/\/i0.wp.com\/www.fjardhundraland.se\/wp-content\/uploads\/2021\/05\/img-3890.jpg?resize=1400%2C800&ssl=1 4x"},"classes":[]},{"id":8443,"url":"https:\/\/www.fjardhundraland.se\/es\/plats\/vittinge-kyrka\/","url_meta":{"origin":1642,"position":4},"title":"Iglesia de Vittinge","author":"Mats Thorburn","date":"4 mayo 2021","format":false,"excerpt":"Pinturas de Albertus Pictor muy restauradas en un bello entorno eclesi\u00e1stico.","rel":"","context":"Entrada similar","block_context":{"text":"Entrada similar","link":""},"img":{"alt_text":"","src":"https:\/\/i0.wp.com\/www.fjardhundraland.se\/wp-content\/uploads\/2021\/05\/vittinge-kyrka-2020-08-11-16-51-38-1070724.jpg?resize=350%2C200&ssl=1","width":350,"height":200,"srcset":"https:\/\/i0.wp.com\/www.fjardhundraland.se\/wp-content\/uploads\/2021\/05\/vittinge-kyrka-2020-08-11-16-51-38-1070724.jpg?resize=350%2C200&ssl=1 1x, https:\/\/i0.wp.com\/www.fjardhundraland.se\/wp-content\/uploads\/2021\/05\/vittinge-kyrka-2020-08-11-16-51-38-1070724.jpg?resize=525%2C300&ssl=1 1.5x, https:\/\/i0.wp.com\/www.fjardhundraland.se\/wp-content\/uploads\/2021\/05\/vittinge-kyrka-2020-08-11-16-51-38-1070724.jpg?resize=700%2C400&ssl=1 2x, https:\/\/i0.wp.com\/www.fjardhundraland.se\/wp-content\/uploads\/2021\/05\/vittinge-kyrka-2020-08-11-16-51-38-1070724.jpg?resize=1050%2C600&ssl=1 3x, https:\/\/i0.wp.com\/www.fjardhundraland.se\/wp-content\/uploads\/2021\/05\/vittinge-kyrka-2020-08-11-16-51-38-1070724.jpg?resize=1400%2C800&ssl=1 4x"},"classes":[]},{"id":8444,"url":"https:\/\/www.fjardhundraland.se\/es\/plats\/sala-sockenkyrka\/","url_meta":{"origin":1642,"position":5},"title":"Sala iglesia parroquial","author":"Ylva Fontell","date":"4 mayo 2021","format":false,"excerpt":"Pinturas de Albertus Pictor en bastante buen estado.","rel":"","context":"Entrada similar","block_context":{"text":"Entrada similar","link":""},"img":{"alt_text":"","src":"https:\/\/i0.wp.com\/www.fjardhundraland.se\/wp-content\/uploads\/2021\/05\/sala-sockenkyrka.jpeg?resize=350%2C200&ssl=1","width":350,"height":200,"srcset":"https:\/\/i0.wp.com\/www.fjardhundraland.se\/wp-content\/uploads\/2021\/05\/sala-sockenkyrka.jpeg?resize=350%2C200&ssl=1 1x, https:\/\/i0.wp.com\/www.fjardhundraland.se\/wp-content\/uploads\/2021\/05\/sala-sockenkyrka.jpeg?resize=525%2C300&ssl=1 1.5x, https:\/\/i0.wp.com\/www.fjardhundraland.se\/wp-content\/uploads\/2021\/05\/sala-sockenkyrka.jpeg?resize=700%2C400&ssl=1 2x, https:\/\/i0.wp.com\/www.fjardhundraland.se\/wp-content\/uploads\/2021\/05\/sala-sockenkyrka.jpeg?resize=1050%2C600&ssl=1 3x, https:\/\/i0.wp.com\/www.fjardhundraland.se\/wp-content\/uploads\/2021\/05\/sala-sockenkyrka.jpeg?resize=1400%2C800&ssl=1 4x"},"classes":[]}],"jetpack_sharing_enabled":true,"_links":{"self":[{"href":"https:\/\/www.fjardhundraland.se\/es\/wp-json\/wp\/v2\/platser\/1642","targetHints":{"allow":["GET"]}}],"collection":[{"href":"https:\/\/www.fjardhundraland.se\/es\/wp-json\/wp\/v2\/platser"}],"about":[{"href":"https:\/\/www.fjardhundraland.se\/es\/wp-json\/wp\/v2\/types\/plats"}],"wp:featuredmedia":[{"embeddable":true,"href":"https:\/\/www.fjardhundraland.se\/es\/wp-json\/wp\/v2\/media\/9273"}],"wp:attachment":[{"href":"https:\/\/www.fjardhundraland.se\/es\/wp-json\/wp\/v2\/media?parent=1642"}],"wp:term":[{"taxonomy":"platserna","embeddable":true,"href":"https:\/\/www.fjardhundraland.se\/es\/wp-json\/wp\/v2\/platserna?post=1642"},{"taxonomy":"platstagg","embeddable":true,"href":"https:\/\/www.fjardhundraland.se\/es\/wp-json\/wp\/v2\/platstagg?post=1642"}],"curies":[{"name":"wp","href":"https:\/\/api.w.org\/{rel}","templated":true}]}}