
{"id":16306,"date":"2024-08-22T22:36:22","date_gmt":"2024-08-22T20:36:22","guid":{"rendered":"https:\/\/www.fjardhundraland.se\/?post_type=plats&#038;p=16306"},"modified":"2025-05-26T07:54:47","modified_gmt":"2025-05-26T05:54:47","slug":"malvas-floricultura","status":"publish","type":"plats","link":"https:\/\/www.fjardhundraland.se\/es\/plats\/malvas-blomsterodling\/","title":{"rendered":"Floricultura de Malva"},"content":{"rendered":"<p>A Dana siempre le han gustado las flores. Ya de peque\u00f1a, su lugar favorito era el c\u00e1lido invernadero de su abuela, donde ayudaba a sembrar y formar los plantones. Los abuelos de Dana eran jardineros y le ense\u00f1aron todo lo que sab\u00edan. As\u00ed que lleva el cultivo en la sangre. Ahora Dana ha empezado a cultivar flores cortadas y quiere transmitir sus conocimientos a los dem\u00e1s.<\/p>\n\n\n\n<p>La granja est\u00e1 situada junto al hermoso castillo de Engs\u00f6 y ofrece flores cortadas por temporada, de mayo a octubre. A Dana le gustan todas las flores, con sus m\u00faltiples formas y colores, pero siente especial pasi\u00f3n por las dalias, los lirios de jard\u00edn, las bocas de drag\u00f3n, las peon\u00edas y las rosas. En 2024, las dalias ser\u00e1n las protagonistas, con m\u00e1s de 400 variedades diferentes expuestas en el Festival de la Dalia los d\u00edas 14 y 15 de septiembre.<\/p>\n\n\n\n<p>Las flores se cultivan a mano respetando la naturaleza y el ciclo biol\u00f3gico. No se utilizan pesticidas qu\u00edmicos. Puedes comprar ramos y plantas en Slottboden, pero tambi\u00e9n puedes suscribirte a ramos y comprar flores para bodas y funerales. Si eres florista o tienda y quieres tener flores cultivadas localmente en tu surtido, s\u00f3lo tienes que ponerte en contacto con Dana.<\/p>\n\n\n\n<p>Tambi\u00e9n ofrece cursos y talleres de confecci\u00f3n de ramos y coronas.<\/p>\n\n\n\n<div class=\"wp-block-jetpack-tiled-gallery aligncenter is-style-rectangular\"><div class=\"\"><div class=\"tiled-gallery__gallery\"><div class=\"tiled-gallery__row\"><div class=\"tiled-gallery__col\" style=\"flex-basis:42.72589%\"><figure class=\"tiled-gallery__item\"><img decoding=\"async\" data-attachment-id=\"16309\" data-permalink=\"https:\/\/www.fjardhundraland.se\/es\/plats\/malvas-blomsterodling\/attachment\/malva3\/\" data-orig-file=\"https:\/\/www.fjardhundraland.se\/wp-content\/uploads\/2024\/08\/malva3.jpg\" data-orig-size=\"2500,1662\" data-comments-opened=\"0\" data-image-meta=\"{&quot;aperture&quot;:&quot;4.5&quot;,&quot;credit&quot;:&quot;&quot;,&quot;camera&quot;:&quot;PENTAX *ist DL&quot;,&quot;caption&quot;:&quot;&quot;,&quot;created_timestamp&quot;:&quot;1129762935&quot;,&quot;copyright&quot;:&quot;&quot;,&quot;focal_length&quot;:&quot;33&quot;,&quot;iso&quot;:&quot;200&quot;,&quot;shutter_speed&quot;:&quot;0.004&quot;,&quot;title&quot;:&quot;&quot;,&quot;orientation&quot;:&quot;1&quot;}\" data-image-title=\"Malva3\" data-image-description=\"\" data-image-caption=\"\" data-large-file=\"https:\/\/www.fjardhundraland.se\/wp-content\/uploads\/2024\/08\/malva3-1200x798.jpg\" role=\"button\" tabindex=\"0\" aria-label=\"Abrir imagen 1 de 4 en pantalla completa\" srcset=\"https:\/\/i0.wp.com\/www.fjardhundraland.se\/wp-content\/uploads\/2024\/08\/malva3-1200x798.jpg?strip=info&#038;w=600&#038;ssl=1 600w,https:\/\/i0.wp.com\/www.fjardhundraland.se\/wp-content\/uploads\/2024\/08\/malva3-1200x798.jpg?strip=info&#038;w=900&#038;ssl=1 900w,https:\/\/i0.wp.com\/www.fjardhundraland.se\/wp-content\/uploads\/2024\/08\/malva3-1200x798.jpg?strip=info&#038;w=1200&#038;ssl=1 1200w,https:\/\/i0.wp.com\/www.fjardhundraland.se\/wp-content\/uploads\/2024\/08\/malva3-1200x798.jpg?strip=info&#038;w=1500&#038;ssl=1 1500w,https:\/\/i0.wp.com\/www.fjardhundraland.se\/wp-content\/uploads\/2024\/08\/malva3-1200x798.jpg?strip=info&#038;w=1800&#038;ssl=1 1800w,https:\/\/i0.wp.com\/www.fjardhundraland.se\/wp-content\/uploads\/2024\/08\/malva3-1200x798.jpg?strip=info&#038;w=2000&#038;ssl=1 2000w\" alt=\"\" data-height=\"1662\" data-id=\"16309\" data-link=\"https:\/\/www.fjardhundraland.se\/?attachment_id=16309\" data-url=\"https:\/\/www.fjardhundraland.se\/wp-content\/uploads\/2024\/08\/malva3-1200x798.jpg\" data-width=\"2500\" src=\"https:\/\/i0.wp.com\/www.fjardhundraland.se\/wp-content\/uploads\/2024\/08\/malva3-1200x798.jpg?ssl=1\" data-amp-layout=\"responsive\" title=\"\"><\/figure><figure class=\"tiled-gallery__item\"><img decoding=\"async\" data-attachment-id=\"16310\" data-permalink=\"https:\/\/www.fjardhundraland.se\/es\/plats\/malvas-blomsterodling\/attachment\/malva4\/\" data-orig-file=\"https:\/\/www.fjardhundraland.se\/wp-content\/uploads\/2024\/08\/malva4.jpg\" data-orig-size=\"2500,1662\" data-comments-opened=\"0\" data-image-meta=\"{&quot;aperture&quot;:&quot;8&quot;,&quot;credit&quot;:&quot;&quot;,&quot;camera&quot;:&quot;PENTAX *ist DL&quot;,&quot;caption&quot;:&quot;&quot;,&quot;created_timestamp&quot;:&quot;1132450742&quot;,&quot;copyright&quot;:&quot;&quot;,&quot;focal_length&quot;:&quot;31&quot;,&quot;iso&quot;:&quot;200&quot;,&quot;shutter_speed&quot;:&quot;0.008&quot;,&quot;title&quot;:&quot;&quot;,&quot;orientation&quot;:&quot;1&quot;}\" data-image-title=\"Malva4\" data-image-description=\"\" data-image-caption=\"\" data-large-file=\"https:\/\/www.fjardhundraland.se\/wp-content\/uploads\/2024\/08\/malva4-1200x798.jpg\" role=\"button\" tabindex=\"0\" aria-label=\"Abrir imagen 2 de 4 en pantalla completa\" srcset=\"https:\/\/i0.wp.com\/www.fjardhundraland.se\/wp-content\/uploads\/2024\/08\/malva4-1200x798.jpg?strip=info&#038;w=600&#038;ssl=1 600w,https:\/\/i0.wp.com\/www.fjardhundraland.se\/wp-content\/uploads\/2024\/08\/malva4-1200x798.jpg?strip=info&#038;w=900&#038;ssl=1 900w,https:\/\/i0.wp.com\/www.fjardhundraland.se\/wp-content\/uploads\/2024\/08\/malva4-1200x798.jpg?strip=info&#038;w=1200&#038;ssl=1 1200w,https:\/\/i0.wp.com\/www.fjardhundraland.se\/wp-content\/uploads\/2024\/08\/malva4-1200x798.jpg?strip=info&#038;w=1500&#038;ssl=1 1500w,https:\/\/i0.wp.com\/www.fjardhundraland.se\/wp-content\/uploads\/2024\/08\/malva4-1200x798.jpg?strip=info&#038;w=1800&#038;ssl=1 1800w,https:\/\/i0.wp.com\/www.fjardhundraland.se\/wp-content\/uploads\/2024\/08\/malva4-1200x798.jpg?strip=info&#038;w=2000&#038;ssl=1 2000w\" alt=\"\" data-height=\"1662\" data-id=\"16310\" data-link=\"https:\/\/www.fjardhundraland.se\/?attachment_id=16310\" data-url=\"https:\/\/www.fjardhundraland.se\/wp-content\/uploads\/2024\/08\/malva4-1200x798.jpg\" data-width=\"2500\" src=\"https:\/\/i0.wp.com\/www.fjardhundraland.se\/wp-content\/uploads\/2024\/08\/malva4-1200x798.jpg?ssl=1\" data-amp-layout=\"responsive\" title=\"\"><\/figure><figure class=\"tiled-gallery__item\"><img decoding=\"async\" data-attachment-id=\"16308\" data-permalink=\"https:\/\/www.fjardhundraland.se\/es\/plats\/malvas-blomsterodling\/attachment\/malva2\/\" data-orig-file=\"https:\/\/www.fjardhundraland.se\/wp-content\/uploads\/2024\/08\/malva2.jpg\" data-orig-size=\"2500,1662\" data-comments-opened=\"0\" data-image-meta=\"{&quot;aperture&quot;:&quot;8&quot;,&quot;credit&quot;:&quot;&quot;,&quot;camera&quot;:&quot;PENTAX *ist DL&quot;,&quot;caption&quot;:&quot;&quot;,&quot;created_timestamp&quot;:&quot;1132451919&quot;,&quot;copyright&quot;:&quot;&quot;,&quot;focal_length&quot;:&quot;43&quot;,&quot;iso&quot;:&quot;200&quot;,&quot;shutter_speed&quot;:&quot;0.0028571428571429&quot;,&quot;title&quot;:&quot;&quot;,&quot;orientation&quot;:&quot;1&quot;}\" data-image-title=\"Malva2\" data-image-description=\"\" data-image-caption=\"\" data-large-file=\"https:\/\/www.fjardhundraland.se\/wp-content\/uploads\/2024\/08\/malva2-1200x798.jpg\" role=\"button\" tabindex=\"0\" aria-label=\"Abrir imagen 3 de 4 en pantalla completa\" srcset=\"https:\/\/i0.wp.com\/www.fjardhundraland.se\/wp-content\/uploads\/2024\/08\/malva2-1200x798.jpg?strip=info&#038;w=600&#038;ssl=1 600w,https:\/\/i0.wp.com\/www.fjardhundraland.se\/wp-content\/uploads\/2024\/08\/malva2-1200x798.jpg?strip=info&#038;w=900&#038;ssl=1 900w,https:\/\/i0.wp.com\/www.fjardhundraland.se\/wp-content\/uploads\/2024\/08\/malva2-1200x798.jpg?strip=info&#038;w=1200&#038;ssl=1 1200w,https:\/\/i0.wp.com\/www.fjardhundraland.se\/wp-content\/uploads\/2024\/08\/malva2-1200x798.jpg?strip=info&#038;w=1500&#038;ssl=1 1500w,https:\/\/i0.wp.com\/www.fjardhundraland.se\/wp-content\/uploads\/2024\/08\/malva2-1200x798.jpg?strip=info&#038;w=1800&#038;ssl=1 1800w,https:\/\/i0.wp.com\/www.fjardhundraland.se\/wp-content\/uploads\/2024\/08\/malva2-1200x798.jpg?strip=info&#038;w=2000&#038;ssl=1 2000w\" alt=\"\" data-height=\"1662\" data-id=\"16308\" data-link=\"https:\/\/www.fjardhundraland.se\/?attachment_id=16308\" data-url=\"https:\/\/www.fjardhundraland.se\/wp-content\/uploads\/2024\/08\/malva2-1200x798.jpg\" data-width=\"2500\" src=\"https:\/\/i0.wp.com\/www.fjardhundraland.se\/wp-content\/uploads\/2024\/08\/malva2-1200x798.jpg?ssl=1\" data-amp-layout=\"responsive\" title=\"\"><\/figure><\/div><div class=\"tiled-gallery__col\" style=\"flex-basis:57.27411%\"><figure class=\"tiled-gallery__item\"><img decoding=\"async\" data-attachment-id=\"16307\" data-permalink=\"https:\/\/www.fjardhundraland.se\/es\/plats\/malvas-blomsterodling\/attachment\/malva1\/\" data-orig-file=\"https:\/\/www.fjardhundraland.se\/wp-content\/uploads\/2024\/08\/malva1.jpg\" data-orig-size=\"1662,2500\" data-comments-opened=\"0\" data-image-meta=\"{&quot;aperture&quot;:&quot;5.6&quot;,&quot;credit&quot;:&quot;&quot;,&quot;camera&quot;:&quot;PENTAX *ist DL&quot;,&quot;caption&quot;:&quot;&quot;,&quot;created_timestamp&quot;:&quot;1129699721&quot;,&quot;copyright&quot;:&quot;&quot;,&quot;focal_length&quot;:&quot;55&quot;,&quot;iso&quot;:&quot;200&quot;,&quot;shutter_speed&quot;:&quot;0.016666666666667&quot;,&quot;title&quot;:&quot;&quot;,&quot;orientation&quot;:&quot;1&quot;}\" data-image-title=\"Malva1\" data-image-description=\"\" data-image-caption=\"\" data-large-file=\"https:\/\/www.fjardhundraland.se\/wp-content\/uploads\/2024\/08\/malva1-798x1200.jpg\" role=\"button\" tabindex=\"0\" aria-label=\"Abrir imagen 4 de 4 en pantalla completa\" srcset=\"https:\/\/i0.wp.com\/www.fjardhundraland.se\/wp-content\/uploads\/2024\/08\/malva1-798x1200.jpg?strip=info&#038;w=600&#038;ssl=1 600w,https:\/\/i0.wp.com\/www.fjardhundraland.se\/wp-content\/uploads\/2024\/08\/malva1-798x1200.jpg?strip=info&#038;w=900&#038;ssl=1 900w,https:\/\/i0.wp.com\/www.fjardhundraland.se\/wp-content\/uploads\/2024\/08\/malva1-798x1200.jpg?strip=info&#038;w=1200&#038;ssl=1 1200w,https:\/\/i0.wp.com\/www.fjardhundraland.se\/wp-content\/uploads\/2024\/08\/malva1-798x1200.jpg?strip=info&#038;w=1500&#038;ssl=1 1500w,https:\/\/i0.wp.com\/www.fjardhundraland.se\/wp-content\/uploads\/2024\/08\/malva1-798x1200.jpg?strip=info&#038;w=1662&#038;ssl=1 1662w\" alt=\"\" data-height=\"2500\" data-id=\"16307\" data-link=\"https:\/\/www.fjardhundraland.se\/?attachment_id=16307\" data-url=\"https:\/\/www.fjardhundraland.se\/wp-content\/uploads\/2024\/08\/malva1-798x1200.jpg\" data-width=\"1662\" src=\"https:\/\/i0.wp.com\/www.fjardhundraland.se\/wp-content\/uploads\/2024\/08\/malva1-798x1200.jpg?ssl=1\" data-amp-layout=\"responsive\" title=\"\"><\/figure><\/div><\/div><\/div><\/div><\/div>","protected":false},"excerpt":{"rendered":"<p>Cultivo de flores cortadas cerca del castillo de Engs\u00f6. Flores de temporada para el d\u00eda a d\u00eda, fiestas y bodas. Cursos y talleres.<\/p>","protected":false},"featured_media":16311,"parent":0,"template":"","platserna":[139,199,298,218],"platstagg":[],"class_list":{"0":"post-16306","1":"plats","2":"type-plats","3":"status-publish","4":"has-post-thumbnail","6":"platserna-vaxter","7":"platserna-tradgard","8":"platserna-brollop-pa-landet","9":"platserna-kurser","10":"entry"},"acf":{"oppenverksamhet":true,"med_pa_kartan":true,"visa_pa_webbsidan":true,"beskrivande_underrubrik":"","kontaktperson":"Dana Walld\u00e9n","tel":"0760-38 68 24","tel_alt":"","e-post":"info@malvasblomsterodling.com","adress":"\u00c4ngs\u00f6 slott 1","postnummer":"72598","webb":"https:\/\/malvasblomsterodling.com\/","facebook":"profile.php?id=61554455545615","instagram":"malvas_blomsterodling","tripadvisor":"","wikipedia":"","koordinater":{"address":"\u00c4NGS\u00d6 SLOTT 1, 725 98 V\u00e4ster\u00e5s, Sverige","lat":59.53292539429278,"lng":16.857147216796875,"zoom":12,"place_id":"ChIJCdvOW1ZYXkYRN7xPpXN_47U","street_number":1,"street_name":"\u00c4NGS\u00d6 SLOTT","city":"V\u00e4ster\u00e5s","state":"V\u00e4stmanlands l\u00e4n","post_code":"725 98","country":"Sverige","country_short":"SE"},"googleplaceid":"","gps-fil":"","wc":false,"wifi":false,"medlem":true,"\u00f6ppettider":"Buketter mm s\u00e4ljs i Slottsboden p\u00e5 Engs\u00f6 slott. \u00d6ppet Juni l\u00f6rdag\u2013s\u00f6ndagar 11\u201315 samt r\u00f6da dagar. Juli alla dagar 11\u201316. Augusti alla dagar 11\u201316 tom 18\/8. September l\u00f6rd\u2013s\u00f6ndagar 11\u201315","info":""},"visa":null,"geo_latitude":null,"geo_longitude":null,"jetpack-related-posts":[{"id":19872,"url":"https:\/\/www.fjardhundraland.se\/es\/plats\/sandbergs-gard\/","url_meta":{"origin":16306,"position":0},"title":"Granja Sandberg","author":"Ylva Fontell","date":"11 febrero 2026","format":false,"excerpt":"Cultivo de flores cortadas donde puedes recoger tu propio ramo. En primavera, planta plantones y dalias cultivadas para tu propio jard\u00edn.","rel":"","context":"Entrada similar","block_context":{"text":"Entrada similar","link":""},"img":{"alt_text":"","src":"https:\/\/i0.wp.com\/www.fjardhundraland.se\/wp-content\/uploads\/2026\/02\/sandsbergs-gard-fjardhundraland-4.jpg?resize=350%2C200&ssl=1","width":350,"height":200,"srcset":"https:\/\/i0.wp.com\/www.fjardhundraland.se\/wp-content\/uploads\/2026\/02\/sandsbergs-gard-fjardhundraland-4.jpg?resize=350%2C200&ssl=1 1x, https:\/\/i0.wp.com\/www.fjardhundraland.se\/wp-content\/uploads\/2026\/02\/sandsbergs-gard-fjardhundraland-4.jpg?resize=525%2C300&ssl=1 1.5x, https:\/\/i0.wp.com\/www.fjardhundraland.se\/wp-content\/uploads\/2026\/02\/sandsbergs-gard-fjardhundraland-4.jpg?resize=700%2C400&ssl=1 2x, https:\/\/i0.wp.com\/www.fjardhundraland.se\/wp-content\/uploads\/2026\/02\/sandsbergs-gard-fjardhundraland-4.jpg?resize=1050%2C600&ssl=1 3x, https:\/\/i0.wp.com\/www.fjardhundraland.se\/wp-content\/uploads\/2026\/02\/sandsbergs-gard-fjardhundraland-4.jpg?resize=1400%2C800&ssl=1 4x"},"classes":[]},{"id":14748,"url":"https:\/\/www.fjardhundraland.se\/es\/plats\/tullens-gronska\/","url_meta":{"origin":16306,"position":1},"title":"El verdor de las costumbres","author":"Ylva Fontell","date":"24 enero 2024","format":false,"excerpt":"Cultivo de hortalizas a peque\u00f1a escala con venta en la tienda de la granja y en los anillos REKO. Suscripci\u00f3n a cajas de verduras.","rel":"","context":"Entrada similar","block_context":{"text":"Entrada similar","link":""},"img":{"alt_text":"","src":"https:\/\/i0.wp.com\/www.fjardhundraland.se\/wp-content\/uploads\/2024\/01\/tullen12.jpg?resize=350%2C200&ssl=1","width":350,"height":200,"srcset":"https:\/\/i0.wp.com\/www.fjardhundraland.se\/wp-content\/uploads\/2024\/01\/tullen12.jpg?resize=350%2C200&ssl=1 1x, https:\/\/i0.wp.com\/www.fjardhundraland.se\/wp-content\/uploads\/2024\/01\/tullen12.jpg?resize=525%2C300&ssl=1 1.5x, https:\/\/i0.wp.com\/www.fjardhundraland.se\/wp-content\/uploads\/2024\/01\/tullen12.jpg?resize=700%2C400&ssl=1 2x, https:\/\/i0.wp.com\/www.fjardhundraland.se\/wp-content\/uploads\/2024\/01\/tullen12.jpg?resize=1050%2C600&ssl=1 3x"},"classes":[]},{"id":19058,"url":"https:\/\/www.fjardhundraland.se\/es\/plats\/stockholm-lavendel\/","url_meta":{"origin":16306,"position":2},"title":"Lavanda de Estocolmo","author":"Ylva Fontell","date":"28 octubre 2025","format":false,"excerpt":"En el coraz\u00f3n de Upplands-Bro est\u00e1 brotando algo muy especial: una plantaci\u00f3n de lavanda con m\u00e1s de 3.000 plantas que no s\u00f3lo adornan el paisaje con su encantador aroma y color, sino que tambi\u00e9n contribuyen a enriquecer el ecosistema. La lavanda es una flor muy apreciada por abejas y mariposas, por lo que desempe\u00f1a un papel importante en la polinizaci\u00f3n de los \u00e1rboles frutales...","rel":"","context":"Entrada similar","block_context":{"text":"Entrada similar","link":""},"img":{"alt_text":"","src":"https:\/\/i0.wp.com\/www.fjardhundraland.se\/wp-content\/uploads\/2025\/10\/35046e00-b773-4b1d-a47a-f63a0150f88f.jpeg?resize=350%2C200&ssl=1","width":350,"height":200,"srcset":"https:\/\/i0.wp.com\/www.fjardhundraland.se\/wp-content\/uploads\/2025\/10\/35046e00-b773-4b1d-a47a-f63a0150f88f.jpeg?resize=350%2C200&ssl=1 1x, https:\/\/i0.wp.com\/www.fjardhundraland.se\/wp-content\/uploads\/2025\/10\/35046e00-b773-4b1d-a47a-f63a0150f88f.jpeg?resize=525%2C300&ssl=1 1.5x, https:\/\/i0.wp.com\/www.fjardhundraland.se\/wp-content\/uploads\/2025\/10\/35046e00-b773-4b1d-a47a-f63a0150f88f.jpeg?resize=700%2C400&ssl=1 2x, https:\/\/i0.wp.com\/www.fjardhundraland.se\/wp-content\/uploads\/2025\/10\/35046e00-b773-4b1d-a47a-f63a0150f88f.jpeg?resize=1050%2C600&ssl=1 3x, https:\/\/i0.wp.com\/www.fjardhundraland.se\/wp-content\/uploads\/2025\/10\/35046e00-b773-4b1d-a47a-f63a0150f88f.jpeg?resize=1400%2C800&ssl=1 4x"},"classes":[]},{"id":18280,"url":"https:\/\/www.fjardhundraland.se\/es\/plats\/sense-living-tradgard\/","url_meta":{"origin":16306,"position":3},"title":"Sense Living Garden","author":"Ylva Fontell","date":"4 junio 2025","format":false,"excerpt":"Jard\u00edn de visita centrado en dalias y rosas.","rel":"","context":"Entrada similar","block_context":{"text":"Entrada similar","link":""},"img":{"alt_text":"","src":"https:\/\/i0.wp.com\/www.fjardhundraland.se\/wp-content\/uploads\/2025\/06\/sense5.jpeg?resize=350%2C200&ssl=1","width":350,"height":200,"srcset":"https:\/\/i0.wp.com\/www.fjardhundraland.se\/wp-content\/uploads\/2025\/06\/sense5.jpeg?resize=350%2C200&ssl=1 1x, https:\/\/i0.wp.com\/www.fjardhundraland.se\/wp-content\/uploads\/2025\/06\/sense5.jpeg?resize=525%2C300&ssl=1 1.5x, https:\/\/i0.wp.com\/www.fjardhundraland.se\/wp-content\/uploads\/2025\/06\/sense5.jpeg?resize=700%2C400&ssl=1 2x, https:\/\/i0.wp.com\/www.fjardhundraland.se\/wp-content\/uploads\/2025\/06\/sense5.jpeg?resize=1050%2C600&ssl=1 3x, https:\/\/i0.wp.com\/www.fjardhundraland.se\/wp-content\/uploads\/2025\/06\/sense5.jpeg?resize=1400%2C800&ssl=1 4x"},"classes":[]},{"id":10170,"url":"https:\/\/www.fjardhundraland.se\/es\/plats\/solkulla-matskog\/","url_meta":{"origin":16306,"position":4},"title":"Solkulla Matskog","author":"Ylva Fontell","date":"5 abril 2022","format":false,"excerpt":"El bosque de alimentos de Solkulla se cultiva seg\u00fan los principios de la permacultura. Lia Star\u00e4lv imparte cursos de cocina, conferencias sobre alimentaci\u00f3n, salud y agricultura y organiza visitas guiadas al bosque de alimentos.","rel":"","context":"Entrada similar","block_context":{"text":"Entrada similar","link":""},"img":{"alt_text":"","src":"https:\/\/i0.wp.com\/www.fjardhundraland.se\/wp-content\/uploads\/2022\/04\/solkulla-18.jpeg?resize=350%2C200&ssl=1","width":350,"height":200,"srcset":"https:\/\/i0.wp.com\/www.fjardhundraland.se\/wp-content\/uploads\/2022\/04\/solkulla-18.jpeg?resize=350%2C200&ssl=1 1x, https:\/\/i0.wp.com\/www.fjardhundraland.se\/wp-content\/uploads\/2022\/04\/solkulla-18.jpeg?resize=525%2C300&ssl=1 1.5x, https:\/\/i0.wp.com\/www.fjardhundraland.se\/wp-content\/uploads\/2022\/04\/solkulla-18.jpeg?resize=700%2C400&ssl=1 2x, https:\/\/i0.wp.com\/www.fjardhundraland.se\/wp-content\/uploads\/2022\/04\/solkulla-18.jpeg?resize=1050%2C600&ssl=1 3x, https:\/\/i0.wp.com\/www.fjardhundraland.se\/wp-content\/uploads\/2022\/04\/solkulla-18.jpeg?resize=1400%2C800&ssl=1 4x"},"classes":[]},{"id":12547,"url":"https:\/\/www.fjardhundraland.se\/es\/plats\/fredrik-skolds-atelje\/","url_meta":{"origin":16306,"position":5},"title":"Estudio de Fredrik Sk\u00f6ld","author":"Mats Thorburn","date":"21 abril 2023","format":false,"excerpt":"Visite al artista Fredrik Sk\u00f6ld en su estudio.","rel":"","context":"Entrada similar","block_context":{"text":"Entrada similar","link":""},"img":{"alt_text":"","src":"https:\/\/i0.wp.com\/www.fjardhundraland.se\/wp-content\/uploads\/2023\/04\/kulspiralskog.jpeg?resize=350%2C200&ssl=1","width":350,"height":200,"srcset":"https:\/\/i0.wp.com\/www.fjardhundraland.se\/wp-content\/uploads\/2023\/04\/kulspiralskog.jpeg?resize=350%2C200&ssl=1 1x, https:\/\/i0.wp.com\/www.fjardhundraland.se\/wp-content\/uploads\/2023\/04\/kulspiralskog.jpeg?resize=525%2C300&ssl=1 1.5x, https:\/\/i0.wp.com\/www.fjardhundraland.se\/wp-content\/uploads\/2023\/04\/kulspiralskog.jpeg?resize=700%2C400&ssl=1 2x, https:\/\/i0.wp.com\/www.fjardhundraland.se\/wp-content\/uploads\/2023\/04\/kulspiralskog.jpeg?resize=1050%2C600&ssl=1 3x"},"classes":[]}],"jetpack_sharing_enabled":true,"_links":{"self":[{"href":"https:\/\/www.fjardhundraland.se\/es\/wp-json\/wp\/v2\/platser\/16306","targetHints":{"allow":["GET"]}}],"collection":[{"href":"https:\/\/www.fjardhundraland.se\/es\/wp-json\/wp\/v2\/platser"}],"about":[{"href":"https:\/\/www.fjardhundraland.se\/es\/wp-json\/wp\/v2\/types\/plats"}],"wp:featuredmedia":[{"embeddable":true,"href":"https:\/\/www.fjardhundraland.se\/es\/wp-json\/wp\/v2\/media\/16311"}],"wp:attachment":[{"href":"https:\/\/www.fjardhundraland.se\/es\/wp-json\/wp\/v2\/media?parent=16306"}],"wp:term":[{"taxonomy":"platserna","embeddable":true,"href":"https:\/\/www.fjardhundraland.se\/es\/wp-json\/wp\/v2\/platserna?post=16306"},{"taxonomy":"platstagg","embeddable":true,"href":"https:\/\/www.fjardhundraland.se\/es\/wp-json\/wp\/v2\/platstagg?post=16306"}],"curies":[{"name":"wp","href":"https:\/\/api.w.org\/{rel}","templated":true}]}}