
{"id":1582,"date":"2014-01-09T22:49:06","date_gmt":"2014-01-09T21:49:06","guid":{"rendered":"http:\/\/www.fjardhundraland.se\/?post_type=plats&#038;p=1582"},"modified":"2026-03-04T16:33:06","modified_gmt":"2026-03-04T15:33:06","slug":"te-pekoe-ecologico","status":"publish","type":"plats","link":"https:\/\/www.fjardhundraland.se\/es\/plats\/pekoe-ekologiskt-te\/","title":{"rendered":"T\u00e9 ecol\u00f3gico Pekoe"},"content":{"rendered":"<p><strong>Pekoe vende <a href=\"https:\/\/www.pekoe.se\/\" target=\"_blank\" rel=\"noopener\">t\u00e9 ecol\u00f3gico<\/a><\/strong> en la web, sino tambi\u00e9n en \u00d6sterunda. En la antigua sauna del pueblo, frente a la escuela, hay ahora un almac\u00e9n de t\u00e9, que puedes visitar si llamas antes.<\/p>\n\n\n\n<p>Aqu\u00ed encontrar\u00e1 t\u00e9 ecol\u00f3gico, pero tambi\u00e9n <a href=\"https:\/\/www.pekoe.se\/eko\/tillbehor-till-te\/\" target=\"_blank\" rel=\"noopener\">accesorios<\/a> como coladores de t\u00e9, cosies de t\u00e9 y teteras. Ylva y Mats te ofrecen buenos consejos y conocimientos sobre el t\u00e9, para que te resulte m\u00e1s f\u00e1cil elegir.<\/p>\n\n\n\n<p>Puede elegir entre diferentes tipos <a href=\"https:\/\/www.pekoe.se\/eko\/ekologisktte\/svart-te\/\" target=\"_blank\" rel=\"noopener\">t\u00e9 negro<\/a>&nbsp;que <a href=\"https:\/\/www.pekoe.se\/eko\/ekologisktte\/svart-te\/earl-grey\/\" target=\"_blank\" rel=\"noopener\">Gris conde<\/a>, <a href=\"https:\/\/www.pekoe.se\/eko\/ekologisktte\/grontte\/\" target=\"_blank\" rel=\"noopener\">t\u00e9 verde<\/a>, <a href=\"https:\/\/www.pekoe.se\/eko\/ekologisktte\/vitt-te\/\" target=\"_blank\" rel=\"noopener\">t\u00e9 blanco<\/a> y <a href=\"https:\/\/www.pekoe.se\/eko\/ekologisktte\/oolong\/\" target=\"_blank\" rel=\"noopener\">oolong<\/a> - todo org\u00e1nico, sin aditivos, de alta calidad. Aqu\u00ed tambi\u00e9n puede comprar t\u00e9 y cultivo iniciador para <a aria-label=\"kombucha (se abre en una nueva pesta\u00f1a)\" class=\"rank-math-link\" href=\"https:\/\/www.pekoe.se\/eko\/kombucha\/\" target=\"_blank\" rel=\"noreferrer noopener\">kombucha<\/a>.<\/p>\n\n\n\n<p>Detr\u00e1s de la antigua sauna <a href=\"https:\/\/www.fjardhundraland.se\/es\/platos\/el-bigardo-de-la-colina-de-la-corona\/\" data-type=\"plats\" data-id=\"5532\">Colmenares Crown Hill<\/a> ha instalado cuatro colmenas que producen miel aromatizada de bosques, jardines y tierras de cultivo de \u00d6sterunda. La miel se puede comprar in situ.<\/p>\n\n\n\n<div class=\"wp-block-jetpack-tiled-gallery aligncenter is-style-rectangular\"><div class=\"\"><div class=\"tiled-gallery__gallery\"><div class=\"tiled-gallery__row\"><div class=\"tiled-gallery__col\" style=\"flex-basis:46.91323%\"><figure class=\"tiled-gallery__item\"><img decoding=\"async\" data-attachment-id=\"3009\" data-permalink=\"https:\/\/www.fjardhundraland.se\/es\/plats\/pekoe-ekologiskt-te\/attachment\/ylva-bastun-pekoe\/\" data-orig-file=\"https:\/\/www.fjardhundraland.se\/wp-content\/uploads\/2014\/01\/ylva-bastun-pekoe.jpg\" data-orig-size=\"2048,1536\" data-comments-opened=\"0\" data-image-meta=\"{&quot;aperture&quot;:&quot;2.4&quot;,&quot;credit&quot;:&quot;&quot;,&quot;camera&quot;:&quot;iPhone 4S&quot;,&quot;caption&quot;:&quot;&quot;,&quot;created_timestamp&quot;:&quot;1407079092&quot;,&quot;copyright&quot;:&quot;&quot;,&quot;focal_length&quot;:&quot;4.28&quot;,&quot;iso&quot;:&quot;160&quot;,&quot;shutter_speed&quot;:&quot;0.05&quot;,&quot;title&quot;:&quot;&quot;,&quot;orientation&quot;:&quot;1&quot;}\" data-image-title=\"Ylva Fontell i Pekoes tebutik\" data-image-description=\"\" data-image-caption=\"\" data-large-file=\"https:\/\/www.fjardhundraland.se\/wp-content\/uploads\/2014\/01\/ylva-bastun-pekoe.jpg\" role=\"button\" tabindex=\"0\" aria-label=\"Abrir imagen 1 de 5 en pantalla completa\" srcset=\"https:\/\/i0.wp.com\/www.fjardhundraland.se\/wp-content\/uploads\/2014\/01\/ylva-bastun-pekoe.jpg?strip=info&#038;w=600&#038;ssl=1 600w,https:\/\/i0.wp.com\/www.fjardhundraland.se\/wp-content\/uploads\/2014\/01\/ylva-bastun-pekoe.jpg?strip=info&#038;w=900&#038;ssl=1 900w,https:\/\/i0.wp.com\/www.fjardhundraland.se\/wp-content\/uploads\/2014\/01\/ylva-bastun-pekoe.jpg?strip=info&#038;w=1200&#038;ssl=1 1200w,https:\/\/i0.wp.com\/www.fjardhundraland.se\/wp-content\/uploads\/2014\/01\/ylva-bastun-pekoe.jpg?strip=info&#038;w=1500&#038;ssl=1 1500w,https:\/\/i0.wp.com\/www.fjardhundraland.se\/wp-content\/uploads\/2014\/01\/ylva-bastun-pekoe.jpg?strip=info&#038;w=1800&#038;ssl=1 1800w,https:\/\/i0.wp.com\/www.fjardhundraland.se\/wp-content\/uploads\/2014\/01\/ylva-bastun-pekoe.jpg?strip=info&#038;w=2000&#038;ssl=1 2000w\" alt=\"Ylva Fontell en la teter\u00eda Pekoe\" data-height=\"1536\" data-id=\"3009\" data-link=\"https:\/\/www.fjardhundraland.se\/plats\/pekoe-ekologiskt-te\/ylva-bastun-pekoe\/\" data-url=\"https:\/\/www.fjardhundraland.se\/wp-content\/uploads\/2014\/01\/ylva-bastun-pekoe.jpg\" data-width=\"2048\" src=\"https:\/\/i0.wp.com\/www.fjardhundraland.se\/wp-content\/uploads\/2014\/01\/ylva-bastun-pekoe.jpg?ssl=1\" data-amp-layout=\"responsive\" title=\"\"><\/figure><figure class=\"tiled-gallery__item\"><img decoding=\"async\" data-attachment-id=\"3010\" data-permalink=\"https:\/\/www.fjardhundraland.se\/es\/plats\/pekoe-ekologiskt-te\/attachment\/dorrskylt-pekoe\/\" data-orig-file=\"https:\/\/www.fjardhundraland.se\/wp-content\/uploads\/2014\/01\/dorrskylt-pekoe.jpg\" data-orig-size=\"2048,1535\" data-comments-opened=\"0\" data-image-meta=\"{&quot;aperture&quot;:&quot;0&quot;,&quot;credit&quot;:&quot;&quot;,&quot;camera&quot;:&quot;&quot;,&quot;caption&quot;:&quot;&quot;,&quot;created_timestamp&quot;:&quot;0&quot;,&quot;copyright&quot;:&quot;&quot;,&quot;focal_length&quot;:&quot;0&quot;,&quot;iso&quot;:&quot;0&quot;,&quot;shutter_speed&quot;:&quot;0&quot;,&quot;title&quot;:&quot;&quot;,&quot;orientation&quot;:&quot;0&quot;}\" data-image-title=\"D\u00f6rrskylt Pekoe ekologiskt te\" data-image-description=\"\" data-image-caption=\"\" data-large-file=\"https:\/\/www.fjardhundraland.se\/wp-content\/uploads\/2014\/01\/dorrskylt-pekoe.jpg\" role=\"button\" tabindex=\"0\" aria-label=\"Abrir imagen 2 de 5 en pantalla completa\" srcset=\"https:\/\/i0.wp.com\/www.fjardhundraland.se\/wp-content\/uploads\/2014\/01\/dorrskylt-pekoe.jpg?strip=info&#038;w=600&#038;ssl=1 600w,https:\/\/i0.wp.com\/www.fjardhundraland.se\/wp-content\/uploads\/2014\/01\/dorrskylt-pekoe.jpg?strip=info&#038;w=900&#038;ssl=1 900w,https:\/\/i0.wp.com\/www.fjardhundraland.se\/wp-content\/uploads\/2014\/01\/dorrskylt-pekoe.jpg?strip=info&#038;w=1200&#038;ssl=1 1200w,https:\/\/i0.wp.com\/www.fjardhundraland.se\/wp-content\/uploads\/2014\/01\/dorrskylt-pekoe.jpg?strip=info&#038;w=1500&#038;ssl=1 1500w,https:\/\/i0.wp.com\/www.fjardhundraland.se\/wp-content\/uploads\/2014\/01\/dorrskylt-pekoe.jpg?strip=info&#038;w=1800&#038;ssl=1 1800w,https:\/\/i0.wp.com\/www.fjardhundraland.se\/wp-content\/uploads\/2014\/01\/dorrskylt-pekoe.jpg?strip=info&#038;w=2000&#038;ssl=1 2000w\" alt=\"Cartel de puerta T\u00e9 ecol\u00f3gico Pekoe\" data-height=\"1535\" data-id=\"3010\" data-link=\"https:\/\/www.fjardhundraland.se\/plats\/pekoe-ekologiskt-te\/dorrskylt-pekoe\/\" data-url=\"https:\/\/www.fjardhundraland.se\/wp-content\/uploads\/2014\/01\/dorrskylt-pekoe.jpg\" data-width=\"2048\" src=\"https:\/\/i0.wp.com\/www.fjardhundraland.se\/wp-content\/uploads\/2014\/01\/dorrskylt-pekoe.jpg?ssl=1\" data-amp-layout=\"responsive\" title=\"\"><\/figure><\/div><div class=\"tiled-gallery__col\" style=\"flex-basis:53.08677%\"><figure class=\"tiled-gallery__item\"><img decoding=\"async\" data-attachment-id=\"3014\" data-permalink=\"https:\/\/www.fjardhundraland.se\/es\/plats\/pekoe-ekologiskt-te\/attachment\/pekoe-osterunda-bastu-pa-vintern-solig-dag\/\" data-orig-file=\"https:\/\/www.fjardhundraland.se\/wp-content\/uploads\/2014\/01\/Pekoe-Osterunda-bastu-pa-vintern-solig-dag.jpg\" data-orig-size=\"1536,2048\" data-comments-opened=\"0\" data-image-meta=\"{&quot;aperture&quot;:&quot;0&quot;,&quot;credit&quot;:&quot;&quot;,&quot;camera&quot;:&quot;&quot;,&quot;caption&quot;:&quot;&quot;,&quot;created_timestamp&quot;:&quot;0&quot;,&quot;copyright&quot;:&quot;&quot;,&quot;focal_length&quot;:&quot;0&quot;,&quot;iso&quot;:&quot;0&quot;,&quot;shutter_speed&quot;:&quot;0&quot;,&quot;title&quot;:&quot;&quot;,&quot;orientation&quot;:&quot;0&quot;}\" data-image-title=\"\u00d6sterunda bastu p\u00e5 vintern en solig dag\" data-image-description=\"\" data-image-caption=\"\" data-large-file=\"https:\/\/www.fjardhundraland.se\/wp-content\/uploads\/2014\/01\/Pekoe-Osterunda-bastu-pa-vintern-solig-dag.jpg\" role=\"button\" tabindex=\"0\" aria-label=\"Abrir imagen 3 de 5 en pantalla completa\" srcset=\"https:\/\/i0.wp.com\/www.fjardhundraland.se\/wp-content\/uploads\/2014\/01\/Pekoe-Osterunda-bastu-pa-vintern-solig-dag.jpg?strip=info&#038;w=600&#038;ssl=1 600w,https:\/\/i0.wp.com\/www.fjardhundraland.se\/wp-content\/uploads\/2014\/01\/Pekoe-Osterunda-bastu-pa-vintern-solig-dag.jpg?strip=info&#038;w=900&#038;ssl=1 900w,https:\/\/i0.wp.com\/www.fjardhundraland.se\/wp-content\/uploads\/2014\/01\/Pekoe-Osterunda-bastu-pa-vintern-solig-dag.jpg?strip=info&#038;w=1200&#038;ssl=1 1200w,https:\/\/i0.wp.com\/www.fjardhundraland.se\/wp-content\/uploads\/2014\/01\/Pekoe-Osterunda-bastu-pa-vintern-solig-dag.jpg?strip=info&#038;w=1500&#038;ssl=1 1500w,https:\/\/i0.wp.com\/www.fjardhundraland.se\/wp-content\/uploads\/2014\/01\/Pekoe-Osterunda-bastu-pa-vintern-solig-dag.jpg?strip=info&#038;w=1536&#038;ssl=1 1536w\" alt=\"Sauna de \u00d6sterunda en invierno en un d\u00eda soleado\" data-height=\"2048\" data-id=\"3014\" data-link=\"https:\/\/www.fjardhundraland.se\/plats\/pekoe-ekologiskt-te\/pekoe-osterunda-bastu-pa-vintern-solig-dag\/\" data-url=\"https:\/\/www.fjardhundraland.se\/wp-content\/uploads\/2014\/01\/Pekoe-Osterunda-bastu-pa-vintern-solig-dag.jpg\" data-width=\"1536\" src=\"https:\/\/i0.wp.com\/www.fjardhundraland.se\/wp-content\/uploads\/2014\/01\/Pekoe-Osterunda-bastu-pa-vintern-solig-dag.jpg?ssl=1\" data-amp-layout=\"responsive\" title=\"\"><\/figure><\/div><\/div><div class=\"tiled-gallery__row\"><div class=\"tiled-gallery__col\" style=\"flex-basis:53.73084%\"><figure class=\"tiled-gallery__item\"><img decoding=\"async\" data-attachment-id=\"3012\" data-permalink=\"https:\/\/www.fjardhundraland.se\/es\/plats\/pekoe-ekologiskt-te\/attachment\/tehuvor-tillbehor-pekoe-osterunda\/\" data-orig-file=\"https:\/\/www.fjardhundraland.se\/wp-content\/uploads\/2014\/01\/Tehuvor-tillbehor-Pekoe-Osterunda.jpg\" data-orig-size=\"2048,1322\" data-comments-opened=\"0\" data-image-meta=\"{&quot;aperture&quot;:&quot;0&quot;,&quot;credit&quot;:&quot;&quot;,&quot;camera&quot;:&quot;&quot;,&quot;caption&quot;:&quot;&quot;,&quot;created_timestamp&quot;:&quot;0&quot;,&quot;copyright&quot;:&quot;&quot;,&quot;focal_length&quot;:&quot;0&quot;,&quot;iso&quot;:&quot;0&quot;,&quot;shutter_speed&quot;:&quot;0&quot;,&quot;title&quot;:&quot;&quot;,&quot;orientation&quot;:&quot;0&quot;}\" data-image-title=\"Tehuvor tillbehor Pekoe \u00d6sterunda\" data-image-description=\"\" data-image-caption=\"\" data-large-file=\"https:\/\/www.fjardhundraland.se\/wp-content\/uploads\/2014\/01\/Tehuvor-tillbehor-Pekoe-Osterunda.jpg\" role=\"button\" tabindex=\"0\" aria-label=\"Abrir imagen 4 de 5 en pantalla completa\" srcset=\"https:\/\/i0.wp.com\/www.fjardhundraland.se\/wp-content\/uploads\/2014\/01\/Tehuvor-tillbehor-Pekoe-Osterunda.jpg?strip=info&#038;w=600&#038;ssl=1 600w,https:\/\/i0.wp.com\/www.fjardhundraland.se\/wp-content\/uploads\/2014\/01\/Tehuvor-tillbehor-Pekoe-Osterunda.jpg?strip=info&#038;w=900&#038;ssl=1 900w,https:\/\/i0.wp.com\/www.fjardhundraland.se\/wp-content\/uploads\/2014\/01\/Tehuvor-tillbehor-Pekoe-Osterunda.jpg?strip=info&#038;w=1200&#038;ssl=1 1200w,https:\/\/i0.wp.com\/www.fjardhundraland.se\/wp-content\/uploads\/2014\/01\/Tehuvor-tillbehor-Pekoe-Osterunda.jpg?strip=info&#038;w=1500&#038;ssl=1 1500w,https:\/\/i0.wp.com\/www.fjardhundraland.se\/wp-content\/uploads\/2014\/01\/Tehuvor-tillbehor-Pekoe-Osterunda.jpg?strip=info&#038;w=1800&#038;ssl=1 1800w,https:\/\/i0.wp.com\/www.fjardhundraland.se\/wp-content\/uploads\/2014\/01\/Tehuvor-tillbehor-Pekoe-Osterunda.jpg?strip=info&#038;w=2000&#038;ssl=1 2000w\" alt=\"Tehuvor accesorios Pekoe \u00d6sterunda\" data-height=\"1322\" data-id=\"3012\" data-link=\"https:\/\/www.fjardhundraland.se\/plats\/pekoe-ekologiskt-te\/tehuvor-tillbehor-pekoe-osterunda\/\" data-url=\"https:\/\/www.fjardhundraland.se\/wp-content\/uploads\/2014\/01\/Tehuvor-tillbehor-Pekoe-Osterunda.jpg\" data-width=\"2048\" src=\"https:\/\/i0.wp.com\/www.fjardhundraland.se\/wp-content\/uploads\/2014\/01\/Tehuvor-tillbehor-Pekoe-Osterunda.jpg?ssl=1\" data-amp-layout=\"responsive\" title=\"\"><\/figure><\/div><div class=\"tiled-gallery__col\" style=\"flex-basis:46.26916%\"><figure class=\"tiled-gallery__item\"><img decoding=\"async\" data-attachment-id=\"7704\" data-permalink=\"https:\/\/www.fjardhundraland.se\/es\/pekoe-bastun-host-jpg\/\" data-orig-file=\"https:\/\/www.fjardhundraland.se\/wp-content\/uploads\/2021\/03\/pekoe-bastun-host.jpg\" data-orig-size=\"2500,1875\" data-comments-opened=\"0\" data-image-meta=\"{&quot;aperture&quot;:&quot;0&quot;,&quot;credit&quot;:&quot;&quot;,&quot;camera&quot;:&quot;&quot;,&quot;caption&quot;:&quot;&quot;,&quot;created_timestamp&quot;:&quot;0&quot;,&quot;copyright&quot;:&quot;&quot;,&quot;focal_length&quot;:&quot;0&quot;,&quot;iso&quot;:&quot;0&quot;,&quot;shutter_speed&quot;:&quot;0&quot;,&quot;title&quot;:&quot;&quot;,&quot;orientation&quot;:&quot;0&quot;}\" data-image-title=\"Pekoe bastun ho\u0308st\" data-image-description=\"\" data-image-caption=\"\" data-large-file=\"https:\/\/www.fjardhundraland.se\/wp-content\/uploads\/2021\/03\/pekoe-bastun-host.jpg\" role=\"button\" tabindex=\"0\" aria-label=\"Abrir imagen 5 de 5 en pantalla completa\" srcset=\"https:\/\/i0.wp.com\/www.fjardhundraland.se\/wp-content\/uploads\/2021\/03\/pekoe-bastun-host.jpg?strip=info&#038;w=600&#038;ssl=1 600w,https:\/\/i0.wp.com\/www.fjardhundraland.se\/wp-content\/uploads\/2021\/03\/pekoe-bastun-host.jpg?strip=info&#038;w=900&#038;ssl=1 900w,https:\/\/i0.wp.com\/www.fjardhundraland.se\/wp-content\/uploads\/2021\/03\/pekoe-bastun-host.jpg?strip=info&#038;w=1200&#038;ssl=1 1200w,https:\/\/i0.wp.com\/www.fjardhundraland.se\/wp-content\/uploads\/2021\/03\/pekoe-bastun-host.jpg?strip=info&#038;w=1500&#038;ssl=1 1500w,https:\/\/i0.wp.com\/www.fjardhundraland.se\/wp-content\/uploads\/2021\/03\/pekoe-bastun-host.jpg?strip=info&#038;w=1800&#038;ssl=1 1800w,https:\/\/i0.wp.com\/www.fjardhundraland.se\/wp-content\/uploads\/2021\/03\/pekoe-bastun-host.jpg?strip=info&#038;w=2000&#038;ssl=1 2000w\" alt=\"\" data-height=\"1875\" data-id=\"7704\" data-link=\"https:\/\/www.fjardhundraland.se\/pekoe-bastun-host-jpg\/\" data-url=\"https:\/\/www.fjardhundraland.se\/wp-content\/uploads\/2021\/03\/pekoe-bastun-host.jpg\" data-width=\"2500\" src=\"https:\/\/i0.wp.com\/www.fjardhundraland.se\/wp-content\/uploads\/2021\/03\/pekoe-bastun-host.jpg?ssl=1\" data-amp-layout=\"responsive\" title=\"\"><\/figure><\/div><\/div><\/div><\/div><\/div>\n\n\n\n<p><\/p>","protected":false},"excerpt":{"rendered":"<p>Pekoe vende t\u00e9 ecol\u00f3gico en Internet, pero tambi\u00e9n en \u00d6sterunda. En la antigua sauna del pueblo, frente a la escuela, hay ahora un almac\u00e9n de t\u00e9, que puedes visitar si llamas antes. Tambi\u00e9n vende miel.<\/p>","protected":false},"featured_media":3388,"parent":0,"template":"","platserna":[123,168],"platstagg":[],"class_list":{"0":"post-1582","1":"plats","2":"type-plats","3":"status-publish","4":"has-post-thumbnail","6":"platserna-ekologiskt","7":"platserna-honung","8":"entry"},"acf":{"oppenverksamhet":false,"med_pa_kartan":true,"visa_pa_webbsidan":true,"beskrivande_underrubrik":"","kontaktperson":"Ylva Fontell & Mats Thorburn","tel":"0171-61 44 51","tel_alt":" 0701-739399","e-post":"te@pekoe.se","adress":"\u00d6sterunda 2","postnummer":"749 72","webb":"www.pekoe.se","facebook":"pekoe.se","instagram":"pekoe.se","tripadvisor":"","wikipedia":"","koordinater":{"address":"Pekoe ekologiskt te, Fj\u00e4rdhundra, Sverige","lat":59.814161,"lng":17.108475},"googleplaceid":"ChIJdfADwcJHXkYRSdoohRC_tlU","gps-fil":"","wc":false,"wifi":true,"medlem":true,"\u00f6ppettider":"Enligt \u00f6verenskommelse.","info":""},"visa":null,"geo_latitude":null,"geo_longitude":null,"jetpack-related-posts":[{"id":5532,"url":"https:\/\/www.fjardhundraland.se\/es\/plats\/kronbackens-bigardar\/","url_meta":{"origin":1582,"position":0},"title":"Colmenares Crown Hill","author":"Ylva Fontell","date":"31 enero 2019","format":false,"excerpt":"En Kronbacken, la familia Gauffin-Lindberg practica una apicultura centrada en la calidad y la salud de las abejas. La miel se vende en la propia granja y en los mercados.","rel":"","context":"Entrada similar","block_context":{"text":"Entrada similar","link":""},"img":{"alt_text":"","src":"https:\/\/i0.wp.com\/www.fjardhundraland.se\/wp-content\/uploads\/2019\/01\/kronbacken12.jpg?resize=350%2C200&ssl=1","width":350,"height":200,"srcset":"https:\/\/i0.wp.com\/www.fjardhundraland.se\/wp-content\/uploads\/2019\/01\/kronbacken12.jpg?resize=350%2C200&ssl=1 1x, https:\/\/i0.wp.com\/www.fjardhundraland.se\/wp-content\/uploads\/2019\/01\/kronbacken12.jpg?resize=525%2C300&ssl=1 1.5x, https:\/\/i0.wp.com\/www.fjardhundraland.se\/wp-content\/uploads\/2019\/01\/kronbacken12.jpg?resize=700%2C400&ssl=1 2x, https:\/\/i0.wp.com\/www.fjardhundraland.se\/wp-content\/uploads\/2019\/01\/kronbacken12.jpg?resize=1050%2C600&ssl=1 3x, https:\/\/i0.wp.com\/www.fjardhundraland.se\/wp-content\/uploads\/2019\/01\/kronbacken12.jpg?resize=1400%2C800&ssl=1 4x"},"classes":[]},{"id":19919,"url":"https:\/\/www.fjardhundraland.se\/es\/plats\/erikssons-tehandel-kafe\/","url_meta":{"origin":1582,"position":1},"title":"Erikssons Tehandel &amp; Kaf\u00e9","author":"Ylva Fontell","date":"24 febrero 2026","format":false,"excerpt":"Amplia gama de t\u00e9s. Cafeter\u00eda.","rel":"","context":"Entrada similar","block_context":{"text":"Entrada similar","link":""},"img":{"alt_text":"","src":"https:\/\/i0.wp.com\/www.fjardhundraland.se\/wp-content\/uploads\/2026\/02\/erikssons-tehandel-fjardhundraland-6.jpg?resize=350%2C200&ssl=1","width":350,"height":200,"srcset":"https:\/\/i0.wp.com\/www.fjardhundraland.se\/wp-content\/uploads\/2026\/02\/erikssons-tehandel-fjardhundraland-6.jpg?resize=350%2C200&ssl=1 1x, https:\/\/i0.wp.com\/www.fjardhundraland.se\/wp-content\/uploads\/2026\/02\/erikssons-tehandel-fjardhundraland-6.jpg?resize=525%2C300&ssl=1 1.5x, https:\/\/i0.wp.com\/www.fjardhundraland.se\/wp-content\/uploads\/2026\/02\/erikssons-tehandel-fjardhundraland-6.jpg?resize=700%2C400&ssl=1 2x, https:\/\/i0.wp.com\/www.fjardhundraland.se\/wp-content\/uploads\/2026\/02\/erikssons-tehandel-fjardhundraland-6.jpg?resize=1050%2C600&ssl=1 3x, https:\/\/i0.wp.com\/www.fjardhundraland.se\/wp-content\/uploads\/2026\/02\/erikssons-tehandel-fjardhundraland-6.jpg?resize=1400%2C800&ssl=1 4x"},"classes":[]},{"id":20240,"url":"https:\/\/www.fjardhundraland.se\/es\/plats\/linnes-kammare\/","url_meta":{"origin":1582,"position":2},"title":"La c\u00e1mara de Linneo","author":"Marloes","date":"1 abril 2026","format":false,"excerpt":"Cafeter\u00eda, charcuter\u00eda, dise\u00f1o de interiores y galer\u00eda en Vallhov Manor, a poco m\u00e1s de un kil\u00f3metro al norte de Uppsala.","rel":"","context":"Entrada similar","block_context":{"text":"Entrada similar","link":""},"img":{"alt_text":"","src":"https:\/\/i0.wp.com\/www.fjardhundraland.se\/wp-content\/uploads\/2026\/03\/dsc06927-mindre.jpg?resize=350%2C200&ssl=1","width":350,"height":200,"srcset":"https:\/\/i0.wp.com\/www.fjardhundraland.se\/wp-content\/uploads\/2026\/03\/dsc06927-mindre.jpg?resize=350%2C200&ssl=1 1x, https:\/\/i0.wp.com\/www.fjardhundraland.se\/wp-content\/uploads\/2026\/03\/dsc06927-mindre.jpg?resize=525%2C300&ssl=1 1.5x, https:\/\/i0.wp.com\/www.fjardhundraland.se\/wp-content\/uploads\/2026\/03\/dsc06927-mindre.jpg?resize=700%2C400&ssl=1 2x, https:\/\/i0.wp.com\/www.fjardhundraland.se\/wp-content\/uploads\/2026\/03\/dsc06927-mindre.jpg?resize=1050%2C600&ssl=1 3x, https:\/\/i0.wp.com\/www.fjardhundraland.se\/wp-content\/uploads\/2026\/03\/dsc06927-mindre.jpg?resize=1400%2C800&ssl=1 4x"},"classes":[]},{"id":14748,"url":"https:\/\/www.fjardhundraland.se\/es\/plats\/tullens-gronska\/","url_meta":{"origin":1582,"position":3},"title":"El verdor de las costumbres","author":"Ylva Fontell","date":"24 enero 2024","format":false,"excerpt":"Cultivo de hortalizas a peque\u00f1a escala con venta en la tienda de la granja y en los anillos REKO. Suscripci\u00f3n a cajas de verduras.","rel":"","context":"Entrada similar","block_context":{"text":"Entrada similar","link":""},"img":{"alt_text":"","src":"https:\/\/i0.wp.com\/www.fjardhundraland.se\/wp-content\/uploads\/2024\/01\/tullen12.jpg?resize=350%2C200&ssl=1","width":350,"height":200,"srcset":"https:\/\/i0.wp.com\/www.fjardhundraland.se\/wp-content\/uploads\/2024\/01\/tullen12.jpg?resize=350%2C200&ssl=1 1x, https:\/\/i0.wp.com\/www.fjardhundraland.se\/wp-content\/uploads\/2024\/01\/tullen12.jpg?resize=525%2C300&ssl=1 1.5x, https:\/\/i0.wp.com\/www.fjardhundraland.se\/wp-content\/uploads\/2024\/01\/tullen12.jpg?resize=700%2C400&ssl=1 2x, https:\/\/i0.wp.com\/www.fjardhundraland.se\/wp-content\/uploads\/2024\/01\/tullen12.jpg?resize=1050%2C600&ssl=1 3x"},"classes":[]},{"id":12352,"url":"https:\/\/www.fjardhundraland.se\/es\/plats\/jadra-prastgard-2\/","url_meta":{"origin":1582,"position":4},"title":"Vicar\u00eda de J\u00e4dra","author":"Ylva Fontell","date":"6 abril 2023","format":false,"excerpt":"Linda y Torbj\u00f6rn dirigen una explotaci\u00f3n a peque\u00f1a escala cuyo centro son la biodiversidad y los beneficios para el clima. Los productos se venden con el nombre de J\u00e4dra Bra Mat y tienen certificaci\u00f3n ecol\u00f3gica seg\u00fan KRAV y la UE.","rel":"","context":"Entrada similar","block_context":{"text":"Entrada similar","link":""},"img":{"alt_text":"","src":"https:\/\/i0.wp.com\/www.fjardhundraland.se\/wp-content\/uploads\/2023\/04\/jadraprast22.jpg?resize=350%2C200&ssl=1","width":350,"height":200,"srcset":"https:\/\/i0.wp.com\/www.fjardhundraland.se\/wp-content\/uploads\/2023\/04\/jadraprast22.jpg?resize=350%2C200&ssl=1 1x, https:\/\/i0.wp.com\/www.fjardhundraland.se\/wp-content\/uploads\/2023\/04\/jadraprast22.jpg?resize=525%2C300&ssl=1 1.5x, https:\/\/i0.wp.com\/www.fjardhundraland.se\/wp-content\/uploads\/2023\/04\/jadraprast22.jpg?resize=700%2C400&ssl=1 2x, https:\/\/i0.wp.com\/www.fjardhundraland.se\/wp-content\/uploads\/2023\/04\/jadraprast22.jpg?resize=1050%2C600&ssl=1 3x, https:\/\/i0.wp.com\/www.fjardhundraland.se\/wp-content\/uploads\/2023\/04\/jadraprast22.jpg?resize=1400%2C800&ssl=1 4x"},"classes":[]},{"id":5833,"url":"https:\/\/www.fjardhundraland.se\/es\/plats\/hornuddens-tradgard\/","url_meta":{"origin":1582,"position":5},"title":"Jard\u00edn de Horne","author":"Ylva Fontell","date":"1 abril 2020","format":false,"excerpt":"El huerto de Hornudden es un cl\u00e1sico ecol\u00f3gico en constante desarrollo. A orillas del lago M\u00e4laren, en la carretera entre Str\u00e4ngn\u00e4s y Enk\u00f6ping, se encuentra Hornudden, que gestiona una granja de verduras ecol\u00f3gicas, pero tambi\u00e9n un restaurante. La caba\u00f1a del lago se puede alquilar.","rel":"","context":"Entrada similar","block_context":{"text":"Entrada similar","link":""},"img":{"alt_text":"","src":"https:\/\/i0.wp.com\/www.fjardhundraland.se\/wp-content\/uploads\/2019\/07\/37624208_10151013475234950_26195362020589568_o.jpg?resize=350%2C200&ssl=1","width":350,"height":200,"srcset":"https:\/\/i0.wp.com\/www.fjardhundraland.se\/wp-content\/uploads\/2019\/07\/37624208_10151013475234950_26195362020589568_o.jpg?resize=350%2C200&ssl=1 1x, https:\/\/i0.wp.com\/www.fjardhundraland.se\/wp-content\/uploads\/2019\/07\/37624208_10151013475234950_26195362020589568_o.jpg?resize=525%2C300&ssl=1 1.5x, https:\/\/i0.wp.com\/www.fjardhundraland.se\/wp-content\/uploads\/2019\/07\/37624208_10151013475234950_26195362020589568_o.jpg?resize=700%2C400&ssl=1 2x, https:\/\/i0.wp.com\/www.fjardhundraland.se\/wp-content\/uploads\/2019\/07\/37624208_10151013475234950_26195362020589568_o.jpg?resize=1050%2C600&ssl=1 3x, https:\/\/i0.wp.com\/www.fjardhundraland.se\/wp-content\/uploads\/2019\/07\/37624208_10151013475234950_26195362020589568_o.jpg?resize=1400%2C800&ssl=1 4x"},"classes":[]}],"jetpack_sharing_enabled":true,"_links":{"self":[{"href":"https:\/\/www.fjardhundraland.se\/es\/wp-json\/wp\/v2\/platser\/1582","targetHints":{"allow":["GET"]}}],"collection":[{"href":"https:\/\/www.fjardhundraland.se\/es\/wp-json\/wp\/v2\/platser"}],"about":[{"href":"https:\/\/www.fjardhundraland.se\/es\/wp-json\/wp\/v2\/types\/plats"}],"wp:featuredmedia":[{"embeddable":true,"href":"https:\/\/www.fjardhundraland.se\/es\/wp-json\/wp\/v2\/media\/3388"}],"wp:attachment":[{"href":"https:\/\/www.fjardhundraland.se\/es\/wp-json\/wp\/v2\/media?parent=1582"}],"wp:term":[{"taxonomy":"platserna","embeddable":true,"href":"https:\/\/www.fjardhundraland.se\/es\/wp-json\/wp\/v2\/platserna?post=1582"},{"taxonomy":"platstagg","embeddable":true,"href":"https:\/\/www.fjardhundraland.se\/es\/wp-json\/wp\/v2\/platstagg?post=1582"}],"curies":[{"name":"wp","href":"https:\/\/api.w.org\/{rel}","templated":true}]}}