
{"id":1008,"date":"2013-12-29T11:58:08","date_gmt":"2013-12-29T10:58:08","guid":{"rendered":"http:\/\/www.fjardhundraland.se\/?post_type=plats&#038;p=1008"},"modified":"2025-05-19T15:48:57","modified_gmt":"2025-05-19T13:48:57","slug":"dunderbo-velas-y-artesania","status":"publish","type":"plats","link":"https:\/\/www.fjardhundraland.se\/es\/plats\/dunderbo-ljus-och-hantverk\/","title":{"rendered":"Velas y artesan\u00eda Dunderbo"},"content":{"rendered":"<p>Un acogedor puesto de artesan\u00eda en el campo con aut\u00e9nticas manualidades de artesanos locales. Annika tambi\u00e9n imparte cursos de fabricaci\u00f3n de velas y costura.<\/p>\n<p>En el puesto de artesan\u00eda encontrar\u00e1, entre otras cosas:<\/p>\n<ul>\n<li>Velas y arreglos con velas hechos a mano, personalizados seg\u00fan las estaciones y las fiestas<\/li>\n<li>Alfombras tejidas, alfombrillas y alfombrillas de trapo<\/li>\n<li>Carpinter\u00eda y cuchiller\u00eda<\/li>\n<li>Joyer\u00eda<\/li>\n<li>Especias y vinagre<\/li>\n<li>Mermeladas y Chutneys<\/li>\n<li>Miel Dunderbo<\/li>\n<li>Forja<\/li>\n<\/ul>\n<p>La cafeter\u00eda est\u00e1 abierta durante los meses de verano, donde podr\u00e1 disfrutar de bollos y pasteles caseros. Tambi\u00e9n puede dar un paseo por&nbsp;<a title=\"Dunderbo, Warpath\" href=\"https:\/\/www.fjardhundraland.se\/es\/platos\/dunderbo-warpath\/\">En pie de guerra en Dunderbo<\/a>.<\/p>\n<div class=\"tiled-gallery type-rectangular tiled-gallery-unresized\" data-original-width=\"500\" data-carousel-extra='{&quot;blog_id&quot;:1,&quot;permalink&quot;:&quot;https:\\\/\\\/www.fjardhundraland.se\\\/es\\\/plats\\\/dunderbo-ljus-och-hantverk\\\/&quot;,&quot;likes_blog_id&quot;:66652000}' itemscope itemtype=\"http:\/\/schema.org\/ImageGallery\" > <div class=\"gallery-row\" style=\"width: 500px; height: 231px;\" data-original-width=\"500\" data-original-height=\"231\" > <div class=\"gallery-group images-1\" style=\"width: 345px; height: 231px;\" data-original-width=\"345\" data-original-height=\"231\" > <div class=\"tiled-gallery-item tiled-gallery-item-large\" itemprop=\"associatedMedia\" itemscope itemtype=\"http:\/\/schema.org\/ImageObject\"> <a href=\"https:\/\/www.fjardhundraland.se\/es\/plats\/dunderbo-ljus-och-hantverk\/attachment\/krigssstigen-1\/\" border=\"0\" itemprop=\"url\"> <meta itemprop=\"width\" content=\"341\"> <meta itemprop=\"height\" content=\"227\"> <img decoding=\"async\" class=\"\" data-attachment-id=\"1788\" data-orig-file=\"https:\/\/www.fjardhundraland.se\/wp-content\/uploads\/2013\/12\/Krigssstigen-1.jpg\" data-orig-size=\"2000,1333\" data-comments-opened=\"\" data-image-meta=\"{&quot;aperture&quot;:&quot;5.6&quot;,&quot;credit&quot;:&quot;&quot;,&quot;camera&quot;:&quot;Canon EOS 50D&quot;,&quot;caption&quot;:&quot;&quot;,&quot;created_timestamp&quot;:&quot;1276197839&quot;,&quot;copyright&quot;:&quot;&quot;,&quot;focal_length&quot;:&quot;47&quot;,&quot;iso&quot;:&quot;1000&quot;,&quot;shutter_speed&quot;:&quot;0.0125&quot;,&quot;title&quot;:&quot;&quot;,&quot;orientation&quot;:&quot;1&quot;}\" data-image-title=\"Krigssstigen\" data-image-description=\"\" data-medium-file=\"https:\/\/www.fjardhundraland.se\/wp-content\/uploads\/2013\/12\/Krigssstigen-1.jpg\" data-large-file=\"https:\/\/www.fjardhundraland.se\/wp-content\/uploads\/2013\/12\/Krigssstigen-1.jpg\" src=\"https:\/\/i0.wp.com\/www.fjardhundraland.se\/wp-content\/uploads\/2013\/12\/Krigssstigen-1.jpg?w=341&#038;h=227&#038;ssl=1\" width=\"341\" height=\"227\" loading=\"lazy\" data-original-width=\"341\" data-original-height=\"227\" itemprop=\"http:\/\/schema.org\/image\" title=\"El Sendero de Guerra\" alt=\"El Sendero de Guerra\" style=\"width: 341px; height: 227px;\" \/> <\/a> <div class=\"tiled-gallery-caption\" itemprop=\"caption description\"> El Sendero de Guerra <\/div> <\/div> <\/div> <!-- close group --> <div class=\"gallery-group images-1\" style=\"width: 155px; height: 231px;\" data-original-width=\"155\" data-original-height=\"231\" > <div class=\"tiled-gallery-item tiled-gallery-item-small\" itemprop=\"associatedMedia\" itemscope itemtype=\"http:\/\/schema.org\/ImageObject\"> <a href=\"https:\/\/www.fjardhundraland.se\/es\/plats\/dunderbo-ljus-och-hantverk\/attachment\/krigssstigen\/\" border=\"0\" itemprop=\"url\"> <meta itemprop=\"width\" content=\"151\"> <meta itemprop=\"height\" content=\"227\"> <img decoding=\"async\" class=\"\" data-attachment-id=\"1789\" data-orig-file=\"https:\/\/www.fjardhundraland.se\/wp-content\/uploads\/2013\/12\/Krigssstigen.jpg\" data-orig-size=\"1334,2000\" data-comments-opened=\"\" data-image-meta=\"{&quot;aperture&quot;:&quot;5.6&quot;,&quot;credit&quot;:&quot;&quot;,&quot;camera&quot;:&quot;Canon EOS 50D&quot;,&quot;caption&quot;:&quot;&quot;,&quot;created_timestamp&quot;:&quot;1276198274&quot;,&quot;copyright&quot;:&quot;&quot;,&quot;focal_length&quot;:&quot;35&quot;,&quot;iso&quot;:&quot;200&quot;,&quot;shutter_speed&quot;:&quot;0.016666666666667&quot;,&quot;title&quot;:&quot;&quot;,&quot;orientation&quot;:&quot;1&quot;}\" data-image-title=\"Krigsstigen\" data-image-description=\"\" data-medium-file=\"https:\/\/www.fjardhundraland.se\/wp-content\/uploads\/2013\/12\/Krigssstigen.jpg\" data-large-file=\"https:\/\/www.fjardhundraland.se\/wp-content\/uploads\/2013\/12\/Krigssstigen.jpg\" src=\"https:\/\/i0.wp.com\/www.fjardhundraland.se\/wp-content\/uploads\/2013\/12\/Krigssstigen.jpg?w=151&#038;h=227&#038;ssl=1\" width=\"151\" height=\"227\" loading=\"lazy\" data-original-width=\"151\" data-original-height=\"227\" itemprop=\"http:\/\/schema.org\/image\" title=\"La Escalera de Guerra\" alt=\"La Escalera de Guerra\" style=\"width: 151px; height: 227px;\" \/> <\/a> <\/div> <\/div> <!-- close group --> <\/div> <!-- close row --> <div class=\"gallery-row\" style=\"width: 500px; height: 335px;\" data-original-width=\"500\" data-original-height=\"335\" > <div class=\"gallery-group images-1\" style=\"width: 500px; height: 335px;\" data-original-width=\"500\" data-original-height=\"335\" > <div class=\"tiled-gallery-item tiled-gallery-item-large\" itemprop=\"associatedMedia\" itemscope itemtype=\"http:\/\/schema.org\/ImageObject\"> <a href=\"https:\/\/www.fjardhundraland.se\/es\/plats\/dunderbo-ljus-och-hantverk\/attachment\/dunderbo-hantverk\/\" border=\"0\" itemprop=\"url\"> <meta itemprop=\"width\" content=\"496\"> <meta itemprop=\"height\" content=\"331\"> <img decoding=\"async\" class=\"\" data-attachment-id=\"1787\" data-orig-file=\"https:\/\/www.fjardhundraland.se\/wp-content\/uploads\/2013\/12\/Dunderbo-hantverk.jpg\" data-orig-size=\"2048,1365\" data-comments-opened=\"\" data-image-meta=\"{&quot;aperture&quot;:&quot;0&quot;,&quot;credit&quot;:&quot;&quot;,&quot;camera&quot;:&quot;&quot;,&quot;caption&quot;:&quot;&quot;,&quot;created_timestamp&quot;:&quot;0&quot;,&quot;copyright&quot;:&quot;&quot;,&quot;focal_length&quot;:&quot;0&quot;,&quot;iso&quot;:&quot;0&quot;,&quot;shutter_speed&quot;:&quot;0&quot;,&quot;title&quot;:&quot;&quot;,&quot;orientation&quot;:&quot;0&quot;}\" data-image-title=\"Dunderbo hantverk\" data-image-description=\"\" data-medium-file=\"https:\/\/www.fjardhundraland.se\/wp-content\/uploads\/2013\/12\/Dunderbo-hantverk.jpg\" data-large-file=\"https:\/\/www.fjardhundraland.se\/wp-content\/uploads\/2013\/12\/Dunderbo-hantverk.jpg\" src=\"https:\/\/i0.wp.com\/www.fjardhundraland.se\/wp-content\/uploads\/2013\/12\/Dunderbo-hantverk.jpg?w=496&#038;h=331&#038;ssl=1\" width=\"496\" height=\"331\" loading=\"lazy\" data-original-width=\"496\" data-original-height=\"331\" itemprop=\"http:\/\/schema.org\/image\" title=\"Artesan\u00eda Dunderbo\" alt=\"Artesan\u00eda Dunderbo\" style=\"width: 496px; height: 331px;\" \/> <\/a> <\/div> <\/div> <!-- close group --> <\/div> <!-- close row --> <\/div>","protected":false},"excerpt":{"rendered":"<p>Un acogedor puesto de artesan\u00eda en el campo con aut\u00e9nticas obras de artesanos locales. En el puesto de artesan\u00eda encontrar\u00e1 velas y arreglos de velas hechos a mano, alfombras tejidas, corredores, corredores de trapo y mucho m\u00e1s. En verano, caf\u00e9 con reposter\u00eda casera.<\/p>","protected":false},"featured_media":1009,"parent":0,"template":"","platserna":[193,220,16,218,289,11,219],"platstagg":[145,92,333,119],"class_list":{"0":"post-1008","1":"plats","2":"type-plats","3":"status-publish","4":"has-post-thumbnail","6":"platserna-hantverk","7":"platserna-inredning","8":"platserna-kafeer","9":"platserna-kurser","10":"platserna-lammskinn","11":"platserna-mathantverk","12":"platserna-textil","13":"platstagg-fika-2","14":"platstagg-framsidan","15":"platstagg-kreativt","16":"platstagg-medlem-fjardhundraland","17":"entry"},"acf":{"oppenverksamhet":true,"med_pa_kartan":true,"visa_pa_webbsidan":true,"beskrivande_underrubrik":"Hantverksbod med sommarkaf\u00e9","kontaktperson":"Annika Jodensvi","tel":"0171-920 84 eller 073-657 79 06","tel_alt":"","e-post":"annikajodensvi@hotmail.com","adress":"Fr\u00f6sthult Dunderbo 14","postnummer":"749 71","webb":"dunderbohantverk.se","facebook":"DunderboHantverk","instagram":"dunderbohantverk","tripadvisor":"","wikipedia":"","koordinater":{"address":"Dunderbo Ljus och Hantverk, FR\u00d6STHULT DUNDERBO, Fj\u00e4rdhundra, Sverige","lat":59.7487904,"lng":16.9183442,"zoom":10,"place_id":"ChIJvakSEPVDXkYRkDI4ON9HUrU","name":"Dunderbo Luz y Artesan\u00eda","street_number":14,"street_name":"FR\u00d6STHULT DUNDERBO","state":"Uppsala l\u00e4n","post_code":"749 71","country":"Sverige","country_short":"SE"},"googleplaceid":"ChIJvakSEPVDXkYRkDI4ON9HUrU","gps-fil":"","wc":false,"wifi":false,"medlem":true,"\u00f6ppettider":"L\u00f6rdagar kl 10\u201316 \u00e5ret runt.\r\n\r\n&nbsp;","info":"Vi tar emot grupper men ring g\u00e4rna och boka en tid.\u00a0Ni kan sj\u00e4lva best\u00e4mma om ni vill komma och fika, titta i boden, vandra krigsstigen eller ha m\u00f6te med fika i tr\u00e4dg\u00e5rden. Ring s\u00e5 kan vi best\u00e4mma vad som passar just din grupp b\u00e4st."},"visa":"92","geo_latitude":null,"geo_longitude":null,"jetpack-related-posts":[{"id":963,"url":"https:\/\/www.fjardhundraland.se\/es\/plats\/dunderbo-krigsstigen\/","url_meta":{"origin":1008,"position":0},"title":"Dunderbo, Warpath","author":"Ylva Fontell","date":"24 mayo 2012","format":false,"excerpt":"La Ruta de la Guerra es un paseo entre las 10 aldeas de soldados que existieron en Dunderbo. A veces se ofrecen visitas guiadas, pero tambi\u00e9n se puede caminar por libre. Hay un folleto en un buz\u00f3n en Dunderbo Ljus och Hantverk con un mapa para los que caminen sin gu\u00eda. La ruta es de aproximadamente 1,5 kil\u00f3metros.","rel":"","context":"Entrada similar","block_context":{"text":"Entrada similar","link":""},"img":{"alt_text":"Krigssstigen","src":"https:\/\/i0.wp.com\/www.fjardhundraland.se\/wp-content\/uploads\/2013\/12\/Krigssstigen-1.jpg?resize=350%2C200&ssl=1","width":350,"height":200,"srcset":"https:\/\/i0.wp.com\/www.fjardhundraland.se\/wp-content\/uploads\/2013\/12\/Krigssstigen-1.jpg?resize=350%2C200&ssl=1 1x, https:\/\/i0.wp.com\/www.fjardhundraland.se\/wp-content\/uploads\/2013\/12\/Krigssstigen-1.jpg?resize=525%2C300&ssl=1 1.5x, https:\/\/i0.wp.com\/www.fjardhundraland.se\/wp-content\/uploads\/2013\/12\/Krigssstigen-1.jpg?resize=700%2C400&ssl=1 2x, https:\/\/i0.wp.com\/www.fjardhundraland.se\/wp-content\/uploads\/2013\/12\/Krigssstigen-1.jpg?resize=1050%2C600&ssl=1 3x, https:\/\/i0.wp.com\/www.fjardhundraland.se\/wp-content\/uploads\/2013\/12\/Krigssstigen-1.jpg?resize=1400%2C800&ssl=1 4x"},"classes":[]},{"id":4512,"url":"https:\/\/www.fjardhundraland.se\/es\/plats\/smen-i-frosthult\/","url_meta":{"origin":1008,"position":1},"title":"Sme'n en Fr\u00f6sthult","author":"Ylva Fontell","date":"17 julio 2017","format":false,"excerpt":"Gunnar Elf forja mucho y a menudo, \u00a1porque le divierte mucho!","rel":"","context":"Entrada similar","block_context":{"text":"Entrada similar","link":""},"img":{"alt_text":"","src":"https:\/\/i0.wp.com\/www.fjardhundraland.se\/wp-content\/uploads\/2017\/07\/smen-i-frocc88sthult.jpg?resize=350%2C200&ssl=1","width":350,"height":200,"srcset":"https:\/\/i0.wp.com\/www.fjardhundraland.se\/wp-content\/uploads\/2017\/07\/smen-i-frocc88sthult.jpg?resize=350%2C200&ssl=1 1x, https:\/\/i0.wp.com\/www.fjardhundraland.se\/wp-content\/uploads\/2017\/07\/smen-i-frocc88sthult.jpg?resize=525%2C300&ssl=1 1.5x, https:\/\/i0.wp.com\/www.fjardhundraland.se\/wp-content\/uploads\/2017\/07\/smen-i-frocc88sthult.jpg?resize=700%2C400&ssl=1 2x, https:\/\/i0.wp.com\/www.fjardhundraland.se\/wp-content\/uploads\/2017\/07\/smen-i-frocc88sthult.jpg?resize=1050%2C600&ssl=1 3x, https:\/\/i0.wp.com\/www.fjardhundraland.se\/wp-content\/uploads\/2017\/07\/smen-i-frocc88sthult.jpg?resize=1400%2C800&ssl=1 4x"},"classes":[]},{"id":5511,"url":"https:\/\/www.fjardhundraland.se\/es\/plats\/karamik\/","url_meta":{"origin":1008,"position":2},"title":"Cremaci\u00f3n","author":"Ylva Fontell","date":"29 enero 2019","format":false,"excerpt":"En la acogedora tienda de la alfarera Susanne Danielsson encontrar\u00e1 objetos de gres y esculturas.","rel":"","context":"Entrada similar","block_context":{"text":"Entrada similar","link":""},"img":{"alt_text":"","src":"https:\/\/i0.wp.com\/www.fjardhundraland.se\/wp-content\/uploads\/2019\/01\/karamik29.jpeg?resize=350%2C200&ssl=1","width":350,"height":200,"srcset":"https:\/\/i0.wp.com\/www.fjardhundraland.se\/wp-content\/uploads\/2019\/01\/karamik29.jpeg?resize=350%2C200&ssl=1 1x, https:\/\/i0.wp.com\/www.fjardhundraland.se\/wp-content\/uploads\/2019\/01\/karamik29.jpeg?resize=525%2C300&ssl=1 1.5x, https:\/\/i0.wp.com\/www.fjardhundraland.se\/wp-content\/uploads\/2019\/01\/karamik29.jpeg?resize=700%2C400&ssl=1 2x, https:\/\/i0.wp.com\/www.fjardhundraland.se\/wp-content\/uploads\/2019\/01\/karamik29.jpeg?resize=1050%2C600&ssl=1 3x, https:\/\/i0.wp.com\/www.fjardhundraland.se\/wp-content\/uploads\/2019\/01\/karamik29.jpeg?resize=1400%2C800&ssl=1 4x"},"classes":[]},{"id":15179,"url":"https:\/\/www.fjardhundraland.se\/es\/plats\/silverbylenab\/","url_meta":{"origin":1008,"position":3},"title":"SilverbyLenaB","author":"Ylva Fontell","date":"8 marzo 2024","format":false,"excerpt":"Platero combinado y tienda con joyas de dise\u00f1o propio.","rel":"","context":"Entrada similar","block_context":{"text":"Entrada similar","link":""},"img":{"alt_text":"","src":"https:\/\/i0.wp.com\/www.fjardhundraland.se\/wp-content\/uploads\/2024\/03\/silverby11.jpeg?resize=350%2C200&ssl=1","width":350,"height":200,"srcset":"https:\/\/i0.wp.com\/www.fjardhundraland.se\/wp-content\/uploads\/2024\/03\/silverby11.jpeg?resize=350%2C200&ssl=1 1x, https:\/\/i0.wp.com\/www.fjardhundraland.se\/wp-content\/uploads\/2024\/03\/silverby11.jpeg?resize=525%2C300&ssl=1 1.5x, https:\/\/i0.wp.com\/www.fjardhundraland.se\/wp-content\/uploads\/2024\/03\/silverby11.jpeg?resize=700%2C400&ssl=1 2x, https:\/\/i0.wp.com\/www.fjardhundraland.se\/wp-content\/uploads\/2024\/03\/silverby11.jpeg?resize=1050%2C600&ssl=1 3x, https:\/\/i0.wp.com\/www.fjardhundraland.se\/wp-content\/uploads\/2024\/03\/silverby11.jpeg?resize=1400%2C800&ssl=1 4x"},"classes":[]},{"id":9553,"url":"https:\/\/www.fjardhundraland.se\/es\/plats\/tantverket\/","url_meta":{"origin":1008,"position":4},"title":"Tantverket Grillby","author":"Ylva Fontell","date":"22 noviembre 2021","format":false,"excerpt":"Venta de artesan\u00eda y art\u00edculos de segunda mano, especializados en buena calidad. Cursos y talleres abiertos.","rel":"","context":"Entrada similar","block_context":{"text":"Entrada similar","link":""},"img":{"alt_text":"","src":"https:\/\/i0.wp.com\/www.fjardhundraland.se\/wp-content\/uploads\/2021\/11\/tantverket10.jpeg?resize=350%2C200&ssl=1","width":350,"height":200,"srcset":"https:\/\/i0.wp.com\/www.fjardhundraland.se\/wp-content\/uploads\/2021\/11\/tantverket10.jpeg?resize=350%2C200&ssl=1 1x, https:\/\/i0.wp.com\/www.fjardhundraland.se\/wp-content\/uploads\/2021\/11\/tantverket10.jpeg?resize=525%2C300&ssl=1 1.5x, https:\/\/i0.wp.com\/www.fjardhundraland.se\/wp-content\/uploads\/2021\/11\/tantverket10.jpeg?resize=700%2C400&ssl=1 2x, https:\/\/i0.wp.com\/www.fjardhundraland.se\/wp-content\/uploads\/2021\/11\/tantverket10.jpeg?resize=1050%2C600&ssl=1 3x, https:\/\/i0.wp.com\/www.fjardhundraland.se\/wp-content\/uploads\/2021\/11\/tantverket10.jpeg?resize=1400%2C800&ssl=1 4x"},"classes":[]},{"id":7661,"url":"https:\/\/www.fjardhundraland.se\/es\/plats\/vigelshus-gard\/","url_meta":{"origin":1008,"position":5},"title":"Granja Vigelshus","author":"Ylva Fontell","date":"8 abril 2021","format":false,"excerpt":"Salga de la 70 y pare en la peque\u00f1a tienda de la granja.","rel":"","context":"Entrada similar","block_context":{"text":"Entrada similar","link":""},"img":{"alt_text":"","src":"https:\/\/i0.wp.com\/www.fjardhundraland.se\/wp-content\/uploads\/2021\/04\/vigelshus10.jpg?resize=350%2C200&ssl=1","width":350,"height":200,"srcset":"https:\/\/i0.wp.com\/www.fjardhundraland.se\/wp-content\/uploads\/2021\/04\/vigelshus10.jpg?resize=350%2C200&ssl=1 1x, https:\/\/i0.wp.com\/www.fjardhundraland.se\/wp-content\/uploads\/2021\/04\/vigelshus10.jpg?resize=525%2C300&ssl=1 1.5x, https:\/\/i0.wp.com\/www.fjardhundraland.se\/wp-content\/uploads\/2021\/04\/vigelshus10.jpg?resize=700%2C400&ssl=1 2x, https:\/\/i0.wp.com\/www.fjardhundraland.se\/wp-content\/uploads\/2021\/04\/vigelshus10.jpg?resize=1050%2C600&ssl=1 3x, https:\/\/i0.wp.com\/www.fjardhundraland.se\/wp-content\/uploads\/2021\/04\/vigelshus10.jpg?resize=1400%2C800&ssl=1 4x"},"classes":[]}],"jetpack_sharing_enabled":true,"_links":{"self":[{"href":"https:\/\/www.fjardhundraland.se\/es\/wp-json\/wp\/v2\/platser\/1008","targetHints":{"allow":["GET"]}}],"collection":[{"href":"https:\/\/www.fjardhundraland.se\/es\/wp-json\/wp\/v2\/platser"}],"about":[{"href":"https:\/\/www.fjardhundraland.se\/es\/wp-json\/wp\/v2\/types\/plats"}],"wp:featuredmedia":[{"embeddable":true,"href":"https:\/\/www.fjardhundraland.se\/es\/wp-json\/wp\/v2\/media\/1009"}],"wp:attachment":[{"href":"https:\/\/www.fjardhundraland.se\/es\/wp-json\/wp\/v2\/media?parent=1008"}],"wp:term":[{"taxonomy":"platserna","embeddable":true,"href":"https:\/\/www.fjardhundraland.se\/es\/wp-json\/wp\/v2\/platserna?post=1008"},{"taxonomy":"platstagg","embeddable":true,"href":"https:\/\/www.fjardhundraland.se\/es\/wp-json\/wp\/v2\/platstagg?post=1008"}],"curies":[{"name":"wp","href":"https:\/\/api.w.org\/{rel}","templated":true}]}}