
{"id":21343,"date":"2026-08-23T10:49:30","date_gmt":"2026-08-23T08:49:30","guid":{"rendered":"https:\/\/www.fjardhundraland.se\/?post_type=erbjudande&#038;p=21343"},"modified":"2026-08-23T10:49:31","modified_gmt":"2026-08-23T08:49:31","slug":"die-tage-des-kulturerbes-in-angso","status":"publish","type":"erbjudande","link":"https:\/\/www.fjardhundraland.se\/de\/erbjudande\/kulturarvsdagarna-pa-angso\/","title":{"rendered":"Die Tage des Kulturerbes auf \u00c4ngs\u00f6"},"content":{"rendered":"<p class=\"wp-block-paragraph\">Der Tag des Kulturerbes ist eine j\u00e4hrliche Themenveranstaltung des Schwedischen Amtes f\u00fcr Denkmalpflege, die dazu beitragen soll, Interesse, Verst\u00e4ndnis und Engagement f\u00fcr das Kulturerbe und die Kulturlandschaften in Schweden zu wecken. Die Veranstaltung ist Teil der Europ\u00e4ischen Tage des Kulturerbes (EHD), die im September in ganz Europa gefeiert werden.<\/p>\n<p class=\"wp-block-paragraph\">Hier auf \u00c4ngs\u00f6 feiern wir den Tag des Kulturerbes, indem wir das Magasinet f\u00fcr Besucher \u00f6ffnen. Komm doch am Wochenende gerne vorbei und begib dich auf eine Reise durch die Natur und Geschichte von \u00c4ngs\u00f6.<\/p>\n<p class=\"wp-block-paragraph\">Erfahre mehr \u00fcber den Tag des Kulturerbes beim Schwedischen Amt f\u00fcr Denkmalpflege:\u00a0<a href=\"https:\/\/www.raa.se\/evenemang-och-upplevelser\/kulturarvsdagen\/\" target=\"_blank\" rel=\"noreferrer noopener\">\u00dcber die Tage des Kulturerbes<\/a>.<\/p>","protected":false},"excerpt":{"rendered":"<p>Kulturarvsdagen \u00e4r Riksantikvarie\u00e4mbetets \u00e5rliga temadagar som ska bidra till att skapa intresse, f\u00f6rst\u00e5else och engagemang f\u00f6r kulturarv och kulturmilj\u00f6er i Sverige. Evenemanget \u00e4r en del av del av de europeiska kulturarvsdagarna, EHD, som firas under september m\u00e5nad i hela Europa. H\u00e4r p\u00e5 \u00c4ngs\u00f6 firar vi Kulturarvsdagen genom att h\u00e5lla \u00f6ppet p\u00e5 Magasinet. Kom g\u00e4rna p\u00e5 [&hellip;]<\/p>\n","protected":false},"featured_media":21341,"template":"","tema":[326],"class_list":["post-21343","erbjudande","type-erbjudande","status-publish","has-post-thumbnail","tema-host","entry"],"acf":[],"jetpack_sharing_enabled":true,"_links":{"self":[{"href":"https:\/\/www.fjardhundraland.se\/de\/wp-json\/wp\/v2\/erbjudande\/21343","targetHints":{"allow":["GET"]}}],"collection":[{"href":"https:\/\/www.fjardhundraland.se\/de\/wp-json\/wp\/v2\/erbjudande"}],"about":[{"href":"https:\/\/www.fjardhundraland.se\/de\/wp-json\/wp\/v2\/types\/erbjudande"}],"wp:featuredmedia":[{"embeddable":true,"href":"https:\/\/www.fjardhundraland.se\/de\/wp-json\/wp\/v2\/media\/21341"}],"wp:attachment":[{"href":"https:\/\/www.fjardhundraland.se\/de\/wp-json\/wp\/v2\/media?parent=21343"}],"wp:term":[{"taxonomy":"tema","embeddable":true,"href":"https:\/\/www.fjardhundraland.se\/de\/wp-json\/wp\/v2\/tema?post=21343"}],"curies":[{"name":"wp","href":"https:\/\/api.w.org\/{rel}","templated":true}]}}